{"id":9988,"date":"2022-04-09T02:45:07","date_gmt":"2022-04-09T02:45:07","guid":{"rendered":"https:\/\/gifex.com\/fr\/?post_type=ficha&#038;p=9988"},"modified":"2022-08-14T15:40:05","modified_gmt":"2022-08-14T15:40:05","slug":"carte-des-parcs-naturels-de-france","status":"publish","type":"ficha","link":"https:\/\/gifex.com\/fr\/fichier\/carte-des-parcs-naturels-de-france\/","title":{"rendered":"Carte des parcs naturels de France"},"content":{"rendered":"<p style=\"text-align: center;\"><label style=\"font-size: 15px;\">Carte des parcs naturels de la France m\u00e9tropolitaine.<\/label><\/p>\n<p>Les parcs naturels fran\u00e7ais. R\u00e9gis par la loi du 14 avril 2006, ils sont de trois types : parcs nationaux, parcs naturels marins et parcs naturels r\u00e9gionaux. Dans tous les cas, la cr\u00e9ation d&#8217;un parc se fait par un d\u00e9cret du Conseil des ministres.<\/p>\n<ul>\n<li><strong>Parcs nationaux :<\/strong><\/li>\n<\/ul>\n<figure id=\"attachment_10011\" aria-describedby=\"caption-attachment-10011\" style=\"width: 360px\" class=\"wp-caption alignright\"><a href=\"https:\/\/gifex.com\/fr\/wp-content\/uploads\/9988\/Parcs-naturels-francais-d-outre-mer.png\" target=\"_blank\" rel=\"noopener\"><img fetchpriority=\"high\" decoding=\"async\" class=\"wp-image-10011\" style=\"width: 100%; max-width: 360px; height: auto;\" title=\"Parcs naturels fran\u00e7ais d'outre-mer.\" src=\"https:\/\/gifex.com\/fr\/wp-content\/uploads\/9988\/Parcs-naturels-francais-d-outre-mer-300x241.png\" alt=\"Parcs naturels fran\u00e7ais d'outre-mer.\" width=\"360\" height=\"289\" srcset=\"https:\/\/gifex.com\/fr\/wp-content\/uploads\/9988\/Parcs-naturels-francais-d-outre-mer-300x241.png 300w, https:\/\/gifex.com\/fr\/wp-content\/uploads\/9988\/Parcs-naturels-francais-d-outre-mer-1024x822.png 1024w, https:\/\/gifex.com\/fr\/wp-content\/uploads\/9988\/Parcs-naturels-francais-d-outre-mer-768x617.png 768w, https:\/\/gifex.com\/fr\/wp-content\/uploads\/9988\/Parcs-naturels-francais-d-outre-mer-1536x1234.png 1536w, https:\/\/gifex.com\/fr\/wp-content\/uploads\/9988\/Parcs-naturels-francais-d-outre-mer-2048x1645.png 2048w, https:\/\/gifex.com\/fr\/wp-content\/uploads\/9988\/Parcs-naturels-francais-d-outre-mer-1600x1285.png 1600w\" sizes=\"(max-width: 360px) 100vw, 360px\" \/><\/a><figcaption id=\"caption-attachment-10011\" class=\"wp-caption-text\"><label style=\"font-size: 15px;\">Parcs naturels fran\u00e7ais d&#8217;outre-mer.<\/label><\/figcaption><\/figure>\n<p>Les parcs nationaux de France sont un r\u00e9seau de onze parcs nationaux r\u00e9partis sur l&#8217;ensemble de la France m\u00e9tropolitaine et des d\u00e9partements d&#8217;outre-mer, coordonn\u00e9 par Parcs nationaux de France au sein de l&#8217;Office fran\u00e7ais pour la biodiversit\u00e9, \u00e9tablissement public \u00e0 caract\u00e8re administratif pilot\u00e9 par le minist\u00e8re de la Transition \u00e9cologique et le minist\u00e8re de l&#8217;Agriculture et de l&#8217;Alimentation.<\/p>\n<p>Le premier parc national a \u00e9t\u00e9 cr\u00e9\u00e9 en 1963; le parc le plus r\u00e9cent a \u00e9t\u00e9 cr\u00e9\u00e9 en 2019. Les parcs nationaux sont cr\u00e9\u00e9s par d\u00e9cret avec la signature du Premier ministre fran\u00e7ais et publication au Journal Officiel de la R\u00e9publique Fran\u00e7aise.<\/p>\n<p>Les parcs nationaux fran\u00e7ais prot\u00e8gent une superficie totale de 26 168 kilom\u00e8tres carr\u00e9s en zone centrale et 30 651 kilom\u00e8tres carr\u00e9s en zones tampons. Cela place plus de 9,5 % du territoire fran\u00e7ais sous la protection des parcs nationaux ; 29,5% des terres fran\u00e7aises et 22% des eaux fran\u00e7aises sont couvertes par un certain niveau de protection. Les parcs nationaux fran\u00e7ais attirent plus de 8,5 millions de visiteurs par an.<\/p>\n<div class=\"boxscrl\">\n<table width=\"915\">\n<tbody>\n<tr>\n<td width=\"215\">Liste des parcs nationaux fran\u00e7ais<\/td>\n<td width=\"119\"><\/td>\n<td width=\"202\"><\/td>\n<td width=\"340\"><\/td>\n<td width=\"39\"><\/td>\n<\/tr>\n<tr>\n<td width=\"215\">D\u00e9nomination<\/td>\n<td width=\"119\">Date de cr\u00e9ation<\/td>\n<td width=\"202\">Superficie de la zone c\u0153ur (ha)<\/td>\n<td width=\"340\">R\u00e9gion(s)<\/td>\n<td width=\"39\">Code<\/td>\n<\/tr>\n<tr>\n<td width=\"215\">Parc national de la Vanoise<\/td>\n<td width=\"119\"><span data-sort-value=\"19630706\">6 juillet 1963<\/span><\/td>\n<td width=\"202\">53\u00a0400<\/td>\n<td width=\"340\">Auvergne-Rh\u00f4ne-Alpes<\/td>\n<td width=\"39\">N01<\/td>\n<\/tr>\n<tr>\n<td width=\"215\">Parc national de Port-Cros<\/td>\n<td width=\"119\"><span data-sort-value=\"19631214\">14 d\u00e9cembre 1963<\/span><\/td>\n<td width=\"202\">1\u00a0700<\/td>\n<td width=\"340\">Provence-Alpes-C\u00f4te d&#8217;Azur<\/td>\n<td width=\"39\">N02<\/td>\n<\/tr>\n<tr>\n<td width=\"215\">Parc national des Pyr\u00e9n\u00e9es<\/td>\n<td width=\"119\"><span data-sort-value=\"19670323\">23 mars 1967<\/span><\/td>\n<td width=\"202\">45\u00a0800<\/td>\n<td width=\"340\">Nouvelle-Aquitaine,\u00a0Occitanie<\/td>\n<td width=\"39\">N03<\/td>\n<\/tr>\n<tr>\n<td width=\"215\">Parc national des C\u00e9vennes<\/td>\n<td width=\"119\"><span data-sort-value=\"19700902\">2 septembre 1970<\/span><\/td>\n<td width=\"202\">93\u00a0700<\/td>\n<td width=\"340\">Occitanie,\u00a0Auvergne-Rh\u00f4ne-Alpes<\/td>\n<td width=\"39\">N04<\/td>\n<\/tr>\n<tr>\n<td width=\"215\">Parc national des \u00c9crins<\/td>\n<td width=\"119\"><span data-sort-value=\"19730327\">27 mars 1973<\/span><\/td>\n<td width=\"202\">92\u00a0300<\/td>\n<td width=\"340\">Auvergne-Rh\u00f4ne-Alpes,\u00a0Provence-Alpes-C\u00f4te d&#8217;Azur<\/td>\n<td width=\"39\">N05<\/td>\n<\/tr>\n<tr>\n<td width=\"215\">Parc national du Mercantour<\/td>\n<td width=\"119\"><span data-sort-value=\"19790818\">18 ao\u00fbt 1979<\/span><\/td>\n<td width=\"202\">67\u00a0900<\/td>\n<td width=\"340\">Provence-Alpes-C\u00f4te d&#8217;Azur<\/td>\n<td width=\"39\">N06<\/td>\n<\/tr>\n<tr>\n<td width=\"215\">Parc national de la Guadeloupe<\/td>\n<td width=\"119\"><span data-sort-value=\"19890220\">20 f\u00e9vrier 1989<\/span><\/td>\n<td width=\"202\">18\u00a0800<\/td>\n<td width=\"340\">Guadeloupe<\/td>\n<td width=\"39\">N07<\/td>\n<\/tr>\n<tr>\n<td width=\"215\">Parc amazonien de Guyane<\/td>\n<td width=\"119\"><span data-sort-value=\"20070227\">27 f\u00e9vrier 2007<\/span><\/td>\n<td width=\"202\">2\u00a0023\u00a0600<\/td>\n<td width=\"340\">Guyane<\/td>\n<td width=\"39\">N08<\/td>\n<\/tr>\n<tr>\n<td width=\"215\">Parc national de La R\u00e9union<\/td>\n<td width=\"119\"><span data-sort-value=\"20070305\">5 mars 2007<\/span><\/td>\n<td width=\"202\">105\u00a0400<\/td>\n<td width=\"340\">La R\u00e9union<\/td>\n<td width=\"39\">N09<\/td>\n<\/tr>\n<tr>\n<td width=\"215\">Parc national des Calanques<\/td>\n<td width=\"119\"><span data-sort-value=\"20120418\">18 avril 2012<\/span><\/td>\n<td width=\"202\">8\u00a0500<\/td>\n<td width=\"340\">Provence-Alpes-C\u00f4te d&#8217;Azur<\/td>\n<td width=\"39\">N10<\/td>\n<\/tr>\n<tr>\n<td width=\"215\">Parc national de for\u00eats<\/td>\n<td width=\"119\"><span data-sort-value=\"20191108\">8 novembre 2019<\/span><\/td>\n<td width=\"202\">56\u00a0000<\/td>\n<td width=\"340\">Bourgogne-Franche-Comt\u00e9,\u00a0Grand Est<\/td>\n<td width=\"39\">N11<\/td>\n<\/tr>\n<\/tbody>\n<\/table>\n<\/div>\n<p>&nbsp;<\/p>\n<ul>\n<li><strong>Parcs naturels marins :<\/strong><\/li>\n<\/ul>\n<figure id=\"attachment_10013\" aria-describedby=\"caption-attachment-10013\" style=\"width: 360px\" class=\"wp-caption alignright\"><a href=\"https:\/\/gifex.com\/fr\/wp-content\/uploads\/9988\/Parc-naturel-marin-d-Iroise-Phare-du-Minou-2009.jpg\" target=\"_blank\" rel=\"noopener\"><img decoding=\"async\" class=\"wp-image-10013\" style=\"width: 100%; max-width: 360px; height: auto;\" title=\"Parc naturel marin d'Iroise - Phare du Minou\" src=\"https:\/\/gifex.com\/fr\/wp-content\/uploads\/9988\/Parc-naturel-marin-d-Iroise-Phare-du-Minou-2009-300x200.jpg\" alt=\"Parc naturel marin d'Iroise - Phare du Minou\" width=\"360\" height=\"240\" srcset=\"https:\/\/gifex.com\/fr\/wp-content\/uploads\/9988\/Parc-naturel-marin-d-Iroise-Phare-du-Minou-2009-300x200.jpg 300w, https:\/\/gifex.com\/fr\/wp-content\/uploads\/9988\/Parc-naturel-marin-d-Iroise-Phare-du-Minou-2009-1024x682.jpg 1024w, https:\/\/gifex.com\/fr\/wp-content\/uploads\/9988\/Parc-naturel-marin-d-Iroise-Phare-du-Minou-2009-768x511.jpg 768w, https:\/\/gifex.com\/fr\/wp-content\/uploads\/9988\/Parc-naturel-marin-d-Iroise-Phare-du-Minou-2009-1536x1023.jpg 1536w, https:\/\/gifex.com\/fr\/wp-content\/uploads\/9988\/Parc-naturel-marin-d-Iroise-Phare-du-Minou-2009-2048x1364.jpg 2048w, https:\/\/gifex.com\/fr\/wp-content\/uploads\/9988\/Parc-naturel-marin-d-Iroise-Phare-du-Minou-2009-1600x1065.jpg 1600w\" sizes=\"(max-width: 360px) 100vw, 360px\" \/><\/a><figcaption id=\"caption-attachment-10013\" class=\"wp-caption-text\"><label style=\"font-size: 15px;\">Parc naturel marin d&#8217;Iroise &#8211; Phare du Minou &#8211; il donne l&#8217;alignement permettant d&#8217;emprunter la passe nord du goulet de Brest.<\/label><\/figcaption><\/figure>\n<p>Un parc naturel marin (PNM) est une cat\u00e9gorie d&#8217;aire marine prot\u00e9g\u00e9e fran\u00e7aise cr\u00e9\u00e9s par la loi du 14 avril 20061 qui a mis en place un r\u00e9gime juridique sp\u00e9cial des espaces maritimes prot\u00e9g\u00e9s.<\/p>\n<p>Les parcs naturels marins sont des structures visant la gestion int\u00e9gr\u00e9e, dans un objectif de protection, d&#8217;une zone maritime d&#8217;int\u00e9r\u00eat particulier pour la biodiversit\u00e9 et pour les activit\u00e9s humaines, ayant pour objet de contribuer \u00e0 la protection, \u00e0 la connaissance du patrimoine marin et de promouvoir le d\u00e9veloppement durable du milieu marin. Cela vise de vastes espaces sur lesquels coexistent des \u00e9cosyst\u00e8mes marins naturel et des activit\u00e9s professionnelles (p\u00eache, transport maritime, \u00e9nergies renouvelables\u2026) et de loisirs (nautisme, p\u00eache de loisir, kayak, surf\u2026) li\u00e9es \u00e0 la mer.<\/p>\n<p>Avec une\u00a0ZEE\u00a0de 10\u00a0754\u00a0858\u00a0<abbr class=\"abbr\" title=\"kilom\u00e8tre carr\u00e9\">km<sup>2<\/sup><\/abbr>, la France prot\u00e8ge 13,7\u00a0<abbr class=\"abbr\" title=\"pourcent\">%<\/abbr> de ses \u00e9tendues maritimes.<sup id=\"cite_ref-10\" class=\"reference\"><\/sup><\/p>\n<div class=\"boxscrl\">\n<table width=\"1274\">\n<tbody>\n<tr>\n<td colspan=\"6\" width=\"1274\">\n<ul>\n<li><strong>Liste des parcs naturels marins fran\u00e7ais<\/strong><\/li>\n<\/ul>\n<\/td>\n<\/tr>\n<tr>\n<td width=\"375\">D\u00e9nomination<\/td>\n<td width=\"211\">Date de cr\u00e9ation<\/td>\n<td width=\"157\">Superficie (km<sup>2<\/sup>)<\/td>\n<td width=\"206\">R\u00e9gion(s)<\/td>\n<td>Code2<\/td>\n<td width=\"253\">Commentaire<\/td>\n<\/tr>\n<tr>\n<td>Parc naturel marin d&#8217;Iroise<\/td>\n<td width=\"211\"><span data-sort-value=\"20070928\">28 septembre 2007<\/span><\/td>\n<td width=\"157\">3\u00a0550<\/td>\n<td>Bretagne<\/td>\n<td width=\"72\">M01<\/td>\n<td width=\"253\"><\/td>\n<\/tr>\n<tr>\n<td>Parc naturel marin de Mayotte<\/td>\n<td width=\"211\"><span data-sort-value=\"20100118\">18 janvier 2010<\/span><\/td>\n<td width=\"157\">69\u00a0468<\/td>\n<td>Mayotte<\/td>\n<td width=\"72\">M02<\/td>\n<td width=\"253\"><\/td>\n<\/tr>\n<tr>\n<td>Parc naturel marin du golfe du Lion<\/td>\n<td width=\"211\"><span data-sort-value=\"20111013\">13 octobre 2011<\/span><\/td>\n<td width=\"157\">4\u00a0019<\/td>\n<td>Occitanie<\/td>\n<td width=\"72\">M03<\/td>\n<td width=\"253\"><\/td>\n<\/tr>\n<tr>\n<td>Parc naturel marin des estuaires picards et de la mer d&#8217;Opale<\/td>\n<td width=\"211\"><span data-sort-value=\"20121211\">11 d\u00e9cembre 2012<\/span><\/td>\n<td width=\"157\">2\u00a0347,19<\/td>\n<td>Hauts-de-France<\/td>\n<td width=\"72\">M05<\/td>\n<td width=\"253\"><\/td>\n<\/tr>\n<tr>\n<td>Parc naturel de la mer de Corail<\/td>\n<td><span data-sort-value=\"20140423\">23 avril 20145<\/span><\/td>\n<td width=\"157\">1\u00a0292\u00a0967<\/td>\n<td>Nouvelle-Cal\u00e9donie<\/td>\n<td width=\"72\">M06<\/td>\n<td width=\"253\">Ce parc n&#8217;est pas un\u00a0parc naturel marin\u00a0mais une\u00a0aire marine prot\u00e9g\u00e9e\u00a0qui a titre de \u00ab\u00a0parc naturel\u00a0\u00bb s&#8217;\u00e9tendant sur l&#8217;ensemble de la\u00a0ZEE\u00a0de la collectivit\u00e9.<\/td>\n<\/tr>\n<tr>\n<td>Parc naturel marin du bassin d&#8217;Arcachon<\/td>\n<td><span data-sort-value=\"20140608\">8 juin 20146<\/span><\/td>\n<td width=\"157\">420<\/td>\n<td>Nouvelle-Aquitaine<\/td>\n<td width=\"72\">M07<\/td>\n<td width=\"253\"><\/td>\n<\/tr>\n<tr>\n<td>Parc naturel marin de l&#8217;estuaire de la Gironde et de la mer des Pertuis<\/td>\n<td><span data-sort-value=\"20150415\">15 avril 20157<\/span><\/td>\n<td width=\"157\">6\u00a0500<\/td>\n<td>Nouvelle-Aquitaine<\/td>\n<td width=\"72\">M08<\/td>\n<td width=\"253\"><\/td>\n<\/tr>\n<tr>\n<td>Parc naturel marin du cap Corse et de l&#8217;Agriate<\/td>\n<td><span data-sort-value=\"20160715\">15 juillet 20168<\/span><\/td>\n<td width=\"157\">6\u00a0830<\/td>\n<td>Corse<\/td>\n<td width=\"72\">M09<\/td>\n<td width=\"253\"><\/td>\n<\/tr>\n<tr>\n<td>Parc naturel marin de Martinique<\/td>\n<td><span data-sort-value=\"2070324\">24 mars 20179<\/span><\/td>\n<td width=\"157\">47\u00a0340<\/td>\n<td>Martinique<\/td>\n<td width=\"72\">M10<\/td>\n<td>S&#8217;\u00e9tend sur toute la\u00a0ZEE\u00a0de l&#8217;\u00eele.<\/td>\n<\/tr>\n<tr>\n<td>Parc national de Port-Cros<\/td>\n<td width=\"211\">14 d\u00e9cembre 1963<\/td>\n<td width=\"157\">29<\/td>\n<td>Provence-Alpes-C\u00f4te d&#8217;Azur<\/td>\n<td width=\"72\">N02<\/td>\n<td width=\"253\">Le parc national de Port-Cros comprend une surface maritime.<\/td>\n<\/tr>\n<tr>\n<td>Parc national des Calanques<\/td>\n<td width=\"211\">18 avril 2012<\/td>\n<td width=\"157\">435<\/td>\n<td>Provence-Alpes-C\u00f4te d&#8217;Azur<\/td>\n<td width=\"72\">N10<\/td>\n<td width=\"253\">Le parc national des Calanques comprend un \u00ab\u00a0c\u0153ur maritime\u00a0\u00bb.<\/td>\n<\/tr>\n<\/tbody>\n<\/table>\n<\/div>\n<p>&nbsp;<\/p>\n<ul>\n<li><strong>Parcs naturels r\u00e9gionaux<\/strong><\/li>\n<\/ul>\n<figure id=\"attachment_10014\" aria-describedby=\"caption-attachment-10014\" style=\"width: 360px\" class=\"wp-caption alignright\"><a href=\"https:\/\/gifex.com\/fr\/wp-content\/uploads\/9988\/Repos-des-flamands-roses-de-Camargue.jpg\" target=\"_blank\" rel=\"noopener\"><img decoding=\"async\" class=\"wp-image-10014\" style=\"width: 100%; max-width: 360px; height: auto;\" title=\"Repos des flamands roses de Camargue\" src=\"https:\/\/gifex.com\/fr\/wp-content\/uploads\/9988\/Repos-des-flamands-roses-de-Camargue-300x200.jpg\" alt=\"Repos des flamands roses de Camargue\" width=\"360\" height=\"240\" srcset=\"https:\/\/gifex.com\/fr\/wp-content\/uploads\/9988\/Repos-des-flamands-roses-de-Camargue-300x200.jpg 300w, https:\/\/gifex.com\/fr\/wp-content\/uploads\/9988\/Repos-des-flamands-roses-de-Camargue-1024x683.jpg 1024w, https:\/\/gifex.com\/fr\/wp-content\/uploads\/9988\/Repos-des-flamands-roses-de-Camargue-768x512.jpg 768w, https:\/\/gifex.com\/fr\/wp-content\/uploads\/9988\/Repos-des-flamands-roses-de-Camargue-1536x1024.jpg 1536w, https:\/\/gifex.com\/fr\/wp-content\/uploads\/9988\/Repos-des-flamands-roses-de-Camargue-2048x1366.jpg 2048w, https:\/\/gifex.com\/fr\/wp-content\/uploads\/9988\/Repos-des-flamands-roses-de-Camargue-1600x1067.jpg 1600w\" sizes=\"(max-width: 360px) 100vw, 360px\" \/><\/a><figcaption id=\"caption-attachment-10014\" class=\"wp-caption-text\"><label style=\"font-size: 15px;\">Repos des flamands roses de Camargue, territoire du Parc naturel r\u00e9gional de Camargue, Saintes Maries de la Mer.<\/label><\/figcaption><\/figure>\n<p>Un parc naturel r\u00e9gional ou PNR est un \u00e9tablissement public en France entre les collectivit\u00e9s locales et l&#8217;\u00c9tat fran\u00e7ais couvrant une zone rurale habit\u00e9e d&#8217;une beaut\u00e9 exceptionnelle afin de prot\u00e9ger les paysages et le patrimoine ainsi que de mettre en place un d\u00e9veloppement \u00e9conomique durable dans la r\u00e9gion.<\/p>\n<p>Un PNR \u00e9tablit des objectifs et des lignes directrices pour la gestion de l&#8217;habitation humaine, le d\u00e9veloppement \u00e9conomique durable et la protection de l&#8217;environnement naturel en fonction du paysage et du patrimoine uniques de chaque parc. Les parcs favorisent \u00e9galement les programmes de recherche \u00e9cologique et l&#8217;\u00e9ducation du public en sciences naturelles.<\/p>\n<p>En 2019, il y avait 53 PNR. Celles-ci repr\u00e9sentent 15 % de l&#8217;ensemble du territoire fran\u00e7ais, sur 7 000 000 d&#8217;hectares. Les parcs englobent plus de 4 200 communes comptant plus de trois millions d&#8217;habitants. Le syst\u00e8me PNR a \u00e9t\u00e9 cr\u00e9\u00e9 par un d\u00e9cret du 1er mars 1967. Le territoire couvert par chaque PNR est d\u00e9cid\u00e9 par le Premier ministre fran\u00e7ais et est r\u00e9examin\u00e9 tous les 12 ans.<\/p>\n<p>Avec un territoire (DOM compris) de 672\u00a0051 km<sup>2<\/sup>, les parcs r\u00e9gionaux repr\u00e9sentent 13,3% des \u00e9tendues terrestres du pays.<\/p>\n<div class=\"boxscrl\">\n<table width=\"1099\">\n<tbody>\n<tr>\n<td width=\"388\">Liste des parcs naturels r\u00e9gionaux de France<\/td>\n<td width=\"119\"><\/td>\n<td width=\"340\"><\/td>\n<td width=\"213\"><\/td>\n<td width=\"39\"><\/td>\n<\/tr>\n<tr>\n<td width=\"388\">D\u00e9nomination<\/td>\n<td width=\"119\">Date de cr\u00e9ation<\/td>\n<td width=\"340\">R\u00e9gion(s)<\/td>\n<td width=\"213\">Superficie (km\u00b2)<\/td>\n<td width=\"39\">Code2<\/td>\n<\/tr>\n<tr>\n<td width=\"388\">Parc naturel r\u00e9gional Scarpe-Escaut<\/td>\n<td width=\"119\"><span data-sort-value=\"19680913\">13 septembre 1968<\/span><\/td>\n<td width=\"340\">Hauts-de-France<\/td>\n<td width=\"213\">485<\/td>\n<td width=\"39\">R01<\/td>\n<\/tr>\n<tr>\n<td width=\"388\">Parc naturel r\u00e9gional d&#8217;Armorique<\/td>\n<td width=\"119\"><span data-sort-value=\"19690930\">30 septembre 1969<\/span><\/td>\n<td width=\"340\">Bretagne<\/td>\n<td width=\"213\">1\u00a0250<\/td>\n<td width=\"39\">R02<\/td>\n<\/tr>\n<tr>\n<td width=\"388\">Parc naturel r\u00e9gional de Camargue<\/td>\n<td width=\"119\"><span data-sort-value=\"19700925\">25 septembre 1970<\/span><\/td>\n<td width=\"340\">Provence-Alpes-C\u00f4te d&#8217;Azur<\/td>\n<td width=\"213\">1\u00a0200<\/td>\n<td width=\"39\">R03<\/td>\n<\/tr>\n<tr>\n<td width=\"388\">Parc naturel r\u00e9gional de Bri\u00e8re<\/td>\n<td width=\"119\"><span data-sort-value=\"19701016\">16 octobre 1970<\/span><\/td>\n<td width=\"340\">Pays de la Loire<\/td>\n<td width=\"213\">490<\/td>\n<td width=\"39\">R04<\/td>\n<\/tr>\n<tr>\n<td width=\"388\">Parc naturel r\u00e9gional de la For\u00eat d&#8217;Orient<\/td>\n<td width=\"119\"><span data-sort-value=\"19701016\">16 octobre 1970<\/span><\/td>\n<td width=\"340\">Grand Est<\/td>\n<td width=\"213\">802<\/td>\n<td width=\"39\">R05<\/td>\n<\/tr>\n<tr>\n<td width=\"388\">Parc naturel r\u00e9gional des Landes de Gascogne<\/td>\n<td width=\"119\"><span data-sort-value=\"19701016\">16 octobre 1970<\/span><\/td>\n<td width=\"340\">Nouvelle-Aquitaine<\/td>\n<td width=\"213\">3\u00a0153<\/td>\n<td width=\"39\">R06<\/td>\n<\/tr>\n<tr>\n<td width=\"388\">Parc naturel r\u00e9gional du Morvan<\/td>\n<td width=\"119\"><span data-sort-value=\"19701016\">16 octobre 1970<\/span><\/td>\n<td width=\"340\">Bourgogne-Franche-Comt\u00e9<\/td>\n<td width=\"213\">2\u00a0909<\/td>\n<td width=\"39\">R07<\/td>\n<\/tr>\n<tr>\n<td width=\"388\">Parc naturel r\u00e9gional du Vercors<\/td>\n<td width=\"119\"><span data-sort-value=\"19701016\">16 octobre 1970<\/span><\/td>\n<td width=\"340\">Auvergne-Rh\u00f4ne-Alpes<\/td>\n<td width=\"213\">2\u00a0063<\/td>\n<td width=\"39\">R08<\/td>\n<\/tr>\n<tr>\n<td width=\"388\">Parc naturel r\u00e9gional de Corse<\/td>\n<td width=\"119\"><span data-sort-value=\"19720512\">12 mai 1972<\/span><\/td>\n<td width=\"340\">Corse<\/td>\n<td width=\"213\">3\u00a0750<\/td>\n<td width=\"39\">R09<\/td>\n<\/tr>\n<tr>\n<td width=\"388\">Parc naturel r\u00e9gional du Haut-Languedoc<\/td>\n<td width=\"119\"><span data-sort-value=\"19731022\">22 octobre 1973<\/span><\/td>\n<td width=\"340\">Occitanie<\/td>\n<td width=\"213\">2\u00a0605<\/td>\n<td width=\"39\">R10<\/td>\n<\/tr>\n<tr>\n<td width=\"388\">Parc naturel r\u00e9gional des Boucles de la Seine normande<\/td>\n<td width=\"119\"><span data-sort-value=\"19740517\">17 mai 1974<\/span><\/td>\n<td width=\"340\">Normandie<\/td>\n<td width=\"213\">810<\/td>\n<td width=\"39\">R11<\/td>\n<\/tr>\n<tr>\n<td width=\"388\">Parc naturel r\u00e9gional de Lorraine<\/td>\n<td width=\"119\"><span data-sort-value=\"19740517\">17 mai 1974<\/span><\/td>\n<td width=\"340\">Grand Est<\/td>\n<td width=\"213\">2\u00a0194<\/td>\n<td width=\"39\">R12<\/td>\n<\/tr>\n<tr>\n<td width=\"388\">Parc naturel r\u00e9gional du Pilat<\/td>\n<td width=\"119\"><span data-sort-value=\"19740517\">17 mai 1974<\/span><\/td>\n<td width=\"340\">Auvergne-Rh\u00f4ne-Alpes<\/td>\n<td width=\"213\">700<\/td>\n<td width=\"39\">R13<\/td>\n<\/tr>\n<tr>\n<td width=\"388\">Parc naturel r\u00e9gional Normandie-Maine<\/td>\n<td width=\"119\"><span data-sort-value=\"19751023\">23 octobre 1975<\/span><\/td>\n<td width=\"340\">Normandie,\u00a0Pays de la Loire<\/td>\n<td width=\"213\">2\u00a0622<\/td>\n<td width=\"39\">R14<\/td>\n<\/tr>\n<tr>\n<td width=\"388\">Parc naturel r\u00e9gional des Vosges du Nord<\/td>\n<td width=\"119\"><span data-sort-value=\"19760214\">14 f\u00e9vrier 1976<\/span><\/td>\n<td width=\"340\">Grand Est<\/td>\n<td width=\"213\">1\u00a0220<\/td>\n<td width=\"39\">R15<\/td>\n<\/tr>\n<tr>\n<td width=\"388\">Parc naturel r\u00e9gional de la Martinique<\/td>\n<td width=\"119\"><span data-sort-value=\"19760910\">10 septembre 1976<\/span><\/td>\n<td width=\"340\">Martinique<\/td>\n<td width=\"213\">630<\/td>\n<td width=\"39\">R16<\/td>\n<\/tr>\n<tr>\n<td width=\"388\">Parc naturel r\u00e9gional de la Montagne de Reims<\/td>\n<td width=\"119\"><span data-sort-value=\"19760928\">28 septembre 1976<\/span><\/td>\n<td width=\"340\">Grand Est<\/td>\n<td width=\"213\">530<\/td>\n<td width=\"39\">R17<\/td>\n<\/tr>\n<tr>\n<td width=\"388\">Parc naturel r\u00e9gional du Luberon<\/td>\n<td width=\"119\"><span data-sort-value=\"19770131\">31 janvier 1977<\/span><\/td>\n<td width=\"340\">Provence-Alpes-C\u00f4te d&#8217;Azur<\/td>\n<td width=\"213\">1\u00a0747<\/td>\n<td width=\"39\">R18<\/td>\n<\/tr>\n<tr>\n<td width=\"388\">Parc naturel r\u00e9gional du Queyras<\/td>\n<td width=\"119\"><span data-sort-value=\"19770131\">31 janvier 1977<\/span><\/td>\n<td width=\"340\">Provence-Alpes-C\u00f4te d&#8217;Azur<\/td>\n<td width=\"213\">603<\/td>\n<td width=\"39\">R19<\/td>\n<\/tr>\n<tr>\n<td width=\"388\">Parc naturel r\u00e9gional des Volcans d&#8217;Auvergne<\/td>\n<td width=\"119\"><span data-sort-value=\"19770825\">25 octobre 1977<\/span><\/td>\n<td width=\"340\">Auvergne-Rh\u00f4ne-Alpes<\/td>\n<td width=\"213\">3\u00a0897<\/td>\n<td width=\"39\">R20<\/td>\n<\/tr>\n<tr>\n<td width=\"388\">Parc naturel r\u00e9gional de la Haute Vall\u00e9e de Chevreuse<\/td>\n<td width=\"119\"><span data-sort-value=\"19851211\">11 d\u00e9cembre 1985<\/span><\/td>\n<td width=\"340\">\u00cele-de-France<\/td>\n<td width=\"213\">633<\/td>\n<td width=\"39\">R21<\/td>\n<\/tr>\n<tr>\n<td width=\"388\">Parc naturel r\u00e9gional Livradois-Forez<\/td>\n<td width=\"119\"><span data-sort-value=\"19860204\">4 f\u00e9vrier 1986<\/span><\/td>\n<td width=\"340\">Auvergne-Rh\u00f4ne-Alpes<\/td>\n<td width=\"213\">3\u00a0220<\/td>\n<td width=\"39\">R22<\/td>\n<\/tr>\n<tr>\n<td width=\"388\">Parc naturel r\u00e9gional des Caps et Marais d&#8217;Opale<\/td>\n<td width=\"119\"><span data-sort-value=\"19860212\">12 f\u00e9vrier 1986<\/span><\/td>\n<td width=\"340\">Hauts-de-France<\/td>\n<td width=\"213\">1\u00a0320<\/td>\n<td width=\"39\">R23<\/td>\n<\/tr>\n<tr>\n<td width=\"388\">Parc naturel r\u00e9gional du Haut-Jura<\/td>\n<td width=\"119\"><span data-sort-value=\"19860421\">21 avril 1986<\/span><\/td>\n<td width=\"340\">Bourgogne-Franche-Comt\u00e9,\u00a0Auvergne-Rh\u00f4ne-Alpes<\/td>\n<td width=\"213\">1\u00a0700<\/td>\n<td width=\"39\">R24<\/td>\n<\/tr>\n<tr>\n<td width=\"388\">Parc naturel r\u00e9gional des Ballons des Vosges<\/td>\n<td width=\"119\"><span data-sort-value=\"19890605\">5 juin 1989<\/span><\/td>\n<td width=\"340\">Grand Est,\u00a0Bourgogne-Franche-Comt\u00e9<\/td>\n<td width=\"213\">2\u00a0915<\/td>\n<td width=\"39\">R25<\/td>\n<\/tr>\n<tr>\n<td width=\"388\">Parc naturel r\u00e9gional de la Brenne<\/td>\n<td width=\"119\"><span data-sort-value=\"19891222\">22 d\u00e9cembre 1989<\/span><\/td>\n<td width=\"340\">Centre-Val de Loire<\/td>\n<td width=\"213\">1\u00a0766<\/td>\n<td width=\"39\">R26<\/td>\n<\/tr>\n<tr>\n<td width=\"388\">Parc naturel r\u00e9gional des Marais du Cotentin et du Bessin<\/td>\n<td width=\"119\"><span data-sort-value=\"19910514\">14 mai 1991<\/span><\/td>\n<td width=\"340\">Normandie<\/td>\n<td width=\"213\">1\u00a0450<\/td>\n<td width=\"39\">R27<\/td>\n<\/tr>\n<tr>\n<td width=\"388\">Parc naturel r\u00e9gional de Chartreuse<\/td>\n<td width=\"119\"><span data-sort-value=\"19950506\">6 mai 1995<\/span><\/td>\n<td width=\"340\">Auvergne-Rh\u00f4ne-Alpes<\/td>\n<td width=\"213\">767<\/td>\n<td width=\"39\">R28<\/td>\n<\/tr>\n<tr>\n<td width=\"388\">Parc naturel r\u00e9gional des Grands Causses<\/td>\n<td width=\"119\"><span data-sort-value=\"19950506\">6 mai 1995<\/span><\/td>\n<td width=\"340\">Occitanie<\/td>\n<td width=\"213\">3\u00a0270<\/td>\n<td width=\"39\">R29<\/td>\n<\/tr>\n<tr>\n<td width=\"388\">Parc naturel r\u00e9gional du Vexin fran\u00e7ais<\/td>\n<td width=\"119\"><span data-sort-value=\"19950509\">9 mai 1995<\/span><\/td>\n<td width=\"340\">\u00cele-de-France<\/td>\n<td width=\"213\">710<\/td>\n<td width=\"39\">R30<\/td>\n<\/tr>\n<tr>\n<td width=\"388\">Parc naturel r\u00e9gional du Massif des Bauges<\/td>\n<td width=\"119\"><span data-sort-value=\"19951207\">7 d\u00e9cembre 1995<\/span><\/td>\n<td width=\"340\">Auvergne-Rh\u00f4ne-Alpes<\/td>\n<td width=\"213\">900<\/td>\n<td width=\"39\">R31<\/td>\n<\/tr>\n<tr>\n<td width=\"388\">Parc naturel r\u00e9gional Loire-Anjou-Touraine<\/td>\n<td width=\"119\"><span data-sort-value=\"19960530\">30 mai 1996<\/span><\/td>\n<td width=\"340\">Centre-Val de Loire,\u00a0Pays de la Loire<\/td>\n<td width=\"213\">2\u00a0709<\/td>\n<td width=\"39\">R32<\/td>\n<\/tr>\n<tr>\n<td width=\"388\">Parc naturel r\u00e9gional du Verdon<\/td>\n<td width=\"119\"><span data-sort-value=\"19970303\">3 mars 1997<\/span><\/td>\n<td width=\"340\">Provence-Alpes-C\u00f4te d&#8217;Azur<\/td>\n<td width=\"213\">1\u00a0770<\/td>\n<td width=\"39\">R33<\/td>\n<\/tr>\n<tr>\n<td width=\"388\">Parc naturel r\u00e9gional du Perche<\/td>\n<td width=\"119\"><span data-sort-value=\"19980116\">16 janvier 1998<\/span><\/td>\n<td width=\"340\">Centre-Val de Loire,\u00a0Normandie<\/td>\n<td width=\"213\">1\u00a0820<\/td>\n<td width=\"39\">R34<\/td>\n<\/tr>\n<tr>\n<td width=\"388\">Parc naturel r\u00e9gional de l&#8217;Avesnois<\/td>\n<td width=\"119\"><span data-sort-value=\"19980313\">13 mars 1998<\/span><\/td>\n<td width=\"340\">Hauts-de-France<\/td>\n<td width=\"213\">1\u00a0250<\/td>\n<td width=\"39\">R35<\/td>\n<\/tr>\n<tr>\n<td width=\"388\">Parc naturel r\u00e9gional P\u00e9rigord-Limousin<\/td>\n<td width=\"119\"><span data-sort-value=\"19980316\">16 mars 1998<\/span><\/td>\n<td width=\"340\">Nouvelle-Aquitaine<\/td>\n<td width=\"213\">1\u00a0800<\/td>\n<td width=\"39\">R36<\/td>\n<\/tr>\n<tr>\n<td width=\"388\">Parc naturel r\u00e9gional du G\u00e2tinais fran\u00e7ais<\/td>\n<td width=\"119\"><span data-sort-value=\"19990504\">4 mai 1999<\/span><\/td>\n<td width=\"340\">\u00cele-de-France<\/td>\n<td width=\"213\">756<\/td>\n<td width=\"39\">R37<\/td>\n<\/tr>\n<tr>\n<td width=\"388\">Parc naturel r\u00e9gional des Causses du Quercy<\/td>\n<td width=\"119\"><span data-sort-value=\"19991001\">1<sup>er<\/sup>\u00a0octobre 1999<\/span><\/td>\n<td width=\"340\">Occitanie<\/td>\n<td width=\"213\">1\u00a0757<\/td>\n<td width=\"39\">R38<\/td>\n<\/tr>\n<tr>\n<td width=\"388\">Parc naturel r\u00e9gional de Guyane<\/td>\n<td width=\"119\"><span data-sort-value=\"20010326\">26 mars 2001<\/span><\/td>\n<td width=\"340\">Guyane<\/td>\n<td width=\"213\">2\u00a0247<\/td>\n<td width=\"39\">R39<\/td>\n<\/tr>\n<tr>\n<td width=\"388\">Parc naturel r\u00e9gional des Monts d&#8217;Ard\u00e8che<\/td>\n<td width=\"119\"><span data-sort-value=\"20010409\">9 avril 2001<\/span><\/td>\n<td width=\"340\">Auvergne-Rh\u00f4ne-Alpes<\/td>\n<td width=\"213\">2\u00a0280<\/td>\n<td width=\"39\">R40<\/td>\n<\/tr>\n<tr>\n<td width=\"388\">Parc naturel r\u00e9gional de la Narbonnaise en M\u00e9diterran\u00e9e<\/td>\n<td width=\"119\"><span data-sort-value=\"20031218\">18 d\u00e9cembre 2003<\/span><\/td>\n<td width=\"340\">Occitanie<\/td>\n<td width=\"213\">801<\/td>\n<td width=\"39\">R41<\/td>\n<\/tr>\n<tr>\n<td width=\"388\">Parc naturel r\u00e9gional Oise-Pays de France<\/td>\n<td width=\"119\"><span data-sort-value=\"20040115\">15 janvier 2004<\/span><\/td>\n<td width=\"340\">Hauts-de-France,\u00a0\u00cele-de-France<\/td>\n<td width=\"213\">600<\/td>\n<td width=\"39\">R42<\/td>\n<\/tr>\n<tr>\n<td width=\"388\">Parc naturel r\u00e9gional des Pyr\u00e9n\u00e9es catalanes<\/td>\n<td width=\"119\"><span data-sort-value=\"20040505\">5 mars 2004<\/span><\/td>\n<td width=\"340\">Occitanie<\/td>\n<td width=\"213\">1\u00a0371<\/td>\n<td width=\"39\">R43<\/td>\n<\/tr>\n<tr>\n<td width=\"388\">Parc naturel r\u00e9gional de Millevaches en Limousin<\/td>\n<td width=\"119\"><span data-sort-value=\"20040518\">18 mai 2004<\/span><\/td>\n<td width=\"340\">Nouvelle-Aquitaine<\/td>\n<td width=\"213\">3\u00a0143<\/td>\n<td width=\"39\">R44<\/td>\n<\/tr>\n<tr>\n<td width=\"388\">Parc naturel r\u00e9gional des Alpilles<\/td>\n<td width=\"119\"><span data-sort-value=\"20070130\">30 janvier 2007<\/span><\/td>\n<td width=\"340\">Provence-Alpes-C\u00f4te d&#8217;Azur<\/td>\n<td width=\"213\">510<\/td>\n<td width=\"39\">R45<\/td>\n<\/tr>\n<tr>\n<td width=\"388\">Parc naturel r\u00e9gional des Pyr\u00e9n\u00e9es ari\u00e9geoises<\/td>\n<td width=\"119\"><span data-sort-value=\"20090530\">30 mai 2009<\/span><\/td>\n<td width=\"340\">Occitanie<\/td>\n<td width=\"213\">2\u00a0465<\/td>\n<td width=\"39\">R46<\/td>\n<\/tr>\n<tr>\n<td width=\"388\">Parc naturel r\u00e9gional des Ardennes<\/td>\n<td width=\"119\"><span data-sort-value=\"20111223\">23 d\u00e9cembre 2011<\/span><\/td>\n<td width=\"340\">Grand Est<\/td>\n<td width=\"213\">1\u00a0160<\/td>\n<td width=\"39\">R47<\/td>\n<\/tr>\n<tr>\n<td width=\"388\">Parc naturel r\u00e9gional des Pr\u00e9alpes d&#8217;Azur<\/td>\n<td width=\"119\"><span data-sort-value=\"20120330\">30 mars 2012<\/span><\/td>\n<td width=\"340\">Provence-Alpes-C\u00f4te d&#8217;Azur<\/td>\n<td width=\"213\">889<\/td>\n<td width=\"39\">R48<\/td>\n<\/tr>\n<tr>\n<td width=\"388\">Parc naturel r\u00e9gional du Marais poitevin<\/td>\n<td width=\"119\"><span data-sort-value=\"20140514\">20 mai 201415<\/span><\/td>\n<td width=\"340\">Pays de la Loire,\u00a0Nouvelle-Aquitaine<\/td>\n<td width=\"213\">1\u00a0973<\/td>\n<td width=\"39\">R49<\/td>\n<\/tr>\n<tr>\n<td rowspan=\"2\" width=\"388\">Parc naturel r\u00e9gional du Golfe du Morbihan<\/td>\n<td rowspan=\"2\" width=\"119\"><span data-sort-value=\"20141002\">2 octobre 201416<\/span><\/td>\n<td rowspan=\"2\" width=\"340\">Bretagne<\/td>\n<td width=\"213\">703<\/td>\n<td rowspan=\"2\" width=\"39\">R50<\/td>\n<\/tr>\n<tr>\n<td width=\"213\">(et 170\u00a0km<sup>2<\/sup>\u00a0d&#8217;espaces maritimes)<\/td>\n<\/tr>\n<tr>\n<td width=\"388\">Parc naturel r\u00e9gional des Baronnies proven\u00e7ales<\/td>\n<td width=\"119\"><span data-sort-value=\"20150126\">26 janvier 2015<\/span><\/td>\n<td width=\"340\">Auvergne-Rh\u00f4ne-Alpes,\u00a0Provence-Alpes-C\u00f4te d&#8217;Azur<\/td>\n<td width=\"213\">1\u00a0506<\/td>\n<td width=\"39\">R51<\/td>\n<\/tr>\n<tr>\n<td width=\"388\">Parc naturel r\u00e9gional de la Sainte-Baume<\/td>\n<td width=\"119\"><span data-sort-value=\"20171220\">20 d\u00e9cembre 2017<\/span><\/td>\n<td width=\"340\">Provence-Alpes-C\u00f4te d&#8217;Azur<\/td>\n<td width=\"213\">810<\/td>\n<td width=\"39\">R52<\/td>\n<\/tr>\n<tr>\n<td width=\"388\">Parc naturel r\u00e9gional de l&#8217;Aubrac<\/td>\n<td width=\"119\"><span data-sort-value=\"20180523\">23 mai 201819<\/span><\/td>\n<td width=\"340\">Auvergne-Rh\u00f4ne-Alpes,\u00a0Occitanie<\/td>\n<td width=\"213\">2\u00a0204<\/td>\n<td width=\"39\">R53<\/td>\n<\/tr>\n<tr>\n<td width=\"388\">Parc naturel r\u00e9gional du M\u00e9doc<\/td>\n<td width=\"119\"><span data-sort-value=\"20190526\">26 mai 2019<\/span><\/td>\n<td width=\"340\">Nouvelle-Aquitaine<\/td>\n<td width=\"213\">2\u00a0334<\/td>\n<td width=\"39\">R54<\/td>\n<\/tr>\n<tr>\n<td width=\"388\">Parc naturel r\u00e9gional de la Baie de Somme Picardie Maritime<\/td>\n<td width=\"119\"><span data-sort-value=\"20200728\">28 juillet 2020<\/span><\/td>\n<td width=\"340\">Hauts-de-France<\/td>\n<td width=\"213\">1\u00a0345<\/td>\n<td width=\"39\">R55<\/td>\n<\/tr>\n<tr>\n<td width=\"388\">Parc naturel r\u00e9gional du Mont Ventoux<\/td>\n<td width=\"119\"><span data-sort-value=\"20200728\">28 juillet 2020<\/span><\/td>\n<td width=\"340\">Provence-Alpes-C\u00f4te d&#8217;Azur<\/td>\n<td width=\"213\">859<\/td>\n<td width=\"39\">R56<\/td>\n<\/tr>\n<tr>\n<td width=\"388\">Parc naturel r\u00e9gional Corbi\u00e8res-Fenouill\u00e8des<\/td>\n<td width=\"119\"><span data-sort-value=\"20210904\">4 septembre 2021<\/span><\/td>\n<td width=\"340\">Occitanie<\/td>\n<td width=\"213\">1\u00a0780<\/td>\n<td width=\"39\">R57<\/td>\n<\/tr>\n<tr>\n<td width=\"388\">Parc naturel r\u00e9gional du Doubs Horloger<\/td>\n<td width=\"119\"><span data-sort-value=\"20210904\">4 septembre 2021<\/span><\/td>\n<td width=\"340\">Bourgogne-Franche-Comt\u00e9<\/td>\n<td width=\"213\">1\u00a0037<\/td>\n<td width=\"39\">R58<\/td>\n<\/tr>\n<\/tbody>\n<\/table>\n<\/div>\n","protected":false},"excerpt":{"rendered":"<p>Les parcs naturels fran\u00e7ais. R\u00e9gis par la loi du 14 avril 2006, ils sont de trois types : parcs nationaux, parcs naturels marins et parcs naturels r\u00e9gionaux. Dans tous les cas, la cr\u00e9ation d&#8217;un parc se fait par un d\u00e9cret du Conseil des ministres.<\/p>\n","protected":false},"author":1,"featured_media":9989,"template":"","categoria_ficha":[45],"class_list":["post-9988","ficha","type-ficha","status-publish","has-post-thumbnail","hentry","categoria_ficha-cartes-de-la-france"],"acf":[],"_links":{"self":[{"href":"https:\/\/gifex.com\/fr\/wp-json\/wp\/v2\/ficha\/9988","targetHints":{"allow":["GET"]}}],"collection":[{"href":"https:\/\/gifex.com\/fr\/wp-json\/wp\/v2\/ficha"}],"about":[{"href":"https:\/\/gifex.com\/fr\/wp-json\/wp\/v2\/types\/ficha"}],"author":[{"embeddable":true,"href":"https:\/\/gifex.com\/fr\/wp-json\/wp\/v2\/users\/1"}],"version-history":[{"count":36,"href":"https:\/\/gifex.com\/fr\/wp-json\/wp\/v2\/ficha\/9988\/revisions"}],"predecessor-version":[{"id":20963,"href":"https:\/\/gifex.com\/fr\/wp-json\/wp\/v2\/ficha\/9988\/revisions\/20963"}],"wp:featuredmedia":[{"embeddable":true,"href":"https:\/\/gifex.com\/fr\/wp-json\/wp\/v2\/media\/9989"}],"wp:attachment":[{"href":"https:\/\/gifex.com\/fr\/wp-json\/wp\/v2\/media?parent=9988"}],"wp:term":[{"taxonomy":"categoria_ficha","embeddable":true,"href":"https:\/\/gifex.com\/fr\/wp-json\/wp\/v2\/categoria_ficha?post=9988"}],"curies":[{"name":"wp","href":"https:\/\/api.w.org\/{rel}","templated":true}]}}