{"id":963,"date":"2022-02-04T00:16:34","date_gmt":"2022-02-04T00:16:34","guid":{"rendered":"https:\/\/gifex.com\/fr\/?post_type=ficha&#038;p=963"},"modified":"2024-04-07T16:05:04","modified_gmt":"2024-04-07T16:05:04","slug":"quelles-sont-les-principales-villes-des-pays-bas","status":"publish","type":"ficha","link":"https:\/\/gifex.com\/fr\/fichier\/quelles-sont-les-principales-villes-des-pays-bas\/","title":{"rendered":"Quelles sont les principales villes des Pays-Bas ?"},"content":{"rendered":"<p>Carte des Pays-Bas montrant les principales villes ainsi que certaines parties des pays environnants et la mer du Nord.<\/p>\n<p>La capitale et la plus grande municipalit\u00e9 des Pays-Bas est Amsterdam avec 855.896 habitants. Le si\u00e8ge du gouvernement et la troisi\u00e8me plus grande municipalit\u00e9 du pays est La Haye avec 531 935 habitants.<\/p>\n<p>Le tableau plus bas r\u00e9pertorie les villes n\u00e9erlandaises de plus de 50 000 habitants au 1er janvier 2021, calcul\u00e9e sur la base du recensement de 2011. L&#8217;unit\u00e9 administrative sup\u00e9rieure (province) \u00e0 laquelle appartient la ville\/commune est \u00e9galement r\u00e9pertori\u00e9e. Ces chiffres repr\u00e9sentent la population dans les limites de la ville\/commune proprement dite \u00e0 l&#8217;int\u00e9rieur de ses limites politiques, sans banlieues politiquement ind\u00e9pendantes.<\/p>\n<div class=\"boxscrl\">\n<table width=\"399\">\n<tbody>\n<tr>\n<td colspan=\"3\" width=\"399\">Villes ou communes n\u00e9erlandaises par nombre d&#8217;habitants en 2021<\/td>\n<\/tr>\n<tr>\n<td width=\"161\">Ville\/commune<\/td>\n<td width=\"75\">Population<\/td>\n<td width=\"163\">Province<\/td>\n<\/tr>\n<tr>\n<td width=\"161\">Amsterdam<\/td>\n<td width=\"75\">873,338<\/td>\n<td width=\"163\">Hollande-Septentrionale<\/td>\n<\/tr>\n<tr>\n<td width=\"161\">Rotterdam<\/td>\n<td width=\"75\">651,631<\/td>\n<td width=\"163\">Hollande-M\u00e9ridionale<\/td>\n<\/tr>\n<tr>\n<td width=\"161\">La Haye<\/td>\n<td width=\"75\">548,320<\/td>\n<td width=\"163\">Hollande-M\u00e9ridionale<\/td>\n<\/tr>\n<tr>\n<td width=\"161\">Utrecht<\/td>\n<td width=\"75\">359,370<\/td>\n<td width=\"163\">Utrecht<\/td>\n<\/tr>\n<tr>\n<td width=\"161\">Eindhoven<\/td>\n<td width=\"75\">235,691<\/td>\n<td width=\"163\">Brabant-Septentrional<\/td>\n<\/tr>\n<tr>\n<td width=\"161\">Groningue<\/td>\n<td width=\"75\">233,273<\/td>\n<td width=\"163\">Groningue<\/td>\n<\/tr>\n<tr>\n<td width=\"161\">Tilbourg<\/td>\n<td width=\"75\">221,947<\/td>\n<td width=\"163\">Brabant-Septentrional<\/td>\n<\/tr>\n<tr>\n<td width=\"161\">Almere<\/td>\n<td width=\"75\">214,715<\/td>\n<td width=\"163\">Flevoland<\/td>\n<\/tr>\n<tr>\n<td width=\"161\">Br\u00e9da<\/td>\n<td width=\"75\">184,126<\/td>\n<td width=\"163\">Brabant-Septentrional<\/td>\n<\/tr>\n<tr>\n<td width=\"161\">Nim\u00e8gue<\/td>\n<td width=\"75\">177,359<\/td>\n<td width=\"163\">Gueldre<\/td>\n<\/tr>\n<tr>\n<td width=\"161\">Apeldoorn<\/td>\n<td width=\"75\">164,781<\/td>\n<td width=\"163\">Gueldre<\/td>\n<\/tr>\n<tr>\n<td width=\"161\">Haarlem<\/td>\n<td width=\"75\">162,543<\/td>\n<td width=\"163\">Hollande-Septentrionale<\/td>\n<\/tr>\n<tr>\n<td width=\"161\">Arnhem<\/td>\n<td width=\"75\">162,424<\/td>\n<td width=\"163\">Gueldre<\/td>\n<\/tr>\n<tr>\n<td width=\"161\">Enschede<\/td>\n<td width=\"75\">159,732<\/td>\n<td width=\"163\">Overijssel<\/td>\n<\/tr>\n<tr>\n<td width=\"161\">Haarlemmermeer<\/td>\n<td width=\"75\">157,789<\/td>\n<td width=\"163\">Hollande-Septentrionale<\/td>\n<\/tr>\n<tr>\n<td width=\"161\">Amersfoort<\/td>\n<td width=\"75\">157,462<\/td>\n<td width=\"163\">Utrecht<\/td>\n<\/tr>\n<tr>\n<td width=\"161\">Zaanstad<\/td>\n<td width=\"75\">156,901<\/td>\n<td width=\"163\">Hollande-Septentrionale<\/td>\n<\/tr>\n<tr>\n<td width=\"161\">Bois-le-Duc<\/td>\n<td width=\"75\">155,490<\/td>\n<td width=\"163\">Brabant-Septentrional<\/td>\n<\/tr>\n<tr>\n<td width=\"161\">Zwolle<\/td>\n<td width=\"75\">129,840<\/td>\n<td width=\"163\">Overijssel<\/td>\n<\/tr>\n<tr>\n<td width=\"161\">Zoetermeer<\/td>\n<td width=\"75\">125,267<\/td>\n<td width=\"163\">Hollande-M\u00e9ridionale<\/td>\n<\/tr>\n<tr>\n<td width=\"161\">Leeuwarden<\/td>\n<td width=\"75\">124,481<\/td>\n<td width=\"163\">Frise<\/td>\n<\/tr>\n<tr>\n<td width=\"161\">Leyde<\/td>\n<td width=\"75\">124,093<\/td>\n<td width=\"163\">Hollande-M\u00e9ridionale<\/td>\n<\/tr>\n<tr>\n<td width=\"161\">Maastricht<\/td>\n<td width=\"75\">120,227<\/td>\n<td width=\"163\">Limbourg<\/td>\n<\/tr>\n<tr>\n<td width=\"161\">Dordrecht<\/td>\n<td width=\"75\">119,115<\/td>\n<td width=\"163\">Hollande-M\u00e9ridionale<\/td>\n<\/tr>\n<tr>\n<td width=\"161\">Ede<\/td>\n<td width=\"75\">118,530<\/td>\n<td width=\"163\">Gueldre<\/td>\n<\/tr>\n<tr>\n<td width=\"161\">Alphen-sur-le-Rhin<\/td>\n<td width=\"75\">112,587<\/td>\n<td width=\"163\">Hollande-M\u00e9ridionale<\/td>\n<\/tr>\n<tr>\n<td width=\"161\">Westland<\/td>\n<td width=\"75\">111,382<\/td>\n<td width=\"163\">Hollande-M\u00e9ridionale<\/td>\n<\/tr>\n<tr>\n<td width=\"161\">Alkmaar<\/td>\n<td width=\"75\">109,896<\/td>\n<td width=\"163\">Hollande-Septentrionale<\/td>\n<\/tr>\n<tr>\n<td width=\"161\">Emmen<\/td>\n<td width=\"75\">107,024<\/td>\n<td width=\"163\">Drenthe<\/td>\n<\/tr>\n<tr>\n<td width=\"161\">Delft<\/td>\n<td width=\"75\">103,581<\/td>\n<td width=\"163\">Hollande-M\u00e9ridionale<\/td>\n<\/tr>\n<tr>\n<td width=\"161\">Venlo<\/td>\n<td width=\"75\">101,988<\/td>\n<td width=\"163\">Limbourg<\/td>\n<\/tr>\n<tr>\n<td width=\"161\">Deventer<\/td>\n<td width=\"75\">101,236<\/td>\n<td width=\"163\">Overijssel<\/td>\n<\/tr>\n<tr>\n<td width=\"161\">Helmont<\/td>\n<td width=\"75\">92,627<\/td>\n<td width=\"163\">Brabant-Septentrional<\/td>\n<\/tr>\n<tr>\n<td width=\"161\">Oss<\/td>\n<td width=\"75\">92,526<\/td>\n<td width=\"163\">Brabant-Septentrional<\/td>\n<\/tr>\n<tr>\n<td width=\"161\">Sittard-Geleen<\/td>\n<td width=\"75\">91,743<\/td>\n<td width=\"163\">Limbourg<\/td>\n<\/tr>\n<tr>\n<td width=\"161\">Hilversum<\/td>\n<td width=\"75\">91,235<\/td>\n<td width=\"163\">Hollande-Septentrionale<\/td>\n<\/tr>\n<tr>\n<td width=\"161\">Amstelveen<\/td>\n<td width=\"75\">90,829<\/td>\n<td width=\"163\">Hollande-Septentrionale<\/td>\n<\/tr>\n<tr>\n<td width=\"161\">S\u00fadwest-Frysl\u00e2n<\/td>\n<td width=\"75\">89,999<\/td>\n<td width=\"163\">Frise<\/td>\n<\/tr>\n<tr>\n<td width=\"161\">Hoeksche Waard<\/td>\n<td width=\"75\">88,047<\/td>\n<td width=\"163\">Hollande-M\u00e9ridionale<\/td>\n<\/tr>\n<tr>\n<td width=\"161\">Heerlen<\/td>\n<td width=\"75\">86,936<\/td>\n<td width=\"163\">Limbourg<\/td>\n<\/tr>\n<tr>\n<td width=\"161\">Nissewaard<\/td>\n<td width=\"75\">85,440<\/td>\n<td width=\"163\">Hollande-M\u00e9ridionale<\/td>\n<\/tr>\n<tr>\n<td width=\"161\">Purmerend<\/td>\n<td width=\"75\">81,683<\/td>\n<td width=\"163\">Hollande-Septentrionale<\/td>\n<\/tr>\n<tr>\n<td width=\"161\">Meierijstad<\/td>\n<td width=\"75\">81,647<\/td>\n<td width=\"163\">Brabant-Septentrional<\/td>\n<\/tr>\n<tr>\n<td width=\"161\">Hengelo<\/td>\n<td width=\"75\">81,049<\/td>\n<td width=\"163\">Overijssel<\/td>\n<\/tr>\n<tr>\n<td width=\"161\">Lelystad<\/td>\n<td width=\"75\">79,811<\/td>\n<td width=\"163\">Flevoland<\/td>\n<\/tr>\n<tr>\n<td width=\"161\">Schiedam<\/td>\n<td width=\"75\">79,279<\/td>\n<td width=\"163\">Hollande-M\u00e9ridionale<\/td>\n<\/tr>\n<tr>\n<td width=\"161\">Rosendael<\/td>\n<td width=\"75\">77,200<\/td>\n<td width=\"163\">Brabant-Septentrional<\/td>\n<\/tr>\n<tr>\n<td width=\"161\">Leidschendam-Voorburg<\/td>\n<td width=\"75\">76,433<\/td>\n<td width=\"163\">Hollande-M\u00e9ridionale<\/td>\n<\/tr>\n<tr>\n<td width=\"161\">Flardingue<\/td>\n<td width=\"75\">73,924<\/td>\n<td width=\"163\">Hollande-M\u00e9ridionale<\/td>\n<\/tr>\n<tr>\n<td width=\"161\">Gouda<\/td>\n<td width=\"75\">73,681<\/td>\n<td width=\"163\">Hollande-M\u00e9ridionale<\/td>\n<\/tr>\n<tr>\n<td width=\"161\">Hoorn<\/td>\n<td width=\"75\">73,619<\/td>\n<td width=\"163\">Hollande-Septentrionale<\/td>\n<\/tr>\n<tr>\n<td width=\"161\">Almelo<\/td>\n<td width=\"75\">73,132<\/td>\n<td width=\"163\">Overijssel<\/td>\n<\/tr>\n<tr>\n<td width=\"161\">Assen<\/td>\n<td width=\"75\">68,836<\/td>\n<td width=\"163\">Drenthe<\/td>\n<\/tr>\n<tr>\n<td width=\"161\">Velsen<\/td>\n<td width=\"75\">68,617<\/td>\n<td width=\"163\">Hollande-Septentrionale<\/td>\n<\/tr>\n<tr>\n<td width=\"161\">Berg-op-Zoom<\/td>\n<td width=\"75\">67,514<\/td>\n<td width=\"163\">Brabant-Septentrional<\/td>\n<\/tr>\n<tr>\n<td width=\"161\">Capelle-sur-l&#8217;Yssel<\/td>\n<td width=\"75\">67,319<\/td>\n<td width=\"163\">Hollande-M\u00e9ridionale<\/td>\n<\/tr>\n<tr>\n<td width=\"161\">Veenendaal<\/td>\n<td width=\"75\">66,912<\/td>\n<td width=\"163\">Utrecht<\/td>\n<\/tr>\n<tr>\n<td width=\"161\">Katwijk<\/td>\n<td width=\"75\">65,995<\/td>\n<td width=\"163\">Hollande-M\u00e9ridionale<\/td>\n<\/tr>\n<tr>\n<td width=\"161\">Stichste Vecht<\/td>\n<td width=\"75\">65,108<\/td>\n<td width=\"163\">Utrecht<\/td>\n<\/tr>\n<tr>\n<td width=\"161\">Zeist<\/td>\n<td width=\"75\">65,043<\/td>\n<td width=\"163\">Utrecht<\/td>\n<\/tr>\n<tr>\n<td width=\"161\">Nieuwegein<\/td>\n<td width=\"75\">63,866<\/td>\n<td width=\"163\">Utrecht<\/td>\n<\/tr>\n<tr>\n<td width=\"161\">Westerkwartier<\/td>\n<td width=\"75\">63,678<\/td>\n<td width=\"163\">Groningue<\/td>\n<\/tr>\n<tr>\n<td width=\"161\">Lansingerland<\/td>\n<td width=\"75\">63,363<\/td>\n<td width=\"163\">Hollande-M\u00e9ridionale<\/td>\n<\/tr>\n<tr>\n<td width=\"161\">Hardenberg<\/td>\n<td width=\"75\">61,357<\/td>\n<td width=\"163\">Overijssel<\/td>\n<\/tr>\n<tr>\n<td width=\"161\">Midden-Groningue<\/td>\n<td width=\"75\">60,726<\/td>\n<td width=\"163\">Groningue<\/td>\n<\/tr>\n<tr>\n<td width=\"161\">Barneveld<\/td>\n<td width=\"75\">59,992<\/td>\n<td width=\"163\">Gueldre<\/td>\n<\/tr>\n<tr>\n<td width=\"161\">Ruremonde<\/td>\n<td width=\"75\">58,763<\/td>\n<td width=\"163\">Limbourg<\/td>\n<\/tr>\n<tr>\n<td width=\"161\">Gooise Meren<\/td>\n<td width=\"75\">58,524<\/td>\n<td width=\"163\">Hollande-Septentrionale<\/td>\n<\/tr>\n<tr>\n<td width=\"161\">Heerhugowaard<\/td>\n<td width=\"75\">58,387<\/td>\n<td width=\"163\">Hollande-Septentrionale<\/td>\n<\/tr>\n<tr>\n<td width=\"161\">Doetinchem<\/td>\n<td width=\"75\">58,270<\/td>\n<td width=\"163\">Gueldre<\/td>\n<\/tr>\n<tr>\n<td width=\"161\">Vijfheerenlanden<\/td>\n<td width=\"75\">57,829<\/td>\n<td width=\"163\">Utrecht<\/td>\n<\/tr>\n<tr>\n<td width=\"161\">Krimpenerwaard<\/td>\n<td width=\"75\">56,622<\/td>\n<td width=\"163\">Hollande-M\u00e9ridionale<\/td>\n<\/tr>\n<tr>\n<td width=\"161\">Le Helder<\/td>\n<td width=\"75\">56,582<\/td>\n<td width=\"163\">Hollande-Septentrionale<\/td>\n<\/tr>\n<tr>\n<td width=\"161\">Altena<\/td>\n<td width=\"75\">56,352<\/td>\n<td width=\"163\">Brabant-Septentrional<\/td>\n<\/tr>\n<tr>\n<td width=\"161\">Oosterhout<\/td>\n<td width=\"75\">56,206<\/td>\n<td width=\"163\">Brabant-Septentrional<\/td>\n<\/tr>\n<tr>\n<td width=\"161\">Smallingerland<\/td>\n<td width=\"75\">56,040<\/td>\n<td width=\"163\">Frise<\/td>\n<\/tr>\n<tr>\n<td width=\"161\">Pijnacker-Nootdorp<\/td>\n<td width=\"75\">55,674<\/td>\n<td width=\"163\">Hollande-M\u00e9ridionale<\/td>\n<\/tr>\n<tr>\n<td width=\"161\">Hoogeveen<\/td>\n<td width=\"75\">55,603<\/td>\n<td width=\"163\">Drenthe<\/td>\n<\/tr>\n<tr>\n<td width=\"161\">Ryswick<\/td>\n<td width=\"75\">55,220<\/td>\n<td width=\"163\">Hollande-M\u00e9ridionale<\/td>\n<\/tr>\n<tr>\n<td width=\"161\">Kampen<\/td>\n<td width=\"75\">54,474<\/td>\n<td width=\"163\">Overijssel<\/td>\n<\/tr>\n<\/tbody>\n<\/table>\n<\/div>\n<p>&nbsp;<br \/>\nSource : Bureau central de la statistique (CBS) ; Recensement de la population et de l&#8217;habitat aux Pays-Bas 2011.<\/p>\n","protected":false},"excerpt":{"rendered":"<p>Carte des Pays-Bas montrant les principales villes ainsi que certaines parties des pays environnants et la mer du Nord. La capitale et la plus grande municipalit\u00e9 des Pays-Bas est Amsterdam <\/p>\n","protected":false},"author":1,"featured_media":45850,"template":"","categoria_ficha":[131],"class_list":["post-963","ficha","type-ficha","status-publish","has-post-thumbnail","hentry","categoria_ficha-cartes-des-pays-bas"],"acf":[],"_links":{"self":[{"href":"https:\/\/gifex.com\/fr\/wp-json\/wp\/v2\/ficha\/963","targetHints":{"allow":["GET"]}}],"collection":[{"href":"https:\/\/gifex.com\/fr\/wp-json\/wp\/v2\/ficha"}],"about":[{"href":"https:\/\/gifex.com\/fr\/wp-json\/wp\/v2\/types\/ficha"}],"author":[{"embeddable":true,"href":"https:\/\/gifex.com\/fr\/wp-json\/wp\/v2\/users\/1"}],"version-history":[{"count":5,"href":"https:\/\/gifex.com\/fr\/wp-json\/wp\/v2\/ficha\/963\/revisions"}],"predecessor-version":[{"id":45851,"href":"https:\/\/gifex.com\/fr\/wp-json\/wp\/v2\/ficha\/963\/revisions\/45851"}],"wp:featuredmedia":[{"embeddable":true,"href":"https:\/\/gifex.com\/fr\/wp-json\/wp\/v2\/media\/45850"}],"wp:attachment":[{"href":"https:\/\/gifex.com\/fr\/wp-json\/wp\/v2\/media?parent=963"}],"wp:term":[{"taxonomy":"categoria_ficha","embeddable":true,"href":"https:\/\/gifex.com\/fr\/wp-json\/wp\/v2\/categoria_ficha?post=963"}],"curies":[{"name":"wp","href":"https:\/\/api.w.org\/{rel}","templated":true}]}}