{"id":9323,"date":"2022-03-30T18:56:54","date_gmt":"2022-03-30T18:56:54","guid":{"rendered":"https:\/\/gifex.com\/fr\/?post_type=ficha&#038;p=9323"},"modified":"2022-08-14T12:57:20","modified_gmt":"2022-08-14T12:57:20","slug":"carte-touristique-de-bruges","status":"publish","type":"ficha","link":"https:\/\/gifex.com\/fr\/fichier\/carte-touristique-de-bruges\/","title":{"rendered":"Carte touristique de Bruges"},"content":{"rendered":"<p><strong>Carte touristique de Bruges<\/strong>,\u00a0surtout connue comme une ville historique avec beaucoup de patrimoine culturel. Le centre historique est bien pr\u00e9serv\u00e9, notamment le r\u00e9seau viaire et le patrimoine m\u00e9di\u00e9val des rues. L&#8217;apparence actuelle du centre-ville est \u00e9galement influenc\u00e9e par l&#8217;int\u00e9r\u00eat pour le style n\u00e9ogothique au XIXe si\u00e8cle, qui a abouti au \u00ab style n\u00e9o-brugeois \u00bb, allant du n\u00e9o-gothique \u00e0 l&#8217;\u00e9clectisme. De nombreux b\u00e2timents ont ensuite \u00e9t\u00e9 embellis, restaur\u00e9s, reconstruits ou nouvellement construits dans ces styles. Les canaux, l&#8217;histoire, les d\u00e9couvertes arch\u00e9ologiques, mais aussi les rues commer\u00e7antes attirent chaque jour de nombreuses personnes dans cette ville. Le centre-ville de Bruges peut \u00eatre explor\u00e9 en grande partie \u00e0 pied, mais aussi \u00e0 v\u00e9lo cal\u00e8che, en cal\u00e8che, avec les bus City-Tour ou avec des bateaux sur les canaux.<\/p>\n<figure id=\"attachment_9330\" aria-describedby=\"caption-attachment-9330\" style=\"width: 360px\" class=\"wp-caption alignright\"><a href=\"https:\/\/gifex.com\/fr\/wp-content\/uploads\/9323\/Maisons-a-pignons-a-redents-dans-la-Dweersstraat.jpg\" target=\"_blank\" rel=\"noopener\"><img fetchpriority=\"high\" decoding=\"async\" class=\"wp-image-9330\" style=\"width: 100%; max-width: 360px; height: auto;\" title=\"Maisons \u00e0 pignons \u00e0 redents dans la Dweersstraat\" src=\"https:\/\/gifex.com\/fr\/wp-content\/uploads\/9323\/Maisons-a-pignons-a-redents-dans-la-Dweersstraat-256x300.jpg\" alt=\"Maisons \u00e0 pignons \u00e0 redents dans la Dweersstraat\" width=\"360\" height=\"421\" srcset=\"https:\/\/gifex.com\/fr\/wp-content\/uploads\/9323\/Maisons-a-pignons-a-redents-dans-la-Dweersstraat-256x300.jpg 256w, https:\/\/gifex.com\/fr\/wp-content\/uploads\/9323\/Maisons-a-pignons-a-redents-dans-la-Dweersstraat-300x351.jpg 300w, https:\/\/gifex.com\/fr\/wp-content\/uploads\/9323\/Maisons-a-pignons-a-redents-dans-la-Dweersstraat.jpg 400w\" sizes=\"(max-width: 360px) 100vw, 360px\" \/><\/a><figcaption id=\"caption-attachment-9330\" class=\"wp-caption-text\"><label style=\"font-size: 15px;\">Maisons \u00e0 pignons \u00e0 redents dans la Dweersstraat.<\/label><\/figcaption><\/figure>\n<p>Pour le tourisme r\u00e9sidentiel, la ville compte plus de 90 h\u00f4tels, avec plus de 7 800 lits. Les r\u00e9sidences pour jeunes et les chambres d&#8217;h\u00f4tes comptent chacune pour 1 000 lits suppl\u00e9mentaires. En 2015, il y a eu environ 1,13 million d&#8217;arriv\u00e9es \u00e0 Bruges, dont environ 27.100 \u00e0 Zeebruges, et plus de 2,03 millions de nuit\u00e9es, dont environ 52.300 \u00e0 Zeebruges. Par rapport \u00e0 d&#8217;autres grandes villes flamandes, une plus petite part de celles-ci a un caract\u00e8re commercial, bien que cette part semble avoir augment\u00e9 ces derni\u00e8res ann\u00e9es.<\/p>\n<p>La circulation automobile sera maintenue \u00e0 l&#8217;\u00e9cart du centre-ville autant que possible. Les limites de vitesse (30 km\/h), un plan de boucle avec beaucoup de circulation \u00e0 sens unique (deux sens pour les cyclistes) et des parkings p\u00e9riph\u00e9riques devraient faire de Bruges une ville agr\u00e9able pour se promener et faire du shopping.<\/p>\n<p>Cependant, la pr\u00e9sence d&#8217;\u00e9tablissements de restauration et de commerces d\u00e9place en partie la fonction r\u00e9sidentielle au c\u0153ur du centre-ville.<\/p>\n<figure id=\"attachment_9332\" aria-describedby=\"caption-attachment-9332\" style=\"width: 360px\" class=\"wp-caption alignright\"><a href=\"https:\/\/gifex.com\/fr\/wp-content\/uploads\/9323\/Vue-depuis-Rozenhoedkaai-avec-le-Beffroi-en-arriere-plan.jpg\" target=\"_blank\" rel=\"noopener\"><img decoding=\"async\" class=\"wp-image-9332\" style=\"width: 100%; max-width: 360px; height: auto;\" title=\"Vue depuis Rozenhoedkaai, avec le Beffroi en arri\u00e8re-plan\" src=\"https:\/\/gifex.com\/fr\/wp-content\/uploads\/9323\/Vue-depuis-Rozenhoedkaai-avec-le-Beffroi-en-arriere-plan-300x204.jpg\" alt=\"Vue depuis Rozenhoedkaai, avec le Beffroi en arri\u00e8re-plan\" width=\"360\" height=\"244\" srcset=\"https:\/\/gifex.com\/fr\/wp-content\/uploads\/9323\/Vue-depuis-Rozenhoedkaai-avec-le-Beffroi-en-arriere-plan-300x204.jpg 300w, https:\/\/gifex.com\/fr\/wp-content\/uploads\/9323\/Vue-depuis-Rozenhoedkaai-avec-le-Beffroi-en-arriere-plan-768x521.jpg 768w, https:\/\/gifex.com\/fr\/wp-content\/uploads\/9323\/Vue-depuis-Rozenhoedkaai-avec-le-Beffroi-en-arriere-plan.jpg 958w\" sizes=\"(max-width: 360px) 100vw, 360px\" \/><\/a><figcaption id=\"caption-attachment-9332\" class=\"wp-caption-text\"><label style=\"font-size: 15px;\">Vue depuis Rozenhoedkaai, avec le Beffroi en arri\u00e8re-plan.<\/label><\/figcaption><\/figure>\n<p>Chaque ann\u00e9e, le jour de l&#8217;Ascension, la procession du Saint-Sang fait le tour de Bruges. La relique du Saint-Sang, que Thierry d&#8217;Alsace aurait apport\u00e9e de J\u00e9rusalem \u00e0 Bruges, est v\u00e9n\u00e9r\u00e9e par la ville. Trente \u00e0 quarante-cinq mille spectateurs assistent ou participent \u00e0 la procession, d\u00e9fil\u00e9 m\u00ealant sc\u00e8nes historiques et r\u00e9cits bibliques. Une autre grande procession qui se tient \u00e0 Bruges est la procession de l&#8217;arbre d&#8217;or. Ce concours quinquennal a \u00e9t\u00e9 cr\u00e9\u00e9 en 1958 avec pour th\u00e8me central le \u00ab<em>Goudenpas van de Gouden Boom<\/em>\u00ab, qui s&#8217;est tenu en 1468 sur le march\u00e9 de Bruges \u00e0 l&#8217;occasion du mariage de Charles le T\u00e9m\u00e9raire et de Marguerite d&#8217;York.<\/p>\n<p>En 2002, Bruges a \u00e9t\u00e9 capitale europ\u00e9enne de la culture. \u00c0 la suite de cela, une nouvelle salle de concert multifonctionnelle a \u00e9t\u00e9 construite, avec l&#8217;ambition de lui donner une apparence internationale.<\/p>\n<figure id=\"attachment_9334\" aria-describedby=\"caption-attachment-9334\" style=\"width: 360px\" class=\"wp-caption alignright\"><a href=\"https:\/\/gifex.com\/fr\/wp-content\/uploads\/9323\/Vue-aerienne-du-cote-nord-du-Grand-Marche-de-Bruges.jpg\" target=\"_blank\" rel=\"noopener\"><img decoding=\"async\" class=\"wp-image-9334\" style=\"width: 100%; max-width: 360px; height: auto;\" title=\"Vue a\u00e9rienne du c\u00f4t\u00e9 nord du Grand March\u00e9 de Bruges\" src=\"https:\/\/gifex.com\/fr\/wp-content\/uploads\/9323\/Vue-aerienne-du-cote-nord-du-Grand-Marche-de-Bruges-300x174.jpg\" alt=\"Vue a\u00e9rienne du c\u00f4t\u00e9 nord du Grand March\u00e9 de Bruges\" width=\"360\" height=\"208\" srcset=\"https:\/\/gifex.com\/fr\/wp-content\/uploads\/9323\/Vue-aerienne-du-cote-nord-du-Grand-Marche-de-Bruges-300x174.jpg 300w, https:\/\/gifex.com\/fr\/wp-content\/uploads\/9323\/Vue-aerienne-du-cote-nord-du-Grand-Marche-de-Bruges-1024x593.jpg 1024w, https:\/\/gifex.com\/fr\/wp-content\/uploads\/9323\/Vue-aerienne-du-cote-nord-du-Grand-Marche-de-Bruges-768x445.jpg 768w, https:\/\/gifex.com\/fr\/wp-content\/uploads\/9323\/Vue-aerienne-du-cote-nord-du-Grand-Marche-de-Bruges-1536x889.jpg 1536w, https:\/\/gifex.com\/fr\/wp-content\/uploads\/9323\/Vue-aerienne-du-cote-nord-du-Grand-Marche-de-Bruges-1600x926.jpg 1600w, https:\/\/gifex.com\/fr\/wp-content\/uploads\/9323\/Vue-aerienne-du-cote-nord-du-Grand-Marche-de-Bruges.jpg 1879w\" sizes=\"(max-width: 360px) 100vw, 360px\" \/><\/a><figcaption id=\"caption-attachment-9334\" class=\"wp-caption-text\"><label style=\"font-size: 15px;\">Vue a\u00e9rienne du c\u00f4t\u00e9 nord du Grand March\u00e9 de Bruges.<\/label><\/figcaption><\/figure>\n<p>De 1968 \u00e0 1974 et \u00e0 nouveau depuis 2015, la Triennale de Bruges a lieu tous les trois ans, a commenc\u00e9 \u00e0 l&#8217;origine comme une r\u00e9trospective traditionnelle de l&#8217;art contemporain belge et, apr\u00e8s une longue interruption, s&#8217;est transform\u00e9e en une exposition en plein air avec des installations monumentales d&#8217;artistes et d&#8217;architectes internationaux, chacune portant sur un th\u00e8me central.<\/p>\n<p>Bruges est \u00e9galement le centre d&#8217;une des r\u00e9gions touristiques flamandes : le Brugse Ommeland.<\/p>\n<p>\u00c9difices et lieux civils importants ;<\/p>\n<ul>\n<li>La\u00a0Grand-Place\u00a0(<i>Grote Markt<\/i>) vue depuis le\u00a0beffroi\u00a0(<i>belfort<\/i>).<\/li>\n<li>La\u00a0place du Bourg\u00a0(<span class=\"lang-nl\" lang=\"nl\"><i>Burg<\/i><\/span>) avec le palais du\u00a0Franc de Bruges\u00a0et son mus\u00e9e, l&#8217;Ancien Greffe (<i>Oude Griffie<\/i>), l&#8217;h\u00f4tel de ville\u00a0et la\u00a0basilique du Saint-Sang.<\/li>\n<li>Le\u00a0palais des ducs\u00a0de\u00a0Bourgogne\u00a0(<span class=\"lang-nl\" lang=\"nl\"><i>Prinsenhof<\/i><\/span>)\u00a0: datant du\u00a0<abbr class=\"abbr\" title=\"15\u1d49 si\u00e8cle\"><span class=\"romain\">xv<\/span><sup>e<\/sup><\/abbr>\u00a0si\u00e8cle, il accueille, depuis 2008, le\u00a0<i>Kempinski Hotel Dukes&#8217; Palace<\/i>, h\u00f4tel de luxe cinq \u00e9toiles.<\/li>\n<li>La Loge des Bourgeois (<i>Poortersloge<\/i>), qui abrite les\u00a0Archives de l&#8217;\u00c9tat.<\/li>\n<li>Les\u00a0maisons-Dieu\u00a0(<i>Godshuizen<\/i>) b\u00e2ties depuis le\u00a0<abbr class=\"abbr\" title=\"14\u1d49 si\u00e8cle\"><span class=\"romain\">xiv<\/span><sup>e<\/sup><\/abbr>\u00a0si\u00e8cle.<\/li>\n<\/ul>\n<figure id=\"attachment_9336\" aria-describedby=\"caption-attachment-9336\" style=\"width: 360px\" class=\"wp-caption alignright\"><a href=\"https:\/\/gifex.com\/fr\/wp-content\/uploads\/9323\/La-Kruispoort-Porte-Sainte-Croix-de-Bruges.jpg\" target=\"_blank\" rel=\"noopener\"><img loading=\"lazy\" decoding=\"async\" class=\"wp-image-9336\" style=\"width: 100%; max-width: 360px; height: auto;\" title=\"La Kruispoort (Porte Sainte-Croix) de Bruges\" src=\"https:\/\/gifex.com\/fr\/wp-content\/uploads\/9323\/La-Kruispoort-Porte-Sainte-Croix-de-Bruges-300x202.jpg\" alt=\"La Kruispoort (Porte Sainte-Croix) de Bruges\" width=\"360\" height=\"242\" srcset=\"https:\/\/gifex.com\/fr\/wp-content\/uploads\/9323\/La-Kruispoort-Porte-Sainte-Croix-de-Bruges-300x202.jpg 300w, https:\/\/gifex.com\/fr\/wp-content\/uploads\/9323\/La-Kruispoort-Porte-Sainte-Croix-de-Bruges-1024x688.jpg 1024w, https:\/\/gifex.com\/fr\/wp-content\/uploads\/9323\/La-Kruispoort-Porte-Sainte-Croix-de-Bruges-768x516.jpg 768w, https:\/\/gifex.com\/fr\/wp-content\/uploads\/9323\/La-Kruispoort-Porte-Sainte-Croix-de-Bruges-1536x1033.jpg 1536w, https:\/\/gifex.com\/fr\/wp-content\/uploads\/9323\/La-Kruispoort-Porte-Sainte-Croix-de-Bruges-2048x1377.jpg 2048w, https:\/\/gifex.com\/fr\/wp-content\/uploads\/9323\/La-Kruispoort-Porte-Sainte-Croix-de-Bruges-1600x1076.jpg 1600w\" sizes=\"(max-width: 360px) 100vw, 360px\" \/><\/a><figcaption id=\"caption-attachment-9336\" class=\"wp-caption-text\"><label style=\"font-size: 15px;\">La Kruispoort (Porte Sainte-Croix) de Bruges.<\/label><\/figcaption><\/figure>\n<p>Principaux mus\u00e9es ;<\/p>\n<p>Les principaux mus\u00e9es de Bruges, remarquables par leur importance historique et culturelle, sont tous des mus\u00e9es communaux\u00a0; une structure sp\u00e9cifique regroupe ces onze mus\u00e9es communaux historiques\u00a0: le\u00a0<i>Bruggemuseum<\/i>\u00a0(leur appartenance est abr\u00e9g\u00e9e de cette mani\u00e8re\u00a0: Bgm).<\/p>\n<ul>\n<li>La tour du\u00a0Beffroi\u00a0(<i>Belfort<\/i>) (Bgm), d&#8217;une hauteur de 83\u00a0<abbr class=\"abbr\" title=\"m\u00e8tre\">m<\/abbr>, est dot\u00e9e d&#8217;un carillon de 47 cloches.<\/li>\n<li>Gentpoort\u00a0(Bgm), une des quatre portes de ville m\u00e9di\u00e9vales.<\/li>\n<li>Arentshuis, cet h\u00f4tel particulier du\u00a0<abbr class=\"abbr\" title=\"18\u1d49 si\u00e8cle\"><span class=\"romain\">xviii<\/span><sup>e<\/sup><\/abbr>\u00a0si\u00e8cle abrite l&#8217;\u0153uvre de l&#8217;artiste anglo-brugeois\u00a0Franck Brangwyn\u00a0(1867-1956).<\/li>\n<li>Memling in Sint-Jan, mus\u00e9e situ\u00e9 dans l&#8217;ancien h\u00f4pital Saint-Jean.<\/li>\n<li>H\u00f4tel de ville\u00a0(<i>Stadhuis<\/i>) (Bgm), date du 1376.<\/li>\n<li>Moulin Sint-Janshuis\u00a0(Bgm), moulin \u00e0 vent construit en 1770<\/li>\n<li>Moulin Koelewei\u00a0(Bgm), date de 1765, et implant\u00e9 pr\u00e8s de la porte de\u00a0Damme\u00a0en 1996.<\/li>\n<li>Mus\u00e9e d&#8217;Arch\u00e9ologie (Bgm)<\/li>\n<li>Mus\u00e9e des Arts et traditions populaires (Bgm), install\u00e9 dans huit maisons-Dieu du\u00a0<abbr class=\"abbr\" title=\"17\u1d49 si\u00e8cle\"><span class=\"romain\">xvii<\/span><sup>e<\/sup><\/abbr>\u00a0si\u00e8cle.<\/li>\n<li>Mus\u00e9e Groeninge\u00a0: il abrite une collection de tableaux de la peinture flamande (dont les primitifs) allant du\u00a0<abbr class=\"abbr\" title=\"15\u1d49 si\u00e8cle\"><span class=\"romain\">xv<\/span><sup>e<\/sup><\/abbr>\u00a0si\u00e8cle jusqu&#8217;\u00e0 la p\u00e9riode actuelle.<\/li>\n<li>Mus\u00e9e Gruuthuse\u00a0(Bgm),<\/li>\n<li>Mus\u00e9e de Guido Gezelle (Bgm), maison natale du po\u00e8te flamand\u00a0Guido Gezelle\u00a0(1830-1899).<\/li>\n<li>Palais du\u00a0Franc de Bruges\u00a0<i>(Paleis van het Brugse Vrije)<\/i>\u00a0(Bgm). Le Franc de Bruges \u00e9tait au\u00a0<abbr class=\"abbr\" title=\"14\u1d49 si\u00e8cle\"><span class=\"romain\">xiv<\/span><sup>e<\/sup><\/abbr>\u00a0si\u00e8cle un conseil g\u00e9rant la r\u00e9gion situ\u00e9e autour de la ville\u00a0; il abrite d\u00e9sormais les archives communales. Dans la salle Renaissance, (ancienne salle\u00a0\u00e9chevinale), on peut admirer une chemin\u00e9e monumentale du\u00a0<abbr class=\"abbr\" title=\"16\u1d49 si\u00e8cle\"><span class=\"romain\">xvi<\/span><sup>e<\/sup><\/abbr>\u00a0si\u00e8cle, \u0153uvre de\u00a0Lancelot Blondeel<\/li>\n<\/ul>\n<figure id=\"attachment_9339\" aria-describedby=\"caption-attachment-9339\" style=\"width: 360px\" class=\"wp-caption alignright\"><a href=\"https:\/\/gifex.com\/fr\/wp-content\/uploads\/9323\/Vue-de-Steenstraat-avec-le-Beffroi-de-Bruges-en-arriere-plan.jpg\" target=\"_blank\" rel=\"noopener\"><img loading=\"lazy\" decoding=\"async\" class=\"wp-image-9339\" style=\"width: 100%; max-width: 360px; height: auto;\" title=\"Vue de Steenstraat avec le Beffroi de Bruges en arri\u00e8re-plan\" src=\"https:\/\/gifex.com\/fr\/wp-content\/uploads\/9323\/Vue-de-Steenstraat-avec-le-Beffroi-de-Bruges-en-arriere-plan-200x300.jpg\" alt=\"Vue de Steenstraat avec le Beffroi de Bruges en arri\u00e8re-plan\" width=\"360\" height=\"540\" srcset=\"https:\/\/gifex.com\/fr\/wp-content\/uploads\/9323\/Vue-de-Steenstraat-avec-le-Beffroi-de-Bruges-en-arriere-plan-200x300.jpg 200w, https:\/\/gifex.com\/fr\/wp-content\/uploads\/9323\/Vue-de-Steenstraat-avec-le-Beffroi-de-Bruges-en-arriere-plan-683x1024.jpg 683w, https:\/\/gifex.com\/fr\/wp-content\/uploads\/9323\/Vue-de-Steenstraat-avec-le-Beffroi-de-Bruges-en-arriere-plan-768x1152.jpg 768w, https:\/\/gifex.com\/fr\/wp-content\/uploads\/9323\/Vue-de-Steenstraat-avec-le-Beffroi-de-Bruges-en-arriere-plan-1024x1536.jpg 1024w, https:\/\/gifex.com\/fr\/wp-content\/uploads\/9323\/Vue-de-Steenstraat-avec-le-Beffroi-de-Bruges-en-arriere-plan-300x450.jpg 300w, https:\/\/gifex.com\/fr\/wp-content\/uploads\/9323\/Vue-de-Steenstraat-avec-le-Beffroi-de-Bruges-en-arriere-plan-1067x1600.jpg 1067w, https:\/\/gifex.com\/fr\/wp-content\/uploads\/9323\/Vue-de-Steenstraat-avec-le-Beffroi-de-Bruges-en-arriere-plan.jpg 1365w\" sizes=\"(max-width: 360px) 100vw, 360px\" \/><\/a><figcaption id=\"caption-attachment-9339\" class=\"wp-caption-text\"><label style=\"font-size: 15px;\">Vue de Steenstraat avec le Beffroi de Bruges en arri\u00e8re-plan.<\/label><\/figcaption><\/figure>\n<p>Patrimoine religieux et lieux de cultes actuels ;<\/p>\n<ul>\n<li>Ancienne\u00a0abbaye des Dunes\n<dl>\n<dd>Les moines de cette abbaye, transf\u00e9r\u00e9e de Coxyde \u00e0 Bruges au\u00a0<abbr class=\"abbr\" title=\"17\u1d49 si\u00e8cle\"><span class=\"romain\">xvii<\/span><sup>e<\/sup><\/abbr>\u00a0si\u00e8cle, firent \u00e9difier de nouveaux b\u00e2timents qui correspondent aujourd&#8217;hui au s\u00e9minaire, quai de la Poterie, avec sa fa\u00e7ade inachev\u00e9e.<\/dd>\n<\/dl>\n<\/li>\n<li>Ancienne abbaye d&#8217;Eekhout, dont il ne reste qu&#8217;une porte du\u00a0<abbr class=\"abbr\" title=\"18\u1d49 si\u00e8cle\"><span class=\"romain\">xviii<\/span><sup>e<\/sup><\/abbr>\u00a0si\u00e8cle.\n<dl>\n<dd>Occup\u00e9e par le Mus\u00e9e communal (ou des Ma\u00eetres anciens), rue Sainte-Catherine.<\/dd>\n<\/dl>\n<\/li>\n<li>Ancienne abbaye cistercienne de femmes d&#8217;Hemelsdaele (1237-1804)\n<dl>\n<dd>Situ\u00e9e rue Sainte-Claire \u00e0 l&#8217;emplacement de la boulangerie militaire (1672-1682).<\/dd>\n<\/dl>\n<\/li>\n<li>Ancien refuge de\u00a0Saint-Bavon de Gand\n<dl>\n<dd>Vestige monastique situ\u00e9 March\u00e9-au-fil.<\/dd>\n<\/dl>\n<\/li>\n<li>Ancien refuge de\u00a0Saint-Pierre de Gand\n<dl>\n<dd>T\u00e9moignage monastique situ\u00e9 rue des Pierres.<\/dd>\n<\/dl>\n<\/li>\n<li>Ancienne abbaye Sainte-Godelina\u00a0(ou Sainte-Godelieve)\n<dl>\n<dd>D\u00e9vast\u00e9e lors de la\u00a0R\u00e9volution fran\u00e7aise, cette abbaye a retrouv\u00e9 ses moniales d\u00e8s\u00a01808. Le porche du\u00a0<abbr class=\"abbr\" title=\"16\u1d49 si\u00e8cle\"><span class=\"romain\">xvi<\/span><sup>e<\/sup><\/abbr>\u00a0si\u00e8cle\u00a0et la vo\u00fbte en\u00a0bardeaux\u00a0de l&#8217;\u00e9glise sont remarquables. Quelques \u0153uvres d&#8217;art \u00e0 mentionner\u00a0:\u00a0ch\u00e2sse\u00a0de\u00a0sainte Godelieve\u00a0(<abbr class=\"abbr\" title=\"16\u1d49 si\u00e8cle\"><span class=\"romain\">xvi<\/span><sup>e<\/sup><\/abbr>\u00a0si\u00e8cle), tableaux anciens et mobilier (armoires surtout) de diverses \u00e9poques.<\/dd>\n<\/dl>\n<\/li>\n<li>Abbaye Saint-Trudon<\/li>\n<li>Abbaye de Ter Doest\u00a0(\u00e0 Lissewege)<\/li>\n<li>Basilique du Saint-Sang\u00a0<i>(Basiliek van het Heilig Bloed)<\/i>\n<dl>\n<dd>Un lieu de p\u00e8lerinage, depuis des si\u00e8cles. Une partie est un mus\u00e9e et dont l&#8217;article explique l&#8217;origine de la\u00a0procession du Saint-Sang.<\/dd>\n<\/dl>\n<\/li>\n<li>Monast\u00e8re de la Vigne\u00a0(b\u00e9guinage de Bruges)\n<dl>\n<dd>Fond\u00e9 par\u00a0Marguerite de Constantinople, \u00e9galement comtesse de Flandre, en 1245. Des\u00a0B\u00e9n\u00e9dictines\u00a0y sont install\u00e9es depuis 1927. Il y a possibilit\u00e9 de visiter une \u00ab\u00a0maison de b\u00e9guine\u00a0\u00bb. Avec les autres\u00a0b\u00e9guinages flamands\u00a0celui de Bruges est inscrit au\u00a0patrimoine mondial\u00a0de l&#8217;UNESCO.<\/dd>\n<\/dl>\n<\/li>\n<li>Chapelle des\u00a0Chartreuses<\/li>\n<li>Chapelle des Maricoles<\/li>\n<li>Chapelle des\u00a0M\u00e9n\u00e9triers<\/li>\n<li>Chapelle Saint Pierre<\/li>\n<li>Chapelle Onze-Lieve-Vrouw van &#8216;t Boompje<\/li>\n<li>Coll\u00e8ge des J\u00e9suites\n<dl>\n<dd>Les\u00a0J\u00e9suites, qui s&#8217;y \u00e9tablirent au d\u00e9but du\u00a0<abbr class=\"abbr\" title=\"17\u1d49 si\u00e8cle\"><span class=\"romain\">xvii<\/span><sup>e<\/sup><\/abbr>\u00a0si\u00e8cle, donn\u00e8rent des cours au sein de ce qui est devenu, maintenant, une partie du\u00a0Coll\u00e8ge d&#8217;Europe.<\/dd>\n<\/dl>\n<\/li>\n<li>Cath\u00e9drale Saint-Sauveur\u00a0(<i>Sint-Salvatorskathedraal<\/i>)<\/li>\n<li>Couvent Anglais<\/li>\n<li>Couvent des\u00a0B\u00e9gards<\/li>\n<li>Couvent des\u00a0Carmes d\u00e9chaux<\/li>\n<li>Couvent des\u00a0Carm\u00e9lites d\u00e9chauss\u00e9es<\/li>\n<li>Couvent des Chanoinesses de\u00a0Saint-Augustin\u00a0(Le Couvent Anglais)<\/li>\n<li>Couvent des\u00a0Colettines\u00a0qui appartenait \u00e0 une branche mineure de l&#8217;ordre des Clarisses.<\/li>\n<li>Couvent des\u00a0Dominicaines<\/li>\n<li>Couvent des S\u0153urs Noires (autre nom des &#8216;Augustines&#8217;).<\/li>\n<li>\u00c9glise du Sacr\u00e9-C\u0153ur\u00a0(<i>Heilig Hartkerk<\/i>)<\/li>\n<li>\u00c9glise de J\u00e9rusalem\u00a0(<i>Jeruzalemkerk<\/i>)<\/li>\n<li>\u00c9glise Notre-Dame\u00a0(<i>Vrouwekerk<\/i>)\n<dl>\n<dd>Situ\u00e9e dans la\u00a0<i>Katelijnestraat<\/i>\u00a0o\u00f9 reposent\u00a0Charles le T\u00e9m\u00e9raire\u00a0et sa fille\u00a0Marie de Bourgogne\u00a0et qui abrite \u00e9galement la sculpture de la\u00a0<i>Madone de Bruges<\/i>\u00a0r\u00e9alis\u00e9e par\u00a0Michel-Ange.<\/dd>\n<\/dl>\n<\/li>\n<li>\u00c9glise Saint-Gilles<\/li>\n<li>\u00c9glise Saint-Jacques<\/li>\n<li>Sainte-Anne\u00a0(<i>St.-Annakerk<\/i>)<\/li>\n<li>\u00c9glise Sainte-Madeleine<\/li>\n<li>\u00c9glise Sainte-Walburge\u00a0(<i>St.-Walburgakerk<\/i>)<\/li>\n<li>H\u00f4pital Saint-Jean de Bruges\u00a0<i>(Sint-Jans-Hospitaal)<\/i>\n<dl>\n<dd>Cet ancien h\u00f4pital m\u00e9di\u00e9val du\u00a0<abbr class=\"abbr\" title=\"12\u1d49 si\u00e8cle\"><span class=\"romain\">xii<\/span><sup>e<\/sup><\/abbr>\u00a0si\u00e8cle, situ\u00e9 dans la\u00a0<i>Mariastraat<\/i>, fait maintenant office de mus\u00e9e consacr\u00e9 aux \u0153uvres de\u00a0Hans Memling\u00a0dont les c\u00e9l\u00e8bres\u00a0<i>Ch\u00e2sse de sainte Ursule<\/i>\u00a0et\u00a0<i>Mariage mystique de Sainte Catherine<\/i>. Dans la salle des malades r\u00e9cemment reconstitu\u00e9e, les collections d&#8217;objets d&#8217;art et m\u00e9dicaux restituent la vie hospitali\u00e8re.<\/dd>\n<\/dl>\n<\/li>\n<li>Notre-Dame de la Poterie\u00a0<i>(Onze-Lieve-Vrouw ter Potterie)<\/i>\n<dl>\n<dd>\u00c9galement h\u00f4pital depuis le\u00a0<abbr class=\"abbr\" title=\"13\u1d49 si\u00e8cle\"><span class=\"romain\">xiii<\/span><sup>e<\/sup><\/abbr>\u00a0si\u00e8cle et abrite un mus\u00e9e consacr\u00e9 \u00e0 son histoire.<\/dd>\n<\/dl>\n<\/li>\n<\/ul>\n<p>Patrimoine militaire ;<\/p>\n<ul>\n<li>Les deux tours \u00e0 poudre (<i>poertorens<\/i>) et les anciennes portes conserv\u00e9es: la\u00a0<i>Smedenpoort<\/i>, la\u00a0<i>Ezelpoort<\/i>, la\u00a0<i>Kruispoort<\/i>\u00a0et la\u00a0<i>Gentpoort<\/i>. La\u00a0<i>Boeveriepoort<\/i>, la\u00a0<i>Dampoort<\/i>\u00a0et la\u00a0<i>Katelijnepoort<\/i>\u00a0n&#8217;existent plus.<\/li>\n<\/ul>\n","protected":false},"excerpt":{"rendered":"<p>Bruges, surtout connue comme une ville historique avec beaucoup de patrimoine culturel. Le centre historique est bien pr\u00e9serv\u00e9, notamment le r\u00e9seau viaire et le patrimoine m\u00e9di\u00e9val des rues. L&#8217;apparence actuelle du cent<\/p>\n","protected":false},"author":1,"featured_media":11651,"template":"","categoria_ficha":[1765],"class_list":["post-9323","ficha","type-ficha","status-publish","has-post-thumbnail","hentry","categoria_ficha-cartes-de-bruges"],"acf":[],"_links":{"self":[{"href":"https:\/\/gifex.com\/fr\/wp-json\/wp\/v2\/ficha\/9323","targetHints":{"allow":["GET"]}}],"collection":[{"href":"https:\/\/gifex.com\/fr\/wp-json\/wp\/v2\/ficha"}],"about":[{"href":"https:\/\/gifex.com\/fr\/wp-json\/wp\/v2\/types\/ficha"}],"author":[{"embeddable":true,"href":"https:\/\/gifex.com\/fr\/wp-json\/wp\/v2\/users\/1"}],"version-history":[{"count":15,"href":"https:\/\/gifex.com\/fr\/wp-json\/wp\/v2\/ficha\/9323\/revisions"}],"predecessor-version":[{"id":20897,"href":"https:\/\/gifex.com\/fr\/wp-json\/wp\/v2\/ficha\/9323\/revisions\/20897"}],"wp:featuredmedia":[{"embeddable":true,"href":"https:\/\/gifex.com\/fr\/wp-json\/wp\/v2\/media\/11651"}],"wp:attachment":[{"href":"https:\/\/gifex.com\/fr\/wp-json\/wp\/v2\/media?parent=9323"}],"wp:term":[{"taxonomy":"categoria_ficha","embeddable":true,"href":"https:\/\/gifex.com\/fr\/wp-json\/wp\/v2\/categoria_ficha?post=9323"}],"curies":[{"name":"wp","href":"https:\/\/api.w.org\/{rel}","templated":true}]}}