{"id":9203,"date":"2022-03-29T17:53:52","date_gmt":"2022-03-29T17:53:52","guid":{"rendered":"https:\/\/gifex.com\/fr\/?post_type=ficha&#038;p=9203"},"modified":"2023-03-24T19:26:06","modified_gmt":"2023-03-24T19:26:06","slug":"carte-du-complexe-residentiel-urbain-de-liege","status":"publish","type":"ficha","link":"https:\/\/gifex.com\/fr\/fichier\/carte-du-complexe-residentiel-urbain-de-liege\/","title":{"rendered":"Carte du complexe r\u00e9sidentiel urbain de Li\u00e8ge"},"content":{"rendered":"<p>Carte du complexe r\u00e9sidentiel urbain de Li\u00e8ge, form\u00e9 par sa r\u00e9gion urbaine et sa zone r\u00e9sidentielle de migrants alternants. La zone de migrants alternants est caract\u00e9ris\u00e9e par un grand nombre de navettes vers la r\u00e9gion urbaine. Celle de Li\u00e8ge est compos\u00e9e des 26 communes suivantes : Amay, Anthisnes, Aywaille, Berloz, Clavier, Comblain-au-Pont, Dalhem, Donceel, Faimes, Ferri\u00e8res, Fourons, Geer, Hamoir, Herve, Lierneux, Manhay, Marchin, Modave, Ouffet, Remicourt, Stoumont, Tinlot, Verlaine, Villers-le-Bouillet, Wanze, Waremme.<\/p>\n<p>En dehors de la banlieue, s&#8217;\u00e9tend une zone qui, \u00e0 la suite d&#8217;un d\u00e9veloppement consid\u00e9rable du mouvement pendulaire autochtone, se rattache \u00e9galement \u00e0 la ville. Cette zone des migrants alternants constitue avec la r\u00e9gion urbaine le complexe r\u00e9sidentiel urbain<\/p>\n<p>La d\u00e9finition d&#8217;une \u00abzone de navettage\u00bb d&#8217;Eurostat correspond grosso modo au <em>complexe r\u00e9sidentiel urbain<\/em><strong>\u00a0<\/strong>de Belgique en ce qui concerne la d\u00e9limitation ext\u00e9rieure (une\u00a0<em>zone de navetteurs<\/em>\u00a0avec communes contigu\u00ebs avec 20\u00a0% de la population active travaillant dans la ville centrale).<\/p>\n<div class=\"row\">\n<div class=\"col-sm\">\n<figure id=\"attachment_9195\" aria-describedby=\"caption-attachment-9195\" style=\"width: 400px\" class=\"wp-caption aligncenter\"><a href=\"https:\/\/gifex.com\/fr\/wp-content\/uploads\/9194\/Carte-de-l-agglomeration-morphologique-de-la-ville-de-Liege-2011.png\" target=\"_blank\" rel=\"noopener\"><img fetchpriority=\"high\" decoding=\"async\" class=\"wp-image-9195\" style=\"width: 100%; max-width: 390px; height: auto;\" title=\"Carte de l'agglom\u00e9ration morphologique de la ville de Li\u00e8ge\" src=\"https:\/\/gifex.com\/fr\/wp-content\/uploads\/9194\/Carte-de-l-agglomeration-morphologique-de-la-ville-de-Liege-2011-300x212.png\" alt=\"Carte de l'agglom\u00e9ration morphologique de la ville de Li\u00e8ge\" width=\"400\" height=\"283\" srcset=\"https:\/\/gifex.com\/fr\/wp-content\/uploads\/9194\/Carte-de-l-agglomeration-morphologique-de-la-ville-de-Liege-2011-300x212.png 300w, https:\/\/gifex.com\/fr\/wp-content\/uploads\/9194\/Carte-de-l-agglomeration-morphologique-de-la-ville-de-Liege-2011-1024x724.png 1024w, https:\/\/gifex.com\/fr\/wp-content\/uploads\/9194\/Carte-de-l-agglomeration-morphologique-de-la-ville-de-Liege-2011-768x543.png 768w, https:\/\/gifex.com\/fr\/wp-content\/uploads\/9194\/Carte-de-l-agglomeration-morphologique-de-la-ville-de-Liege-2011.png 1146w\" sizes=\"(max-width: 400px) 100vw, 400px\" \/><\/a><figcaption id=\"caption-attachment-9195\" class=\"wp-caption-text\"><label style=\"font-size: 15px;\">Carte de l&#8217;agglom\u00e9ration morphologique de la ville de Li\u00e8ge.<\/label><\/figcaption><\/figure>\n<\/div>\n<div class=\"col-sm\">\n<figure id=\"attachment_9198\" aria-describedby=\"caption-attachment-9198\" style=\"width: 400px\" class=\"wp-caption aligncenter\"><a href=\"https:\/\/gifex.com\/fr\/wp-content\/uploads\/9197\/Carte-de-l-agglomeration-operationnelle-de-Liege-2020.png\" target=\"_blank\" rel=\"noopener\"><img decoding=\"async\" class=\"wp-image-9198\" style=\"width: 100%; max-width: 390px; height: auto;\" title=\"Carte de l'agglom\u00e9ration op\u00e9rationnelle de Li\u00e8ge\" src=\"https:\/\/gifex.com\/fr\/wp-content\/uploads\/9197\/Carte-de-l-agglomeration-operationnelle-de-Liege-2020-300x221.png\" alt=\"Carte de l'agglom\u00e9ration op\u00e9rationnelle de Li\u00e8ge\" width=\"400\" height=\"295\" srcset=\"https:\/\/gifex.com\/fr\/wp-content\/uploads\/9197\/Carte-de-l-agglomeration-operationnelle-de-Liege-2020-300x221.png 300w, https:\/\/gifex.com\/fr\/wp-content\/uploads\/9197\/Carte-de-l-agglomeration-operationnelle-de-Liege-2020-768x566.png 768w, https:\/\/gifex.com\/fr\/wp-content\/uploads\/9197\/Carte-de-l-agglomeration-operationnelle-de-Liege-2020.png 800w\" sizes=\"(max-width: 400px) 100vw, 400px\" \/><\/a><figcaption id=\"caption-attachment-9198\" class=\"wp-caption-text\"><label style=\"font-size: 15px;\">Carte de l&#8217;agglom\u00e9ration op\u00e9rationnelle de Li\u00e8ge.<\/label><\/figcaption><\/figure>\n<\/div>\n<\/div>\n<div class=\"row\">\n<div class=\"col-sm\">\n<figure id=\"attachment_9201\" aria-describedby=\"caption-attachment-9201\" style=\"width: 400px\" class=\"wp-caption aligncenter\"><a href=\"https:\/\/gifex.com\/fr\/wp-content\/uploads\/9200\/Carte-de-la-region-urbaine-de-Liege-2017.png\" target=\"_blank\" rel=\"noopener\"><img decoding=\"async\" class=\"wp-image-9201\" style=\"width: 100%; max-width: 390px; height: auto;\" title=\"Carte de la r\u00e9gion urbaine de Li\u00e8ge\" src=\"https:\/\/gifex.com\/fr\/wp-content\/uploads\/9200\/Carte-de-la-region-urbaine-de-Liege-2017-300x221.png\" alt=\"Carte de la r\u00e9gion urbaine de Li\u00e8ge\" width=\"400\" height=\"295\" srcset=\"https:\/\/gifex.com\/fr\/wp-content\/uploads\/9200\/Carte-de-la-region-urbaine-de-Liege-2017-300x221.png 300w, https:\/\/gifex.com\/fr\/wp-content\/uploads\/9200\/Carte-de-la-region-urbaine-de-Liege-2017-768x566.png 768w, https:\/\/gifex.com\/fr\/wp-content\/uploads\/9200\/Carte-de-la-region-urbaine-de-Liege-2017.png 1000w\" sizes=\"(max-width: 400px) 100vw, 400px\" \/><\/a><figcaption id=\"caption-attachment-9201\" class=\"wp-caption-text\"><label style=\"font-size: 15px;\">Carte de la r\u00e9gion urbaine de Li\u00e8ge.<\/label><\/figcaption><\/figure>\n<\/div>\n<\/div>\n","protected":false},"excerpt":{"rendered":"<p>Le complexe r\u00e9sidentiel urbain de Li\u00e8ge, form\u00e9 par sa r\u00e9gion urbaine et sa zone r\u00e9sidentielle de migrants alternants. La zone de migrants alternants est caract\u00e9ris\u00e9e par un grand nombre de navettes vers la r\u00e9gion urbaine. Celle de Li\u00e8ge est compos\u00e9e des 26 co<\/p>\n","protected":false},"author":1,"featured_media":9204,"template":"","categoria_ficha":[1764],"class_list":["post-9203","ficha","type-ficha","status-publish","has-post-thumbnail","hentry","categoria_ficha-cartes-de-liege"],"acf":[],"_links":{"self":[{"href":"https:\/\/gifex.com\/fr\/wp-json\/wp\/v2\/ficha\/9203","targetHints":{"allow":["GET"]}}],"collection":[{"href":"https:\/\/gifex.com\/fr\/wp-json\/wp\/v2\/ficha"}],"about":[{"href":"https:\/\/gifex.com\/fr\/wp-json\/wp\/v2\/types\/ficha"}],"author":[{"embeddable":true,"href":"https:\/\/gifex.com\/fr\/wp-json\/wp\/v2\/users\/1"}],"version-history":[{"count":11,"href":"https:\/\/gifex.com\/fr\/wp-json\/wp\/v2\/ficha\/9203\/revisions"}],"predecessor-version":[{"id":36497,"href":"https:\/\/gifex.com\/fr\/wp-json\/wp\/v2\/ficha\/9203\/revisions\/36497"}],"wp:featuredmedia":[{"embeddable":true,"href":"https:\/\/gifex.com\/fr\/wp-json\/wp\/v2\/media\/9204"}],"wp:attachment":[{"href":"https:\/\/gifex.com\/fr\/wp-json\/wp\/v2\/media?parent=9203"}],"wp:term":[{"taxonomy":"categoria_ficha","embeddable":true,"href":"https:\/\/gifex.com\/fr\/wp-json\/wp\/v2\/categoria_ficha?post=9203"}],"curies":[{"name":"wp","href":"https:\/\/api.w.org\/{rel}","templated":true}]}}