{"id":9200,"date":"2022-03-29T17:32:36","date_gmt":"2022-03-29T17:32:36","guid":{"rendered":"https:\/\/gifex.com\/fr\/?post_type=ficha&#038;p=9200"},"modified":"2022-08-14T13:04:14","modified_gmt":"2022-08-14T13:04:14","slug":"carte-de-la-region-urbaine-de-liege","status":"publish","type":"ficha","link":"https:\/\/gifex.com\/fr\/fichier\/carte-de-la-region-urbaine-de-liege\/","title":{"rendered":"Carte de la r\u00e9gion urbaine de Li\u00e8ge"},"content":{"rendered":"<p>Carte de la r\u00e9gion urbaine de Li\u00e8ge, form\u00e9e par son agglom\u00e9ration et sa banlieue. La banlieue est une zone \u00e0 caract\u00e8re r\u00e9sidentiel dont la population est fortement orient\u00e9e vers l&#8217;agglom\u00e9ration. Celle de Li\u00e8ge est compos\u00e9e des 15 communes suivantes : Awans, Bassenge, Bl\u00e9gny, Crisn\u00e9e, Esneux, Fexhe-le-Haut-Clocher, Juprelle, Nandrin, Neupr\u00e9, Olne, Oreye, Saint-Georges-sur-Meuse, Sprimont, Trooz et Vis\u00e9.<\/p>\n<ul>\n<li>En\u00a0g\u00e9ographie, une r\u00e9gion urbaine est compos\u00e9e de l&#8217;ensemble des zones urbaines et rurales qui d\u00e9pendent d&#8217;un m\u00eame centre urbain (bassin d&#8217;emploi).<\/li>\n<\/ul>\n<div class=\"row\">\n<div class=\"col-sm\">\n<figure id=\"attachment_9195\" aria-describedby=\"caption-attachment-9195\" style=\"width: 400px\" class=\"wp-caption aligncenter\"><a href=\"https:\/\/gifex.com\/fr\/wp-content\/uploads\/9194\/Carte-de-l-agglomeration-morphologique-de-la-ville-de-Liege-2011.png\" target=\"_blank\" rel=\"noopener\"><img fetchpriority=\"high\" decoding=\"async\" class=\"wp-image-9195\" style=\"width: 100%; max-width: 390px; height: auto;\" title=\"Carte de l'agglom\u00e9ration morphologique de la ville de Li\u00e8ge\" src=\"https:\/\/gifex.com\/fr\/wp-content\/uploads\/9194\/Carte-de-l-agglomeration-morphologique-de-la-ville-de-Liege-2011-300x212.png\" alt=\"Carte de l'agglom\u00e9ration morphologique de la ville de Li\u00e8ge\" width=\"400\" height=\"283\" srcset=\"https:\/\/gifex.com\/fr\/wp-content\/uploads\/9194\/Carte-de-l-agglomeration-morphologique-de-la-ville-de-Liege-2011-300x212.png 300w, https:\/\/gifex.com\/fr\/wp-content\/uploads\/9194\/Carte-de-l-agglomeration-morphologique-de-la-ville-de-Liege-2011-1024x724.png 1024w, https:\/\/gifex.com\/fr\/wp-content\/uploads\/9194\/Carte-de-l-agglomeration-morphologique-de-la-ville-de-Liege-2011-768x543.png 768w, https:\/\/gifex.com\/fr\/wp-content\/uploads\/9194\/Carte-de-l-agglomeration-morphologique-de-la-ville-de-Liege-2011.png 1146w\" sizes=\"(max-width: 400px) 100vw, 400px\" \/><\/a><figcaption id=\"caption-attachment-9195\" class=\"wp-caption-text\"><label style=\"font-size: 15px;\">Carte de l&#8217;agglom\u00e9ration morphologique de la ville de Li\u00e8ge.<\/label><\/figcaption><\/figure>\n<\/div>\n<div class=\"col-sm\">\n<figure id=\"attachment_9204\" aria-describedby=\"caption-attachment-9204\" style=\"width: 400px\" class=\"wp-caption aligncenter\"><a href=\"https:\/\/gifex.com\/fr\/wp-content\/uploads\/9203\/Carte-du-complexe-residentiel-urbain-de-Liege-2017.png\" target=\"_blank\" rel=\"noopener\"><img decoding=\"async\" class=\"wp-image-9204\" style=\"width: 100%; max-width: 390px; height: auto;\" title=\"Carte du complexe r\u00e9sidentiel urbain de Li\u00e8ge\" src=\"https:\/\/gifex.com\/fr\/wp-content\/uploads\/9203\/Carte-du-complexe-residentiel-urbain-de-Liege-2017-300x212.png\" alt=\"Carte du complexe r\u00e9sidentiel urbain de Li\u00e8ge\" width=\"400\" height=\"283\" srcset=\"https:\/\/gifex.com\/fr\/wp-content\/uploads\/9203\/Carte-du-complexe-residentiel-urbain-de-Liege-2017-300x212.png 300w, https:\/\/gifex.com\/fr\/wp-content\/uploads\/9203\/Carte-du-complexe-residentiel-urbain-de-Liege-2017-1024x724.png 1024w, https:\/\/gifex.com\/fr\/wp-content\/uploads\/9203\/Carte-du-complexe-residentiel-urbain-de-Liege-2017-768x543.png 768w, https:\/\/gifex.com\/fr\/wp-content\/uploads\/9203\/Carte-du-complexe-residentiel-urbain-de-Liege-2017.png 1146w\" sizes=\"(max-width: 400px) 100vw, 400px\" \/><\/a><figcaption id=\"caption-attachment-9204\" class=\"wp-caption-text\"><label style=\"font-size: 15px;\">Carte du complexe r\u00e9sidentiel urbain de Li\u00e8ge.<\/label><\/figcaption><\/figure>\n<\/div>\n<\/div>\n<div class=\"row\">\n<div class=\"col-sm\">\n<figure id=\"attachment_9198\" aria-describedby=\"caption-attachment-9198\" style=\"width: 400px\" class=\"wp-caption aligncenter\"><a href=\"https:\/\/gifex.com\/fr\/wp-content\/uploads\/9197\/Carte-de-l-agglomeration-operationnelle-de-Liege-2020.png\" target=\"_blank\" rel=\"noopener\"><img decoding=\"async\" class=\"wp-image-9198\" style=\"width: 100%; max-width: 390px; height: auto;\" title=\"Carte de l'agglom\u00e9ration op\u00e9rationnelle de Li\u00e8ge\" src=\"https:\/\/gifex.com\/fr\/wp-content\/uploads\/9197\/Carte-de-l-agglomeration-operationnelle-de-Liege-2020-300x221.png\" alt=\"Carte de l'agglom\u00e9ration op\u00e9rationnelle de Li\u00e8ge\" width=\"400\" height=\"295\" srcset=\"https:\/\/gifex.com\/fr\/wp-content\/uploads\/9197\/Carte-de-l-agglomeration-operationnelle-de-Liege-2020-300x221.png 300w, https:\/\/gifex.com\/fr\/wp-content\/uploads\/9197\/Carte-de-l-agglomeration-operationnelle-de-Liege-2020-768x566.png 768w, https:\/\/gifex.com\/fr\/wp-content\/uploads\/9197\/Carte-de-l-agglomeration-operationnelle-de-Liege-2020.png 800w\" sizes=\"(max-width: 400px) 100vw, 400px\" \/><\/a><figcaption id=\"caption-attachment-9198\" class=\"wp-caption-text\"><label style=\"font-size: 15px;\">Carte de l&#8217;agglom\u00e9ration op\u00e9rationnelle de Li\u00e8ge.<\/label><\/figcaption><\/figure>\n<\/div>\n<\/div>\n","protected":false},"excerpt":{"rendered":"<p>La r\u00e9gion urbaine de Li\u00e8ge, form\u00e9e par son agglom\u00e9ration et sa banlieue. La banlieue est une zone \u00e0 caract\u00e8re r\u00e9sidentiel dont la population est fortement orient\u00e9e vers l&#8217;agglom\u00e9ration. Celle de Li\u00e8ge est compos\u00e9e des 15 communes suivantes : Awans, Bassenge, B<\/p>\n","protected":false},"author":1,"featured_media":9201,"template":"","categoria_ficha":[1764],"class_list":["post-9200","ficha","type-ficha","status-publish","has-post-thumbnail","hentry","categoria_ficha-cartes-de-liege"],"acf":[],"_links":{"self":[{"href":"https:\/\/gifex.com\/fr\/wp-json\/wp\/v2\/ficha\/9200","targetHints":{"allow":["GET"]}}],"collection":[{"href":"https:\/\/gifex.com\/fr\/wp-json\/wp\/v2\/ficha"}],"about":[{"href":"https:\/\/gifex.com\/fr\/wp-json\/wp\/v2\/types\/ficha"}],"author":[{"embeddable":true,"href":"https:\/\/gifex.com\/fr\/wp-json\/wp\/v2\/users\/1"}],"version-history":[{"count":5,"href":"https:\/\/gifex.com\/fr\/wp-json\/wp\/v2\/ficha\/9200\/revisions"}],"predecessor-version":[{"id":20902,"href":"https:\/\/gifex.com\/fr\/wp-json\/wp\/v2\/ficha\/9200\/revisions\/20902"}],"wp:featuredmedia":[{"embeddable":true,"href":"https:\/\/gifex.com\/fr\/wp-json\/wp\/v2\/media\/9201"}],"wp:attachment":[{"href":"https:\/\/gifex.com\/fr\/wp-json\/wp\/v2\/media?parent=9200"}],"wp:term":[{"taxonomy":"categoria_ficha","embeddable":true,"href":"https:\/\/gifex.com\/fr\/wp-json\/wp\/v2\/categoria_ficha?post=9200"}],"curies":[{"name":"wp","href":"https:\/\/api.w.org\/{rel}","templated":true}]}}