{"id":9167,"date":"2022-03-29T12:39:55","date_gmt":"2022-03-29T12:39:55","guid":{"rendered":"https:\/\/gifex.com\/fr\/?post_type=ficha&#038;p=9167"},"modified":"2023-03-24T19:28:14","modified_gmt":"2023-03-24T19:28:14","slug":"carte-d-acces-routier-a-liege","status":"publish","type":"ficha","link":"https:\/\/gifex.com\/fr\/fichier\/carte-d-acces-routier-a-liege\/","title":{"rendered":"Carte d&#8217;acc\u00e8s routier \u00e0 Li\u00e8ge"},"content":{"rendered":"<p>Voici la liste des <strong>acc\u00e8s routier \u00e0 Li\u00e8ge<\/strong>\u00a0illustr\u00e9s sur la <strong>carte<\/strong> ci-dessus.<\/p>\n<figure id=\"attachment_9168\" aria-describedby=\"caption-attachment-9168\" style=\"width: 360px\" class=\"wp-caption alignright\"><a href=\"https:\/\/gifex.com\/fr\/wp-content\/uploads\/9167\/A3-en-Belgique-pres-de-Liege-2007.jpg\" target=\"_blank\" rel=\"noopener\"><img fetchpriority=\"high\" decoding=\"async\" class=\"wp-image-9168\" style=\"width: 100%; max-width: 360px; height: auto;\" title=\"A3 en Belgique pr\u00e8s de Li\u00e8ge.\" src=\"https:\/\/gifex.com\/fr\/wp-content\/uploads\/9167\/A3-en-Belgique-pres-de-Liege-2007-300x225.jpg\" alt=\"A3 en Belgique pr\u00e8s de Li\u00e8ge.\" width=\"360\" height=\"270\" srcset=\"https:\/\/gifex.com\/fr\/wp-content\/uploads\/9167\/A3-en-Belgique-pres-de-Liege-2007-300x225.jpg 300w, https:\/\/gifex.com\/fr\/wp-content\/uploads\/9167\/A3-en-Belgique-pres-de-Liege-2007-1024x768.jpg 1024w, https:\/\/gifex.com\/fr\/wp-content\/uploads\/9167\/A3-en-Belgique-pres-de-Liege-2007-768x576.jpg 768w, https:\/\/gifex.com\/fr\/wp-content\/uploads\/9167\/A3-en-Belgique-pres-de-Liege-2007-1536x1152.jpg 1536w, https:\/\/gifex.com\/fr\/wp-content\/uploads\/9167\/A3-en-Belgique-pres-de-Liege-2007-2048x1536.jpg 2048w, https:\/\/gifex.com\/fr\/wp-content\/uploads\/9167\/A3-en-Belgique-pres-de-Liege-2007-800x600.jpg 800w, https:\/\/gifex.com\/fr\/wp-content\/uploads\/9167\/A3-en-Belgique-pres-de-Liege-2007-1600x1200.jpg 1600w\" sizes=\"(max-width: 360px) 100vw, 360px\" \/><\/a><figcaption id=\"caption-attachment-9168\" class=\"wp-caption-text\"><label style=\"font-size: 15px;\">A3 en Belgique pr\u00e8s de Li\u00e8ge.<\/label><\/figcaption><\/figure>\n<p><strong>Autoroutes ;<\/strong><br \/>\nLa ville se situe au croisement de plusieurs autoroutes, toutes prolongees vers le centre-ville, ce qui m\u00e8ne \u00e0 un encombrement de la ville par les voitures.<\/p>\n<ul>\n<li>la\u00a0E25 qui la relie au nord aux Pays-Bas via Maastricht et au sud \u00e0 la province de Luxembourg\u00a0o\u00f9 elle fusionne avec la\u00a0 E411 \u00e0 hauteur de Neufch\u00e2teau ;<\/li>\n<li>la E40, la reliant, c\u00f4t\u00e9 ouest, \u00e0\u00a0Bruxelles\u00a0et\u00a0Ostende\u00a0et c\u00f4t\u00e9 est \u00e0\u00a0Aix-la-Chapelle\u00a0et\u00a0Cologne\u00a0;<\/li>\n<li>la E42, la reliant \u00e0 l&#8217;ouest \u00e0 Namur et Charleroi et au sud-est \u00e0 l&#8217;Allemagne. Les E40 et E42\u00a0ont une partie commune entre Li\u00e8ge et l&#8217;\u00e9changeur de\u00a0Battice\u00a0;<\/li>\n<li>la E313, la reliant \u00e0\u00a0Anvers\u00a0via\u00a0Hasselt\u00a0;<\/li>\n<li>la jonction entre les E40 et E42 au nord de la ville et la E25 au sud se fait par la A602\u00a0empruntant le\u00a0tunnel de Cointe.<\/li>\n<\/ul>\n<figure id=\"attachment_9170\" aria-describedby=\"caption-attachment-9170\" style=\"width: 360px\" class=\"wp-caption alignright\"><a href=\"https:\/\/gifex.com\/fr\/wp-content\/uploads\/9167\/Liaison-E25-E40-a-Liege-vue-du-pont-du-pays-de-Liege.jpg\" target=\"_blank\" rel=\"noopener\"><img decoding=\"async\" class=\"wp-image-9170\" style=\"width: 100%; max-width: 360px; height: auto;\" title=\"Liaison E25\/E40 \u00e0 Li\u00e8ge Vue du Pont du pays de Li\u00e8ge\" src=\"https:\/\/gifex.com\/fr\/wp-content\/uploads\/9167\/Liaison-E25-E40-a-Liege-vue-du-pont-du-pays-de-Liege-225x300.jpg\" alt=\"Liaison E25\/E40 \u00e0 Li\u00e8ge Vue du Pont du pays de Li\u00e8ge\" width=\"360\" height=\"480\" srcset=\"https:\/\/gifex.com\/fr\/wp-content\/uploads\/9167\/Liaison-E25-E40-a-Liege-vue-du-pont-du-pays-de-Liege-225x300.jpg 225w, https:\/\/gifex.com\/fr\/wp-content\/uploads\/9167\/Liaison-E25-E40-a-Liege-vue-du-pont-du-pays-de-Liege-768x1024.jpg 768w, https:\/\/gifex.com\/fr\/wp-content\/uploads\/9167\/Liaison-E25-E40-a-Liege-vue-du-pont-du-pays-de-Liege-1152x1536.jpg 1152w, https:\/\/gifex.com\/fr\/wp-content\/uploads\/9167\/Liaison-E25-E40-a-Liege-vue-du-pont-du-pays-de-Liege-300x400.jpg 300w, https:\/\/gifex.com\/fr\/wp-content\/uploads\/9167\/Liaison-E25-E40-a-Liege-vue-du-pont-du-pays-de-Liege-1200x1600.jpg 1200w, https:\/\/gifex.com\/fr\/wp-content\/uploads\/9167\/Liaison-E25-E40-a-Liege-vue-du-pont-du-pays-de-Liege.jpg 1536w\" sizes=\"(max-width: 360px) 100vw, 360px\" \/><\/a><figcaption id=\"caption-attachment-9170\" class=\"wp-caption-text\"><label style=\"font-size: 15px;\">Liaison E25\/E40 \u00e0 Li\u00e8ge Vue du Pont du pays de Li\u00e8ge prise depuis le haut du pyl\u00f4ne.<\/label><\/figcaption><\/figure>\n<p><strong>Routes nationales ;<\/strong><br \/>\nLes routes nationales sont nombreuses. Certaines ont une importance particuli\u00e8re du fait de leur longueur ou qu&#8217;elles desservent des zones o\u00f9 il n&#8217;y a pas d&#8217;autoroute.<\/p>\n<p>On compte principalement\u00a0:<\/p>\n<ul>\n<li>la\u00a0nationale 3, qui vient de\u00a0Bruxelles\u00a0et\u00a0Louvain\u00a0depuis l&#8217;ouest et se prolonge vers l&#8217;est par\u00a0Herve\u00a0jusque la fronti\u00e8re avec l&#8217;Allemagne\u00a0(et\u00a0Aix-la-Chapelle\u00a0\u00e0 proximit\u00e9)\u00a0;<\/li>\n<li>la\u00a0nationale 20, qui quitte Li\u00e8ge par le nord vers\u00a0Hasselt\u00a0et les r\u00e9gions de\u00a0Hesbaye\u00a0et de\u00a0Campine\u00a0;<\/li>\n<li>la\u00a0nationale 30, qui quitte Li\u00e8ge par le sud vers\u00a0Bastogne\u00a0et la r\u00e9gion de l&#8217;Ardenne\u00a0;<\/li>\n<li>Route nationale 61, qui quitte Li\u00e8ge par l&#8217;est vers les vall\u00e9es de l&#8217;Ourthe\u00a0puis de la\u00a0Vesdre\u00a0jusque\u00a0Verviers\u00a0et\u00a0Eupen\u00a0;<\/li>\n<li>la\u00a0nationale 63, qui quitte Li\u00e8ge par le sud-ouest vers\u00a0Marche-en-Famenne\u00a0et la r\u00e9gion du\u00a0Condroz. Un embranchement \u00e0\u00a0Nandrin\u00a0donne acc\u00e8s \u00e0 la\u00a0Route nationale 636, en direction de\u00a0Ciney\u00a0et\u00a0Dinant\u00a0;<\/li>\n<li>Route nationale 633, qui quitte Li\u00e8ge par le sud vers les vall\u00e9es de l&#8217;Ourthe\u00a0puis de l&#8217;Ambl\u00e8ve\u00a0jusque\u00a0Trois-Ponts\u00a0;<\/li>\n<li>Route nationale 637, qui quitte Li\u00e8ge par le nord-ouest en direction de\u00a0Hannut\u00a0et la r\u00e9gion de\u00a0Hesbaye\u00a0;<\/li>\n<li>Route nationale 653, qui quitte Li\u00e8ge par le nord vers\u00a0Vis\u00e9\u00a0jusque la fronti\u00e8re avec les\u00a0Pays-Bas\u00a0(et\u00a0Maastricht\u00a0\u00e0 proximit\u00e9), en rive droite de la\u00a0Meuse\u00a0;<\/li>\n<li>la\u00a0nationale 90, qui quitte Li\u00e8ge vers l&#8217;ouest vers\u00a0Huy\u00a0et\u00a0Namur\u00a0en rive droite de la\u00a0Meuse. La rive gauche est desservie par la\u00a0Route nationale 617.<\/li>\n<\/ul>\n","protected":false},"excerpt":{"rendered":"<p>Voici la liste des acc\u00e8s routier \u00e0 Li\u00e8ge\u00a0illustr\u00e9s sur la carte ci-dessus. Autoroutes ; La ville se situe au croisement de plusieurs autoroutes, toutes prolongees vers le centre-ville, ce qui m\u00e8ne \u00e0 un encombrement de la ville par les voitures. la\u00a0E25 qui la relie au nord aux Pays-Bas via Maastricht et au sud \u00e0 la [&hellip;]<\/p>\n","protected":false},"author":1,"featured_media":9173,"template":"","categoria_ficha":[1764],"class_list":["post-9167","ficha","type-ficha","status-publish","has-post-thumbnail","hentry","categoria_ficha-cartes-de-liege"],"acf":[],"_links":{"self":[{"href":"https:\/\/gifex.com\/fr\/wp-json\/wp\/v2\/ficha\/9167","targetHints":{"allow":["GET"]}}],"collection":[{"href":"https:\/\/gifex.com\/fr\/wp-json\/wp\/v2\/ficha"}],"about":[{"href":"https:\/\/gifex.com\/fr\/wp-json\/wp\/v2\/types\/ficha"}],"author":[{"embeddable":true,"href":"https:\/\/gifex.com\/fr\/wp-json\/wp\/v2\/users\/1"}],"version-history":[{"count":14,"href":"https:\/\/gifex.com\/fr\/wp-json\/wp\/v2\/ficha\/9167\/revisions"}],"predecessor-version":[{"id":36500,"href":"https:\/\/gifex.com\/fr\/wp-json\/wp\/v2\/ficha\/9167\/revisions\/36500"}],"wp:featuredmedia":[{"embeddable":true,"href":"https:\/\/gifex.com\/fr\/wp-json\/wp\/v2\/media\/9173"}],"wp:attachment":[{"href":"https:\/\/gifex.com\/fr\/wp-json\/wp\/v2\/media?parent=9167"}],"wp:term":[{"taxonomy":"categoria_ficha","embeddable":true,"href":"https:\/\/gifex.com\/fr\/wp-json\/wp\/v2\/categoria_ficha?post=9167"}],"curies":[{"name":"wp","href":"https:\/\/api.w.org\/{rel}","templated":true}]}}