{"id":9143,"date":"2022-03-29T00:33:52","date_gmt":"2022-03-29T00:33:52","guid":{"rendered":"https:\/\/gifex.com\/fr\/?post_type=ficha&#038;p=9143"},"modified":"2023-03-24T19:28:30","modified_gmt":"2023-03-24T19:28:30","slug":"carte-des-moyens-de-transport-de-liege","status":"publish","type":"ficha","link":"https:\/\/gifex.com\/fr\/fichier\/carte-des-moyens-de-transport-de-liege\/","title":{"rendered":"Carte des moyens de transport de Li\u00e8ge"},"content":{"rendered":"<p>Voici la liste des <strong>moyens de transport \u00e0 Li\u00e8ge<\/strong> illustr\u00e9s sur la <strong>carte<\/strong> ci-dessus.<\/p>\n<figure id=\"attachment_9152\" aria-describedby=\"caption-attachment-9152\" style=\"width: 360px\" class=\"wp-caption alignright\"><a href=\"https:\/\/gifex.com\/fr\/wp-content\/uploads\/9143\/A26-en-Belgique-pres-de-Liege.jpg\" target=\"_blank\" rel=\"noopener\"><img fetchpriority=\"high\" decoding=\"async\" class=\"wp-image-9152\" style=\"width: 100%; max-width: 360px; height: auto;\" title=\"A26 en Belgique pr\u00e8s de Li\u00e8ge.\" src=\"https:\/\/gifex.com\/fr\/wp-content\/uploads\/9143\/A26-en-Belgique-pres-de-Liege-300x225.jpg\" alt=\"A26 en Belgique pr\u00e8s de Li\u00e8ge.\" width=\"360\" height=\"270\" srcset=\"https:\/\/gifex.com\/fr\/wp-content\/uploads\/9143\/A26-en-Belgique-pres-de-Liege-300x225.jpg 300w, https:\/\/gifex.com\/fr\/wp-content\/uploads\/9143\/A26-en-Belgique-pres-de-Liege-1024x768.jpg 1024w, https:\/\/gifex.com\/fr\/wp-content\/uploads\/9143\/A26-en-Belgique-pres-de-Liege-768x576.jpg 768w, https:\/\/gifex.com\/fr\/wp-content\/uploads\/9143\/A26-en-Belgique-pres-de-Liege-1536x1152.jpg 1536w, https:\/\/gifex.com\/fr\/wp-content\/uploads\/9143\/A26-en-Belgique-pres-de-Liege-2048x1536.jpg 2048w, https:\/\/gifex.com\/fr\/wp-content\/uploads\/9143\/A26-en-Belgique-pres-de-Liege-800x600.jpg 800w, https:\/\/gifex.com\/fr\/wp-content\/uploads\/9143\/A26-en-Belgique-pres-de-Liege-1600x1200.jpg 1600w\" sizes=\"(max-width: 360px) 100vw, 360px\" \/><\/a><figcaption id=\"caption-attachment-9152\" class=\"wp-caption-text\"><label style=\"font-size: 15px;\">A26 en Belgique pr\u00e8s de Li\u00e8ge.<\/label><\/figcaption><\/figure>\n<p><strong>Autoroutes ;<\/strong><br \/>\nLa ville se situe au croisement de plusieurs autoroutes, toutes prolongees vers le centre-ville, ce qui m\u00e8ne \u00e0 un encombrement de la ville par les voitures.<\/p>\n<ul>\n<li>la\u00a0E25 qui la relie au nord aux Pays-Bas via Maastricht et au sud \u00e0 la province de Luxembourg\u00a0o\u00f9 elle fusionne avec la\u00a0 E411 \u00e0 hauteur de Neufch\u00e2teau ;<\/li>\n<li>la E40, la reliant, c\u00f4t\u00e9 ouest, \u00e0\u00a0Bruxelles\u00a0et\u00a0Ostende\u00a0et c\u00f4t\u00e9 est \u00e0\u00a0Aix-la-Chapelle\u00a0et\u00a0Cologne\u00a0;<\/li>\n<li>la E42, la reliant \u00e0 l&#8217;ouest \u00e0 Namur et Charleroi et au sud-est \u00e0 l&#8217;Allemagne. Les E40 et E42\u00a0ont une partie commune entre Li\u00e8ge et l&#8217;\u00e9changeur de\u00a0Battice\u00a0;<\/li>\n<li>la E313, la reliant \u00e0\u00a0Anvers\u00a0via\u00a0Hasselt\u00a0;<\/li>\n<li>la jonction entre les E40 et E42 au nord de la ville et la E25 au sud se fait par la A602\u00a0empruntant le\u00a0tunnel de Cointe.<\/li>\n<\/ul>\n<figure id=\"attachment_9153\" aria-describedby=\"caption-attachment-9153\" style=\"width: 360px\" class=\"wp-caption alignright\"><a href=\"https:\/\/gifex.com\/fr\/wp-content\/uploads\/9143\/Le-boulevard-Poincare-a-Liege.jpg\" target=\"_blank\" rel=\"noopener\"><img decoding=\"async\" class=\"wp-image-9153\" style=\"width: 100%; max-width: 360px; height: auto;\" title=\"Le boulevard Poincar\u00e9 \u00e0 Li\u00e8ge\" src=\"https:\/\/gifex.com\/fr\/wp-content\/uploads\/9143\/Le-boulevard-Poincare-a-Liege-300x201.jpg\" alt=\"Le boulevard Poincar\u00e9 \u00e0 Li\u00e8ge\" width=\"360\" height=\"241\" srcset=\"https:\/\/gifex.com\/fr\/wp-content\/uploads\/9143\/Le-boulevard-Poincare-a-Liege-300x201.jpg 300w, https:\/\/gifex.com\/fr\/wp-content\/uploads\/9143\/Le-boulevard-Poincare-a-Liege-1024x686.jpg 1024w, https:\/\/gifex.com\/fr\/wp-content\/uploads\/9143\/Le-boulevard-Poincare-a-Liege-768x514.jpg 768w, https:\/\/gifex.com\/fr\/wp-content\/uploads\/9143\/Le-boulevard-Poincare-a-Liege-1536x1028.jpg 1536w, https:\/\/gifex.com\/fr\/wp-content\/uploads\/9143\/Le-boulevard-Poincare-a-Liege-2048x1371.jpg 2048w, https:\/\/gifex.com\/fr\/wp-content\/uploads\/9143\/Le-boulevard-Poincare-a-Liege-1600x1071.jpg 1600w\" sizes=\"(max-width: 360px) 100vw, 360px\" \/><\/a><figcaption id=\"caption-attachment-9153\" class=\"wp-caption-text\"><label style=\"font-size: 15px;\">Le boulevard Poincar\u00e9 \u00e0 Li\u00e8ge.<\/label><\/figcaption><\/figure>\n<p><strong>Routes nationales ;<\/strong><br \/>\nLes routes nationales sont nombreuses. Certaines ont une importance particuli\u00e8re du fait de leur longueur ou qu&#8217;elles desservent des zones o\u00f9 il n&#8217;y a pas d&#8217;autoroute.<\/p>\n<p>On compte principalement\u00a0:<\/p>\n<ul>\n<li>la\u00a0nationale 3, qui vient de\u00a0Bruxelles\u00a0et\u00a0Louvain\u00a0depuis l&#8217;ouest et se prolonge vers l&#8217;est par\u00a0Herve\u00a0jusque la fronti\u00e8re avec l&#8217;Allemagne\u00a0(et\u00a0Aix-la-Chapelle\u00a0\u00e0 proximit\u00e9)\u00a0;<\/li>\n<li>la\u00a0nationale 20, qui quitte Li\u00e8ge par le nord vers\u00a0Hasselt\u00a0et les r\u00e9gions de\u00a0Hesbaye\u00a0et de\u00a0Campine\u00a0;<\/li>\n<li>la\u00a0nationale 30, qui quitte Li\u00e8ge par le sud vers\u00a0Bastogne\u00a0et la r\u00e9gion de l&#8217;Ardenne\u00a0;<\/li>\n<li>Route nationale 61, qui quitte Li\u00e8ge par l&#8217;est vers les vall\u00e9es de l&#8217;Ourthe\u00a0puis de la\u00a0Vesdre\u00a0jusque\u00a0Verviers\u00a0et\u00a0Eupen\u00a0;<\/li>\n<li>la\u00a0nationale 63, qui quitte Li\u00e8ge par le sud-ouest vers\u00a0Marche-en-Famenne\u00a0et la r\u00e9gion du\u00a0Condroz. Un embranchement \u00e0\u00a0Nandrin\u00a0donne acc\u00e8s \u00e0 la\u00a0Route nationale 636, en direction de\u00a0Ciney\u00a0et\u00a0Dinant\u00a0;<\/li>\n<li>Route nationale 633, qui quitte Li\u00e8ge par le sud vers les vall\u00e9es de l&#8217;Ourthe\u00a0puis de l&#8217;Ambl\u00e8ve\u00a0jusque\u00a0Trois-Ponts\u00a0;<\/li>\n<li>Route nationale 637, qui quitte Li\u00e8ge par le nord-ouest en direction de\u00a0Hannut\u00a0et la r\u00e9gion de\u00a0Hesbaye\u00a0;<\/li>\n<li>Route nationale 653, qui quitte Li\u00e8ge par le nord vers\u00a0Vis\u00e9\u00a0jusque la fronti\u00e8re avec les\u00a0Pays-Bas\u00a0(et\u00a0Maastricht\u00a0\u00e0 proximit\u00e9), en rive droite de la\u00a0Meuse\u00a0;<\/li>\n<li>la\u00a0nationale 90, qui quitte Li\u00e8ge vers l&#8217;ouest vers\u00a0Huy\u00a0et\u00a0Namur\u00a0en rive droite de la\u00a0Meuse. La rive gauche est desservie par la\u00a0Route nationale 617.<\/li>\n<\/ul>\n<figure id=\"attachment_9155\" aria-describedby=\"caption-attachment-9155\" style=\"width: 360px\" class=\"wp-caption alignright\"><a href=\"https:\/\/gifex.com\/fr\/wp-content\/uploads\/9143\/Train-Thalys-en-gare-des-Guillemins-a-Liege.jpg\" target=\"_blank\" rel=\"noopener\"><img decoding=\"async\" class=\"wp-image-9155\" style=\"width: 100%; max-width: 360px; height: auto;\" title=\"Train Thalys en gare des Guillemins \u00e0 Li\u00e8ge\" src=\"https:\/\/gifex.com\/fr\/wp-content\/uploads\/9143\/Train-Thalys-en-gare-des-Guillemins-a-Liege-300x182.jpg\" alt=\"Train Thalys en gare des Guillemins \u00e0 Li\u00e8ge\" width=\"360\" height=\"218\" srcset=\"https:\/\/gifex.com\/fr\/wp-content\/uploads\/9143\/Train-Thalys-en-gare-des-Guillemins-a-Liege-300x182.jpg 300w, https:\/\/gifex.com\/fr\/wp-content\/uploads\/9143\/Train-Thalys-en-gare-des-Guillemins-a-Liege-1024x621.jpg 1024w, https:\/\/gifex.com\/fr\/wp-content\/uploads\/9143\/Train-Thalys-en-gare-des-Guillemins-a-Liege-768x466.jpg 768w, https:\/\/gifex.com\/fr\/wp-content\/uploads\/9143\/Train-Thalys-en-gare-des-Guillemins-a-Liege-1536x932.jpg 1536w, https:\/\/gifex.com\/fr\/wp-content\/uploads\/9143\/Train-Thalys-en-gare-des-Guillemins-a-Liege-2048x1242.jpg 2048w, https:\/\/gifex.com\/fr\/wp-content\/uploads\/9143\/Train-Thalys-en-gare-des-Guillemins-a-Liege-1600x971.jpg 1600w\" sizes=\"(max-width: 360px) 100vw, 360px\" \/><\/a><figcaption id=\"caption-attachment-9155\" class=\"wp-caption-text\"><label style=\"font-size: 15px;\">Train Thalys en gare des Guillemins \u00e0 Li\u00e8ge.<\/label><\/figcaption><\/figure>\n<p><strong>Train et tramway ;<\/strong><br \/>\nLi\u00e8ge est desservie par plusieurs\u00a0gares ferroviaires, les trois plus importantes se situant au centre-ville \u00e9tant\u00a0Li\u00e8ge-Guillemins,\u00a0Li\u00e8ge-Carr\u00e9\u00a0et\u00a0Li\u00e8ge-Saint-Lambert.<\/p>\n<p>La gare des Guillemins accueille des\u00a0TGV\u00a0du r\u00e9seau\u00a0europ\u00e9en\u00a0Thalys\u00a0ainsi que les\u00a0ICE\u00a0de la compagnie nationale\u00a0allemande\u00a0Deutsche Bahn.<\/p>\n<p>La ville se trouve au croisement de plusieurs lignes de\u00a0chemin de fer belges\u00a0:<\/p>\n<ul>\n<li>la\u00a0ligne 34, la reliant \u00e0\u00a0Hasselt\u00a0;<\/li>\n<li>la\u00a0ligne 36, la reliant \u00e0\u00a0Bruxelles,\u00a0<i>via<\/i>\u00a0Louvain\u00a0;<\/li>\n<li>la\u00a0ligne 37, la reliant \u00e0\u00a0Aix-la-Chapelle\u00a0;<\/li>\n<li>la\u00a0ligne 40, la reliant \u00e0\u00a0Vis\u00e9\u00a0puis \u00e0\u00a0Maastricht\u00a0;<\/li>\n<li>la\u00a0ligne 43, la reliant d&#8217;une part \u00e0\u00a0Marloie, pr\u00e8s de\u00a0Marche-en-Famenne\u00a0et \u00e0 la\u00a0ligne 162\u00a0et d&#8217;autre part \u00e0 la\u00a0ligne 42\u00a0et au\u00a0Grand-Duch\u00e9 de Luxembourg\u00a0;<\/li>\n<li>la\u00a0ligne 125, la reliant \u00e0\u00a0Namur.<\/li>\n<\/ul>\n<p>La ville disposa d&#8217;un r\u00e9seau de\u00a0tramway\u00a0de\u00a01871\u00a0\u00e0\u00a01967. Un nouveau projet de\u00a0tramway \u00e0 Li\u00e8ge\u00a0a \u00e9t\u00e9 adopt\u00e9 et devrait \u00eatre op\u00e9rationnel en mai 2023. La ligne aura une distance de 11.7 kilom\u00e8tres. Les terminus se situeront d&#8217;une part \u00e0\u00a0Sclessin en face du Standard de Li\u00e8ge, dans la zone \u00e9conomique et multimodale de Bressoux et le troisi\u00e8me, \u00e0 Coronmeuse, futur \u00e9co-quartier.<\/p>\n<figure id=\"attachment_9157\" aria-describedby=\"caption-attachment-9157\" style=\"width: 360px\" class=\"wp-caption alignright\"><a href=\"https:\/\/gifex.com\/fr\/wp-content\/uploads\/9143\/Le-pont-de-Fragnee-sur-la-Meuse-a-Liege.jpg\" target=\"_blank\" rel=\"noopener\"><img loading=\"lazy\" decoding=\"async\" class=\"wp-image-9157\" style=\"width: 100%; max-width: 360px; height: auto;\" title=\"Le pont de Fragn\u00e9e sur la Meuse \u00e0 Li\u00e8ge\" src=\"https:\/\/gifex.com\/fr\/wp-content\/uploads\/9143\/Le-pont-de-Fragnee-sur-la-Meuse-a-Liege-300x201.jpg\" alt=\"Le pont de Fragn\u00e9e sur la Meuse \u00e0 Li\u00e8ge\" width=\"360\" height=\"241\" srcset=\"https:\/\/gifex.com\/fr\/wp-content\/uploads\/9143\/Le-pont-de-Fragnee-sur-la-Meuse-a-Liege-300x201.jpg 300w, https:\/\/gifex.com\/fr\/wp-content\/uploads\/9143\/Le-pont-de-Fragnee-sur-la-Meuse-a-Liege-1024x686.jpg 1024w, https:\/\/gifex.com\/fr\/wp-content\/uploads\/9143\/Le-pont-de-Fragnee-sur-la-Meuse-a-Liege-768x514.jpg 768w, https:\/\/gifex.com\/fr\/wp-content\/uploads\/9143\/Le-pont-de-Fragnee-sur-la-Meuse-a-Liege-1536x1028.jpg 1536w, https:\/\/gifex.com\/fr\/wp-content\/uploads\/9143\/Le-pont-de-Fragnee-sur-la-Meuse-a-Liege-2048x1371.jpg 2048w, https:\/\/gifex.com\/fr\/wp-content\/uploads\/9143\/Le-pont-de-Fragnee-sur-la-Meuse-a-Liege-1600x1071.jpg 1600w\" sizes=\"(max-width: 360px) 100vw, 360px\" \/><\/a><figcaption id=\"caption-attachment-9157\" class=\"wp-caption-text\"><label style=\"font-size: 15px;\">Le pont de Fragn\u00e9e sur la Meuse \u00e0 Li\u00e8ge.<\/label><\/figcaption><\/figure>\n<p><strong>Fluvial et maritime ;<\/strong><br \/>\nLi\u00e8ge dispose d&#8217;un\u00a0port fluvial\u00a0sur la\u00a0Meuse, le\u00a0port de Li\u00e8ge\u00a0qui est le troisi\u00e8me port fluvial europ\u00e9en derri\u00e8re le port\u00a0rh\u00e9nan\u00a0de\u00a0Duisbourg\u00a0et le\u00a0Port autonome de Paris. Outre la Meuse, le port poss\u00e8de des liaisons directes avec\u00a0Anvers\u00a0par le\u00a0canal Albert\u00a0ainsi qu&#8217;avec\u00a0Rotterdam\u00a0par le\u00a0canal Juliana.<\/p>\n<p>Depuis 2016, une\u00a0navette fluviale\u00a0navigue sur la\u00a0Meuse. En 2017, ce sont deux navettes, le Vauban et l&#8217;Atlas V, qui ont transport\u00e9 35\u00a0000\u00a0personnes entre le\u00a0pont de Fragn\u00e9e\u00a0et\u00a0Coronmeuse\u00a0d&#8217;avril \u00e0 octobre.<\/p>\n<p>En 2018, le Fr\u00e8re-Orban, d&#8217;une longueur de 25\u00a0<abbr class=\"abbr\" title=\"m\u00e8tre\">m<\/abbr>\u00a0et pouvant accueillir 150 personnes, remplace l&#8217;Atlas V.<\/p>\n<figure id=\"attachment_9160\" aria-describedby=\"caption-attachment-9160\" style=\"width: 360px\" class=\"wp-caption alignright\"><a href=\"https:\/\/gifex.com\/fr\/wp-content\/uploads\/9143\/L-aeroport-de-Liege-ou-aeroport-de-Bierset.jpg\" target=\"_blank\" rel=\"noopener\"><img loading=\"lazy\" decoding=\"async\" class=\"wp-image-9160\" style=\"width: 100%; max-width: 360px; height: auto;\" title=\"L'a\u00e9roport de Li\u00e8ge, ou a\u00e9roport de Bierset\" src=\"https:\/\/gifex.com\/fr\/wp-content\/uploads\/9143\/L-aeroport-de-Liege-ou-aeroport-de-Bierset-300x225.jpg\" alt=\"L'a\u00e9roport de Li\u00e8ge, ou a\u00e9roport de Bierset\" width=\"360\" height=\"270\" srcset=\"https:\/\/gifex.com\/fr\/wp-content\/uploads\/9143\/L-aeroport-de-Liege-ou-aeroport-de-Bierset-300x225.jpg 300w, https:\/\/gifex.com\/fr\/wp-content\/uploads\/9143\/L-aeroport-de-Liege-ou-aeroport-de-Bierset-1024x768.jpg 1024w, https:\/\/gifex.com\/fr\/wp-content\/uploads\/9143\/L-aeroport-de-Liege-ou-aeroport-de-Bierset-768x576.jpg 768w, https:\/\/gifex.com\/fr\/wp-content\/uploads\/9143\/L-aeroport-de-Liege-ou-aeroport-de-Bierset-1536x1152.jpg 1536w, https:\/\/gifex.com\/fr\/wp-content\/uploads\/9143\/L-aeroport-de-Liege-ou-aeroport-de-Bierset-2048x1536.jpg 2048w, https:\/\/gifex.com\/fr\/wp-content\/uploads\/9143\/L-aeroport-de-Liege-ou-aeroport-de-Bierset-800x600.jpg 800w, https:\/\/gifex.com\/fr\/wp-content\/uploads\/9143\/L-aeroport-de-Liege-ou-aeroport-de-Bierset-1600x1200.jpg 1600w\" sizes=\"(max-width: 360px) 100vw, 360px\" \/><\/a><figcaption id=\"caption-attachment-9160\" class=\"wp-caption-text\"><label style=\"font-size: 15px;\">L&#8217;a\u00e9roport de Li\u00e8ge, ou a\u00e9roport de Bierset.<\/label><\/figcaption><\/figure>\n<p><strong>A\u00e9rien ;<\/strong><\/p>\n<p>Li\u00e8ge est desservie par un a\u00e9roport\u00a0: l&#8217;a\u00e9roport de Li\u00e8ge, situ\u00e9 \u00e0\u00a0Bierset, \u00e0 quelques kilom\u00e8tres \u00e0 l&#8217;ouest de la ville. L&#8217;a\u00e9roport est principalement ax\u00e9 sur le transport de fret. C&#8217;est en effet le huiti\u00e8me plus grand a\u00e9roport europ\u00e9en\u00a0pour le transport a\u00e9rien des marchandises et le\u00a0<abbr class=\"abbr\" title=\"Trente-huiti\u00e8me\">38<sup>e<\/sup><\/abbr>\u00a0au niveau mondial. L&#8217;a\u00e9roport accueille \u00e9galement des\u00a0compagnies a\u00e9riennes\u00a0op\u00e9rant dans le transport de passagers, principalement pour des vols\u00a0low-cost\u00a0ou charter.<\/p>\n<p>La ville dispose par ailleurs d&#8217;un site d&#8217;atterrissage pour\u00a0h\u00e9licopt\u00e8res\u00a0au centre-ville, agr\u00e9\u00e9 mais non exploit\u00e9, \u00e0 proximit\u00e9 du\u00a0Pont Albert\u00a0<abbr class=\"abbr\" title=\"premier\">I<sup>er<\/sup><\/abbr>. Il accueillit notamment des liaisons commerciales de transport de passagers avec\u00a0Bruxelles\u00a0de\u00a01953\u00a0\u00e0\u00a01963.<\/p>\n","protected":false},"excerpt":{"rendered":"<p>Voici la liste des moyens de transport \u00e0 Li\u00e8ge illustr\u00e9s sur la carte ci-dessus. La ville se situe au croisement de plusieurs autoroutes, toutes prolongees vers le centre-ville, ce qui m\u00e8ne \u00e0 un encombrement de la ville par les voitures.<\/p>\n","protected":false},"author":1,"featured_media":9144,"template":"","categoria_ficha":[1764],"class_list":["post-9143","ficha","type-ficha","status-publish","has-post-thumbnail","hentry","categoria_ficha-cartes-de-liege"],"acf":[],"_links":{"self":[{"href":"https:\/\/gifex.com\/fr\/wp-json\/wp\/v2\/ficha\/9143","targetHints":{"allow":["GET"]}}],"collection":[{"href":"https:\/\/gifex.com\/fr\/wp-json\/wp\/v2\/ficha"}],"about":[{"href":"https:\/\/gifex.com\/fr\/wp-json\/wp\/v2\/types\/ficha"}],"author":[{"embeddable":true,"href":"https:\/\/gifex.com\/fr\/wp-json\/wp\/v2\/users\/1"}],"version-history":[{"count":22,"href":"https:\/\/gifex.com\/fr\/wp-json\/wp\/v2\/ficha\/9143\/revisions"}],"predecessor-version":[{"id":36501,"href":"https:\/\/gifex.com\/fr\/wp-json\/wp\/v2\/ficha\/9143\/revisions\/36501"}],"wp:featuredmedia":[{"embeddable":true,"href":"https:\/\/gifex.com\/fr\/wp-json\/wp\/v2\/media\/9144"}],"wp:attachment":[{"href":"https:\/\/gifex.com\/fr\/wp-json\/wp\/v2\/media?parent=9143"}],"wp:term":[{"taxonomy":"categoria_ficha","embeddable":true,"href":"https:\/\/gifex.com\/fr\/wp-json\/wp\/v2\/categoria_ficha?post=9143"}],"curies":[{"name":"wp","href":"https:\/\/api.w.org\/{rel}","templated":true}]}}