{"id":8975,"date":"2022-03-27T15:40:54","date_gmt":"2022-03-27T15:40:54","guid":{"rendered":"https:\/\/gifex.com\/fr\/?post_type=ficha&#038;p=8975"},"modified":"2023-03-24T19:29:51","modified_gmt":"2023-03-24T19:29:51","slug":"assortiment-de-cartes-de-gand","status":"publish","type":"ficha","link":"https:\/\/gifex.com\/fr\/fichier\/assortiment-de-cartes-de-gand\/","title":{"rendered":"Assortiment de cartes de Gand"},"content":{"rendered":"<p style=\"text-align: center;\"><label style=\"font-size: 15px;\">Plan de Gand, Belgique 1649 ; de l&#8217;Atlas van Loon; oeuvre de Johannes Blaeu<\/label><\/p>\n<div class=\"row\">\n<div class=\"col-sm\">\n<figure id=\"attachment_8991\" aria-describedby=\"caption-attachment-8991\" style=\"width: 400px\" class=\"wp-caption aligncenter\"><a href=\"https:\/\/gifex.com\/fr\/wp-content\/uploads\/8975\/Gand-en-1923-sur-une-carte.jpg\" target=\"_blank\" rel=\"noopener\"><img fetchpriority=\"high\" decoding=\"async\" class=\"wp-image-8991\" style=\"width: 100%; max-width: 390px; height: auto;\" title=\"Gand en 1923 sur une carte\" src=\"https:\/\/gifex.com\/fr\/wp-content\/uploads\/8975\/Gand-en-1923-sur-une-carte-300x219.jpg\" alt=\"Gand en 1923 sur une carte\" width=\"400\" height=\"293\" srcset=\"https:\/\/gifex.com\/fr\/wp-content\/uploads\/8975\/Gand-en-1923-sur-une-carte-300x219.jpg 300w, https:\/\/gifex.com\/fr\/wp-content\/uploads\/8975\/Gand-en-1923-sur-une-carte-1024x749.jpg 1024w, https:\/\/gifex.com\/fr\/wp-content\/uploads\/8975\/Gand-en-1923-sur-une-carte-768x562.jpg 768w, https:\/\/gifex.com\/fr\/wp-content\/uploads\/8975\/Gand-en-1923-sur-une-carte-1536x1124.jpg 1536w, https:\/\/gifex.com\/fr\/wp-content\/uploads\/8975\/Gand-en-1923-sur-une-carte-2048x1498.jpg 2048w, https:\/\/gifex.com\/fr\/wp-content\/uploads\/8975\/Gand-en-1923-sur-une-carte-1600x1171.jpg 1600w\" sizes=\"(max-width: 400px) 100vw, 400px\" \/><\/a><figcaption id=\"caption-attachment-8991\" class=\"wp-caption-text\"><label style=\"font-size: 15px;\">Gand en 1923 sur une carte (de Lithography Vanderpoorten).<\/label><\/figcaption><\/figure>\n<\/div>\n<div class=\"col-sm\">\n<figure id=\"attachment_8994\" aria-describedby=\"caption-attachment-8994\" style=\"width: 400px\" class=\"wp-caption aligncenter\"><a href=\"https:\/\/gifex.com\/fr\/wp-content\/uploads\/8975\/Carte-detaillee-de-Gand-1775.jpg\" target=\"_blank\" rel=\"noopener\"><img decoding=\"async\" class=\"wp-image-8994\" style=\"width: 100%; max-width: 390px; height: auto;\" title=\"Carte d\u00e9taill\u00e9e de Gand 1775\" src=\"https:\/\/gifex.com\/fr\/wp-content\/uploads\/8975\/Carte-detaillee-de-Gand-1775-300x188.jpg\" alt=\"Carte d\u00e9taill\u00e9e de Gand 1775\" width=\"400\" height=\"250\" srcset=\"https:\/\/gifex.com\/fr\/wp-content\/uploads\/8975\/Carte-detaillee-de-Gand-1775-300x188.jpg 300w, https:\/\/gifex.com\/fr\/wp-content\/uploads\/8975\/Carte-detaillee-de-Gand-1775-1024x640.jpg 1024w, https:\/\/gifex.com\/fr\/wp-content\/uploads\/8975\/Carte-detaillee-de-Gand-1775-768x480.jpg 768w, https:\/\/gifex.com\/fr\/wp-content\/uploads\/8975\/Carte-detaillee-de-Gand-1775-1536x960.jpg 1536w, https:\/\/gifex.com\/fr\/wp-content\/uploads\/8975\/Carte-detaillee-de-Gand-1775-1600x1000.jpg 1600w, https:\/\/gifex.com\/fr\/wp-content\/uploads\/8975\/Carte-detaillee-de-Gand-1775.jpg 1680w\" sizes=\"(max-width: 400px) 100vw, 400px\" \/><\/a><figcaption id=\"caption-attachment-8994\" class=\"wp-caption-text\"><label style=\"font-size: 15px;\">Carte d\u00e9taill\u00e9e de Gand 1775 : oeuvre du comte Joseph de Ferraris.<\/label><\/figcaption><\/figure>\n<\/div>\n<\/div>\n<div class=\"row\">\n<div class=\"col-sm\">\n<figure id=\"attachment_8997\" aria-describedby=\"caption-attachment-8997\" style=\"width: 400px\" class=\"wp-caption aligncenter\"><a href=\"https:\/\/gifex.com\/fr\/wp-content\/uploads\/8975\/Carte-de-Gand-1572.jpg\" target=\"_blank\" rel=\"noopener\"><img decoding=\"async\" class=\"wp-image-8997\" style=\"width: 100%; max-width: 390px; height: auto;\" title=\"Carte de Gand 1572\" src=\"https:\/\/gifex.com\/fr\/wp-content\/uploads\/8975\/Carte-de-Gand-1572-300x217.jpg\" alt=\"Carte de Gand 1572\" width=\"400\" height=\"289\" srcset=\"https:\/\/gifex.com\/fr\/wp-content\/uploads\/8975\/Carte-de-Gand-1572-300x217.jpg 300w, https:\/\/gifex.com\/fr\/wp-content\/uploads\/8975\/Carte-de-Gand-1572-1024x740.jpg 1024w, https:\/\/gifex.com\/fr\/wp-content\/uploads\/8975\/Carte-de-Gand-1572-768x555.jpg 768w, https:\/\/gifex.com\/fr\/wp-content\/uploads\/8975\/Carte-de-Gand-1572-1536x1109.jpg 1536w, https:\/\/gifex.com\/fr\/wp-content\/uploads\/8975\/Carte-de-Gand-1572-2048x1479.jpg 2048w, https:\/\/gifex.com\/fr\/wp-content\/uploads\/8975\/Carte-de-Gand-1572-1600x1156.jpg 1600w\" sizes=\"(max-width: 400px) 100vw, 400px\" \/><\/a><figcaption id=\"caption-attachment-8997\" class=\"wp-caption-text\"><label style=\"font-size: 15px;\">Carte de Gand 1572 ; Braun et Hogenberg Civitates Orbis Terrarum I 15 ; Date : premi\u00e8re \u00e9dition latine du tome I parue en 1572 ; Gravure sur bois : Lodovico Guiccardini ; Descriptione di tutti i Paesi Bassi, 1567.<\/label><\/figcaption><\/figure>\n<\/div>\n<div class=\"col-sm\">\n<figure id=\"attachment_9000\" aria-describedby=\"caption-attachment-9000\" style=\"width: 400px\" class=\"wp-caption aligncenter\"><a href=\"https:\/\/gifex.com\/fr\/wp-content\/uploads\/8975\/Plan-de-Gand-1612.jpg\" target=\"_blank\" rel=\"noopener\"><img loading=\"lazy\" decoding=\"async\" class=\"wp-image-9000\" style=\"width: 100%; max-width: 390px; height: auto;\" title=\"Plan de Gand 1612\" src=\"https:\/\/gifex.com\/fr\/wp-content\/uploads\/8975\/Plan-de-Gand-1612-300x234.jpg\" alt=\"Plan de Gand 1612\" width=\"400\" height=\"312\" srcset=\"https:\/\/gifex.com\/fr\/wp-content\/uploads\/8975\/Plan-de-Gand-1612-300x234.jpg 300w, https:\/\/gifex.com\/fr\/wp-content\/uploads\/8975\/Plan-de-Gand-1612-1024x799.jpg 1024w, https:\/\/gifex.com\/fr\/wp-content\/uploads\/8975\/Plan-de-Gand-1612-768x599.jpg 768w, https:\/\/gifex.com\/fr\/wp-content\/uploads\/8975\/Plan-de-Gand-1612-1536x1198.jpg 1536w, https:\/\/gifex.com\/fr\/wp-content\/uploads\/8975\/Plan-de-Gand-1612.jpg 1538w\" sizes=\"(max-width: 400px) 100vw, 400px\" \/><\/a><figcaption id=\"caption-attachment-9000\" class=\"wp-caption-text\"><label style=\"font-size: 15px;\">Plan de Gand ; GUICCIARDINI L. Titre : Gandauum Gand Publi\u00e9 \u00e0 Amsterdam 1612 ; Bas\u00e9 sur le plan de 1572 de Braun &amp; Hogenberg.<\/label><\/figcaption><\/figure>\n<\/div>\n<\/div>\n<div class=\"row\">\n<div class=\"col-sm\">\n<figure id=\"attachment_9006\" aria-describedby=\"caption-attachment-9006\" style=\"width: 400px\" class=\"wp-caption aligncenter\"><a href=\"https:\/\/gifex.com\/fr\/wp-content\/uploads\/8975\/Carte-de-Gand-1911-12.jpg\" target=\"_blank\" rel=\"noopener\"><img loading=\"lazy\" decoding=\"async\" class=\"wp-image-9006\" style=\"width: 100%; max-width: 390px; height: auto;\" title=\"Carte de Gand 1911-12\" src=\"https:\/\/gifex.com\/fr\/wp-content\/uploads\/8975\/Carte-de-Gand-1911-12-300x198.jpg\" alt=\"Carte de Gand 1911-12\" width=\"400\" height=\"264\" srcset=\"https:\/\/gifex.com\/fr\/wp-content\/uploads\/8975\/Carte-de-Gand-1911-12-300x198.jpg 300w, https:\/\/gifex.com\/fr\/wp-content\/uploads\/8975\/Carte-de-Gand-1911-12-1024x676.jpg 1024w, https:\/\/gifex.com\/fr\/wp-content\/uploads\/8975\/Carte-de-Gand-1911-12-768x507.jpg 768w, https:\/\/gifex.com\/fr\/wp-content\/uploads\/8975\/Carte-de-Gand-1911-12-1536x1014.jpg 1536w\" sizes=\"(max-width: 400px) 100vw, 400px\" \/><\/a><figcaption id=\"caption-attachment-9006\" class=\"wp-caption-text\"><label style=\"font-size: 15px;\">Carte de Gand 1911-12 ; \u0153uvre de Armand Heins.<\/label><\/figcaption><\/figure>\n<\/div>\n<div class=\"col-sm\">\n<figure id=\"attachment_9003\" aria-describedby=\"caption-attachment-9003\" style=\"width: 400px\" class=\"wp-caption aligncenter\"><a href=\"https:\/\/gifex.com\/fr\/wp-content\/uploads\/8975\/Carte-de-Gand-1534.jpg\" target=\"_blank\" rel=\"noopener\"><img loading=\"lazy\" decoding=\"async\" class=\"wp-image-9003\" style=\"width: 100%; max-width: 390px; height: auto;\" title=\"Carte de Gand 1534\" src=\"https:\/\/gifex.com\/fr\/wp-content\/uploads\/8975\/Carte-de-Gand-1534-300x235.jpg\" alt=\"Carte de Gand 1534\" width=\"400\" height=\"313\" srcset=\"https:\/\/gifex.com\/fr\/wp-content\/uploads\/8975\/Carte-de-Gand-1534-300x235.jpg 300w, https:\/\/gifex.com\/fr\/wp-content\/uploads\/8975\/Carte-de-Gand-1534-1024x802.jpg 1024w, https:\/\/gifex.com\/fr\/wp-content\/uploads\/8975\/Carte-de-Gand-1534-768x602.jpg 768w, https:\/\/gifex.com\/fr\/wp-content\/uploads\/8975\/Carte-de-Gand-1534-1536x1204.jpg 1536w, https:\/\/gifex.com\/fr\/wp-content\/uploads\/8975\/Carte-de-Gand-1534-2048x1605.jpg 2048w, https:\/\/gifex.com\/fr\/wp-content\/uploads\/8975\/Carte-de-Gand-1534-1600x1254.jpg 1600w\" sizes=\"(max-width: 400px) 100vw, 400px\" \/><\/a><figcaption id=\"caption-attachment-9003\" class=\"wp-caption-text\"><label style=\"font-size: 15px;\">Carte de Gand 1534 ; auteur inconnu.<\/label><\/figcaption><\/figure>\n<\/div>\n<\/div>\n<div class=\"row\">\n<div class=\"col-sm\">\n<figure id=\"attachment_9012\" aria-describedby=\"caption-attachment-9012\" style=\"width: 400px\" class=\"wp-caption aligncenter\"><a href=\"https:\/\/gifex.com\/fr\/wp-content\/uploads\/8975\/Vue-de-la-ville-de-Gand-montrant-la-situation-avant-1540.jpg\" target=\"_blank\" rel=\"noopener\"><img loading=\"lazy\" decoding=\"async\" class=\"wp-image-9012\" style=\"width: 100%; max-width: 390px; height: auto;\" title=\"Vue de la ville de Gand, montrant la situation avant 1540\" src=\"https:\/\/gifex.com\/fr\/wp-content\/uploads\/8975\/Vue-de-la-ville-de-Gand-montrant-la-situation-avant-1540-300x152.jpg\" alt=\"Vue de la ville de Gand, montrant la situation avant 1540\" width=\"400\" height=\"203\" srcset=\"https:\/\/gifex.com\/fr\/wp-content\/uploads\/8975\/Vue-de-la-ville-de-Gand-montrant-la-situation-avant-1540-300x152.jpg 300w, https:\/\/gifex.com\/fr\/wp-content\/uploads\/8975\/Vue-de-la-ville-de-Gand-montrant-la-situation-avant-1540-1024x518.jpg 1024w, https:\/\/gifex.com\/fr\/wp-content\/uploads\/8975\/Vue-de-la-ville-de-Gand-montrant-la-situation-avant-1540-768x389.jpg 768w, https:\/\/gifex.com\/fr\/wp-content\/uploads\/8975\/Vue-de-la-ville-de-Gand-montrant-la-situation-avant-1540-1536x778.jpg 1536w, https:\/\/gifex.com\/fr\/wp-content\/uploads\/8975\/Vue-de-la-ville-de-Gand-montrant-la-situation-avant-1540-2048x1037.jpg 2048w, https:\/\/gifex.com\/fr\/wp-content\/uploads\/8975\/Vue-de-la-ville-de-Gand-montrant-la-situation-avant-1540-1600x810.jpg 1600w\" sizes=\"(max-width: 400px) 100vw, 400px\" \/><\/a><figcaption id=\"caption-attachment-9012\" class=\"wp-caption-text\"><label style=\"font-size: 15px;\">Vue de la ville de Gand, montrant la situation avant 1540, r\u00e9alis\u00e9e pour le pr\u00e9v\u00f4t de Saint-Bavon Viglius ab Aytta en 1564. R\u00e9alis\u00e9e pour 60 fl. par Lucas d&#8217;Heere ; restaur\u00e9 en 1677 par J.B. Herqueau. Vue prise d&#8217;un endroit entre le Dendermondse et le Antwerpse Poort.<\/label><\/figcaption><\/figure>\n<\/div>\n<div class=\"col-sm\">\n<figure id=\"attachment_9016\" aria-describedby=\"caption-attachment-9016\" style=\"width: 400px\" class=\"wp-caption aligncenter\"><a href=\"https:\/\/gifex.com\/fr\/wp-content\/uploads\/8975\/Tourisme-a-Gand.jpg\" target=\"_blank\" rel=\"noopener\"><img loading=\"lazy\" decoding=\"async\" class=\"wp-image-9016\" style=\"width: 100%; max-width: 390px; height: auto;\" title=\"Tourisme \u00e0 Gand\" src=\"https:\/\/gifex.com\/fr\/wp-content\/uploads\/8975\/Tourisme-a-Gand-300x252.jpg\" alt=\"Tourisme \u00e0 Gand\" width=\"400\" height=\"336\" srcset=\"https:\/\/gifex.com\/fr\/wp-content\/uploads\/8975\/Tourisme-a-Gand-300x252.jpg 300w, https:\/\/gifex.com\/fr\/wp-content\/uploads\/8975\/Tourisme-a-Gand-1024x861.jpg 1024w, https:\/\/gifex.com\/fr\/wp-content\/uploads\/8975\/Tourisme-a-Gand-768x646.jpg 768w, https:\/\/gifex.com\/fr\/wp-content\/uploads\/8975\/Tourisme-a-Gand-1536x1291.jpg 1536w, https:\/\/gifex.com\/fr\/wp-content\/uploads\/8975\/Tourisme-a-Gand-2048x1722.jpg 2048w, https:\/\/gifex.com\/fr\/wp-content\/uploads\/8975\/Tourisme-a-Gand-1600x1345.jpg 1600w\" sizes=\"(max-width: 400px) 100vw, 400px\" \/><\/a><figcaption id=\"caption-attachment-9016\" class=\"wp-caption-text\"><label style=\"font-size: 15px;\">Tourisme \u00e0 Gand.<\/label><\/figcaption><\/figure>\n<\/div>\n<\/div>\n<div class=\"row\">\n<div class=\"col-sm\">\n<figure id=\"attachment_9020\" aria-describedby=\"caption-attachment-9020\" style=\"width: 400px\" class=\"wp-caption aligncenter\"><a href=\"https:\/\/gifex.com\/fr\/wp-content\/uploads\/8975\/Carte-de-Gand-Sud.gif\" target=\"_blank\" rel=\"noopener\"><img loading=\"lazy\" decoding=\"async\" class=\"wp-image-9020\" style=\"width: 100%; max-width: 390px; height: auto;\" title=\"Carte de Gand Sud\" src=\"https:\/\/gifex.com\/fr\/wp-content\/uploads\/8975\/Carte-de-Gand-Sud-300x213.gif\" alt=\"Carte de Gand Sud\" width=\"400\" height=\"284\" srcset=\"https:\/\/gifex.com\/fr\/wp-content\/uploads\/8975\/Carte-de-Gand-Sud-300x213.gif 300w, https:\/\/gifex.com\/fr\/wp-content\/uploads\/8975\/Carte-de-Gand-Sud-1024x727.gif 1024w, https:\/\/gifex.com\/fr\/wp-content\/uploads\/8975\/Carte-de-Gand-Sud-768x545.gif 768w, https:\/\/gifex.com\/fr\/wp-content\/uploads\/8975\/Carte-de-Gand-Sud-1536x1091.gif 1536w, https:\/\/gifex.com\/fr\/wp-content\/uploads\/8975\/Carte-de-Gand-Sud-1600x1136.gif 1600w\" sizes=\"(max-width: 400px) 100vw, 400px\" \/><\/a><figcaption id=\"caption-attachment-9020\" class=\"wp-caption-text\"><label style=\"font-size: 15px;\">Carte de Gand Sud.<\/label><\/figcaption><\/figure>\n<\/div>\n<div class=\"col-sm\">\n<figure id=\"attachment_9019\" aria-describedby=\"caption-attachment-9019\" style=\"width: 400px\" class=\"wp-caption aligncenter\"><a href=\"https:\/\/gifex.com\/fr\/wp-content\/uploads\/8975\/Carte-de-Gand-Nord.gif\" target=\"_blank\" rel=\"noopener\"><img loading=\"lazy\" decoding=\"async\" class=\"wp-image-9019\" style=\"width: 100%; max-width: 390px; height: auto;\" title=\"Carte de Gand Nord\" src=\"https:\/\/gifex.com\/fr\/wp-content\/uploads\/8975\/Carte-de-Gand-Nord-300x210.gif\" alt=\"Carte de Gand Nord\" width=\"400\" height=\"280\" srcset=\"https:\/\/gifex.com\/fr\/wp-content\/uploads\/8975\/Carte-de-Gand-Nord-300x210.gif 300w, https:\/\/gifex.com\/fr\/wp-content\/uploads\/8975\/Carte-de-Gand-Nord-1024x717.gif 1024w, https:\/\/gifex.com\/fr\/wp-content\/uploads\/8975\/Carte-de-Gand-Nord-768x538.gif 768w, https:\/\/gifex.com\/fr\/wp-content\/uploads\/8975\/Carte-de-Gand-Nord-1536x1075.gif 1536w, https:\/\/gifex.com\/fr\/wp-content\/uploads\/8975\/Carte-de-Gand-Nord-1600x1120.gif 1600w\" sizes=\"(max-width: 400px) 100vw, 400px\" \/><\/a><figcaption id=\"caption-attachment-9019\" class=\"wp-caption-text\"><label style=\"font-size: 15px;\">Carte de Gand Nord.<\/label><\/figcaption><\/figure>\n<\/div>\n<\/div>\n<div class=\"row\">\n<div class=\"col-sm\">\n<figure id=\"attachment_8984\" aria-describedby=\"caption-attachment-8984\" style=\"width: 400px\" class=\"wp-caption aligncenter\"><a href=\"https:\/\/gifex.com\/fr\/wp-content\/uploads\/8975\/Plan-de-Gand-1897.jpg\" target=\"_blank\" rel=\"noopener\"><img loading=\"lazy\" decoding=\"async\" class=\"wp-image-8984\" style=\"width: 100%; max-width: 390px; height: auto;\" title=\"Plan de Gand 1897\" src=\"https:\/\/gifex.com\/fr\/wp-content\/uploads\/8975\/Plan-de-Gand-1897-222x300.jpg\" alt=\"Plan de Gand 1897\" width=\"400\" height=\"540\" srcset=\"https:\/\/gifex.com\/fr\/wp-content\/uploads\/8975\/Plan-de-Gand-1897-222x300.jpg 222w, https:\/\/gifex.com\/fr\/wp-content\/uploads\/8975\/Plan-de-Gand-1897-758x1024.jpg 758w, https:\/\/gifex.com\/fr\/wp-content\/uploads\/8975\/Plan-de-Gand-1897-768x1038.jpg 768w, https:\/\/gifex.com\/fr\/wp-content\/uploads\/8975\/Plan-de-Gand-1897-1137x1536.jpg 1137w, https:\/\/gifex.com\/fr\/wp-content\/uploads\/8975\/Plan-de-Gand-1897-1516x2048.jpg 1516w, https:\/\/gifex.com\/fr\/wp-content\/uploads\/8975\/Plan-de-Gand-1897-300x405.jpg 300w, https:\/\/gifex.com\/fr\/wp-content\/uploads\/8975\/Plan-de-Gand-1897-1184x1600.jpg 1184w\" sizes=\"(max-width: 400px) 100vw, 400px\" \/><\/a><figcaption id=\"caption-attachment-8984\" class=\"wp-caption-text\"><label style=\"font-size: 15px;\">Gand (R\u00e9gion flamande &#8211; Province de Flandre-Orientale) \u2014 Plan extrait du guide \u00abBaedeker Belgique et Hollande\u00bb, 1897 ; Grav\u00e9 et imprim\u00e9 : par Wagner &amp; Debels. Leipzig.<\/label><\/figcaption><\/figure>\n<\/div>\n<div class=\"col-sm\">\n<figure id=\"attachment_8988\" aria-describedby=\"caption-attachment-8988\" style=\"width: 400px\" class=\"wp-caption aligncenter\"><a href=\"https:\/\/gifex.com\/fr\/wp-content\/uploads\/8975\/Plan-touristique-de-Gand.gif\" target=\"_blank\" rel=\"noopener\"><img loading=\"lazy\" decoding=\"async\" class=\"wp-image-8988\" style=\"width: 100%; max-width: 390px; height: auto;\" title=\"Plan touristique de Gand\" src=\"https:\/\/gifex.com\/fr\/wp-content\/uploads\/8975\/Plan-touristique-de-Gand-214x300.gif\" alt=\"Plan touristique de Gand\" width=\"400\" height=\"560\" srcset=\"https:\/\/gifex.com\/fr\/wp-content\/uploads\/8975\/Plan-touristique-de-Gand-214x300.gif 214w, https:\/\/gifex.com\/fr\/wp-content\/uploads\/8975\/Plan-touristique-de-Gand-732x1024.gif 732w, https:\/\/gifex.com\/fr\/wp-content\/uploads\/8975\/Plan-touristique-de-Gand-768x1075.gif 768w, https:\/\/gifex.com\/fr\/wp-content\/uploads\/8975\/Plan-touristique-de-Gand-1098x1536.gif 1098w, https:\/\/gifex.com\/fr\/wp-content\/uploads\/8975\/Plan-touristique-de-Gand-300x420.gif 300w, https:\/\/gifex.com\/fr\/wp-content\/uploads\/8975\/Plan-touristique-de-Gand-1144x1600.gif 1144w\" sizes=\"(max-width: 400px) 100vw, 400px\" \/><\/a><figcaption id=\"caption-attachment-8988\" class=\"wp-caption-text\"><label style=\"font-size: 15px;\">Plan touristique de Gand.<\/label><\/figcaption><\/figure>\n<\/div>\n<\/div>\n<div class=\"row\">\n<div class=\"col-sm\">\n<figure id=\"attachment_9021\" aria-describedby=\"caption-attachment-9021\" style=\"width: 400px\" class=\"wp-caption aligncenter\"><a href=\"https:\/\/gifex.com\/fr\/wp-content\/uploads\/8975\/Carte-du-centre-de-Gand.gif\" target=\"_blank\" rel=\"noopener\"><img loading=\"lazy\" decoding=\"async\" class=\"wp-image-9021\" style=\"width: 100%; max-width: 390px; height: auto;\" title=\"Carte du centre de Gand\" src=\"https:\/\/gifex.com\/fr\/wp-content\/uploads\/8975\/Carte-du-centre-de-Gand-243x300.gif\" alt=\"Carte du centre de Gand\" width=\"400\" height=\"493\" srcset=\"https:\/\/gifex.com\/fr\/wp-content\/uploads\/8975\/Carte-du-centre-de-Gand-243x300.gif 243w, https:\/\/gifex.com\/fr\/wp-content\/uploads\/8975\/Carte-du-centre-de-Gand-300x370.gif 300w\" sizes=\"(max-width: 400px) 100vw, 400px\" \/><\/a><figcaption id=\"caption-attachment-9021\" class=\"wp-caption-text\"><label style=\"font-size: 15px;\">Carte du centre de Gand.<\/label><\/figcaption><\/figure>\n<\/div>\n<\/div>\n","protected":false},"excerpt":{"rendered":"<p>Plan de Gand, Belgique 1649 ; de l&#8217;Atlas van Loon; oeuvre de Johannes Blaeu<\/p>\n","protected":false},"author":1,"featured_media":11666,"template":"","categoria_ficha":[1761],"class_list":["post-8975","ficha","type-ficha","status-publish","has-post-thumbnail","hentry","categoria_ficha-cartes-de-gand"],"acf":[],"_links":{"self":[{"href":"https:\/\/gifex.com\/fr\/wp-json\/wp\/v2\/ficha\/8975","targetHints":{"allow":["GET"]}}],"collection":[{"href":"https:\/\/gifex.com\/fr\/wp-json\/wp\/v2\/ficha"}],"about":[{"href":"https:\/\/gifex.com\/fr\/wp-json\/wp\/v2\/types\/ficha"}],"author":[{"embeddable":true,"href":"https:\/\/gifex.com\/fr\/wp-json\/wp\/v2\/users\/1"}],"version-history":[{"count":27,"href":"https:\/\/gifex.com\/fr\/wp-json\/wp\/v2\/ficha\/8975\/revisions"}],"predecessor-version":[{"id":36507,"href":"https:\/\/gifex.com\/fr\/wp-json\/wp\/v2\/ficha\/8975\/revisions\/36507"}],"wp:featuredmedia":[{"embeddable":true,"href":"https:\/\/gifex.com\/fr\/wp-json\/wp\/v2\/media\/11666"}],"wp:attachment":[{"href":"https:\/\/gifex.com\/fr\/wp-json\/wp\/v2\/media?parent=8975"}],"wp:term":[{"taxonomy":"categoria_ficha","embeddable":true,"href":"https:\/\/gifex.com\/fr\/wp-json\/wp\/v2\/categoria_ficha?post=8975"}],"curies":[{"name":"wp","href":"https:\/\/api.w.org\/{rel}","templated":true}]}}