{"id":8938,"date":"2022-03-26T22:54:30","date_gmt":"2022-03-26T22:54:30","guid":{"rendered":"https:\/\/gifex.com\/fr\/?post_type=ficha&#038;p=8938"},"modified":"2023-01-29T18:37:16","modified_gmt":"2023-01-29T18:37:16","slug":"carte-touristique-de-gand","status":"publish","type":"ficha","link":"https:\/\/gifex.com\/fr\/fichier\/carte-touristique-de-gand\/","title":{"rendered":"Carte touristique de Gand"},"content":{"rendered":"<p style=\"text-align: center;\"><label style=\"font-size: 15px;\">Carte touristique de Gand<\/label><\/p>\n<p>Une grande partie de l&#8217;attractivit\u00e9 touristique r\u00e9side dans l&#8217;architecture m\u00e9di\u00e9vale de la ville qui reste intacte et qui est remarquablement bien conserv\u00e9e et restaur\u00e9e. Son centre est une zone pi\u00e9tonne. Les points forts sont la cath\u00e9drale Saint-Bavon avec l&#8217;Adoration de l&#8217;<em>Agneau mystique<\/em> ou <em>Autel de Gand<\/em>, le beffroi, le ch\u00e2teau des comtes de Flandre et la splendide architecture le long du vieux port de <em>Graslei<\/em> (ou\u00a0<em>quai aux Herbes<\/em>, de son nom officiel fran\u00e7ais d&#8217;autrefois). Gand a \u00e9tabli un m\u00e9lange entre confort de vie et histoire ; ce n&#8217;est pas une ville-mus\u00e9e. La ville de Gand abrite \u00e9galement trois b\u00e9guinages et de nombreuses \u00e9glises dont l&#8217;\u00e9glise Saint-Jacques, l&#8217;\u00e9glise Saint-Nicolas, l&#8217;\u00e9glise Saint-Michel et Saint-St\u00e9phane.<\/p>\n<figure id=\"attachment_8945\" aria-describedby=\"caption-attachment-8945\" style=\"width: 360px\" class=\"wp-caption alignright\"><a href=\"https:\/\/gifex.com\/fr\/wp-content\/uploads\/8938\/Le-chateau-des-comtes-de-Flandre-a-Gand.jpg\" target=\"_blank\" rel=\"noopener\"><img fetchpriority=\"high\" decoding=\"async\" class=\"wp-image-8945\" style=\"width: 100%; max-width: 360px; height: auto;\" title=\"Le ch\u00e2teau des comtes de Flandre, \u00e0 Gand\" src=\"https:\/\/gifex.com\/fr\/wp-content\/uploads\/8938\/Le-chateau-des-comtes-de-Flandre-a-Gand-300x210.jpg\" alt=\"Le ch\u00e2teau des comtes de Flandre, \u00e0 Gand\" width=\"360\" height=\"252\" srcset=\"https:\/\/gifex.com\/fr\/wp-content\/uploads\/8938\/Le-chateau-des-comtes-de-Flandre-a-Gand-300x210.jpg 300w, https:\/\/gifex.com\/fr\/wp-content\/uploads\/8938\/Le-chateau-des-comtes-de-Flandre-a-Gand-1024x718.jpg 1024w, https:\/\/gifex.com\/fr\/wp-content\/uploads\/8938\/Le-chateau-des-comtes-de-Flandre-a-Gand-768x538.jpg 768w, https:\/\/gifex.com\/fr\/wp-content\/uploads\/8938\/Le-chateau-des-comtes-de-Flandre-a-Gand-1536x1076.jpg 1536w, https:\/\/gifex.com\/fr\/wp-content\/uploads\/8938\/Le-chateau-des-comtes-de-Flandre-a-Gand-2048x1435.jpg 2048w, https:\/\/gifex.com\/fr\/wp-content\/uploads\/8938\/Le-chateau-des-comtes-de-Flandre-a-Gand-1600x1121.jpg 1600w\" sizes=\"(max-width: 360px) 100vw, 360px\" \/><\/a><figcaption id=\"caption-attachment-8945\" class=\"wp-caption-text\"><label style=\"font-size: 15px;\">Le ch\u00e2teau des comtes de Flandre, \u00e0 Gand.<\/label><\/figcaption><\/figure>\n<p>Au XIXe si\u00e8cle, l&#8217;architecte le plus c\u00e9l\u00e8bre de Gand, Louis Roelandt, a construit l&#8217;Aula de l&#8217;universit\u00e9 de Gand, l&#8217;op\u00e9ra et le palais de justice principal. Les points culminants de l&#8217;architecture moderne sont les b\u00e2timents universitaires (le Boekentoren ou la tour de la biblioth\u00e8que universitaire) de Henry Van de Velde. Il y a aussi quelques th\u00e9\u00e2tres d&#8217;\u00e9poques diverses.<\/p>\n<p>Les b\u00e9guinages, ainsi que le beffroi et la halle aux draps adjacente, ont \u00e9t\u00e9 reconnus par l&#8217;UNESCO comme sites du patrimoine mondial en 1998 et 1999.<\/p>\n<p>La Zebrastraat, une exp\u00e9rience sociale dans laquelle un site enti\u00e8rement r\u00e9nov\u00e9 unit vie, \u00e9conomie et culture, se trouve \u00e9galement \u00e0 Gand.<\/p>\n<figure id=\"attachment_8947\" aria-describedby=\"caption-attachment-8947\" style=\"width: 360px\" class=\"wp-caption alignright\"><a href=\"https:\/\/gifex.com\/fr\/wp-content\/uploads\/8938\/Bord-de-la-riviere-a-Gand.jpg\" target=\"_blank\" rel=\"noopener\"><img decoding=\"async\" class=\"wp-image-8947\" style=\"width: 100%; max-width: 360px; height: auto;\" title=\"Bord de la rivi\u00e8re \u00e0 Gand\" src=\"https:\/\/gifex.com\/fr\/wp-content\/uploads\/8938\/Bord-de-la-riviere-a-Gand-300x225.jpg\" alt=\"Bord de la rivi\u00e8re \u00e0 Gand\" width=\"360\" height=\"270\" srcset=\"https:\/\/gifex.com\/fr\/wp-content\/uploads\/8938\/Bord-de-la-riviere-a-Gand-300x225.jpg 300w, https:\/\/gifex.com\/fr\/wp-content\/uploads\/8938\/Bord-de-la-riviere-a-Gand-768x576.jpg 768w, https:\/\/gifex.com\/fr\/wp-content\/uploads\/8938\/Bord-de-la-riviere-a-Gand-800x600.jpg 800w, https:\/\/gifex.com\/fr\/wp-content\/uploads\/8938\/Bord-de-la-riviere-a-Gand.jpg 1024w\" sizes=\"(max-width: 360px) 100vw, 360px\" \/><\/a><figcaption id=\"caption-attachment-8947\" class=\"wp-caption-text\"><label style=\"font-size: 15px;\">Bord de la rivi\u00e8re \u00e0 Gand.<\/label><\/figcaption><\/figure>\n<p>Campo Santo est un c\u00e9l\u00e8bre lieu de s\u00e9pulture catholique de la noblesse et des artistes.<\/p>\n<p>L&#8217;une des pi\u00e8ces les plus remarquables de l&#8217;architecture contemporaine \u00e0 Gand est De Krook, la nouvelle biblioth\u00e8que centrale et m\u00e9diath\u00e8que, une collaboration entre l&#8217;entreprise locale Couss\u00e9e et Goris et l&#8217;entreprise catalane RCR Arquitectos.<\/p>\n<p>Les mus\u00e9es importants de Gand sont le Museum voor Schone Kunsten (Mus\u00e9e des Beaux-Arts), avec des peintures de J\u00e9r\u00f4me Bosch, Pierre Paul Rubens et de nombreux ma\u00eetres flamands ; le SMAK ou Stedelijk Museum voor Actuele Kunst (Mus\u00e9e municipal d&#8217;art actuel), avec des \u0153uvres du XXe si\u00e8cle, dont Joseph Beuys et Andy Warhol ; et le Design museum Gent (mus\u00e9e du design de Gand) avec des chefs-d&#8217;\u0153uvre de Victor Horta et Le Corbusier. La Huis van Alijn (mus\u00e9e de la vie populaire) \u00e9tait \u00e0 l&#8217;origine un b\u00e9guinage et est aujourd&#8217;hui un mus\u00e9e d&#8217;art populaire o\u00f9 sont pr\u00e9sent\u00e9s des spectacles de th\u00e9\u00e2tre et de marionnettes pour enfants. Le <em>Museum voor Industri\u00eble Archeologie en Textiel<\/em> ou MIAT pr\u00e9sente la puissance industrielle de Gand avec des reconstitutions d&#8217;ateliers et de magasins des ann\u00e9es 1800 et des machines \u00e0 filer et \u00e0 tisser originales qui subsistent de l&#8217;\u00e9poque o\u00f9 le b\u00e2timent \u00e9tait une usine de tissage. Le Mus\u00e9e de la Ville de Gand (Stadsmuseum, en abr\u00e9g\u00e9 STAM), s&#8217;engage \u00e0 enregistrer et \u00e0 expliquer le pass\u00e9 de la ville et de ses habitants, et \u00e0 pr\u00e9server le pr\u00e9sent pour les g\u00e9n\u00e9rations futures.<\/p>\n<figure id=\"attachment_8949\" aria-describedby=\"caption-attachment-8949\" style=\"width: 360px\" class=\"wp-caption alignright\"><a href=\"https:\/\/gifex.com\/fr\/wp-content\/uploads\/8938\/Terrasses-sur-le-Vrijdagmarkt-en-ete.jpg\" target=\"_blank\" rel=\"noopener\"><img decoding=\"async\" class=\"wp-image-8949\" style=\"width: 100%; max-width: 360pax; height: auto;\" title=\"Terrasses sur le Vrijdagmarkt en \u00e9t\u00e9\" src=\"https:\/\/gifex.com\/fr\/wp-content\/uploads\/8938\/Terrasses-sur-le-Vrijdagmarkt-en-ete-300x225.jpg\" alt=\"Terrasses sur le Vrijdagmarkt en \u00e9t\u00e9\" width=\"360\" height=\"270\" srcset=\"https:\/\/gifex.com\/fr\/wp-content\/uploads\/8938\/Terrasses-sur-le-Vrijdagmarkt-en-ete-300x225.jpg 300w, https:\/\/gifex.com\/fr\/wp-content\/uploads\/8938\/Terrasses-sur-le-Vrijdagmarkt-en-ete-1024x768.jpg 1024w, https:\/\/gifex.com\/fr\/wp-content\/uploads\/8938\/Terrasses-sur-le-Vrijdagmarkt-en-ete-768x576.jpg 768w, https:\/\/gifex.com\/fr\/wp-content\/uploads\/8938\/Terrasses-sur-le-Vrijdagmarkt-en-ete-1536x1152.jpg 1536w, https:\/\/gifex.com\/fr\/wp-content\/uploads\/8938\/Terrasses-sur-le-Vrijdagmarkt-en-ete-2048x1536.jpg 2048w, https:\/\/gifex.com\/fr\/wp-content\/uploads\/8938\/Terrasses-sur-le-Vrijdagmarkt-en-ete-800x600.jpg 800w, https:\/\/gifex.com\/fr\/wp-content\/uploads\/8938\/Terrasses-sur-le-Vrijdagmarkt-en-ete-1600x1200.jpg 1600w\" sizes=\"(max-width: 360px) 100vw, 360px\" \/><\/a><figcaption id=\"caption-attachment-8949\" class=\"wp-caption-text\"><label style=\"font-size: 15px;\">Terrasses sur le Vrijdagmarkt en \u00e9t\u00e9.<\/label><\/figcaption><\/figure>\n<p>\u00c0 Gand et dans d&#8217;autres r\u00e9gions de Flandre orientale, les boulangeries vendent un petit pain en forme de beignet appel\u00e9 \u00abmastel\u00bb (pluriel \u00abmastellen\u00bb), qui est essentiellement un bagel. Les \u00abMastellen\u00bb sont aussi appel\u00e9s \u00abpains de Saint Hubert\u00bb, car, le jour de la f\u00eate du Saint, qui est le 3 novembre, les boulangers apportent leurs lots \u00e0 la messe matinale pour \u00eatre b\u00e9nis. Traditionnellement, on pensait que les bienheureux mastellen immunisaient contre la rage.<\/p>\n<p>D&#8217;autres sp\u00e9cialit\u00e9s locales sont les chocolats pralin\u00e9s de producteurs locaux tels que Leonidas, les cuberdons ou \u00ab\u00a0neuzekes\u00a0\u00bb (\u00ab\u00a0nez\u00a0\u00bb), les bonbons fourr\u00e9s \u00e0 la gel\u00e9e violette en forme de c\u00f4ne, les \u00ab\u00a0babelutten\u00a0\u00bb (\u00ab bavards \u00bb), des bonbons durs au caramel \u00e9cossais, et bien s\u00fbr, c\u00f4t\u00e9 plus fougueux, la fameuse \u00abTierenteyn\u00bb, une moutarde piquante mais raffin\u00e9e qui a quelques affinit\u00e9s avec la moutarde fran\u00e7aise \u00abDijon\u00bb.<\/p>\n<figure id=\"attachment_8951\" aria-describedby=\"caption-attachment-8951\" style=\"width: 360px\" class=\"wp-caption alignright\"><a href=\"https:\/\/gifex.com\/fr\/wp-content\/uploads\/8938\/Batiments-le-long-de-la-Lys-dans-la-ville-de-Gand.jpg\" target=\"_blank\" rel=\"noopener\"><img loading=\"lazy\" decoding=\"async\" class=\"wp-image-8951\" style=\"width: 100%; max-width: 360px; height: auto;\" title=\"B\u00e2timents le long de la Lys dans la ville de Gand\" src=\"https:\/\/gifex.com\/fr\/wp-content\/uploads\/8938\/Batiments-le-long-de-la-Lys-dans-la-ville-de-Gand-300x225.jpg\" alt=\"B\u00e2timents le long de la Lys dans la ville de Gand\" width=\"360\" height=\"270\" srcset=\"https:\/\/gifex.com\/fr\/wp-content\/uploads\/8938\/Batiments-le-long-de-la-Lys-dans-la-ville-de-Gand-300x225.jpg 300w, https:\/\/gifex.com\/fr\/wp-content\/uploads\/8938\/Batiments-le-long-de-la-Lys-dans-la-ville-de-Gand-1024x768.jpg 1024w, https:\/\/gifex.com\/fr\/wp-content\/uploads\/8938\/Batiments-le-long-de-la-Lys-dans-la-ville-de-Gand-768x576.jpg 768w, https:\/\/gifex.com\/fr\/wp-content\/uploads\/8938\/Batiments-le-long-de-la-Lys-dans-la-ville-de-Gand-1536x1152.jpg 1536w, https:\/\/gifex.com\/fr\/wp-content\/uploads\/8938\/Batiments-le-long-de-la-Lys-dans-la-ville-de-Gand-800x600.jpg 800w, https:\/\/gifex.com\/fr\/wp-content\/uploads\/8938\/Batiments-le-long-de-la-Lys-dans-la-ville-de-Gand.jpg 1600w\" sizes=\"(max-width: 360px) 100vw, 360px\" \/><\/a><figcaption id=\"caption-attachment-8951\" class=\"wp-caption-text\"><label style=\"font-size: 15px;\">B\u00e2timents le long de la Lys dans la ville de Gand.<\/label><\/figcaption><\/figure>\n<p>Le Stoverij est un rago\u00fbt de viande classique flamand, de pr\u00e9f\u00e9rence pr\u00e9par\u00e9 avec un ajout g\u00e9n\u00e9reux de \u00abtrappiste\u00bb brune (bi\u00e8re d&#8217;abbaye forte) et servi avec des frites. Le \u00ab\u00a0Waterzooi\u00a0\u00bb est un rago\u00fbt local \u00e0 base de poisson d&#8217;eau douce p\u00each\u00e9 dans les rivi\u00e8res et les criques de Gand, mais qui est aujourd&#8217;hui souvent pr\u00e9par\u00e9 avec du poulet au lieu du poisson. Il est g\u00e9n\u00e9ralement servi dans le style de la nouvelle cuisine et compl\u00e9t\u00e9 par un grand pot sur le c\u00f4t\u00e9.<\/p>\n<p>La ville promeut une journ\u00e9e sans viande le jeudi appel\u00e9e Donderdag Veggiedag avec la promotion de la nourriture v\u00e9g\u00e9tarienne dans les cantines publiques pour les fonctionnaires et les conseillers \u00e9lus, dans toutes les \u00e9coles financ\u00e9es par la ville, et la promotion des options alimentaires v\u00e9g\u00e9tariennes en ville (par la distribution de cartes des rues v\u00e9g\u00e9tariennes\u00bb). Cette campagne est li\u00e9e \u00e0 la reconnaissance des effets environnementaux n\u00e9fastes de la production de viande, que l&#8217;Organisation des Nations Unies pour l&#8217;alimentation et l&#8217;agriculture a \u00e9tablie pour repr\u00e9senter pr\u00e8s d&#8217;un cinqui\u00e8me des \u00e9missions mondiales de gaz \u00e0 effet de serre.<\/p>\n<figure id=\"attachment_8953\" aria-describedby=\"caption-attachment-8953\" style=\"width: 360px\" class=\"wp-caption alignright\"><a href=\"https:\/\/gifex.com\/fr\/wp-content\/uploads\/8938\/Gand-la-nuit.jpg\" target=\"_blank\" rel=\"noopener\"><img loading=\"lazy\" decoding=\"async\" class=\"wp-image-8953\" style=\"width: 100%; max-width: 360px; height: auto;\" title=\"Gand la nuit\" src=\"https:\/\/gifex.com\/fr\/wp-content\/uploads\/8938\/Gand-la-nuit-300x225.jpg\" alt=\"Gand la nuit\" width=\"360\" height=\"270\" srcset=\"https:\/\/gifex.com\/fr\/wp-content\/uploads\/8938\/Gand-la-nuit-300x225.jpg 300w, https:\/\/gifex.com\/fr\/wp-content\/uploads\/8938\/Gand-la-nuit-1024x768.jpg 1024w, https:\/\/gifex.com\/fr\/wp-content\/uploads\/8938\/Gand-la-nuit-768x576.jpg 768w, https:\/\/gifex.com\/fr\/wp-content\/uploads\/8938\/Gand-la-nuit-1536x1152.jpg 1536w, https:\/\/gifex.com\/fr\/wp-content\/uploads\/8938\/Gand-la-nuit-2048x1536.jpg 2048w, https:\/\/gifex.com\/fr\/wp-content\/uploads\/8938\/Gand-la-nuit-800x600.jpg 800w, https:\/\/gifex.com\/fr\/wp-content\/uploads\/8938\/Gand-la-nuit-1600x1200.jpg 1600w\" sizes=\"(max-width: 360px) 100vw, 360px\" \/><\/a><figcaption id=\"caption-attachment-8953\" class=\"wp-caption-text\"><label style=\"font-size: 15px;\">Gand la nuit.<\/label><\/figcaption><\/figure>\n<p>La confiserie traditionnelle est le cuberdon (appel\u00e9 aussi neuzekes ou petits nez). Ce sont des bonbons coniques avec un centre moelleux, g\u00e9n\u00e9ralement \u00e0 la framboise, mais d&#8217;autres saveurs peuvent \u00eatre trouv\u00e9es sur les nombreux \u00e9tals de rue autour de la ville. Entre 2011 et 2015, une querelle entre deux vendeurs locaux a fait l&#8217;actualit\u00e9 internationale.<\/p>\n<p>La ville accueille de grands \u00e9v\u00e9nements culturels tels que les Gentse Feesten (g\u00e9n\u00e9ralement traduit par \u00ab F\u00eates gantoises \u00bb ou \u00ab F\u00eates de Gand \u00bb), I Love Techno (parfois appel\u00e9\u00a0ILT) in Flanders Expo, le festival musical \u00ab10 Days Off\u00bb, le Festival international du film de Gand (avec les World Soundtrack Awards) et le Gent Festival van Vlaanderen. De plus, tous les cinq ans, une vaste exposition botanique (Gentse Florali\u00ebn) a lieu \u00e0 Flanders Expo \u00e0 Gand, attirant de nombreux visiteurs dans la ville.<\/p>\n<figure id=\"attachment_8874\" aria-describedby=\"caption-attachment-8874\" style=\"width: 360px\" class=\"wp-caption alignright\"><a href=\"https:\/\/gifex.com\/fr\/wp-content\/uploads\/8862\/Gand-pendant-les-Fetes-de-Gand-2009.jpg\" target=\"_blank\" rel=\"noopener\"><img loading=\"lazy\" decoding=\"async\" class=\"wp-image-8874\" style=\"width: 100%; max-width: 360px; height: auto;\" title=\"Gand pendant les F\u00eates de Gand\" src=\"https:\/\/gifex.com\/fr\/wp-content\/uploads\/8862\/Gand-pendant-les-Fetes-de-Gand-2009-300x225.jpg\" alt=\"Gand pendant les F\u00eates de Gand\" width=\"360\" height=\"270\" srcset=\"https:\/\/gifex.com\/fr\/wp-content\/uploads\/8862\/Gand-pendant-les-Fetes-de-Gand-2009-300x225.jpg 300w, https:\/\/gifex.com\/fr\/wp-content\/uploads\/8862\/Gand-pendant-les-Fetes-de-Gand-2009-1024x768.jpg 1024w, https:\/\/gifex.com\/fr\/wp-content\/uploads\/8862\/Gand-pendant-les-Fetes-de-Gand-2009-768x576.jpg 768w, https:\/\/gifex.com\/fr\/wp-content\/uploads\/8862\/Gand-pendant-les-Fetes-de-Gand-2009-1536x1152.jpg 1536w, https:\/\/gifex.com\/fr\/wp-content\/uploads\/8862\/Gand-pendant-les-Fetes-de-Gand-2009-2048x1536.jpg 2048w, https:\/\/gifex.com\/fr\/wp-content\/uploads\/8862\/Gand-pendant-les-Fetes-de-Gand-2009-800x600.jpg 800w, https:\/\/gifex.com\/fr\/wp-content\/uploads\/8862\/Gand-pendant-les-Fetes-de-Gand-2009-1600x1200.jpg 1600w\" sizes=\"(max-width: 360px) 100vw, 360px\" \/><\/a><figcaption id=\"caption-attachment-8874\" class=\"wp-caption-text\"><label style=\"font-size: 15px;\">Gand pendant les F\u00eates de Gand.<\/label><\/figcaption><\/figure>\n<p>La F\u00eate des Flandres a f\u00eat\u00e9 ses 50 ans en 2008. A Gand, elle s&#8217;ouvre avec les festivit\u00e9s d&#8217;OdeGand City qui se d\u00e9roulent le deuxi\u00e8me samedi de septembre. Quelque 50 concerts ont lieu dans divers endroits du centre-ville m\u00e9di\u00e9val et quelque 250 artistes internationaux se produisent. D&#8217;autres grandes villes flamandes organisent des \u00e9v\u00e9nements similaires, qui font tous partie du Festival de Flandre (Anvers avec Laus Polyphoniae ; Bruges avec MAfestival ; Bruxelles avec KlaraFestival ; Limbourg avec Basilica, Malines et Brabant avec Novecento et Transit).<\/p>\n<p>Les nombreux parcs de la ville peuvent \u00e9galement \u00eatre consid\u00e9r\u00e9s comme des attractions touristiques. Plus particuli\u00e8rement, Gand poss\u00e8de une r\u00e9serve naturelle (Bourgoyen-Ossemeersen, 230 hectares) et un parc de loisirs (Blaarmeersen, 87 hectares).<\/p>\n","protected":false},"excerpt":{"rendered":"<p>Une grande partie de l&#8217;attractivit\u00e9 touristique r\u00e9side dans l&#8217;architecture m\u00e9di\u00e9vale de la ville qui reste intacte et qui est remarquablement bien conserv\u00e9e et restaur\u00e9e. Son centre est une zone pi\u00e9tonne. Les points forts sont la cath\u00e9drale Saint-Bavon avec l&#8217;Adoration de l&#8217;Agnea<\/p>\n","protected":false},"author":1,"featured_media":11672,"template":"","categoria_ficha":[1761],"class_list":["post-8938","ficha","type-ficha","status-publish","has-post-thumbnail","hentry","categoria_ficha-cartes-de-gand"],"acf":[],"_links":{"self":[{"href":"https:\/\/gifex.com\/fr\/wp-json\/wp\/v2\/ficha\/8938","targetHints":{"allow":["GET"]}}],"collection":[{"href":"https:\/\/gifex.com\/fr\/wp-json\/wp\/v2\/ficha"}],"about":[{"href":"https:\/\/gifex.com\/fr\/wp-json\/wp\/v2\/types\/ficha"}],"author":[{"embeddable":true,"href":"https:\/\/gifex.com\/fr\/wp-json\/wp\/v2\/users\/1"}],"version-history":[{"count":15,"href":"https:\/\/gifex.com\/fr\/wp-json\/wp\/v2\/ficha\/8938\/revisions"}],"predecessor-version":[{"id":31836,"href":"https:\/\/gifex.com\/fr\/wp-json\/wp\/v2\/ficha\/8938\/revisions\/31836"}],"wp:featuredmedia":[{"embeddable":true,"href":"https:\/\/gifex.com\/fr\/wp-json\/wp\/v2\/media\/11672"}],"wp:attachment":[{"href":"https:\/\/gifex.com\/fr\/wp-json\/wp\/v2\/media?parent=8938"}],"wp:term":[{"taxonomy":"categoria_ficha","embeddable":true,"href":"https:\/\/gifex.com\/fr\/wp-json\/wp\/v2\/categoria_ficha?post=8938"}],"curies":[{"name":"wp","href":"https:\/\/api.w.org\/{rel}","templated":true}]}}