{"id":8709,"date":"2022-03-23T22:48:39","date_gmt":"2022-03-23T22:48:39","guid":{"rendered":"https:\/\/gifex.com\/fr\/?post_type=ficha&#038;p=8709"},"modified":"2023-01-29T17:21:28","modified_gmt":"2023-01-29T17:21:28","slug":"quelles-sont-les-communes-de-la-province-de-namur","status":"publish","type":"ficha","link":"https:\/\/gifex.com\/fr\/fichier\/quelles-sont-les-communes-de-la-province-de-namur\/","title":{"rendered":"Quelles sont les communes de la province de Namur ?"},"content":{"rendered":"<p style=\"text-align: center;\"><label style=\"font-size: 15px;\">Carte des communes de la province de Namur<\/label><\/p>\n<p>La province est divis\u00e9e en trois arrondissements administratifs contenant 38 communes (les num\u00e9ros correspondent \u00e0 l&#8217;emplacement des communes sur la carte ci-dessus qui utilise l&#8217;ordre alphab\u00e9tique des noms) :<\/p>\n<div class=\"boxscrl\">\n<table width=\"500\">\n<tbody>\n<tr>\n<td width=\"253\">1.\u00a0Andenne\u00a0(ville)<\/td>\n<td width=\"247\">20.\u00a0Hasti\u00e8re<\/td>\n<\/tr>\n<tr>\n<td>2.\u00a0Anh\u00e9e<\/td>\n<td>21.\u00a0Havelange<\/td>\n<\/tr>\n<tr>\n<td>3.\u00a0Assesse<\/td>\n<td>22.\u00a0Houyet<\/td>\n<\/tr>\n<tr>\n<td>4.\u00a0Beauraing\u00a0(ville)<\/td>\n<td>23. Jemeppe-sur-Sambre<\/td>\n<\/tr>\n<tr>\n<td>5.\u00a0Bi\u00e8vre<\/td>\n<td>24.\u00a0La Bruy\u00e8re<\/td>\n<\/tr>\n<tr>\n<td>6.\u00a0Cerfontaine<\/td>\n<td>25.\u00a0Mettet<\/td>\n<\/tr>\n<tr>\n<td>7.\u00a0Ciney\u00a0(ville)<\/td>\n<td>26. Namur (ville)<\/td>\n<\/tr>\n<tr>\n<td>8.\u00a0Couvin\u00a0(ville)<\/td>\n<td>27.\u00a0Ohey<\/td>\n<\/tr>\n<tr>\n<td>9.\u00a0Dinant\u00a0(ville)<\/td>\n<td>28.\u00a0Onhaye<\/td>\n<\/tr>\n<tr>\n<td>10.\u00a0Doische<\/td>\n<td>29.\u00a0Philippeville\u00a0(ville)<\/td>\n<\/tr>\n<tr>\n<td>11.\u00a0\u00c9ghez\u00e9e<\/td>\n<td>30.\u00a0Profondeville<\/td>\n<\/tr>\n<tr>\n<td>12.\u00a0Fernelmont<\/td>\n<td>31.\u00a0Rochefort\u00a0(ville)<\/td>\n<\/tr>\n<tr>\n<td>13.\u00a0Floreffe<\/td>\n<td>32.\u00a0Sambreville<\/td>\n<\/tr>\n<tr>\n<td>14.\u00a0Florennes<\/td>\n<td>33.\u00a0Sombreffe<\/td>\n<\/tr>\n<tr>\n<td>15.\u00a0Fosses-la-Ville\u00a0(ville)<\/td>\n<td>34.\u00a0Somme-Leuze<\/td>\n<\/tr>\n<tr>\n<td>16.\u00a0Gedinne<\/td>\n<td>35.\u00a0Viroinval<\/td>\n<\/tr>\n<tr>\n<td>17.\u00a0Gembloers\u00a0(ville)<\/td>\n<td>36.\u00a0Vresse-sur-Semois<\/td>\n<\/tr>\n<tr>\n<td>18.\u00a0Gesves<\/td>\n<td>37.\u00a0Walcourt\u00a0(ville)<\/td>\n<\/tr>\n<tr>\n<td>19.\u00a0Hamois<\/td>\n<td>38.\u00a0Yvoir<\/td>\n<\/tr>\n<\/tbody>\n<\/table>\n<\/div>\n","protected":false},"excerpt":{"rendered":"<p>Carte des communes de la province de Namur. La province est divis\u00e9e en trois arrondissements administratifs contenant 38 communes (les num\u00e9ros correspondent \u00e0 l&#8217;emplacement des communes sur<\/p>\n","protected":false},"author":1,"featured_media":8712,"template":"","categoria_ficha":[1757],"class_list":["post-8709","ficha","type-ficha","status-publish","has-post-thumbnail","hentry","categoria_ficha-cartes-de-la-province-de-namur"],"acf":[],"_links":{"self":[{"href":"https:\/\/gifex.com\/fr\/wp-json\/wp\/v2\/ficha\/8709","targetHints":{"allow":["GET"]}}],"collection":[{"href":"https:\/\/gifex.com\/fr\/wp-json\/wp\/v2\/ficha"}],"about":[{"href":"https:\/\/gifex.com\/fr\/wp-json\/wp\/v2\/types\/ficha"}],"author":[{"embeddable":true,"href":"https:\/\/gifex.com\/fr\/wp-json\/wp\/v2\/users\/1"}],"version-history":[{"count":6,"href":"https:\/\/gifex.com\/fr\/wp-json\/wp\/v2\/ficha\/8709\/revisions"}],"predecessor-version":[{"id":31792,"href":"https:\/\/gifex.com\/fr\/wp-json\/wp\/v2\/ficha\/8709\/revisions\/31792"}],"wp:featuredmedia":[{"embeddable":true,"href":"https:\/\/gifex.com\/fr\/wp-json\/wp\/v2\/media\/8712"}],"wp:attachment":[{"href":"https:\/\/gifex.com\/fr\/wp-json\/wp\/v2\/media?parent=8709"}],"wp:term":[{"taxonomy":"categoria_ficha","embeddable":true,"href":"https:\/\/gifex.com\/fr\/wp-json\/wp\/v2\/categoria_ficha?post=8709"}],"curies":[{"name":"wp","href":"https:\/\/api.w.org\/{rel}","templated":true}]}}