{"id":8162,"date":"2022-03-18T15:57:25","date_gmt":"2022-03-18T15:57:25","guid":{"rendered":"https:\/\/gifex.com\/fr\/?post_type=ficha&#038;p=8162"},"modified":"2023-01-28T17:05:37","modified_gmt":"2023-01-28T17:05:37","slug":"assortiment-de-cartes-de-la-belgique","status":"publish","type":"ficha","link":"https:\/\/gifex.com\/fr\/fichier\/assortiment-de-cartes-de-la-belgique\/","title":{"rendered":"Assortiment de cartes de la Belgique"},"content":{"rendered":"<p style=\"text-align: center;\"><label style=\"font-size: 15px;\">Divisions administratives de la Belgique : r\u00e9gions, provinces, arrondissements et communes<\/label><\/p>\n<div class=\"row\">\n<div class=\"col-sm\">\n<figure id=\"attachment_8166\" aria-describedby=\"caption-attachment-8166\" style=\"width: 400px\" class=\"wp-caption aligncenter\"><a href=\"https:\/\/gifex.com\/fr\/wp-content\/uploads\/8162\/Carte-de-la-Belgique-ses-quartiers-et-grandes-villes-2006.gif\" target=\"_blank\" rel=\"noopener\"><img fetchpriority=\"high\" decoding=\"async\" class=\"wp-image-8166\" style=\"width: 100%; max-width: 390px; height: auto;\" title=\"Carte de la Belgique, ses quartiers et grandes villes.\" src=\"https:\/\/gifex.com\/fr\/wp-content\/uploads\/8162\/Carte-de-la-Belgique-ses-quartiers-et-grandes-villes-2006-300x257.gif\" alt=\"Carte de la Belgique, ses quartiers et grandes villes\" width=\"400\" height=\"343\" \/><\/a><figcaption id=\"caption-attachment-8166\" class=\"wp-caption-text\"><label style=\"font-size: 15px;\">Carte de la Belgique, ses quartiers et grandes villes.<\/label><\/figcaption><\/figure>\n<\/div>\n<div class=\"col-sm\">\n<figure id=\"attachment_8174\" aria-describedby=\"caption-attachment-8174\" style=\"width: 400px\" class=\"wp-caption aligncenter\"><a href=\"https:\/\/gifex.com\/fr\/wp-content\/uploads\/8162\/Carte-physique-de-la-Belgique.jpg\" target=\"_blank\" rel=\"noopener\"><img decoding=\"async\" class=\"wp-image-8174\" style=\"width: 100%; max-width: 390px; height: auto;\" title=\"Carte physique de la Belgique\" src=\"https:\/\/gifex.com\/fr\/wp-content\/uploads\/8162\/Carte-physique-de-la-Belgique-300x288.jpg\" alt=\"Carte physique de la Belgique\" width=\"400\" height=\"384\" srcset=\"https:\/\/gifex.com\/fr\/wp-content\/uploads\/8162\/Carte-physique-de-la-Belgique-300x288.jpg 300w, https:\/\/gifex.com\/fr\/wp-content\/uploads\/8162\/Carte-physique-de-la-Belgique-1024x983.jpg 1024w, https:\/\/gifex.com\/fr\/wp-content\/uploads\/8162\/Carte-physique-de-la-Belgique-768x737.jpg 768w, https:\/\/gifex.com\/fr\/wp-content\/uploads\/8162\/Carte-physique-de-la-Belgique.jpg 1250w\" sizes=\"(max-width: 400px) 100vw, 400px\" \/><\/a><figcaption id=\"caption-attachment-8174\" class=\"wp-caption-text\"><label style=\"font-size: 15px;\">Carte physique de la Belgique.<\/label><\/figcaption><\/figure>\n<\/div>\n<\/div>\n<div class=\"row\">\n<div class=\"col-sm\">\n<figure id=\"attachment_8172\" aria-describedby=\"caption-attachment-8172\" style=\"width: 400px\" class=\"wp-caption aligncenter\"><a href=\"https:\/\/gifex.com\/fr\/wp-content\/uploads\/8162\/Carte-de-la-Belgique-de-la-CIA.jpg\" target=\"_blank\" rel=\"noopener\"><img decoding=\"async\" class=\"wp-image-8172\" style=\"width: 100%; max-width: 390px; height: auto;\" title=\"Carte de la Belgique de la CIA\" src=\"https:\/\/gifex.com\/fr\/wp-content\/uploads\/8162\/Carte-de-la-Belgique-de-la-CIA-279x300.jpg\" alt=\"Carte de la Belgique de la CIA\" width=\"400\" height=\"430\" srcset=\"https:\/\/gifex.com\/fr\/wp-content\/uploads\/8162\/Carte-de-la-Belgique-de-la-CIA-279x300.jpg 279w, https:\/\/gifex.com\/fr\/wp-content\/uploads\/8162\/Carte-de-la-Belgique-de-la-CIA-951x1024.jpg 951w, https:\/\/gifex.com\/fr\/wp-content\/uploads\/8162\/Carte-de-la-Belgique-de-la-CIA-768x827.jpg 768w, https:\/\/gifex.com\/fr\/wp-content\/uploads\/8162\/Carte-de-la-Belgique-de-la-CIA-300x323.jpg 300w, https:\/\/gifex.com\/fr\/wp-content\/uploads\/8162\/Carte-de-la-Belgique-de-la-CIA.jpg 1312w\" sizes=\"(max-width: 400px) 100vw, 400px\" \/><\/a><figcaption id=\"caption-attachment-8172\" class=\"wp-caption-text\"><label style=\"font-size: 15px;\">Carte de la Belgique de la CIA, montrant les grandes villes ainsi que des parties des pays environnants et de la mer du Nord.<label><\/label><\/label><\/figcaption><\/figure>\n<\/div>\n<div class=\"col-sm\">\n<figure id=\"attachment_8176\" aria-describedby=\"caption-attachment-8176\" style=\"width: 400px\" class=\"wp-caption aligncenter\"><a href=\"https:\/\/gifex.com\/fr\/wp-content\/uploads\/8162\/Carte-en-relief-ombre-de-la-Belgique-1985.jpg\" target=\"_blank\" rel=\"noopener\"><img loading=\"lazy\" decoding=\"async\" class=\"wp-image-8176\" style=\"width: 100%; max-width: 390px; height: auto;\" title=\"Carte en relief ombr\u00e9 de la Belgique 1985\" src=\"https:\/\/gifex.com\/fr\/wp-content\/uploads\/8162\/Carte-en-relief-ombre-de-la-Belgique-1985-276x300.jpg\" alt=\"Carte en relief ombr\u00e9 de la Belgique 1985\" width=\"400\" height=\"435\" srcset=\"https:\/\/gifex.com\/fr\/wp-content\/uploads\/8162\/Carte-en-relief-ombre-de-la-Belgique-1985-276x300.jpg 276w, https:\/\/gifex.com\/fr\/wp-content\/uploads\/8162\/Carte-en-relief-ombre-de-la-Belgique-1985-941x1024.jpg 941w, https:\/\/gifex.com\/fr\/wp-content\/uploads\/8162\/Carte-en-relief-ombre-de-la-Belgique-1985-768x835.jpg 768w, https:\/\/gifex.com\/fr\/wp-content\/uploads\/8162\/Carte-en-relief-ombre-de-la-Belgique-1985-300x326.jpg 300w, https:\/\/gifex.com\/fr\/wp-content\/uploads\/8162\/Carte-en-relief-ombre-de-la-Belgique-1985.jpg 1002w\" sizes=\"(max-width: 400px) 100vw, 400px\" \/><\/a><figcaption id=\"caption-attachment-8176\" class=\"wp-caption-text\"><label style=\"font-size: 15px;\">Relief ombr\u00e9 de la Belgique 1985, Carte Base n\u00b0 800031 (A01911) 6-85 de l&#8217;agence centrale de renseignement (CIA).<\/label><\/figcaption><\/figure>\n<\/div>\n<\/div>\n<div class=\"row\">\n<div class=\"col-sm\">\n<figure id=\"attachment_8181\" aria-describedby=\"caption-attachment-8181\" style=\"width: 400px\" class=\"wp-caption aligncenter\"><a href=\"https:\/\/gifex.com\/fr\/wp-content\/uploads\/8162\/Carte-de-la-Belgique-1921.jpg\" target=\"_blank\" rel=\"noopener\"><img loading=\"lazy\" decoding=\"async\" class=\"wp-image-8181\" style=\"width: 100%; max-width: 390px; height: auto;\" title=\"Carte de la Belgique 1921\" src=\"https:\/\/gifex.com\/fr\/wp-content\/uploads\/8162\/Carte-de-la-Belgique-1921-220x300.jpg\" alt=\"Carte de la Belgique 1921\" width=\"400\" height=\"545\" srcset=\"https:\/\/gifex.com\/fr\/wp-content\/uploads\/8162\/Carte-de-la-Belgique-1921-220x300.jpg 220w, https:\/\/gifex.com\/fr\/wp-content\/uploads\/8162\/Carte-de-la-Belgique-1921-751x1024.jpg 751w, https:\/\/gifex.com\/fr\/wp-content\/uploads\/8162\/Carte-de-la-Belgique-1921-768x1047.jpg 768w, https:\/\/gifex.com\/fr\/wp-content\/uploads\/8162\/Carte-de-la-Belgique-1921-1127x1536.jpg 1127w, https:\/\/gifex.com\/fr\/wp-content\/uploads\/8162\/Carte-de-la-Belgique-1921-1503x2048.jpg 1503w, https:\/\/gifex.com\/fr\/wp-content\/uploads\/8162\/Carte-de-la-Belgique-1921-300x409.jpg 300w, https:\/\/gifex.com\/fr\/wp-content\/uploads\/8162\/Carte-de-la-Belgique-1921-1174x1600.jpg 1174w, https:\/\/gifex.com\/fr\/wp-content\/uploads\/8162\/Carte-de-la-Belgique-1921.jpg 1811w\" sizes=\"(max-width: 400px) 100vw, 400px\" \/><\/a><figcaption id=\"caption-attachment-8181\" class=\"wp-caption-text\"><label style=\"font-size: 15px;\">Carte de la Belgique \u00e0 partir de Putnam&#8217;s Handy Volume Atlas of the World. Publi\u00e9 par G.P. Putnam&#8217;s Sons, New York et Londres, 1921.<\/label><\/figcaption><\/figure>\n<\/div>\n<div class=\"col-sm\">\n<figure id=\"attachment_8183\" aria-describedby=\"caption-attachment-8183\" style=\"width: 400px\" class=\"wp-caption aligncenter\"><a href=\"https:\/\/gifex.com\/fr\/wp-content\/uploads\/8162\/Cartes-de-la-Belgique-et-du-nord-de-l-Italie-en-1792.jpg\" target=\"_blank\" rel=\"noopener\"><img loading=\"lazy\" decoding=\"async\" class=\"wp-image-8183\" style=\"width: 100%; max-width: 390px; height: auto;\" title=\"Cartes de la Belgique et du nord de l'Italie en 1792\" src=\"https:\/\/gifex.com\/fr\/wp-content\/uploads\/8162\/Cartes-de-la-Belgique-et-du-nord-de-l-Italie-en-1792-226x300.jpg\" alt=\"Cartes de la Belgique et du nord de l'Italie en 1792\" width=\"400\" height=\"531\" srcset=\"https:\/\/gifex.com\/fr\/wp-content\/uploads\/8162\/Cartes-de-la-Belgique-et-du-nord-de-l-Italie-en-1792-226x300.jpg 226w, https:\/\/gifex.com\/fr\/wp-content\/uploads\/8162\/Cartes-de-la-Belgique-et-du-nord-de-l-Italie-en-1792-771x1024.jpg 771w, https:\/\/gifex.com\/fr\/wp-content\/uploads\/8162\/Cartes-de-la-Belgique-et-du-nord-de-l-Italie-en-1792-768x1020.jpg 768w, https:\/\/gifex.com\/fr\/wp-content\/uploads\/8162\/Cartes-de-la-Belgique-et-du-nord-de-l-Italie-en-1792-1157x1536.jpg 1157w, https:\/\/gifex.com\/fr\/wp-content\/uploads\/8162\/Cartes-de-la-Belgique-et-du-nord-de-l-Italie-en-1792-300x398.jpg 300w, https:\/\/gifex.com\/fr\/wp-content\/uploads\/8162\/Cartes-de-la-Belgique-et-du-nord-de-l-Italie-en-1792.jpg 1184w\" sizes=\"(max-width: 400px) 100vw, 400px\" \/><\/a><figcaption id=\"caption-attachment-8183\" class=\"wp-caption-text\"><label style=\"font-size: 15px;\">Cartes de la Belgique et du nord de l&#8217;Italie en 1792, illustrant les campagnes de Napol\u00e9on. Cartes des pages 84-85 de \u00abThe Public Schools Historical Atlas\u00bb par Charles Colbeck. Longmans, Green; New York; Londres; Bombay. 1905.<\/label><\/figcaption><\/figure>\n<\/div>\n<\/div>\n<div class=\"row\">\n<div class=\"col-sm\">\n<figure id=\"attachment_8186\" aria-describedby=\"caption-attachment-8186\" style=\"width: 400px\" class=\"wp-caption aligncenter\"><a href=\"https:\/\/gifex.com\/fr\/wp-content\/uploads\/8162\/Carte-de-l-activite-economique-de-la-Belgique-en-1968.jpg\" target=\"_blank\" rel=\"noopener\"><img loading=\"lazy\" decoding=\"async\" class=\"wp-image-8186\" style=\"width: 100%; max-width: 390px; height: auto;\" title=\"Carte de l'activit\u00e9 \u00e9conomique de la Belgique en 1968\" src=\"https:\/\/gifex.com\/fr\/wp-content\/uploads\/8162\/Carte-de-l-activite-economique-de-la-Belgique-en-1968-300x233.jpg\" alt=\"Carte de l'activit\u00e9 \u00e9conomique de la Belgique en 1968\" width=\"400\" height=\"310\" srcset=\"https:\/\/gifex.com\/fr\/wp-content\/uploads\/8162\/Carte-de-l-activite-economique-de-la-Belgique-en-1968-300x233.jpg 300w, https:\/\/gifex.com\/fr\/wp-content\/uploads\/8162\/Carte-de-l-activite-economique-de-la-Belgique-en-1968.jpg 658w\" sizes=\"(max-width: 400px) 100vw, 400px\" \/><\/a><figcaption id=\"caption-attachment-8186\" class=\"wp-caption-text\"><label style=\"font-size: 15px;\">Activit\u00e9 \u00e9conomique de la Belgique en 1968 de la carte n\u00b0 75519 1968 de l&#8217;agence centrale de renseignement (CIA).<\/label><\/figcaption><\/figure>\n<\/div>\n<div class=\"col-sm\">\n<figure id=\"attachment_8188\" aria-describedby=\"caption-attachment-8188\" style=\"width: 400px\" class=\"wp-caption aligncenter\"><a href=\"https:\/\/gifex.com\/fr\/wp-content\/uploads\/8162\/Carte-de-la-densite-de-population-de-la-Belgique-1968.jpg\" target=\"_blank\" rel=\"noopener\"><img loading=\"lazy\" decoding=\"async\" class=\"wp-image-8188\" style=\"width: 100%; max-width: 390px; height: auto;\" title=\"Carte de la densit\u00e9 de population de la Belgique 1968\" src=\"https:\/\/gifex.com\/fr\/wp-content\/uploads\/8162\/Carte-de-la-densite-de-population-de-la-Belgique-1968-300x220.jpg\" alt=\"Carte de la densit\u00e9 de population de la Belgique 1968\" width=\"400\" height=\"294\" srcset=\"https:\/\/gifex.com\/fr\/wp-content\/uploads\/8162\/Carte-de-la-densite-de-population-de-la-Belgique-1968-300x220.jpg 300w, https:\/\/gifex.com\/fr\/wp-content\/uploads\/8162\/Carte-de-la-densite-de-population-de-la-Belgique-1968.jpg 606w\" sizes=\"(max-width: 400px) 100vw, 400px\" \/><\/a><figcaption id=\"caption-attachment-8188\" class=\"wp-caption-text\"><label style=\"font-size: 15px;\">Densit\u00e9 de population de la Belgique 1968 de la carte n\u00b0 75519 1968 de l&#8217;agence centrale de renseignement (CIA).<\/label><\/figcaption><\/figure>\n<\/div>\n<\/div>\n<div class=\"row\">\n<div class=\"col-sm\">\n<figure id=\"attachment_8191\" aria-describedby=\"caption-attachment-8191\" style=\"width: 400px\" class=\"wp-caption aligncenter\"><a href=\"https:\/\/gifex.com\/fr\/wp-content\/uploads\/8162\/Carte-d-occupation-des-sols-de-la-Belgique-1968.jpg\" target=\"_blank\" rel=\"noopener\"><img loading=\"lazy\" decoding=\"async\" class=\"wp-image-8191\" style=\"width: 100%; max-width: 390px; height: auto;\" title=\"Carte d'occupation des sols de la Belgique 1968\" src=\"https:\/\/gifex.com\/fr\/wp-content\/uploads\/8162\/Carte-d-occupation-des-sols-de-la-Belgique-1968-300x211.jpg\" alt=\"Carte d'occupation des sols de la Belgique 1968\" width=\"400\" height=\"282\" srcset=\"https:\/\/gifex.com\/fr\/wp-content\/uploads\/8162\/Carte-d-occupation-des-sols-de-la-Belgique-1968-300x211.jpg 300w, https:\/\/gifex.com\/fr\/wp-content\/uploads\/8162\/Carte-d-occupation-des-sols-de-la-Belgique-1968.jpg 636w\" sizes=\"(max-width: 400px) 100vw, 400px\" \/><\/a><figcaption id=\"caption-attachment-8191\" class=\"wp-caption-text\"><label style=\"font-size: 15px;\">Occupation des sols de la Belgique 1968 de la carte n\u00b0 75519 1968 de l&#8217;agence centrale de renseignement (CIA).<\/label><\/figcaption><\/figure>\n<\/div>\n<div class=\"col-sm\">\n<figure id=\"attachment_8195\" aria-describedby=\"caption-attachment-8195\" style=\"width: 400px\" class=\"wp-caption aligncenter\"><a href=\"https:\/\/gifex.com\/fr\/wp-content\/uploads\/8162\/Carte-des-ressources-de-base-et-transformation-en-Belgique-1968.jpg\" target=\"_blank\" rel=\"noopener\"><img loading=\"lazy\" decoding=\"async\" class=\"wp-image-8195\" style=\"width: 100%; max-width: 390px; height: auto;\" title=\"Carte des ressources de base et transformation en Belgique 1968\" src=\"https:\/\/gifex.com\/fr\/wp-content\/uploads\/8162\/Carte-des-ressources-de-base-et-transformation-en-Belgique-1968-300x220.jpg\" alt=\"Carte des ressources de base et transformation en Belgique 1968\" width=\"400\" height=\"293\" srcset=\"https:\/\/gifex.com\/fr\/wp-content\/uploads\/8162\/Carte-des-ressources-de-base-et-transformation-en-Belgique-1968-300x220.jpg 300w, https:\/\/gifex.com\/fr\/wp-content\/uploads\/8162\/Carte-des-ressources-de-base-et-transformation-en-Belgique-1968.jpg 627w\" sizes=\"(max-width: 400px) 100vw, 400px\" \/><\/a><figcaption id=\"caption-attachment-8195\" class=\"wp-caption-text\"><label style=\"font-size: 15px;\">Ressources de base et transformation en Belgique 1968 de la carte n\u00b0 75519 1968 de l&#8217;agence centrale de renseignement (CIA).<\/label><\/figcaption><\/figure>\n<\/div>\n<\/div>\n<div class=\"row\">\n<div class=\"col-sm\">\n<figure id=\"attachment_8197\" aria-describedby=\"caption-attachment-8197\" style=\"width: 400px\" class=\"wp-caption aligncenter\"><a href=\"https:\/\/gifex.com\/fr\/wp-content\/uploads\/8162\/Carte-physique-et-politique-de-la-Belgique-1910.jpg\" target=\"_blank\" rel=\"noopener\"><img loading=\"lazy\" decoding=\"async\" class=\"wp-image-8197\" style=\"width: 100%; max-width: 390px; height: auto;\" title=\"Carte physique et politique de la Belgique 1910\" src=\"https:\/\/gifex.com\/fr\/wp-content\/uploads\/8162\/Carte-physique-et-politique-de-la-Belgique-1910-300x217.jpg\" alt=\"Carte physique et politique de la Belgique 1910\" width=\"400\" height=\"290\" srcset=\"https:\/\/gifex.com\/fr\/wp-content\/uploads\/8162\/Carte-physique-et-politique-de-la-Belgique-1910-300x217.jpg 300w, https:\/\/gifex.com\/fr\/wp-content\/uploads\/8162\/Carte-physique-et-politique-de-la-Belgique-1910-1024x741.jpg 1024w, https:\/\/gifex.com\/fr\/wp-content\/uploads\/8162\/Carte-physique-et-politique-de-la-Belgique-1910-768x556.jpg 768w, https:\/\/gifex.com\/fr\/wp-content\/uploads\/8162\/Carte-physique-et-politique-de-la-Belgique-1910-1536x1112.jpg 1536w, https:\/\/gifex.com\/fr\/wp-content\/uploads\/8162\/Carte-physique-et-politique-de-la-Belgique-1910-1600x1158.jpg 1600w, https:\/\/gifex.com\/fr\/wp-content\/uploads\/8162\/Carte-physique-et-politique-de-la-Belgique-1910.jpg 1645w\" sizes=\"(max-width: 400px) 100vw, 400px\" \/><\/a><figcaption id=\"caption-attachment-8197\" class=\"wp-caption-text\"><label style=\"font-size: 15px;\">Carte physique et politique de la Belgique 1910.<\/label><\/figcaption><\/figure>\n<\/div>\n<div class=\"col-sm\">\n<figure id=\"attachment_8199\" aria-describedby=\"caption-attachment-8199\" style=\"width: 400px\" class=\"wp-caption aligncenter\"><a href=\"https:\/\/gifex.com\/fr\/wp-content\/uploads\/8162\/Carte-geologique-de-la-Belgique.jpg\" target=\"_blank\" rel=\"noopener\"><img loading=\"lazy\" decoding=\"async\" class=\"wp-image-8199\" style=\"width: 100%; max-width: 390px; height: auto;\" title=\"Carte g\u00e9ologique de la Belgique\" src=\"https:\/\/gifex.com\/fr\/wp-content\/uploads\/8162\/Carte-geologique-de-la-Belgique-300x218.jpg\" alt=\"Carte g\u00e9ologique de la Belgique\" width=\"400\" height=\"291\" srcset=\"https:\/\/gifex.com\/fr\/wp-content\/uploads\/8162\/Carte-geologique-de-la-Belgique-300x218.jpg 300w, https:\/\/gifex.com\/fr\/wp-content\/uploads\/8162\/Carte-geologique-de-la-Belgique-1024x744.jpg 1024w, https:\/\/gifex.com\/fr\/wp-content\/uploads\/8162\/Carte-geologique-de-la-Belgique-768x558.jpg 768w, https:\/\/gifex.com\/fr\/wp-content\/uploads\/8162\/Carte-geologique-de-la-Belgique-1536x1116.jpg 1536w, https:\/\/gifex.com\/fr\/wp-content\/uploads\/8162\/Carte-geologique-de-la-Belgique-2048x1488.jpg 2048w, https:\/\/gifex.com\/fr\/wp-content\/uploads\/8162\/Carte-geologique-de-la-Belgique-1600x1162.jpg 1600w\" sizes=\"(max-width: 400px) 100vw, 400px\" \/><\/a><figcaption id=\"caption-attachment-8199\" class=\"wp-caption-text\"><label style=\"font-size: 15px;\">Carte g\u00e9ologique de la Belgique.<\/label><\/figcaption><\/figure>\n<\/div>\n<\/div>\n<div class=\"row\">\n<div class=\"col-sm\">\n<figure id=\"attachment_8201\" aria-describedby=\"caption-attachment-8201\" style=\"width: 400px\" class=\"wp-caption aligncenter\"><a href=\"https:\/\/gifex.com\/fr\/wp-content\/uploads\/8162\/Carte-de-Belgique-1843.jpg\" target=\"_blank\" rel=\"noopener\"><img loading=\"lazy\" decoding=\"async\" class=\"wp-image-8201\" style=\"width: 100%; max-width: 390px; height: auto;\" title=\"Carte de Belgique 1843\" src=\"https:\/\/gifex.com\/fr\/wp-content\/uploads\/8162\/Carte-de-Belgique-1843-300x219.jpg\" alt=\"Carte de Belgique 1843\" width=\"400\" height=\"293\" srcset=\"https:\/\/gifex.com\/fr\/wp-content\/uploads\/8162\/Carte-de-Belgique-1843-300x219.jpg 300w, https:\/\/gifex.com\/fr\/wp-content\/uploads\/8162\/Carte-de-Belgique-1843-1024x749.jpg 1024w, https:\/\/gifex.com\/fr\/wp-content\/uploads\/8162\/Carte-de-Belgique-1843-768x562.jpg 768w, https:\/\/gifex.com\/fr\/wp-content\/uploads\/8162\/Carte-de-Belgique-1843-1536x1124.jpg 1536w, https:\/\/gifex.com\/fr\/wp-content\/uploads\/8162\/Carte-de-Belgique-1843-2048x1498.jpg 2048w, https:\/\/gifex.com\/fr\/wp-content\/uploads\/8162\/Carte-de-Belgique-1843-1600x1171.jpg 1600w\" sizes=\"(max-width: 400px) 100vw, 400px\" \/><\/a><figcaption id=\"caption-attachment-8201\" class=\"wp-caption-text\"><label style=\"font-size: 15px;\">Carte de la Belgique avec noms fran\u00e7ais r\u00e9alis\u00e9e par Alexandre Vuillemin en 1843 extraite de son \u201cAtlas universel de g\u00e9ographie ancienne et moderne \u00e0 l&#8217;usage des pensionnats\u201d.<\/label><\/figcaption><\/figure>\n<\/div>\n<div class=\"col-sm\">\n<figure id=\"attachment_8203\" aria-describedby=\"caption-attachment-8203\" style=\"width: 400px\" class=\"wp-caption aligncenter\"><a href=\"https:\/\/gifex.com\/fr\/wp-content\/uploads\/8162\/Carte-de-Belgique-1922.jpg\" target=\"_blank\" rel=\"noopener\"><img loading=\"lazy\" decoding=\"async\" class=\"wp-image-8203\" style=\"width: 100%; max-width: 390px; height: auto;\" title=\"Carte de Belgique 1922\" src=\"https:\/\/gifex.com\/fr\/wp-content\/uploads\/8162\/Carte-de-Belgique-1922-300x186.jpg\" alt=\"Carte de Belgique 1922\" width=\"400\" height=\"248\" srcset=\"https:\/\/gifex.com\/fr\/wp-content\/uploads\/8162\/Carte-de-Belgique-1922-300x186.jpg 300w, https:\/\/gifex.com\/fr\/wp-content\/uploads\/8162\/Carte-de-Belgique-1922-1024x636.jpg 1024w, https:\/\/gifex.com\/fr\/wp-content\/uploads\/8162\/Carte-de-Belgique-1922-768x477.jpg 768w, https:\/\/gifex.com\/fr\/wp-content\/uploads\/8162\/Carte-de-Belgique-1922-1536x953.jpg 1536w, https:\/\/gifex.com\/fr\/wp-content\/uploads\/8162\/Carte-de-Belgique-1922.jpg 1600w\" sizes=\"(max-width: 400px) 100vw, 400px\" \/><\/a><figcaption id=\"caption-attachment-8203\" class=\"wp-caption-text\"><label style=\"font-size: 15px;\">Carte de Belgique 1922.<\/label><\/figcaption><\/figure>\n<\/div>\n<\/div>\n<div class=\"row\">\n<div class=\"col-sm\">\n<figure id=\"attachment_8205\" aria-describedby=\"caption-attachment-8205\" style=\"width: 400px\" class=\"wp-caption aligncenter\"><a href=\"https:\/\/gifex.com\/fr\/wp-content\/uploads\/8162\/Carte-de-la-Belgique-avec-les-routes-principales.jpg\" target=\"_blank\" rel=\"noopener\"><img loading=\"lazy\" decoding=\"async\" class=\"wp-image-8205\" style=\"width: 100%; max-width: 390px; height: auto;\" title=\"Carte de la Belgique avec les routes principales\" src=\"https:\/\/gifex.com\/fr\/wp-content\/uploads\/8162\/Carte-de-la-Belgique-avec-les-routes-principales-300x224.jpg\" alt=\"Carte de la Belgique avec les routes principales\" width=\"400\" height=\"299\" srcset=\"https:\/\/gifex.com\/fr\/wp-content\/uploads\/8162\/Carte-de-la-Belgique-avec-les-routes-principales-300x224.jpg 300w, https:\/\/gifex.com\/fr\/wp-content\/uploads\/8162\/Carte-de-la-Belgique-avec-les-routes-principales-1024x765.jpg 1024w, https:\/\/gifex.com\/fr\/wp-content\/uploads\/8162\/Carte-de-la-Belgique-avec-les-routes-principales-768x573.jpg 768w, https:\/\/gifex.com\/fr\/wp-content\/uploads\/8162\/Carte-de-la-Belgique-avec-les-routes-principales-800x600.jpg 800w, https:\/\/gifex.com\/fr\/wp-content\/uploads\/8162\/Carte-de-la-Belgique-avec-les-routes-principales.jpg 1449w\" sizes=\"(max-width: 400px) 100vw, 400px\" \/><\/a><figcaption id=\"caption-attachment-8205\" class=\"wp-caption-text\"><label style=\"font-size: 15px;\">Carte de la Belgique avec les routes principales et l&#8217;altitude.<\/label><\/figcaption><\/figure>\n<\/div>\n<div class=\"col-sm\">\n<figure id=\"attachment_8207\" aria-describedby=\"caption-attachment-8207\" style=\"width: 400px\" class=\"wp-caption aligncenter\"><a href=\"https:\/\/gifex.com\/fr\/wp-content\/uploads\/8162\/Carte-routiere-de-la-Belgique-2010.jpg\" target=\"_blank\" rel=\"noopener\"><img loading=\"lazy\" decoding=\"async\" class=\"wp-image-8207\" style=\"width: 100%; max-width: 390px; height: auto;\" title=\"Carte routi\u00e8re de la Belgique 2010\" src=\"https:\/\/gifex.com\/fr\/wp-content\/uploads\/8162\/Carte-routiere-de-la-Belgique-2010-300x245.jpg\" alt=\"Carte routi\u00e8re de la Belgique 2010\" width=\"400\" height=\"326\" srcset=\"https:\/\/gifex.com\/fr\/wp-content\/uploads\/8162\/Carte-routiere-de-la-Belgique-2010-300x245.jpg 300w, https:\/\/gifex.com\/fr\/wp-content\/uploads\/8162\/Carte-routiere-de-la-Belgique-2010-1024x835.jpg 1024w, https:\/\/gifex.com\/fr\/wp-content\/uploads\/8162\/Carte-routiere-de-la-Belgique-2010-768x626.jpg 768w, https:\/\/gifex.com\/fr\/wp-content\/uploads\/8162\/Carte-routiere-de-la-Belgique-2010.jpg 1438w\" sizes=\"(max-width: 400px) 100vw, 400px\" \/><\/a><figcaption id=\"caption-attachment-8207\" class=\"wp-caption-text\"><label style=\"font-size: 15px;\">Carte routi\u00e8re de la Belgique 2010.<\/label><\/figcaption><\/figure>\n<\/div>\n<\/div>\n<div class=\"row\">\n<div class=\"col-sm\">\n<figure id=\"attachment_8209\" aria-describedby=\"caption-attachment-8209\" style=\"width: 400px\" class=\"wp-caption aligncenter\"><a href=\"https:\/\/gifex.com\/fr\/wp-content\/uploads\/8162\/Carte-politique-de-la-Belgique-avec-ses-communes-districts-provinces-et-regions-2001.gif\" target=\"_blank\" rel=\"noopener\"><img loading=\"lazy\" decoding=\"async\" class=\"wp-image-8209\" style=\"width: 100%; max-width: 390px; height: auto;\" title=\"Carte politique de la Belgique avec ses communes, districts, provinces et r\u00e9gions.\" src=\"https:\/\/gifex.com\/fr\/wp-content\/uploads\/8162\/Carte-politique-de-la-Belgique-avec-ses-communes-districts-provinces-et-regions-2001-300x253.gif\" alt=\"Carte politique de la Belgique avec ses communes, districts, provinces et r\u00e9gions.\" width=\"400\" height=\"337\" srcset=\"https:\/\/gifex.com\/fr\/wp-content\/uploads\/8162\/Carte-politique-de-la-Belgique-avec-ses-communes-districts-provinces-et-regions-2001-300x253.gif 300w, https:\/\/gifex.com\/fr\/wp-content\/uploads\/8162\/Carte-politique-de-la-Belgique-avec-ses-communes-districts-provinces-et-regions-2001-1024x862.gif 1024w, https:\/\/gifex.com\/fr\/wp-content\/uploads\/8162\/Carte-politique-de-la-Belgique-avec-ses-communes-districts-provinces-et-regions-2001-768x647.gif 768w, https:\/\/gifex.com\/fr\/wp-content\/uploads\/8162\/Carte-politique-de-la-Belgique-avec-ses-communes-districts-provinces-et-regions-2001-1536x1293.gif 1536w, https:\/\/gifex.com\/fr\/wp-content\/uploads\/8162\/Carte-politique-de-la-Belgique-avec-ses-communes-districts-provinces-et-regions-2001-1600x1347.gif 1600w\" sizes=\"(max-width: 400px) 100vw, 400px\" \/><\/a><figcaption id=\"caption-attachment-8209\" class=\"wp-caption-text\"><label style=\"font-size: 15px;\">Carte politique de la Belgique avec ses communes, districts, provinces et r\u00e9gions.<\/label><\/figcaption><\/figure>\n<\/div>\n<div class=\"col-sm\">\n<figure id=\"attachment_8211\" aria-describedby=\"caption-attachment-8211\" style=\"width: 400px\" class=\"wp-caption aligncenter\"><a href=\"https:\/\/gifex.com\/fr\/wp-content\/uploads\/8162\/Relief-de-la-Belgique.jpg\" target=\"_blank\" rel=\"noopener\"><img loading=\"lazy\" decoding=\"async\" class=\"wp-image-8211\" style=\"width: 100%; max-width: 390px; height: auto;\" title=\"Relief de la Belgique\" src=\"https:\/\/gifex.com\/fr\/wp-content\/uploads\/8162\/Relief-de-la-Belgique-300x261.jpg\" alt=\"Relief de la Belgique\" width=\"400\" height=\"348\" srcset=\"https:\/\/gifex.com\/fr\/wp-content\/uploads\/8162\/Relief-de-la-Belgique-300x261.jpg 300w, https:\/\/gifex.com\/fr\/wp-content\/uploads\/8162\/Relief-de-la-Belgique-1024x891.jpg 1024w, https:\/\/gifex.com\/fr\/wp-content\/uploads\/8162\/Relief-de-la-Belgique-768x668.jpg 768w, https:\/\/gifex.com\/fr\/wp-content\/uploads\/8162\/Relief-de-la-Belgique.jpg 1136w\" sizes=\"(max-width: 400px) 100vw, 400px\" \/><\/a><figcaption id=\"caption-attachment-8211\" class=\"wp-caption-text\"><label style=\"font-size: 15px;\">Relief de la Belgique.<\/label><\/figcaption><\/figure>\n<\/div>\n<\/div>\n<div class=\"row\">\n<div class=\"col-sm\">\n<figure id=\"attachment_8213\" aria-describedby=\"caption-attachment-8213\" style=\"width: 400px\" class=\"wp-caption aligncenter\"><a href=\"https:\/\/gifex.com\/fr\/wp-content\/uploads\/8162\/Regions-de-Belgique-plus-ses-principales-villes-routes-et-voies-ferrees.png\" target=\"_blank\" rel=\"noopener\"><img loading=\"lazy\" decoding=\"async\" class=\"wp-image-8213\" style=\"width: 100%; max-width: 390px; height: auto;\" title=\"R\u00e9gions de Belgique plus ses principales villes, routes et voies ferr\u00e9es\" src=\"https:\/\/gifex.com\/fr\/wp-content\/uploads\/8162\/Regions-de-Belgique-plus-ses-principales-villes-routes-et-voies-ferrees-300x243.png\" alt=\"R\u00e9gions de Belgique plus ses principales villes, routes et voies ferr\u00e9es\" width=\"400\" height=\"324\" srcset=\"https:\/\/gifex.com\/fr\/wp-content\/uploads\/8162\/Regions-de-Belgique-plus-ses-principales-villes-routes-et-voies-ferrees-300x243.png 300w, https:\/\/gifex.com\/fr\/wp-content\/uploads\/8162\/Regions-de-Belgique-plus-ses-principales-villes-routes-et-voies-ferrees-1024x829.png 1024w, https:\/\/gifex.com\/fr\/wp-content\/uploads\/8162\/Regions-de-Belgique-plus-ses-principales-villes-routes-et-voies-ferrees-768x622.png 768w, https:\/\/gifex.com\/fr\/wp-content\/uploads\/8162\/Regions-de-Belgique-plus-ses-principales-villes-routes-et-voies-ferrees-1536x1244.png 1536w, https:\/\/gifex.com\/fr\/wp-content\/uploads\/8162\/Regions-de-Belgique-plus-ses-principales-villes-routes-et-voies-ferrees-2048x1659.png 2048w, https:\/\/gifex.com\/fr\/wp-content\/uploads\/8162\/Regions-de-Belgique-plus-ses-principales-villes-routes-et-voies-ferrees-1600x1296.png 1600w\" sizes=\"(max-width: 400px) 100vw, 400px\" \/><\/a><figcaption id=\"caption-attachment-8213\" class=\"wp-caption-text\"><label style=\"font-size: 15px;\">R\u00e9gions de Belgique plus ses principales villes, routes et voies ferr\u00e9es.<\/label><\/figcaption><\/figure>\n<\/div>\n<div class=\"col-sm\">\n<figure id=\"attachment_8215\" aria-describedby=\"caption-attachment-8215\" style=\"width: 400px\" class=\"wp-caption aligncenter\"><a href=\"https:\/\/gifex.com\/fr\/wp-content\/uploads\/8162\/Carte-de-la-Belgique.jpg\" target=\"_blank\" rel=\"noopener\"><img loading=\"lazy\" decoding=\"async\" class=\"wp-image-8215\" style=\"width: 100%; max-width: 390px; height: auto;\" title=\"Carte de la Belgique\" src=\"https:\/\/gifex.com\/fr\/wp-content\/uploads\/8162\/Carte-de-la-Belgique-300x217.jpg\" alt=\"Carte de la Belgique\" width=\"400\" height=\"290\" srcset=\"https:\/\/gifex.com\/fr\/wp-content\/uploads\/8162\/Carte-de-la-Belgique-300x217.jpg 300w, https:\/\/gifex.com\/fr\/wp-content\/uploads\/8162\/Carte-de-la-Belgique-1024x742.jpg 1024w, https:\/\/gifex.com\/fr\/wp-content\/uploads\/8162\/Carte-de-la-Belgique-768x556.jpg 768w, https:\/\/gifex.com\/fr\/wp-content\/uploads\/8162\/Carte-de-la-Belgique-1536x1113.jpg 1536w, https:\/\/gifex.com\/fr\/wp-content\/uploads\/8162\/Carte-de-la-Belgique.jpg 1600w\" sizes=\"(max-width: 400px) 100vw, 400px\" \/><\/a><figcaption id=\"caption-attachment-8215\" class=\"wp-caption-text\"><label style=\"font-size: 15px;\">Carte de la Belgique.<\/label><\/figcaption><\/figure>\n<\/div>\n<\/div>\n","protected":false},"excerpt":{"rendered":"<p>Cartes physiques, historiques, routi\u00e8res, politiques, th\u00e9matiques, \u00e9conomiques, sociales de la Belgique.<\/p>\n","protected":false},"author":1,"featured_media":11689,"template":"","categoria_ficha":[101],"class_list":["post-8162","ficha","type-ficha","status-publish","has-post-thumbnail","hentry","categoria_ficha-cartes-de-la-belgique"],"acf":[],"_links":{"self":[{"href":"https:\/\/gifex.com\/fr\/wp-json\/wp\/v2\/ficha\/8162","targetHints":{"allow":["GET"]}}],"collection":[{"href":"https:\/\/gifex.com\/fr\/wp-json\/wp\/v2\/ficha"}],"about":[{"href":"https:\/\/gifex.com\/fr\/wp-json\/wp\/v2\/types\/ficha"}],"author":[{"embeddable":true,"href":"https:\/\/gifex.com\/fr\/wp-json\/wp\/v2\/users\/1"}],"version-history":[{"count":37,"href":"https:\/\/gifex.com\/fr\/wp-json\/wp\/v2\/ficha\/8162\/revisions"}],"predecessor-version":[{"id":31381,"href":"https:\/\/gifex.com\/fr\/wp-json\/wp\/v2\/ficha\/8162\/revisions\/31381"}],"wp:featuredmedia":[{"embeddable":true,"href":"https:\/\/gifex.com\/fr\/wp-json\/wp\/v2\/media\/11689"}],"wp:attachment":[{"href":"https:\/\/gifex.com\/fr\/wp-json\/wp\/v2\/media?parent=8162"}],"wp:term":[{"taxonomy":"categoria_ficha","embeddable":true,"href":"https:\/\/gifex.com\/fr\/wp-json\/wp\/v2\/categoria_ficha?post=8162"}],"curies":[{"name":"wp","href":"https:\/\/api.w.org\/{rel}","templated":true}]}}