{"id":8102,"date":"2022-03-17T21:39:46","date_gmt":"2022-03-17T21:39:46","guid":{"rendered":"https:\/\/gifex.com\/fr\/?post_type=ficha&#038;p=8102"},"modified":"2022-08-13T14:14:18","modified_gmt":"2022-08-13T14:14:18","slug":"carte-des-sols-de-la-belgique","status":"publish","type":"ficha","link":"https:\/\/gifex.com\/fr\/fichier\/carte-des-sols-de-la-belgique\/","title":{"rendered":"Carte des Sols de la Belgique"},"content":{"rendered":"<p>P\u00e9dologie des Sols de la Belgique, une \u00e9tude de la p\u00e9dogen\u00e8se, c&#8217;est-\u00e0-dire la formation et l&#8217;\u00e9volution des sols du pays, notamment au travers de plusieurs taxonomies des sols.<\/p>\n<p>Cette \u00e9tude examine les constituants de la terre (min\u00e9raux, mati\u00e8res organiques), leur agencement (granulom\u00e9trie, structure, porosit\u00e9), leurs propri\u00e9t\u00e9s physiques (transfert de l&#8217;eau et de l&#8217;air), leurs propri\u00e9t\u00e9s chimiques (r\u00e9tention des ions, pH) et leurs propri\u00e9t\u00e9s biologiques (activit\u00e9 des microorganismes). Elle porte des diagnostics sur les types de sol (classification) et sur leur dynamique (types de gen\u00e8se : p\u00e9dogen\u00e8se). Elle en d\u00e9duit des applications (fertilit\u00e9).<\/p>\n<p>Informations sur la carte des Sols de la Belgique ;<br \/>\nAtlas de Belgique. Planche 11b, Associations de sols &#8211; P\u00e9dologie<br \/>\nDress\u00e9 en 1970 par R. Mar\u00e9chal et R. Tavernier<br \/>\nDessin\u00e9 et imprim\u00e9 a l&#8217;Institut G\u00e9ographique Militaire &#8211; 1971<br \/>\n\u00c9chelle 1\/500 000<\/p>\n","protected":false},"excerpt":{"rendered":"<p>P\u00e9dologie des Sols de la Belgique, une \u00e9tude de la p\u00e9dogen\u00e8se, c&#8217;est-\u00e0-dire la formation et l&#8217;\u00e9volution des sols du pays, notamment au travers de plusieurs taxonomies des sols. Cette \u00e9tude examine les constituants de la terre (min\u00e9raux, mati\u00e8res organiques), leur agencement (granulom\u00e9trie, structure, porosit\u00e9), leurs propri\u00e9t\u00e9s physiques (transfert de l&#8217;eau et de l&#8217;air), leurs propri\u00e9t\u00e9s [&hellip;]<\/p>\n","protected":false},"author":1,"featured_media":11688,"template":"","categoria_ficha":[101],"class_list":["post-8102","ficha","type-ficha","status-publish","has-post-thumbnail","hentry","categoria_ficha-cartes-de-la-belgique"],"acf":[],"_links":{"self":[{"href":"https:\/\/gifex.com\/fr\/wp-json\/wp\/v2\/ficha\/8102","targetHints":{"allow":["GET"]}}],"collection":[{"href":"https:\/\/gifex.com\/fr\/wp-json\/wp\/v2\/ficha"}],"about":[{"href":"https:\/\/gifex.com\/fr\/wp-json\/wp\/v2\/types\/ficha"}],"author":[{"embeddable":true,"href":"https:\/\/gifex.com\/fr\/wp-json\/wp\/v2\/users\/1"}],"version-history":[{"count":2,"href":"https:\/\/gifex.com\/fr\/wp-json\/wp\/v2\/ficha\/8102\/revisions"}],"predecessor-version":[{"id":20759,"href":"https:\/\/gifex.com\/fr\/wp-json\/wp\/v2\/ficha\/8102\/revisions\/20759"}],"wp:featuredmedia":[{"embeddable":true,"href":"https:\/\/gifex.com\/fr\/wp-json\/wp\/v2\/media\/11688"}],"wp:attachment":[{"href":"https:\/\/gifex.com\/fr\/wp-json\/wp\/v2\/media?parent=8102"}],"wp:term":[{"taxonomy":"categoria_ficha","embeddable":true,"href":"https:\/\/gifex.com\/fr\/wp-json\/wp\/v2\/categoria_ficha?post=8102"}],"curies":[{"name":"wp","href":"https:\/\/api.w.org\/{rel}","templated":true}]}}