{"id":8035,"date":"2022-03-17T12:51:28","date_gmt":"2022-03-17T12:51:28","guid":{"rendered":"https:\/\/gifex.com\/fr\/?post_type=ficha&#038;p=8035"},"modified":"2023-03-25T20:31:08","modified_gmt":"2023-03-25T20:31:08","slug":"langues-officielles-en-belgique","status":"publish","type":"ficha","link":"https:\/\/gifex.com\/fr\/fichier\/langues-officielles-en-belgique\/","title":{"rendered":"Langues officielles en Belgique"},"content":{"rendered":"<p style=\"text-align: center;\"><label style=\"font-size: 15px;\">Carte des langues officielles en Belgique<\/label><\/p>\n<p>La Belgique a trois langues officielles : le n\u00e9erlandais, le fran\u00e7ais et l&#8217;allemand. Un certain nombre de langues minoritaires non officielles sont \u00e9galement parl\u00e9es. Comme aucun recensement n&#8217;existe, il n&#8217;y a pas de donn\u00e9es statistiques officielles concernant la r\u00e9partition ou l&#8217;usage des trois langues officielles de la Belgique ou de leurs dialectes. Cependant, divers crit\u00e8res, dont la ou les langues des parents, de l&#8217;\u00e9ducation ou le statut de langue seconde des personnes n\u00e9es \u00e0 l&#8217;\u00e9tranger, peuvent fournir des chiffres sugg\u00e9r\u00e9s. On estime que 60% de la population belge est de langue maternelle n\u00e9erlandaise (souvent appel\u00e9e flamande) et 40% de la population parle le fran\u00e7ais de mani\u00e8re native. Les Belges francophones sont souvent appel\u00e9s Wallons, bien que les francophones de Bruxelles ne soient pas Wallons.<\/p>\n<figure id=\"attachment_8037\" aria-describedby=\"caption-attachment-8037\" style=\"width: 360px\" class=\"wp-caption alignright\"><a href=\"https:\/\/gifex.com\/fr\/wp-content\/uploads\/8035\/Plaques-de-signalisation-bilingues-a-Bruxelles.jpg\" target=\"_blank\" rel=\"noopener\"><img fetchpriority=\"high\" decoding=\"async\" class=\"wp-image-8037\" style=\"width: 100%; max-width: 360px; height: auto;\" title=\"Plaques de signalisation bilingues \u00e0 Bruxelles\" src=\"https:\/\/gifex.com\/fr\/wp-content\/uploads\/8035\/Plaques-de-signalisation-bilingues-a-Bruxelles-300x200.jpg\" alt=\"Plaques de signalisation bilingues \u00e0 Bruxelles\" width=\"360\" height=\"240\" srcset=\"https:\/\/gifex.com\/fr\/wp-content\/uploads\/8035\/Plaques-de-signalisation-bilingues-a-Bruxelles-300x200.jpg 300w, https:\/\/gifex.com\/fr\/wp-content\/uploads\/8035\/Plaques-de-signalisation-bilingues-a-Bruxelles.jpg 552w\" sizes=\"(max-width: 360px) 100vw, 360px\" \/><\/a><figcaption id=\"caption-attachment-8037\" class=\"wp-caption-text\"><label style=\"font-size: 15px;\">Plaques de signalisation bilingues \u00e0 Bruxelles.<\/label><\/figcaption><\/figure>\n<p>Le nombre total de locuteurs natifs n\u00e9erlandais est estim\u00e9 \u00e0 environ 6,23 millions, concentr\u00e9s dans la r\u00e9gion nord de la Flandre, tandis que les locuteurs natifs fran\u00e7ais sont au nombre de 3,32 millions en Wallonie et environ 870 000 (soit 85 %) dans la R\u00e9gion de Bruxelles-Capitale officiellement bilingue. La Communaut\u00e9 germanophone est compos\u00e9e de 73 000 personnes \u00e0 l&#8217;est de la R\u00e9gion wallonne ; environ 10 000 ressortissants allemands et 60 000 ressortissants belges parlent l&#8217;allemand. Environ 23 000 germanophones suppl\u00e9mentaires vivent dans des communes proches de la Communaut\u00e9 officielle.<\/p>\n<p>Le n\u00e9erlandais belge et le fran\u00e7ais belge pr\u00e9sentent des diff\u00e9rences mineures de vocabulaire et de nuances s\u00e9mantiques par rapport aux vari\u00e9t\u00e9s parl\u00e9es respectivement aux Pays-Bas et en France. De nombreux Flamands parlent encore des dialectes du n\u00e9erlandais dans leur environnement local. Le wallon, consid\u00e9r\u00e9 soit comme un dialecte du fran\u00e7ais, soit comme une langue romane distincte, n&#8217;est d\u00e9sormais compris et parl\u00e9 qu&#8217;occasionnellement, principalement par les personnes \u00e2g\u00e9es. Le wallon est divis\u00e9 en quatre dialectes qui, avec ceux du picard, sont rarement utilis\u00e9s dans la vie publique et ont \u00e9t\u00e9 largement remplac\u00e9s par le fran\u00e7ais.<\/p>\n","protected":false},"excerpt":{"rendered":"<p>Carte des langues officielles en Belgique. La Belgique a trois langues officielles : le n\u00e9erlandais, le fran\u00e7ais et l&#8217;allemand.<\/p>\n","protected":false},"author":1,"featured_media":8036,"template":"","categoria_ficha":[101],"class_list":["post-8035","ficha","type-ficha","status-publish","has-post-thumbnail","hentry","categoria_ficha-cartes-de-la-belgique"],"acf":[],"_links":{"self":[{"href":"https:\/\/gifex.com\/fr\/wp-json\/wp\/v2\/ficha\/8035","targetHints":{"allow":["GET"]}}],"collection":[{"href":"https:\/\/gifex.com\/fr\/wp-json\/wp\/v2\/ficha"}],"about":[{"href":"https:\/\/gifex.com\/fr\/wp-json\/wp\/v2\/types\/ficha"}],"author":[{"embeddable":true,"href":"https:\/\/gifex.com\/fr\/wp-json\/wp\/v2\/users\/1"}],"version-history":[{"count":6,"href":"https:\/\/gifex.com\/fr\/wp-json\/wp\/v2\/ficha\/8035\/revisions"}],"predecessor-version":[{"id":37092,"href":"https:\/\/gifex.com\/fr\/wp-json\/wp\/v2\/ficha\/8035\/revisions\/37092"}],"wp:featuredmedia":[{"embeddable":true,"href":"https:\/\/gifex.com\/fr\/wp-json\/wp\/v2\/media\/8036"}],"wp:attachment":[{"href":"https:\/\/gifex.com\/fr\/wp-json\/wp\/v2\/media?parent=8035"}],"wp:term":[{"taxonomy":"categoria_ficha","embeddable":true,"href":"https:\/\/gifex.com\/fr\/wp-json\/wp\/v2\/categoria_ficha?post=8035"}],"curies":[{"name":"wp","href":"https:\/\/api.w.org\/{rel}","templated":true}]}}