{"id":7909,"date":"2022-03-16T00:42:52","date_gmt":"2022-03-16T00:42:52","guid":{"rendered":"https:\/\/gifex.com\/fr\/?post_type=ficha&#038;p=7909"},"modified":"2023-03-25T21:35:09","modified_gmt":"2023-03-25T21:35:09","slug":"carte-du-reseau-express-regional-bernois","status":"publish","type":"ficha","link":"https:\/\/gifex.com\/fr\/fichier\/carte-du-reseau-express-regional-bernois\/","title":{"rendered":"Carte du r\u00e9seau express r\u00e9gional bernois"},"content":{"rendered":"<p style=\"text-align: center;\"><label style=\"font-size: 15px;\">Carte du r\u00e9seau express r\u00e9gional bernois<\/label><\/p>\n<figure id=\"attachment_7912\" aria-describedby=\"caption-attachment-7912\" style=\"width: 360px\" class=\"wp-caption alignright\"><a href=\"https:\/\/gifex.com\/fr\/wp-content\/uploads\/7909\/Train-electrique-serie-515.jpg\" target=\"_blank\" rel=\"noopener\"><img fetchpriority=\"high\" decoding=\"async\" class=\"wp-image-7912\" style=\"width: 100%; max-width: 360px; height: auto;\" title=\"Train \u00e9lectrique s\u00e9rie 515\" src=\"https:\/\/gifex.com\/fr\/wp-content\/uploads\/7909\/Train-electrique-serie-515-300x200.jpg\" alt=\"Train \u00e9lectrique s\u00e9rie 515\" width=\"360\" height=\"240\" srcset=\"https:\/\/gifex.com\/fr\/wp-content\/uploads\/7909\/Train-electrique-serie-515-300x200.jpg 300w, https:\/\/gifex.com\/fr\/wp-content\/uploads\/7909\/Train-electrique-serie-515-1024x682.jpg 1024w, https:\/\/gifex.com\/fr\/wp-content\/uploads\/7909\/Train-electrique-serie-515-768x512.jpg 768w, https:\/\/gifex.com\/fr\/wp-content\/uploads\/7909\/Train-electrique-serie-515.jpg 1280w\" sizes=\"(max-width: 360px) 100vw, 360px\" \/><\/a><figcaption id=\"caption-attachment-7912\" class=\"wp-caption-text\"><label style=\"font-size: 15px;\">Train \u00e9lectrique s\u00e9rie 515 en service sur la ligne S1 au terminus de Thoune.<\/label><\/figcaption><\/figure>\n<p>Le Bern S-Bahn (abr\u00e9g\u00e9 RER bernois, en allemand S-Bahn Bern) est un r\u00e9seau ferroviaire de banlieue S-Bahn ax\u00e9 sur Berne , la capitale de la Suisse . Le r\u00e9seau co\u00efncide \u00e0 peu pr\u00e8s avec l&#8217;agglom\u00e9ration urbaine de Berne. Il relie la gare de Berne \u00e0 la banlieue et aux r\u00e9gions p\u00e9riph\u00e9riques. Le r\u00e9seau s&#8217;\u00e9tend sur les cantons de Berne, Fribourg, Neuch\u00e2tel, Soleure et Vaud.<\/p>\n<p>Avec environ 9 millions de trains-kilom\u00e8tres par an, le S-Bahn de Berne est le deuxi\u00e8me plus grand S-Bahn de Suisse. Il accueille quotidiennement environ 100 000 voyageurs (175 000 en semaine) et assure ainsi la majorit\u00e9 du trafic des transports publics r\u00e9gionaux de l&#8217;agglom\u00e9ration.<\/p>\n","protected":false},"excerpt":{"rendered":"<p>Le Bern S-Bahn (abr\u00e9g\u00e9 RER bernois, en allemand S-Bahn Bern) est un r\u00e9seau ferroviaire de banlieue S-Bahn ax\u00e9 sur Berne , la capitale de la Suisse<\/p>\n","protected":false},"author":1,"featured_media":7911,"template":"","categoria_ficha":[1744],"class_list":["post-7909","ficha","type-ficha","status-publish","has-post-thumbnail","hentry","categoria_ficha-cartes-de-berne"],"acf":[],"_links":{"self":[{"href":"https:\/\/gifex.com\/fr\/wp-json\/wp\/v2\/ficha\/7909","targetHints":{"allow":["GET"]}}],"collection":[{"href":"https:\/\/gifex.com\/fr\/wp-json\/wp\/v2\/ficha"}],"about":[{"href":"https:\/\/gifex.com\/fr\/wp-json\/wp\/v2\/types\/ficha"}],"author":[{"embeddable":true,"href":"https:\/\/gifex.com\/fr\/wp-json\/wp\/v2\/users\/1"}],"version-history":[{"count":7,"href":"https:\/\/gifex.com\/fr\/wp-json\/wp\/v2\/ficha\/7909\/revisions"}],"predecessor-version":[{"id":37289,"href":"https:\/\/gifex.com\/fr\/wp-json\/wp\/v2\/ficha\/7909\/revisions\/37289"}],"wp:featuredmedia":[{"embeddable":true,"href":"https:\/\/gifex.com\/fr\/wp-json\/wp\/v2\/media\/7911"}],"wp:attachment":[{"href":"https:\/\/gifex.com\/fr\/wp-json\/wp\/v2\/media?parent=7909"}],"wp:term":[{"taxonomy":"categoria_ficha","embeddable":true,"href":"https:\/\/gifex.com\/fr\/wp-json\/wp\/v2\/categoria_ficha?post=7909"}],"curies":[{"name":"wp","href":"https:\/\/api.w.org\/{rel}","templated":true}]}}