{"id":7580,"date":"2022-03-08T01:11:26","date_gmt":"2022-03-08T01:11:26","guid":{"rendered":"https:\/\/gifex.com\/fr\/?post_type=ficha&#038;p=7580"},"modified":"2023-03-25T21:43:09","modified_gmt":"2023-03-25T21:43:09","slug":"image-satellite-de-geneve-suisse","status":"publish","type":"ficha","link":"https:\/\/gifex.com\/fr\/fichier\/image-satellite-de-geneve-suisse\/","title":{"rendered":"Image satellite de Gen\u00e8ve, Suisse"},"content":{"rendered":"<p style=\"text-align: center;\"><label style=\"font-size: 15px;\">Image satellite de Gen\u00e8ve, Suisse<\/label><\/p>\n<p>La ville de Gen\u00e8ve embrasse l&#8217;extr\u00e9mit\u00e9 sud du lac L\u00e9man. Gen\u00e8ve est nich\u00e9e entre deux grandes cha\u00eenes de montagnes, le Jura au nord-ouest (non illustr\u00e9) et les Alpes au sud-est. Le mont Sal\u00e8ve, pr\u00e8s du bas de l&#8217;image, repr\u00e9sente les contreforts nord de la cha\u00eene.<\/p>\n<figure id=\"attachment_7581\" aria-describedby=\"caption-attachment-7581\" style=\"width: 360px\" class=\"wp-caption alignright\"><a href=\"https:\/\/gifex.com\/fr\/wp-content\/uploads\/7580\/La-Station-spatiale-internationale-photographiee-depuis-le-SpaceX-Crew-Dragon-2021.jpg\" target=\"_blank\" rel=\"noopener\"><img fetchpriority=\"high\" decoding=\"async\" class=\"wp-image-7581\" style=\"width: 100%; max-width: 360px; height: auto;\" title=\"La Station spatiale internationale\" src=\"https:\/\/gifex.com\/fr\/wp-content\/uploads\/7580\/La-Station-spatiale-internationale-photographiee-depuis-le-SpaceX-Crew-Dragon-2021-300x173.jpg\" alt=\"La Station spatiale internationale\" width=\"360\" height=\"207\" srcset=\"https:\/\/gifex.com\/fr\/wp-content\/uploads\/7580\/La-Station-spatiale-internationale-photographiee-depuis-le-SpaceX-Crew-Dragon-2021-300x173.jpg 300w, https:\/\/gifex.com\/fr\/wp-content\/uploads\/7580\/La-Station-spatiale-internationale-photographiee-depuis-le-SpaceX-Crew-Dragon-2021-1024x590.jpg 1024w, https:\/\/gifex.com\/fr\/wp-content\/uploads\/7580\/La-Station-spatiale-internationale-photographiee-depuis-le-SpaceX-Crew-Dragon-2021-768x442.jpg 768w, https:\/\/gifex.com\/fr\/wp-content\/uploads\/7580\/La-Station-spatiale-internationale-photographiee-depuis-le-SpaceX-Crew-Dragon-2021-1536x884.jpg 1536w, https:\/\/gifex.com\/fr\/wp-content\/uploads\/7580\/La-Station-spatiale-internationale-photographiee-depuis-le-SpaceX-Crew-Dragon-2021-2048x1179.jpg 2048w, https:\/\/gifex.com\/fr\/wp-content\/uploads\/7580\/La-Station-spatiale-internationale-photographiee-depuis-le-SpaceX-Crew-Dragon-2021-1600x921.jpg 1600w\" sizes=\"(max-width: 360px) 100vw, 360px\" \/><\/a><figcaption id=\"caption-attachment-7581\" class=\"wp-caption-text\"><label style=\"font-size: 15px;\">La Station spatiale internationale photographi\u00e9e depuis le SpaceX Crew Dragon<\/label><\/figcaption><\/figure>\n<p>La zone b\u00e2tie, les routes et l&#8217;a\u00e9roport de la ville apparaissent sous forme de surfaces blanches \u00e0 grises sur cette photographie d&#8217;astronaute. Les r\u00e9gions urbanis\u00e9es sont entrecoup\u00e9es de champs agricoles (r\u00e9gions rectangulaires vert vif \u00e0 brun clair) et de for\u00eat pr\u00e9serv\u00e9e (vert fonc\u00e9) autour du lac. Par endroits, la for\u00eat projette des ombres, donnant \u00e0 la sc\u00e8ne une sensation tridimensionnelle.<\/p>\n<p>Les eaux proches du rivage du lac L\u00e9man sont brunes avec des s\u00e9diments dans cette sc\u00e8ne. Le principal contributeur au lac L\u00e9man est le Rh\u00f4ne, qui coule de l&#8217;extr\u00e9mit\u00e9 nord et sort au sud. Pr\u00e8s de la p\u00e9riph\u00e9rie sud-ouest de la ville, le Rh\u00f4ne est rejoint par la rivi\u00e8re Arve, qui traverse la ville par le sud-est. Les deux rivi\u00e8res prennent leur source dans les glaciers alpins. Gen\u00e8ve est principalement connue pour \u00eatre une \u00abville mondiale\u00bb d&#8217;importance culturelle, \u00e9conomique et politique car elle abrite de nombreuses organisations et soci\u00e9t\u00e9s internationales, y compris le si\u00e8ge europ\u00e9en des Nations Unies.<\/p>\n<p>La photographie d&#8217;astronaute ISS014-E-7084 a \u00e9t\u00e9 acquise le 2 novembre 2006 avec un appareil photo num\u00e9rique Kodak 760C utilisant un objectif de 400 mm, et est fournie par \u00abISS Crew Earth Observations\u00bb et \u00abImage Science &amp; Analysis Group, Johnson Space Center\u00bb.<\/p>\n","protected":false},"excerpt":{"rendered":"<p>La ville de Gen\u00e8ve embrasse l&#8217;extr\u00e9mit\u00e9 sud du lac L\u00e9man. Gen\u00e8ve est nich\u00e9e entre deux grandes cha\u00eenes de montagnes, le Jura au nord-ou<\/p>\n","protected":false},"author":1,"featured_media":7582,"template":"","categoria_ficha":[296],"class_list":["post-7580","ficha","type-ficha","status-publish","has-post-thumbnail","hentry","categoria_ficha-cartes-de-geneve"],"acf":[],"_links":{"self":[{"href":"https:\/\/gifex.com\/fr\/wp-json\/wp\/v2\/ficha\/7580","targetHints":{"allow":["GET"]}}],"collection":[{"href":"https:\/\/gifex.com\/fr\/wp-json\/wp\/v2\/ficha"}],"about":[{"href":"https:\/\/gifex.com\/fr\/wp-json\/wp\/v2\/types\/ficha"}],"author":[{"embeddable":true,"href":"https:\/\/gifex.com\/fr\/wp-json\/wp\/v2\/users\/1"}],"version-history":[{"count":6,"href":"https:\/\/gifex.com\/fr\/wp-json\/wp\/v2\/ficha\/7580\/revisions"}],"predecessor-version":[{"id":37317,"href":"https:\/\/gifex.com\/fr\/wp-json\/wp\/v2\/ficha\/7580\/revisions\/37317"}],"wp:featuredmedia":[{"embeddable":true,"href":"https:\/\/gifex.com\/fr\/wp-json\/wp\/v2\/media\/7582"}],"wp:attachment":[{"href":"https:\/\/gifex.com\/fr\/wp-json\/wp\/v2\/media?parent=7580"}],"wp:term":[{"taxonomy":"categoria_ficha","embeddable":true,"href":"https:\/\/gifex.com\/fr\/wp-json\/wp\/v2\/categoria_ficha?post=7580"}],"curies":[{"name":"wp","href":"https:\/\/api.w.org\/{rel}","templated":true}]}}