{"id":7547,"date":"2022-03-07T19:07:05","date_gmt":"2022-03-07T19:07:05","guid":{"rendered":"https:\/\/gifex.com\/fr\/?post_type=ficha&#038;p=7547"},"modified":"2023-03-25T21:43:21","modified_gmt":"2023-03-25T21:43:21","slug":"topographie-de-la-region-zurichoise","status":"publish","type":"ficha","link":"https:\/\/gifex.com\/fr\/fichier\/topographie-de-la-region-zurichoise\/","title":{"rendered":"Topographie de la r\u00e9gion zurichoise"},"content":{"rendered":"<p style=\"text-align: center;\"><label style=\"font-size: 15px;\">Carte topographique de la r\u00e9gion zurichoise<\/label><\/p>\n<figure id=\"attachment_7553\" aria-describedby=\"caption-attachment-7553\" style=\"width: 360px\" class=\"wp-caption alignright\"><a href=\"https:\/\/gifex.com\/fr\/wp-content\/uploads\/7547\/Vue-aerienne-de-l-Uetliberg-par-Walter-Mittelholzer-1919.jpg\" target=\"_blank\" rel=\"noopener\"><img fetchpriority=\"high\" decoding=\"async\" class=\"wp-image-7553\" style=\"width: 100%; max-width: 360px; height: auto;\" title=\"Vue a\u00e9rienne de l'Uetliberg\" src=\"https:\/\/gifex.com\/fr\/wp-content\/uploads\/7547\/Vue-aerienne-de-l-Uetliberg-par-Walter-Mittelholzer-1919-300x211.jpg\" alt=\"Vue a\u00e9rienne de l'Uetliberg\" width=\"360\" height=\"254\" srcset=\"https:\/\/gifex.com\/fr\/wp-content\/uploads\/7547\/Vue-aerienne-de-l-Uetliberg-par-Walter-Mittelholzer-1919-300x211.jpg 300w, https:\/\/gifex.com\/fr\/wp-content\/uploads\/7547\/Vue-aerienne-de-l-Uetliberg-par-Walter-Mittelholzer-1919-1024x722.jpg 1024w, https:\/\/gifex.com\/fr\/wp-content\/uploads\/7547\/Vue-aerienne-de-l-Uetliberg-par-Walter-Mittelholzer-1919-768x541.jpg 768w, https:\/\/gifex.com\/fr\/wp-content\/uploads\/7547\/Vue-aerienne-de-l-Uetliberg-par-Walter-Mittelholzer-1919-1536x1082.jpg 1536w, https:\/\/gifex.com\/fr\/wp-content\/uploads\/7547\/Vue-aerienne-de-l-Uetliberg-par-Walter-Mittelholzer-1919-2048x1443.jpg 2048w, https:\/\/gifex.com\/fr\/wp-content\/uploads\/7547\/Vue-aerienne-de-l-Uetliberg-par-Walter-Mittelholzer-1919-1600x1128.jpg 1600w\" sizes=\"(max-width: 360px) 100vw, 360px\" \/><\/a><figcaption id=\"caption-attachment-7553\" class=\"wp-caption-text\"><label style=\"font-size: 15px;\">Vue a\u00e9rienne de l&#8217;Uetliberg par Walter Mittelholzer (1919)<\/label><\/figcaption><\/figure>\n<p>La commune de Zurich a une superficie de 91,88 km\u00b2, dont 4,1 km\u00b2 sont constitu\u00e9s du lac de Zurich. La zone comprend une partie du plateau nord de la Suisse. Les rives de la Limmat constituent la partie la plus dense de la ville. La rivi\u00e8re est orient\u00e9e dans la direction sud-est-nord-ouest, le fond plat de la vall\u00e9e ayant une largeur de deux \u00e0 deux \u00e0 trois km. La Limmat partiellement canalis\u00e9e et redress\u00e9e ne coule pas dans la partie centrale de la vall\u00e9e, mais toujours le long de son versant droit (nord-est). Le Sihl rencontre la Limmat au bout de Platzspitz, qui borde le Mus\u00e9e national suisse. La Limmat atteint le point le plus bas de la commune \u00e0 Oberengstringen \u00e0 392 m d&#8217;altitude.<\/p>\n<p>A l&#8217;ouest, la vall\u00e9e de la Limmat est flanqu\u00e9e des hauteurs bois\u00e9es de la cha\u00eene de l&#8217;Albis, qui longe la fronti\u00e8re ouest. L&#8217;Uetliberg est, avec 869 m d&#8217;altitude, la plus haute altitude de la r\u00e9gion environnante. Son sommet est facilement accessible par la ligne de l&#8217;Uetliberg. De la plate-forme de la tour d&#8217;observation au sommet, un panorama impressionnant sur la ville, le lac et les Alpes peut \u00eatre vu.<\/p>\n<figure id=\"attachment_7555\" aria-describedby=\"caption-attachment-7555\" style=\"width: 360px\" class=\"wp-caption alignright\"><a href=\"https:\/\/gifex.com\/fr\/wp-content\/uploads\/7547\/Vallee-de-la-Limmat-vue-de-la-tour-Uetliberg.jpg\" target=\"_blank\" rel=\"noopener\"><img decoding=\"async\" class=\"wp-image-7555\" style=\"width: 100%; max-width: 360px; height: auto;\" title=\"Vall\u00e9e de la Limmat vue de la tour Uetliberg\" src=\"https:\/\/gifex.com\/fr\/wp-content\/uploads\/7547\/Vallee-de-la-Limmat-vue-de-la-tour-Uetliberg-300x200.jpg\" alt=\"Vall\u00e9e de la Limmat vue de la tour Uetliberg\" width=\"360\" height=\"240\" srcset=\"https:\/\/gifex.com\/fr\/wp-content\/uploads\/7547\/Vallee-de-la-Limmat-vue-de-la-tour-Uetliberg-300x200.jpg 300w, https:\/\/gifex.com\/fr\/wp-content\/uploads\/7547\/Vallee-de-la-Limmat-vue-de-la-tour-Uetliberg-1024x683.jpg 1024w, https:\/\/gifex.com\/fr\/wp-content\/uploads\/7547\/Vallee-de-la-Limmat-vue-de-la-tour-Uetliberg-768x512.jpg 768w, https:\/\/gifex.com\/fr\/wp-content\/uploads\/7547\/Vallee-de-la-Limmat-vue-de-la-tour-Uetliberg-1536x1024.jpg 1536w, https:\/\/gifex.com\/fr\/wp-content\/uploads\/7547\/Vallee-de-la-Limmat-vue-de-la-tour-Uetliberg-2048x1366.jpg 2048w, https:\/\/gifex.com\/fr\/wp-content\/uploads\/7547\/Vallee-de-la-Limmat-vue-de-la-tour-Uetliberg-1600x1067.jpg 1600w\" sizes=\"(max-width: 360px) 100vw, 360px\" \/><\/a><figcaption id=\"caption-attachment-7555\" class=\"wp-caption-text\"><label style=\"font-size: 15px;\">Vall\u00e9e de la Limmat vue de la tour Uetliberg.<\/label><\/figcaption><\/figure>\n<p>Le c\u00f4t\u00e9 nord-est de la vall\u00e9e de la Limmat comprend une cha\u00eene de collines, qui marque la ligne de partage des eaux entre la Limmat et la Glatt. Du nord-ouest au sud-est, la hauteur des buttes majoritairement bois\u00e9es augmente g\u00e9n\u00e9ralement : le Gubrist (615 m), le H\u00f6nggerberg (541 m), le K\u00e4ferberg (571 m), le Z\u00fcrichberg (676 m), l&#8217;Adlisberg (701 m ) et l&#8217;\u00d6schbrig (696 m). Entre le K\u00e4ferberg et le Z\u00fcrichberg se situe la selle du Milchbuck (environ 470 m), passage important de la vall\u00e9e de la Limmat \u00e0 la vall\u00e9e de la Glatt. La partie la plus septentrionale de la commune s&#8217;\u00e9tend jusqu&#8217;\u00e0 la plaine de la vall\u00e9e de la Glatt et jusqu&#8217;au col qui fait la liaison entre la Glattal et la Furttal. De plus, une partie du Katzensee (r\u00e9serve naturelle) et du B\u00fcsisee, tous deux drain\u00e9s par le Katzenbach vers Glatt, appartiennent \u00e0 la ville.<\/p>\n","protected":false},"excerpt":{"rendered":"<p>Carte topographique de la r\u00e9gion zurichoise. La commune de Zurich a une superficie de 91,88 km\u00b2, dont 4,1 km\u00b2 sont constitu\u00e9s du lac de Zurich.<\/p>\n","protected":false},"author":1,"featured_media":7549,"template":"","categoria_ficha":[1742],"class_list":["post-7547","ficha","type-ficha","status-publish","has-post-thumbnail","hentry","categoria_ficha-cartes-de-zurich"],"acf":[],"_links":{"self":[{"href":"https:\/\/gifex.com\/fr\/wp-json\/wp\/v2\/ficha\/7547","targetHints":{"allow":["GET"]}}],"collection":[{"href":"https:\/\/gifex.com\/fr\/wp-json\/wp\/v2\/ficha"}],"about":[{"href":"https:\/\/gifex.com\/fr\/wp-json\/wp\/v2\/types\/ficha"}],"author":[{"embeddable":true,"href":"https:\/\/gifex.com\/fr\/wp-json\/wp\/v2\/users\/1"}],"version-history":[{"count":9,"href":"https:\/\/gifex.com\/fr\/wp-json\/wp\/v2\/ficha\/7547\/revisions"}],"predecessor-version":[{"id":37319,"href":"https:\/\/gifex.com\/fr\/wp-json\/wp\/v2\/ficha\/7547\/revisions\/37319"}],"wp:featuredmedia":[{"embeddable":true,"href":"https:\/\/gifex.com\/fr\/wp-json\/wp\/v2\/media\/7549"}],"wp:attachment":[{"href":"https:\/\/gifex.com\/fr\/wp-json\/wp\/v2\/media?parent=7547"}],"wp:term":[{"taxonomy":"categoria_ficha","embeddable":true,"href":"https:\/\/gifex.com\/fr\/wp-json\/wp\/v2\/categoria_ficha?post=7547"}],"curies":[{"name":"wp","href":"https:\/\/api.w.org\/{rel}","templated":true}]}}