{"id":7536,"date":"2022-03-07T18:40:04","date_gmt":"2022-03-07T18:40:04","guid":{"rendered":"https:\/\/gifex.com\/fr\/?post_type=ficha&#038;p=7536"},"modified":"2022-12-01T00:05:18","modified_gmt":"2022-12-01T00:05:18","slug":"les-arrondissements-et-les-quartiers-de-zurich","status":"publish","type":"ficha","link":"https:\/\/gifex.com\/fr\/fichier\/les-arrondissements-et-les-quartiers-de-zurich\/","title":{"rendered":"Les arrondissements et les quartiers de Zurich"},"content":{"rendered":"<p style=\"text-align: center;\"><label style=\"font-size: 15px;\">Carte des quartiers de Zurich<\/label><\/p>\n<p>La ville de Zurich est l&#8217;unique commune du district de Zurich. Elle est administrativement subdivis\u00e9e en douze arrondissements (kreis) et 34 quartiers.<\/p>\n<figure id=\"attachment_7538\" aria-describedby=\"caption-attachment-7538\" style=\"width: 360px\" class=\"wp-caption alignright\"><a href=\"https:\/\/gifex.com\/fr\/wp-content\/uploads\/7536\/Carte-des-arrondissements-de-Zurich.png\" target=\"_blank\" rel=\"noopener\"><img fetchpriority=\"high\" decoding=\"async\" class=\"wp-image-7538\" style=\"width: 100%; max-width: 360px; height: auto;\" title=\"Carte des arrondissements de Zurich\" src=\"https:\/\/gifex.com\/fr\/wp-content\/uploads\/7536\/Carte-des-arrondissements-de-Zurich-300x278.png\" alt=\"Carte des arrondissements de Zurich\" width=\"360\" height=\"333\" srcset=\"https:\/\/gifex.com\/fr\/wp-content\/uploads\/7536\/Carte-des-arrondissements-de-Zurich-300x278.png 300w, https:\/\/gifex.com\/fr\/wp-content\/uploads\/7536\/Carte-des-arrondissements-de-Zurich-1024x948.png 1024w, https:\/\/gifex.com\/fr\/wp-content\/uploads\/7536\/Carte-des-arrondissements-de-Zurich-768x711.png 768w, https:\/\/gifex.com\/fr\/wp-content\/uploads\/7536\/Carte-des-arrondissements-de-Zurich.png 1181w\" sizes=\"(max-width: 360px) 100vw, 360px\" \/><\/a><figcaption id=\"caption-attachment-7538\" class=\"wp-caption-text\"><label style=\"font-size: 15px;\">Carte des arrondissements de Zurich.<\/label><\/figcaption><\/figure>\n<p>La commune historique, dont le territoire avant 1893 correspondait alors au Kreis 1 actuel, avait une surface de 1,69 km\u00b2. Au xixe si\u00e8cle, le d\u00e9veloppement urbain subit un fort accroissement. La ville op\u00e8re alors deux agrandissements successifs en 1893 et 1934 avec la fusion de 19 communes limitrophes pour former la commune de Zurich actuelle qui a une surface cinquante fois plus grande.<\/p>\n<p>Lors de la premi\u00e8re fusion, en 1893, onze communes int\u00e8grent Zurich et le territoire est alors divis\u00e9 en cinq arrondissements not\u00e9s en chiffres romains (Kreis I \u00e0 V).<\/p>\n<p>\u00c0 partir de 1913, avec la r\u00e9vision des arrondissements, le nombre d&#8217;arrondissements passe \u00e0 huit avec le partage en trois de l&#8217;arrondissement III et en deux de l&#8217;arrondissement V. Par ailleurs, la num\u00e9rotation en chiffres arabes est adopt\u00e9e (Kreis 1 \u00e0 8).<\/p>\n<p>En 1934 lors du deuxi\u00e8me agrandissement au nord et dans la vall\u00e9e de la Limmat, huit autres communes int\u00e8grent Zurich. Le d\u00e9coupage de certains arrondissements est revu et leur nombre passe \u00e0 douze (Kreis 1 \u00e0 12).<\/p>\n<figure id=\"attachment_7539\" aria-describedby=\"caption-attachment-7539\" style=\"width: 360px\" class=\"wp-caption alignright\"><a href=\"https:\/\/gifex.com\/fr\/wp-content\/uploads\/7536\/Grimmenturm-et-Theatre-a-droite-Neumarkt-a-Zurich.jpg\" target=\"_blank\" rel=\"noopener\"><img decoding=\"async\" class=\"wp-image-7539\" style=\"width: 100%; max-width: 360px; height: auto;\" title=\"Grimmenturm et le Th\u00e9\u00e2tre \u00e0 droite, Neumarkt\" src=\"https:\/\/gifex.com\/fr\/wp-content\/uploads\/7536\/Grimmenturm-et-Theatre-a-droite-Neumarkt-a-Zurich-225x300.jpg\" alt=\"Grimmenturm et le Th\u00e9\u00e2tre \u00e0 droite, Neumarkt\" width=\"360\" height=\"480\" srcset=\"https:\/\/gifex.com\/fr\/wp-content\/uploads\/7536\/Grimmenturm-et-Theatre-a-droite-Neumarkt-a-Zurich-225x300.jpg 225w, https:\/\/gifex.com\/fr\/wp-content\/uploads\/7536\/Grimmenturm-et-Theatre-a-droite-Neumarkt-a-Zurich-768x1024.jpg 768w, https:\/\/gifex.com\/fr\/wp-content\/uploads\/7536\/Grimmenturm-et-Theatre-a-droite-Neumarkt-a-Zurich-1152x1536.jpg 1152w, https:\/\/gifex.com\/fr\/wp-content\/uploads\/7536\/Grimmenturm-et-Theatre-a-droite-Neumarkt-a-Zurich-1536x2048.jpg 1536w, https:\/\/gifex.com\/fr\/wp-content\/uploads\/7536\/Grimmenturm-et-Theatre-a-droite-Neumarkt-a-Zurich-300x400.jpg 300w, https:\/\/gifex.com\/fr\/wp-content\/uploads\/7536\/Grimmenturm-et-Theatre-a-droite-Neumarkt-a-Zurich-1200x1600.jpg 1200w, https:\/\/gifex.com\/fr\/wp-content\/uploads\/7536\/Grimmenturm-et-Theatre-a-droite-Neumarkt-a-Zurich.jpg 1920w\" sizes=\"(max-width: 360px) 100vw, 360px\" \/><\/a><figcaption id=\"caption-attachment-7539\" class=\"wp-caption-text\"><label style=\"font-size: 15px;\">Grimmenturm et le Th\u00e9\u00e2tre \u00e0 droite, Neumarkt<\/label><\/figcaption><\/figure>\n<p>Le <strong>Kreis 1<\/strong> ou Altstadt (ancien kreis I) correspond au territoire de la commune de Zurich jusqu&#8217;en 1893. C&#8217;est l&#8217;actuelle vieille-ville.<br \/>\nLes parties historiques sont die Kleine oder Mindere Stadt sur la rive gauche et die Grosse oder Mehrere Stadt sur la rive droite de la Limmat. Cette partie de la rive droite est actuellement nomm\u00e9e D\u00f6rfli ou Niederdorf.<br \/>\nLes quartiers administratifs actuels Rathaus et Hochschulen sont situ\u00e9s sur la rive droite et ceux de Lindenhof et de City sur la rive gauche. C&#8217;est un des deux quartiers les plus vivants la journ\u00e9e, o\u00f9 se concentrent des centaines de boutiques et o\u00f9 de nombreux festivals ont lieu.<\/p>\n<p>Le <strong>Kreis 2<\/strong> est situ\u00e9 sur la rive ouest du lac de Zurich, et est parcouru par la rivi\u00e8re Sihl. Il est compos\u00e9 des anciennes communes de Enge et de Wollishofen qui ont int\u00e9gr\u00e9 le kreis II de la ville en 1893. Le quartier de Leimbach appartenait \u00e0 la commune de Enge. C&#8217;est un quartier plut\u00f4t ais\u00e9 o\u00f9 plusieurs palaces ont leur place.<\/p>\n<p>Le <strong>Kreis 3<\/strong> ou Wiedikon est situ\u00e9 sur la rive ouest du lac de Zurich, entre la Sihl et l&#8217;Uetliberg. C&#8217;est l&#8217;ancienne commune de Wiedikon qui a int\u00e9gr\u00e9 le kreis III en 1893.<\/p>\n<p>Le <strong>Kreis 4<\/strong> ou Aussersihl, n\u00e9 du partage en 1913 du kreis III, est la plaine entre la Sihl, les voies de chemin de fer et Wiedikon. Il est compos\u00e9 d&#8217;une partie de l&#8217;ancienne commune de Aussersihl (l&#8217;autre partie formant le kreis 5) qui a int\u00e9gr\u00e9 le kreis III en 1893.<\/p>\n<figure id=\"attachment_7540\" aria-describedby=\"caption-attachment-7540\" style=\"width: 360px\" class=\"wp-caption alignright\"><a href=\"https:\/\/gifex.com\/fr\/wp-content\/uploads\/7536\/Maison-de-guilde-Haue-a-Limmatquai-Rathaus-a-gauche-2008.jpg\" target=\"_blank\" rel=\"noopener\"><img decoding=\"async\" class=\"wp-image-7540\" style=\"width: 100%; max-width: 360px; height: auto;\" title=\"Maison de guilde \u00abHaue\u00bb \u00e0 Limmatquai\" src=\"https:\/\/gifex.com\/fr\/wp-content\/uploads\/7536\/Maison-de-guilde-Haue-a-Limmatquai-Rathaus-a-gauche-2008-225x300.jpg\" alt=\"Maison de guilde \u00abHaue\u00bb \u00e0 Limmatquai, Rathaus \u00e0 gauche\" width=\"360\" height=\"480\" srcset=\"https:\/\/gifex.com\/fr\/wp-content\/uploads\/7536\/Maison-de-guilde-Haue-a-Limmatquai-Rathaus-a-gauche-2008-225x300.jpg 225w, https:\/\/gifex.com\/fr\/wp-content\/uploads\/7536\/Maison-de-guilde-Haue-a-Limmatquai-Rathaus-a-gauche-2008-768x1025.jpg 768w, https:\/\/gifex.com\/fr\/wp-content\/uploads\/7536\/Maison-de-guilde-Haue-a-Limmatquai-Rathaus-a-gauche-2008-1151x1536.jpg 1151w, https:\/\/gifex.com\/fr\/wp-content\/uploads\/7536\/Maison-de-guilde-Haue-a-Limmatquai-Rathaus-a-gauche-2008-1535x2048.jpg 1535w, https:\/\/gifex.com\/fr\/wp-content\/uploads\/7536\/Maison-de-guilde-Haue-a-Limmatquai-Rathaus-a-gauche-2008-300x400.jpg 300w, https:\/\/gifex.com\/fr\/wp-content\/uploads\/7536\/Maison-de-guilde-Haue-a-Limmatquai-Rathaus-a-gauche-2008-1199x1600.jpg 1199w, https:\/\/gifex.com\/fr\/wp-content\/uploads\/7536\/Maison-de-guilde-Haue-a-Limmatquai-Rathaus-a-gauche-2008.jpg 1919w\" sizes=\"(max-width: 360px) 100vw, 360px\" \/><\/a><figcaption id=\"caption-attachment-7540\" class=\"wp-caption-text\"><label style=\"font-size: 15px;\">Maison de guilde \u00abHaue\u00bb \u00e0 Limmatquai, Rathaus \u00e0 gauche.<\/label><\/figcaption><\/figure>\n<p>Le <strong>Kreis 5<\/strong> ou Industriequartier, n\u00e9 du partage en 1913 du kreis III, est la plaine entre la Limmat, la Sihl et les voies de chemin de fer. Il est compos\u00e9 d&#8217;une partie de l&#8217;ancienne commune de Aussersihl (l&#8217;autre partie formant le kreis 4) qui a int\u00e9gr\u00e9 le kreis III en 1893. C&#8217;est un ancien quartier industriel qui est devenu le quartier branch\u00e9 de la ville, o\u00f9 sont pr\u00e9sentes de nombreuses bo\u00eetes de nuit. Une partie devient un quartier d&#8217;affaires, avec notamment la Prime Tower.<\/p>\n<p>Le <strong>Kreis 6<\/strong>, sur le flanc du Z\u00fcrichberg, est compos\u00e9 des anciennes communes de Oberstrass et Unterstrass qui ont int\u00e9gr\u00e9 le kreis IV en 1893.<\/p>\n<p>Le <strong>Kreis 7<\/strong>, sur le flanc des Z\u00fcrichberg et Adlisberg, est compos\u00e9 des anciennes communes de Fluntern, Hottingen et Hirslanden qui ont int\u00e9gr\u00e9 le kreis V en 1893, ainsi que celle de Witikon qui a int\u00e9gr\u00e9 le kreis 7 en 1934.<\/p>\n<p>Le <strong>Kreis 8<\/strong> ou Riesbach, n\u00e9 du partage en 1913 du kreis V, est situ\u00e9 sur la rive est du lac de Zurich. C&#8217;est l&#8217;ancienne commune de Riesbach qui a int\u00e9gr\u00e9 le kreis V en 1893.<\/p>\n<p>Le <strong>Kreis 9<\/strong> entre la rive gauche de la Limmat et l&#8217;Uetliberg, est compos\u00e9 des anciennes communes de Altstetten et de Albisrieden qui ont int\u00e9gr\u00e9 la ville en 1934.<\/p>\n<figure id=\"attachment_7545\" aria-describedby=\"caption-attachment-7545\" style=\"width: 360px\" class=\"wp-caption alignright\"><a href=\"https:\/\/gifex.com\/fr\/wp-content\/uploads\/7536\/Alt-Wiedikon-vu-depuis-Uetliberg-Aussichtsturm.jpg\" target=\"_blank\" rel=\"noopener\"><img loading=\"lazy\" decoding=\"async\" class=\"wp-image-7545\" style=\"width: 100%; max-width: 360px; height: auto;\" title=\"Alt-Wiedikon, vu depuis Uetliberg Aussichtsturm\" src=\"https:\/\/gifex.com\/fr\/wp-content\/uploads\/7536\/Alt-Wiedikon-vu-depuis-Uetliberg-Aussichtsturm-300x200.jpg\" alt=\"Alt-Wiedikon, vu depuis Uetliberg Aussichtsturm\" width=\"360\" height=\"240\" srcset=\"https:\/\/gifex.com\/fr\/wp-content\/uploads\/7536\/Alt-Wiedikon-vu-depuis-Uetliberg-Aussichtsturm-300x200.jpg 300w, https:\/\/gifex.com\/fr\/wp-content\/uploads\/7536\/Alt-Wiedikon-vu-depuis-Uetliberg-Aussichtsturm-1024x683.jpg 1024w, https:\/\/gifex.com\/fr\/wp-content\/uploads\/7536\/Alt-Wiedikon-vu-depuis-Uetliberg-Aussichtsturm-768x512.jpg 768w, https:\/\/gifex.com\/fr\/wp-content\/uploads\/7536\/Alt-Wiedikon-vu-depuis-Uetliberg-Aussichtsturm-1536x1024.jpg 1536w, https:\/\/gifex.com\/fr\/wp-content\/uploads\/7536\/Alt-Wiedikon-vu-depuis-Uetliberg-Aussichtsturm-2048x1366.jpg 2048w, https:\/\/gifex.com\/fr\/wp-content\/uploads\/7536\/Alt-Wiedikon-vu-depuis-Uetliberg-Aussichtsturm-1600x1067.jpg 1600w\" sizes=\"(max-width: 360px) 100vw, 360px\" \/><\/a><figcaption id=\"caption-attachment-7545\" class=\"wp-caption-text\"><label style=\"font-size: 15px;\">Alt-Wiedikon, vu depuis Uetliberg Aussichtsturm, rivi\u00e8re Sihl en arri\u00e8re-plan.<\/label><\/figcaption><\/figure>\n<p>Le <strong>Kreis 10<\/strong> entre la rive droite de la Limmat et le flanc sud des H\u00f6nggerberg et K\u00e4ferberg est compos\u00e9 de l&#8217;ancienne commune de Wipkingen qui a int\u00e9gr\u00e9 le kreis IV en 1893 ainsi que celle de H\u00f6ngg qui a form\u00e9 le kreis 10 en 1934.<\/p>\n<p>Le <strong>Kreis 11<\/strong> sur la plaine au nord des H\u00f6nggerberg et K\u00e4ferberg entre la vall\u00e9e de Glatt et le Katzensee, est compos\u00e9 des anciennes communes d&#8217;Affoltern, d&#8217;Oerlikon et de Seebach qui ont int\u00e9gr\u00e9 la ville en 1934.<\/p>\n<p>Le <strong>Kreis 12<\/strong> ou Schwamendingen, dans la vall\u00e9e de Glatt au nord du Z\u00fcrichberg, est compos\u00e9 de l&#8217;ancienne commune de Schwamendingen qui a int\u00e9gr\u00e9 la ville en 1934.<\/p>\n","protected":false},"excerpt":{"rendered":"<p>Carte des quartiers de Zurich. La ville de Zurich est l&#8217;unique commune du district de Zurich.<\/p>\n","protected":false},"author":1,"featured_media":7537,"template":"","categoria_ficha":[1742],"class_list":["post-7536","ficha","type-ficha","status-publish","has-post-thumbnail","hentry","categoria_ficha-cartes-de-zurich"],"acf":[],"_links":{"self":[{"href":"https:\/\/gifex.com\/fr\/wp-json\/wp\/v2\/ficha\/7536","targetHints":{"allow":["GET"]}}],"collection":[{"href":"https:\/\/gifex.com\/fr\/wp-json\/wp\/v2\/ficha"}],"about":[{"href":"https:\/\/gifex.com\/fr\/wp-json\/wp\/v2\/types\/ficha"}],"author":[{"embeddable":true,"href":"https:\/\/gifex.com\/fr\/wp-json\/wp\/v2\/users\/1"}],"version-history":[{"count":8,"href":"https:\/\/gifex.com\/fr\/wp-json\/wp\/v2\/ficha\/7536\/revisions"}],"predecessor-version":[{"id":26766,"href":"https:\/\/gifex.com\/fr\/wp-json\/wp\/v2\/ficha\/7536\/revisions\/26766"}],"wp:featuredmedia":[{"embeddable":true,"href":"https:\/\/gifex.com\/fr\/wp-json\/wp\/v2\/media\/7537"}],"wp:attachment":[{"href":"https:\/\/gifex.com\/fr\/wp-json\/wp\/v2\/media?parent=7536"}],"wp:term":[{"taxonomy":"categoria_ficha","embeddable":true,"href":"https:\/\/gifex.com\/fr\/wp-json\/wp\/v2\/categoria_ficha?post=7536"}],"curies":[{"name":"wp","href":"https:\/\/api.w.org\/{rel}","templated":true}]}}