{"id":7477,"date":"2022-03-06T22:52:59","date_gmt":"2022-03-06T22:52:59","guid":{"rendered":"https:\/\/gifex.com\/fr\/?post_type=ficha&#038;p=7477"},"modified":"2023-09-26T14:01:47","modified_gmt":"2023-09-26T14:01:47","slug":"vue-aerienne-de-l-aeroport-de-zurich","status":"publish","type":"ficha","link":"https:\/\/gifex.com\/fr\/fichier\/vue-aerienne-de-l-aeroport-de-zurich\/","title":{"rendered":"Vue a\u00e9rienne de l&#8217;a\u00e9roport de Zurich"},"content":{"rendered":"<p style=\"text-align: center;\"><label style=\"font-size: 15px;\">Vue a\u00e9rienne de l&#8217;a\u00e9roport de Zurich prise d&#8217;un avion au-dessus d&#8217;Unter-Affoltern ; face au nord-est, 19 avril 2019<\/label><\/p>\n<figure id=\"attachment_7482\" aria-describedby=\"caption-attachment-7482\" style=\"width: 360px\" class=\"wp-caption alignright\"><a href=\"https:\/\/gifex.com\/fr\/wp-content\/uploads\/7477\/Terminal-A-de-l-aeroport-de-Zurich.jpg\" target=\"_blank\" rel=\"noopener\"><img fetchpriority=\"high\" decoding=\"async\" class=\"wp-image-7482\" style=\"width: 100%; max-width: 360px; height: auto;\" title=\"Terminal A de l'a\u00e9roport de Zurich\" src=\"https:\/\/gifex.com\/fr\/wp-content\/uploads\/7477\/Terminal-A-de-l-aeroport-de-Zurich-300x214.jpg\" alt=\"Terminal A de l'a\u00e9roport de Zurich pour les destinations domestiques et de l'espace Schengen\" width=\"360\" height=\"257\" srcset=\"https:\/\/gifex.com\/fr\/wp-content\/uploads\/7477\/Terminal-A-de-l-aeroport-de-Zurich-300x214.jpg 300w, https:\/\/gifex.com\/fr\/wp-content\/uploads\/7477\/Terminal-A-de-l-aeroport-de-Zurich-1024x731.jpg 1024w, https:\/\/gifex.com\/fr\/wp-content\/uploads\/7477\/Terminal-A-de-l-aeroport-de-Zurich-768x548.jpg 768w, https:\/\/gifex.com\/fr\/wp-content\/uploads\/7477\/Terminal-A-de-l-aeroport-de-Zurich-1536x1097.jpg 1536w, https:\/\/gifex.com\/fr\/wp-content\/uploads\/7477\/Terminal-A-de-l-aeroport-de-Zurich-2048x1462.jpg 2048w, https:\/\/gifex.com\/fr\/wp-content\/uploads\/7477\/Terminal-A-de-l-aeroport-de-Zurich-1600x1143.jpg 1600w\" sizes=\"(max-width: 360px) 100vw, 360px\" \/><\/a><figcaption id=\"caption-attachment-7482\" class=\"wp-caption-text\"><label style=\"font-size: 15px;\">Terminal A de l&#8217;a\u00e9roport de Zurich pour les destinations domestiques et de l&#8217;espace Schengen<\/label><\/figcaption><\/figure>\n<p>L&#8217;a\u00e9roport de Zurich (code AITA : ZRH code OACI : LSZH) est le plus grand a\u00e9roport international de Suisse et la principale plaque tournante de Swiss International Air Lines. Il dessert Z\u00fcrich, la plus grande ville de Suisse, et, gr\u00e2ce \u00e0 ses liaisons de transport de surface, une grande partie du reste du pays. L&#8217;a\u00e9roport est situ\u00e9 \u00e0 13 kilom\u00e8tres au nord du centre de Zurich, dans les communes de Kloten, R\u00fcmlang, Oberglatt, Winkel et Opfikon, toutes situ\u00e9es dans le canton de Zurich.<\/p>\n<p>En 2018, l&#8217;a\u00e9roport a re\u00e7u le World Travel Award pour la 16e fois cons\u00e9cutive dans la cat\u00e9gorie \u00abPremier a\u00e9roport d&#8217;Europe\u00bb. Le prix Skytrax classe \u00e9galement l&#8217;a\u00e9roport de Zurich parmi les 10 meilleurs a\u00e9roports au monde par des millions de voyageurs chaque ann\u00e9e, et en 2017, il \u00e9tait premier dans la cat\u00e9gorie \u00ab20-30 millions de passagers\u00bb.<\/p>\n","protected":false},"excerpt":{"rendered":"<p>Vue a\u00e9rienne de l&#8217;a\u00e9roport de Zurich prise d&#8217;un avion au-dessus d&#8217;Unter-Affoltern ; face au nord-est, 19 avril 2019. L&#8217;a\u00e9roport de Zurich (code AITA : ZRH co&#8230;<\/p>\n","protected":false},"author":1,"featured_media":7478,"template":"","categoria_ficha":[1742],"class_list":["post-7477","ficha","type-ficha","status-publish","has-post-thumbnail","hentry","categoria_ficha-cartes-de-zurich"],"acf":[],"_links":{"self":[{"href":"https:\/\/gifex.com\/fr\/wp-json\/wp\/v2\/ficha\/7477","targetHints":{"allow":["GET"]}}],"collection":[{"href":"https:\/\/gifex.com\/fr\/wp-json\/wp\/v2\/ficha"}],"about":[{"href":"https:\/\/gifex.com\/fr\/wp-json\/wp\/v2\/types\/ficha"}],"author":[{"embeddable":true,"href":"https:\/\/gifex.com\/fr\/wp-json\/wp\/v2\/users\/1"}],"version-history":[{"count":9,"href":"https:\/\/gifex.com\/fr\/wp-json\/wp\/v2\/ficha\/7477\/revisions"}],"predecessor-version":[{"id":44164,"href":"https:\/\/gifex.com\/fr\/wp-json\/wp\/v2\/ficha\/7477\/revisions\/44164"}],"wp:featuredmedia":[{"embeddable":true,"href":"https:\/\/gifex.com\/fr\/wp-json\/wp\/v2\/media\/7478"}],"wp:attachment":[{"href":"https:\/\/gifex.com\/fr\/wp-json\/wp\/v2\/media?parent=7477"}],"wp:term":[{"taxonomy":"categoria_ficha","embeddable":true,"href":"https:\/\/gifex.com\/fr\/wp-json\/wp\/v2\/categoria_ficha?post=7477"}],"curies":[{"name":"wp","href":"https:\/\/api.w.org\/{rel}","templated":true}]}}