{"id":7448,"date":"2022-03-06T16:31:59","date_gmt":"2022-03-06T16:31:59","guid":{"rendered":"https:\/\/gifex.com\/fr\/?post_type=ficha&#038;p=7448"},"modified":"2022-08-12T18:52:10","modified_gmt":"2022-08-12T18:52:10","slug":"images-satellites-de-la-ville-de-quebec","status":"publish","type":"ficha","link":"https:\/\/gifex.com\/fr\/fichier\/images-satellites-de-la-ville-de-quebec\/","title":{"rendered":"Images satellites de la ville de Qu\u00e9bec"},"content":{"rendered":"<p style=\"text-align: center;\"><label style=\"font-size: 15px;\">Image satellite de la ville de Qu\u00e9bec<\/label><\/p>\n<p>C&#8217;est l&#8217;une des plus anciennes villes habit\u00e9es en continu des Am\u00e9riques, et celle qui se sent encore la plus proche de ses racines. Certaines personnes l&#8217;appellent la \u00ab\u00a0ville la plus europ\u00e9enne d&#8217;Am\u00e9rique du Nord\u00a0\u00bb.<\/p>\n<figure id=\"attachment_7458\" aria-describedby=\"caption-attachment-7458\" style=\"width: 360px\" class=\"wp-caption alignright\"><a href=\"https:\/\/gifex.com\/fr\/wp-content\/uploads\/7448\/Image-satellite-de-la-ville-de-Quebec-le-31-janvier-2018.jpg\" target=\"_blank\" rel=\"noopener\"><img fetchpriority=\"high\" decoding=\"async\" class=\"wp-image-7458\" style=\"width: 100%; max-width: 360px; height: auto;\" title=\"Image satellite de la ville de Qu\u00e9bec le 31 janvier 2018\" src=\"https:\/\/gifex.com\/fr\/wp-content\/uploads\/7448\/Image-satellite-de-la-ville-de-Quebec-le-31-janvier-2018-300x270.jpg\" alt=\"Image satellite de la ville de Qu\u00e9bec le 31 janvier 2018\" width=\"360\" height=\"325\" srcset=\"https:\/\/gifex.com\/fr\/wp-content\/uploads\/7448\/Image-satellite-de-la-ville-de-Quebec-le-31-janvier-2018-300x270.jpg 300w, https:\/\/gifex.com\/fr\/wp-content\/uploads\/7448\/Image-satellite-de-la-ville-de-Quebec-le-31-janvier-2018-1024x923.jpg 1024w, https:\/\/gifex.com\/fr\/wp-content\/uploads\/7448\/Image-satellite-de-la-ville-de-Quebec-le-31-janvier-2018-768x692.jpg 768w, https:\/\/gifex.com\/fr\/wp-content\/uploads\/7448\/Image-satellite-de-la-ville-de-Quebec-le-31-janvier-2018-1536x1385.jpg 1536w, https:\/\/gifex.com\/fr\/wp-content\/uploads\/7448\/Image-satellite-de-la-ville-de-Quebec-le-31-janvier-2018-2048x1846.jpg 2048w, https:\/\/gifex.com\/fr\/wp-content\/uploads\/7448\/Image-satellite-de-la-ville-de-Quebec-le-31-janvier-2018-1600x1443.jpg 1600w\" sizes=\"(max-width: 360px) 100vw, 360px\" \/><\/a><figcaption id=\"caption-attachment-7458\" class=\"wp-caption-text\"><label style=\"font-size: 15px;\">Image satellite de la ville de Qu\u00e9bec le 31 janvier 2018<\/label><\/figcaption><\/figure>\n<p>Qu\u00e9bec tire son nom du mot algonquin kebek : \u00ab l\u00e0 o\u00f9 le fleuve se r\u00e9tr\u00e9cit \u00bb. Le fleuve Saint-Laurent est pinc\u00e9 ici par le promontoire du Cap-Diamant et par la ville de L\u00e9vis, puis coup\u00e9 en deux par l&#8217;\u00eele d&#8217;Orl\u00e9ans. L&#8217;explorateur fran\u00e7ais Jacques Cartier a tent\u00e9 les premi\u00e8res colonies europ\u00e9ennes dans cette r\u00e9gion en 1535 et \u00e0 nouveau en 1541. Samuel de Champlain a finalement plant\u00e9 la graine qui a pris racine en 1608.<\/p>\n<p>Le Vieux-Qu\u00e9bec est riche de b\u00e2timents vieux de 400 ans, de rues pav\u00e9es \u00e9troites et d&#8217;un m\u00e9lange d&#8217;histoire et de culture fran\u00e7aises et anglaises anciennes. Il abrite les seuls murs de ville fortifi\u00e9s des Am\u00e9riques en dehors du Mexique, et une citadelle de l&#8217;\u00e9poque coloniale est toujours occup\u00e9e par des soldats canadiens sur les hauteurs. The iconic\u00a0Chateau Frontenac stands at the top of the city as perhaps the most photographed hotel in the world. UNESCO has declared Old Qu\u00e9bec to be a World Heritage Site.<\/p>\n<figure id=\"attachment_7460\" aria-describedby=\"caption-attachment-7460\" style=\"width: 360px\" class=\"wp-caption alignright\"><a href=\"https:\/\/gifex.com\/fr\/wp-content\/uploads\/7448\/Image-satellite-de-la-ville-de-Quebec-le-6-septembre-2016.jpg\" target=\"_blank\" rel=\"noopener\"><img decoding=\"async\" class=\"wp-image-7460\" style=\"width: 100%; max-width: 360px; height: auto;\" title=\"Image satellite de la ville de Qu\u00e9bec le 6 septembre 2016\" src=\"https:\/\/gifex.com\/fr\/wp-content\/uploads\/7448\/Image-satellite-de-la-ville-de-Quebec-le-6-septembre-2016-300x194.jpg\" alt=\"Image satellite de la ville de Qu\u00e9bec le 6 septembre 2016\" width=\"360\" height=\"233\" srcset=\"https:\/\/gifex.com\/fr\/wp-content\/uploads\/7448\/Image-satellite-de-la-ville-de-Quebec-le-6-septembre-2016-300x194.jpg 300w, https:\/\/gifex.com\/fr\/wp-content\/uploads\/7448\/Image-satellite-de-la-ville-de-Quebec-le-6-septembre-2016-1024x664.jpg 1024w, https:\/\/gifex.com\/fr\/wp-content\/uploads\/7448\/Image-satellite-de-la-ville-de-Quebec-le-6-septembre-2016-768x498.jpg 768w, https:\/\/gifex.com\/fr\/wp-content\/uploads\/7448\/Image-satellite-de-la-ville-de-Quebec-le-6-septembre-2016-1536x995.jpg 1536w, https:\/\/gifex.com\/fr\/wp-content\/uploads\/7448\/Image-satellite-de-la-ville-de-Quebec-le-6-septembre-2016-2048x1327.jpg 2048w, https:\/\/gifex.com\/fr\/wp-content\/uploads\/7448\/Image-satellite-de-la-ville-de-Quebec-le-6-septembre-2016-1600x1037.jpg 1600w\" sizes=\"(max-width: 360px) 100vw, 360px\" \/><\/a><figcaption id=\"caption-attachment-7460\" class=\"wp-caption-text\"><label style=\"font-size: 15px;\">Image satellite de la ville de Qu\u00e9bec le 6 septembre 2016<\/label><\/figcaption><\/figure>\n<p>L&#8217;Operational Land Imager (OLI) de Landsat 8 a acquis ces images en couleurs naturelles de la ville de Qu\u00e9bec le 31 janvier 2018 (en haut) et le 6 septembre 2016 (en bas). En 2016, environ 530 000 personnes vivaient dans cette capitale de la province de Qu\u00e9bec.<\/p>\n<p>Au nord-est de la ville, la rivi\u00e8re Montmorency descend d&#8217;une falaise de 84 m\u00e8tres pour atteindre le fleuve Saint-Laurent. Chute-Montmorency, qui s&#8217;\u00e9l\u00e8ve \u00e0 30 m\u00e8tres plus haut que les chutes du Niagara, attire chaque ann\u00e9e des milliers de visiteurs sur ses sentiers de randonn\u00e9e, sa tyrolienne, son t\u00e9l\u00e9ph\u00e9rique et son pont suspendu. En hiver, les embruns des chutes g\u00e8lent et s&#8217;accumulent en un grand c\u00f4ne de glace connu sous le nom de \u00abpain de sucre\u00bb.<\/p>\n<figure id=\"attachment_7462\" aria-describedby=\"caption-attachment-7462\" style=\"width: 360px\" class=\"wp-caption alignright\"><a href=\"https:\/\/gifex.com\/fr\/wp-content\/uploads\/7448\/Image-satellite-de-la-ville-de-Quebec-et-des-environs-le-6-septembre-2016.jpg\" target=\"_blank\" rel=\"noopener\"><img decoding=\"async\" class=\"wp-image-7462\" style=\"width: 100%; max-width: 360px; height: auto;\" title=\"Image satellite de la ville de Qu\u00e9bec et des environs le 6 septembre 2016\" src=\"https:\/\/gifex.com\/fr\/wp-content\/uploads\/7448\/Image-satellite-de-la-ville-de-Quebec-et-des-environs-le-6-septembre-2016-300x223.jpg\" alt=\"Image satellite de la ville de Qu\u00e9bec et des environs le 6 septembre 2016\" width=\"360\" height=\"268\" srcset=\"https:\/\/gifex.com\/fr\/wp-content\/uploads\/7448\/Image-satellite-de-la-ville-de-Quebec-et-des-environs-le-6-septembre-2016-300x223.jpg 300w, https:\/\/gifex.com\/fr\/wp-content\/uploads\/7448\/Image-satellite-de-la-ville-de-Quebec-et-des-environs-le-6-septembre-2016-1024x762.jpg 1024w, https:\/\/gifex.com\/fr\/wp-content\/uploads\/7448\/Image-satellite-de-la-ville-de-Quebec-et-des-environs-le-6-septembre-2016-768x571.jpg 768w, https:\/\/gifex.com\/fr\/wp-content\/uploads\/7448\/Image-satellite-de-la-ville-de-Quebec-et-des-environs-le-6-septembre-2016-1536x1142.jpg 1536w, https:\/\/gifex.com\/fr\/wp-content\/uploads\/7448\/Image-satellite-de-la-ville-de-Quebec-et-des-environs-le-6-septembre-2016-2048x1523.jpg 2048w, https:\/\/gifex.com\/fr\/wp-content\/uploads\/7448\/Image-satellite-de-la-ville-de-Quebec-et-des-environs-le-6-septembre-2016-1600x1190.jpg 1600w\" sizes=\"(max-width: 360px) 100vw, 360px\" \/><\/a><figcaption id=\"caption-attachment-7462\" class=\"wp-caption-text\"><label style=\"font-size: 15px;\">Image satellite de la ville de Qu\u00e9bec et des environs le 6 septembre 2016<\/label><\/figcaption><\/figure>\n<p>Plus loin en aval, le petit village de Sainte-Anne-de-Beaupr\u00e9 abrite une grande basilique catholique de style n\u00e9o-roman qui attire pr\u00e8s de 500 000 p\u00e8lerins chaque ann\u00e9e. Au nord, le parc national de la Jacques-Cartier attire les visiteurs en \u00e9t\u00e9 avec des pistes cyclables et de randonn\u00e9e, du kayak, du cano\u00eb, du tubing et de la p\u00eache, tandis que les voyageurs d&#8217;hiver profitent de la raquette et du ski \u00e0 quelques minutes en voiture de la ville.<\/p>\n<p>Images satellitaires courtoisie de l&#8217;Observatoire de la Terre de la NASA par Joshua Stevens et Mike Taylor, utilisant les donn\u00e9es Landsat de l&#8217;U.S. Geological Survey.<\/p>\n","protected":false},"excerpt":{"rendered":"<p>C&#8217;est l&#8217;une des plus anciennes villes habit\u00e9es en continu des Am\u00e9riques, et celle qui se sent encore la plus proche de ses racines. Certaines personnes l&#8217;appellent la \u00ab\u00a0ville la plus<\/p>\n","protected":false},"author":1,"featured_media":7450,"template":"","categoria_ficha":[1722],"class_list":["post-7448","ficha","type-ficha","status-publish","has-post-thumbnail","hentry","categoria_ficha-cartes-de-la-ville-de-quebec"],"acf":[],"_links":{"self":[{"href":"https:\/\/gifex.com\/fr\/wp-json\/wp\/v2\/ficha\/7448","targetHints":{"allow":["GET"]}}],"collection":[{"href":"https:\/\/gifex.com\/fr\/wp-json\/wp\/v2\/ficha"}],"about":[{"href":"https:\/\/gifex.com\/fr\/wp-json\/wp\/v2\/types\/ficha"}],"author":[{"embeddable":true,"href":"https:\/\/gifex.com\/fr\/wp-json\/wp\/v2\/users\/1"}],"version-history":[{"count":11,"href":"https:\/\/gifex.com\/fr\/wp-json\/wp\/v2\/ficha\/7448\/revisions"}],"predecessor-version":[{"id":20645,"href":"https:\/\/gifex.com\/fr\/wp-json\/wp\/v2\/ficha\/7448\/revisions\/20645"}],"wp:featuredmedia":[{"embeddable":true,"href":"https:\/\/gifex.com\/fr\/wp-json\/wp\/v2\/media\/7450"}],"wp:attachment":[{"href":"https:\/\/gifex.com\/fr\/wp-json\/wp\/v2\/media?parent=7448"}],"wp:term":[{"taxonomy":"categoria_ficha","embeddable":true,"href":"https:\/\/gifex.com\/fr\/wp-json\/wp\/v2\/categoria_ficha?post=7448"}],"curies":[{"name":"wp","href":"https:\/\/api.w.org\/{rel}","templated":true}]}}