{"id":7442,"date":"2022-03-06T15:58:20","date_gmt":"2022-03-06T15:58:20","guid":{"rendered":"https:\/\/gifex.com\/fr\/?post_type=ficha&#038;p=7442"},"modified":"2023-03-24T14:12:44","modified_gmt":"2023-03-24T14:12:44","slug":"arrondissements-et-quartiers-de-quebec","status":"publish","type":"ficha","link":"https:\/\/gifex.com\/fr\/fichier\/arrondissements-et-quartiers-de-quebec\/","title":{"rendered":"Arrondissements et quartiers de Qu\u00e9bec"},"content":{"rendered":"<p style=\"text-align: center;\"><label style=\"font-size: 15px;\">Carte des arrondissements et quartiers de Qu\u00e9bec<\/label><\/p>\n<p>Le 1er janvier 2002, les 12 anciennes villes de Sainte-Foy, Beauport, Charlesbourg, Sillery, Loretteville, Val-B\u00e9lair, Cap-Rouge, Saint-\u00c9mile, Vanier, L&#8217;Ancienne-Lorette, Saint-Augustin-de-Desmaures et Lac-Saint-Charles sont annex\u00e9s par la ville de Qu\u00e9bec. Il s&#8217;agit de l&#8217;une des nombreuses fusions municipales qui ont eu lieu \u00e0 travers le Qu\u00e9bec \u00e0 cette date. \u00c0 la suite d&#8217;un r\u00e9f\u00e9rendum sur la d\u00e9fusion, L&#8217;Ancienne-Lorette et Saint-Augustin-de-Desmaures ont \u00e9t\u00e9 reconstitu\u00e9es en municipalit\u00e9s distinctes le 1er janvier 2006, mais les autres anciennes municipalit\u00e9s font toujours partie de la ville de Qu\u00e9bec. Le 1er novembre 2009, la ville de Qu\u00e9bec r\u00e9organise ses arrondissements, r\u00e9duisant leur nombre de 8 \u00e0 6.<\/p>\n<p>Les six arrondissements de Qu\u00e9bec sont divis\u00e9s en 35 quartiers. Dans la plupart des cas, le nom de ce dernier est rest\u00e9 le m\u00eame que celui de la ville historique ou de la municipalit\u00e9 paroissiale qu&#8217;il a remplac\u00e9.<\/p>\n<div class=\"boxscrl\">\n<table width=\"880\">\n<tbody>\n<tr>\n<td style=\"text-align: center;\" colspan=\"4\" width=\"880\">Les arrondissements et quartiers de la ville de Qu\u00e9bec<\/td>\n<\/tr>\n<tr>\n<td width=\"264\">Arrondissement<\/td>\n<td>Quartier<\/td>\n<td>Num\u00e9ro sur la carte ci-dessus<\/td>\n<td width=\"187\">Population (2016)<\/td>\n<\/tr>\n<tr>\n<td width=\"264\"><strong>La Cit\u00e9-Limoilou<\/strong>\u00a0(1er)<\/td>\n<td>Vieux-Qu\u00e9bec\u2013Cap-Blanc\u2013colline Parlementaire<\/td>\n<td>1<\/td>\n<td width=\"187\">5\u00a0770<\/td>\n<\/tr>\n<tr>\n<td width=\"264\">Population totale\u00a0: 107\u00a0885\u00a0habitants<\/td>\n<td>Saint-Roch<\/td>\n<td>2<\/td>\n<td width=\"187\">7\u00a0810<\/td>\n<\/tr>\n<tr>\n<td width=\"264\">Superficie\u00a0: 22,18\u00a0km<sup>2<\/sup><\/td>\n<td>Saint-Jean-Baptiste<\/td>\n<td>3<\/td>\n<td width=\"187\">9\u00a0245<\/td>\n<\/tr>\n<tr>\n<td width=\"264\"><\/td>\n<td>Montcalm<\/td>\n<td>5<\/td>\n<td width=\"187\">13\u00a0640<\/td>\n<\/tr>\n<tr>\n<td width=\"264\"><\/td>\n<td>Saint-Sauveur<\/td>\n<td>4<\/td>\n<td width=\"187\">15\u00a0495<\/td>\n<\/tr>\n<tr>\n<td width=\"264\"><\/td>\n<td>Saint-Sacrement<\/td>\n<td>6<\/td>\n<td width=\"187\">10\u00a0835<\/td>\n<\/tr>\n<tr>\n<td width=\"264\"><\/td>\n<td>Lairet<\/td>\n<td>9<\/td>\n<td width=\"187\">15\u00a0865<\/td>\n<\/tr>\n<tr>\n<td width=\"264\"><\/td>\n<td>Maizerets<\/td>\n<td>8<\/td>\n<td width=\"187\">14\u00a0570<\/td>\n<\/tr>\n<tr>\n<td width=\"264\"><\/td>\n<td>Vieux-Limoilou<\/td>\n<td>7<\/td>\n<td width=\"187\">14\u00a0425<\/td>\n<\/tr>\n<tr>\n<td><strong>Les Rivi\u00e8res<\/strong>\u00a0(2e)<\/td>\n<td>Neufch\u00e2tel-Est\u2013Lebourgneuf<\/td>\n<td>19<\/td>\n<td width=\"187\">35\u00a0215<\/td>\n<\/tr>\n<tr>\n<td width=\"264\">Population totale\u00a0: 73\u00a0075\u00a0habitants<\/td>\n<td>Duberger\u2013Les Saules<\/td>\n<td>18<\/td>\n<td width=\"187\">26\u00a0690<\/td>\n<\/tr>\n<tr>\n<td width=\"264\">Superficie\u00a0: 48,61\u00a0km<sup>2<\/sup><\/td>\n<td>Vanier<\/td>\n<td>17<\/td>\n<td width=\"187\">13\u00a0125<\/td>\n<\/tr>\n<tr>\n<td><strong>Sainte-Foy\u2013Sillery\u2013Cap-Rouge<\/strong>\u00a0(3e)<\/td>\n<td>Sillery<\/td>\n<td>10<\/td>\n<td width=\"187\">13\u00a0570<\/td>\n<\/tr>\n<tr>\n<td width=\"264\">Population totale\u00a0: 103\u00a0345\u00a0habitants<\/td>\n<td>Cit\u00e9-Universitaire<\/td>\n<td>11<\/td>\n<td width=\"187\">16\u00a0625<\/td>\n<\/tr>\n<tr>\n<td width=\"264\">Superficie\u00a0: 95,01\u00a0km<sup>2<\/sup><\/td>\n<td>Saint-Louis<\/td>\n<td>12<\/td>\n<td width=\"187\">14\u00a0305<\/td>\n<\/tr>\n<tr>\n<td width=\"264\"><\/td>\n<td>Plateau<\/td>\n<td>13<\/td>\n<td width=\"187\">13\u00a0980<\/td>\n<\/tr>\n<tr>\n<td width=\"264\"><\/td>\n<td>Pointe-de-Sainte-Foy<\/td>\n<td>14<\/td>\n<td width=\"187\">14\u00a0270<\/td>\n<\/tr>\n<tr>\n<td width=\"264\"><\/td>\n<td>A\u00e9roport<\/td>\n<td>16<\/td>\n<td width=\"187\">13\u00a0325<\/td>\n<\/tr>\n<tr>\n<td width=\"264\"><\/td>\n<td>Cap-Rouge<\/td>\n<td>15<\/td>\n<td width=\"187\">17\u00a0305<\/td>\n<\/tr>\n<tr>\n<td><strong>Charlesbourg<\/strong>\u00a0(4e)<\/td>\n<td>Notre-Dame-des-Laurentides<\/td>\n<td>25<\/td>\n<td width=\"187\">15\u00a0535<\/td>\n<\/tr>\n<tr>\n<td width=\"264\">Population totale\u00a0: 81\u00a0040\u00a0habitants<\/td>\n<td>Orsainville<\/td>\n<td>23<\/td>\n<td width=\"187\">14\u00a0580<\/td>\n<\/tr>\n<tr>\n<td width=\"264\">Superficie\u00a0: 65,75\u00a0km<sup>2<\/sup><\/td>\n<td>Bourg-Royal<\/td>\n<td>24<\/td>\n<td width=\"187\">13\u00a0840<\/td>\n<\/tr>\n<tr>\n<td width=\"264\"><\/td>\n<td>J\u00e9suites<\/td>\n<td>22<\/td>\n<td width=\"187\">15\u00a0130<\/td>\n<\/tr>\n<tr>\n<td width=\"264\"><\/td>\n<td>Trait-Carr\u00e9<\/td>\n<td>21<\/td>\n<td width=\"187\">9\u00a0685<\/td>\n<\/tr>\n<tr>\n<td width=\"264\"><\/td>\n<td>Saint-Rodrigue<\/td>\n<td>20<\/td>\n<td width=\"187\">12\u00a0265<\/td>\n<\/tr>\n<tr>\n<td><strong>Beauport<\/strong>\u00a0(5e)<\/td>\n<td>Vieux-Moulin<\/td>\n<td>26<\/td>\n<td width=\"187\">14\u00a0985<\/td>\n<\/tr>\n<tr>\n<td width=\"264\">Population totale\u00a0: 80\u00a0925\u00a0habitants<\/td>\n<td>Chutes-Montmorency<\/td>\n<td>29<\/td>\n<td width=\"187\">16\u00a0090<\/td>\n<\/tr>\n<tr>\n<td width=\"264\">Superficie\u00a0: 74,34\u00a0km<sup>2<\/sup><\/td>\n<td>Vieux-Bourg<\/td>\n<td>27<\/td>\n<td width=\"187\">15\u00a0460<\/td>\n<\/tr>\n<tr>\n<td width=\"264\"><\/td>\n<td>Saint-Michel<\/td>\n<td>28<\/td>\n<td width=\"187\">17\u00a0885<\/td>\n<\/tr>\n<tr>\n<td width=\"264\"><\/td>\n<td>Laurentides<\/td>\n<td>30<\/td>\n<td width=\"187\">16\u00a0635<\/td>\n<\/tr>\n<tr>\n<td><strong>La Haute-Saint-Charles<\/strong>\u00a0(6e)<\/td>\n<td>Lac-Saint-Charles<\/td>\n<td>35<\/td>\n<td width=\"187\">10\u00a0095<\/td>\n<\/tr>\n<tr>\n<td width=\"264\">Population totale\u00a0: 85\u00a0630\u00a0habitants<\/td>\n<td>Saint-\u00c9mile<\/td>\n<td>34<\/td>\n<td width=\"187\">15\u00a0640<\/td>\n<\/tr>\n<tr>\n<td width=\"264\">Superficie\u00a0: 148,40\u00a0km<sup>2<\/sup><\/td>\n<td>Loretteville<\/td>\n<td>33<\/td>\n<td width=\"187\">15\u00a0655<\/td>\n<\/tr>\n<tr>\n<td width=\"264\"><\/td>\n<td>Ch\u00e2tels<\/td>\n<td>32<\/td>\n<td width=\"187\">13\u00a0690<\/td>\n<\/tr>\n<tr>\n<td width=\"264\"><\/td>\n<td>Val-B\u00e9lair<\/td>\n<td>31<\/td>\n<td width=\"187\">28\u00a0665<\/td>\n<\/tr>\n<\/tbody>\n<\/table>\n<\/div>\n<p>&nbsp;<\/p>\n<div style=\"clear: both; display: inline-block; width: 100%;\">\n<div class=\"row\">\n<div class=\"col-sm\">\n<figure id=\"attachment_27646\" aria-describedby=\"caption-attachment-27646\" style=\"width: 400px\" class=\"wp-caption alignleft\"><a href=\"https:\/\/gifex.com\/fr\/wp-content\/uploads\/7442\/Carte-du-Quartier-Petit-Champlain.jpg\" target=\"_blank\" rel=\"noopener\"><img fetchpriority=\"high\" decoding=\"async\" class=\"wp-image-27646\" title=\"Carte du Quartier Petit Champlain.\" src=\"https:\/\/gifex.com\/fr\/wp-content\/uploads\/7442\/Carte-du-Quartier-Petit-Champlain-250x300.jpg\" alt=\"Carte du Quartier Petit Champlain.\" width=\"400\" height=\"481\" srcset=\"https:\/\/gifex.com\/fr\/wp-content\/uploads\/7442\/Carte-du-Quartier-Petit-Champlain-250x300.jpg 250w, https:\/\/gifex.com\/fr\/wp-content\/uploads\/7442\/Carte-du-Quartier-Petit-Champlain-852x1024.jpg 852w, https:\/\/gifex.com\/fr\/wp-content\/uploads\/7442\/Carte-du-Quartier-Petit-Champlain-768x923.jpg 768w, https:\/\/gifex.com\/fr\/wp-content\/uploads\/7442\/Carte-du-Quartier-Petit-Champlain-1279x1536.jpg 1279w, https:\/\/gifex.com\/fr\/wp-content\/uploads\/7442\/Carte-du-Quartier-Petit-Champlain-300x360.jpg 300w, https:\/\/gifex.com\/fr\/wp-content\/uploads\/7442\/Carte-du-Quartier-Petit-Champlain.jpg 1316w\" sizes=\"(max-width: 400px) 100vw, 400px\" \/><\/a><figcaption id=\"caption-attachment-27646\" class=\"wp-caption-text\"><label style=\"font-size: 15px;\">Carte du Quartier Petit Champlain, un secteur commercial du quartier Vieux-Qu\u00e9bec\u2014Cap-Blanc\u2014colline Parlementaire, qui est situ\u00e9 en basse-ville de Qu\u00e9bec pr\u00e8s de place Royale.<\/label><\/figcaption><\/figure>\n<\/div>\n<div class=\"col-sm\">\n<figure id=\"attachment_27647\" aria-describedby=\"caption-attachment-27647\" style=\"width: 400px\" class=\"wp-caption alignright\"><a href=\"https:\/\/gifex.com\/fr\/wp-content\/uploads\/7442\/Carte-du-Vieux-Quebec.jpg\" target=\"_blank\" rel=\"noopener\"><img decoding=\"async\" class=\"wp-image-27647\" title=\"Carte du Vieux-Qu\u00e9bec.\" src=\"https:\/\/gifex.com\/fr\/wp-content\/uploads\/7442\/Carte-du-Vieux-Quebec-228x300.jpg\" alt=\"Carte du Vieux-Qu\u00e9bec.\" width=\"400\" height=\"527\" srcset=\"https:\/\/gifex.com\/fr\/wp-content\/uploads\/7442\/Carte-du-Vieux-Quebec-228x300.jpg 228w, https:\/\/gifex.com\/fr\/wp-content\/uploads\/7442\/Carte-du-Vieux-Quebec-777x1024.jpg 777w, https:\/\/gifex.com\/fr\/wp-content\/uploads\/7442\/Carte-du-Vieux-Quebec-768x1012.jpg 768w, https:\/\/gifex.com\/fr\/wp-content\/uploads\/7442\/Carte-du-Vieux-Quebec-1166x1536.jpg 1166w, https:\/\/gifex.com\/fr\/wp-content\/uploads\/7442\/Carte-du-Vieux-Quebec-300x395.jpg 300w, https:\/\/gifex.com\/fr\/wp-content\/uploads\/7442\/Carte-du-Vieux-Quebec-1214x1600.jpg 1214w, https:\/\/gifex.com\/fr\/wp-content\/uploads\/7442\/Carte-du-Vieux-Quebec.jpg 1322w\" sizes=\"(max-width: 400px) 100vw, 400px\" \/><\/a><figcaption id=\"caption-attachment-27647\" class=\"wp-caption-text\"><label style=\"font-size: 15px;\">Carte du Vieux-Qu\u00e9bec, c\u0153ur historique de la ville, on y retrouve certains des monuments les plus symboliques et touristiques du Qu\u00e9bec.<\/label><\/figcaption><\/figure>\n<\/div>\n<div class=\"col-sm\">\n<figure id=\"attachment_27648\" aria-describedby=\"caption-attachment-27648\" style=\"width: 400px\" class=\"wp-caption alignleft\"><a href=\"https:\/\/gifex.com\/fr\/wp-content\/uploads\/7442\/Carte-du-Vieux-Port-de-Quebec.jpg\" target=\"_blank\" rel=\"noopener\"><img decoding=\"async\" class=\"wp-image-27648\" title=\"Carte du Vieux-Port de Qu\u00e9bec.\" src=\"https:\/\/gifex.com\/fr\/wp-content\/uploads\/7442\/Carte-du-Vieux-Port-de-Quebec-220x300.jpg\" alt=\"Carte du Vieux-Port de Qu\u00e9bec.\" width=\"400\" height=\"545\" srcset=\"https:\/\/gifex.com\/fr\/wp-content\/uploads\/7442\/Carte-du-Vieux-Port-de-Quebec-220x300.jpg 220w, https:\/\/gifex.com\/fr\/wp-content\/uploads\/7442\/Carte-du-Vieux-Port-de-Quebec-752x1024.jpg 752w, https:\/\/gifex.com\/fr\/wp-content\/uploads\/7442\/Carte-du-Vieux-Port-de-Quebec-768x1046.jpg 768w, https:\/\/gifex.com\/fr\/wp-content\/uploads\/7442\/Carte-du-Vieux-Port-de-Quebec-1128x1536.jpg 1128w, https:\/\/gifex.com\/fr\/wp-content\/uploads\/7442\/Carte-du-Vieux-Port-de-Quebec-300x409.jpg 300w, https:\/\/gifex.com\/fr\/wp-content\/uploads\/7442\/Carte-du-Vieux-Port-de-Quebec-1175x1600.jpg 1175w, https:\/\/gifex.com\/fr\/wp-content\/uploads\/7442\/Carte-du-Vieux-Port-de-Quebec.jpg 1317w\" sizes=\"(max-width: 400px) 100vw, 400px\" \/><\/a><figcaption id=\"caption-attachment-27648\" class=\"wp-caption-text\"><label style=\"font-size: 15px;\">Carte du Vieux-Port de Qu\u00e9bec, le plus vieux port au Canada. Le 2e en importance au Qu\u00e9bec et le dernier port en eau profonde du Saint-Laurent.<\/label><\/figcaption><\/figure>\n<\/div>\n<div class=\"col-sm\">\n<figure id=\"attachment_27649\" aria-describedby=\"caption-attachment-27649\" style=\"width: 400px\" class=\"wp-caption alignright\"><a href=\"https:\/\/gifex.com\/fr\/wp-content\/uploads\/7442\/Carte-du-quartier-de-Sillery-Quebec.jpg\" target=\"_blank\" rel=\"noopener\"><img loading=\"lazy\" decoding=\"async\" class=\"wp-image-27649\" title=\"Carte du quartier de Sillery, Qu\u00e9bec.\" src=\"https:\/\/gifex.com\/fr\/wp-content\/uploads\/7442\/Carte-du-quartier-de-Sillery-Quebec-228x300.jpg\" alt=\"Carte du quartier de Sillery, Qu\u00e9bec.\" width=\"400\" height=\"525\" srcset=\"https:\/\/gifex.com\/fr\/wp-content\/uploads\/7442\/Carte-du-quartier-de-Sillery-Quebec-228x300.jpg 228w, https:\/\/gifex.com\/fr\/wp-content\/uploads\/7442\/Carte-du-quartier-de-Sillery-Quebec-779x1024.jpg 779w, https:\/\/gifex.com\/fr\/wp-content\/uploads\/7442\/Carte-du-quartier-de-Sillery-Quebec-768x1009.jpg 768w, https:\/\/gifex.com\/fr\/wp-content\/uploads\/7442\/Carte-du-quartier-de-Sillery-Quebec-1169x1536.jpg 1169w, https:\/\/gifex.com\/fr\/wp-content\/uploads\/7442\/Carte-du-quartier-de-Sillery-Quebec-300x394.jpg 300w, https:\/\/gifex.com\/fr\/wp-content\/uploads\/7442\/Carte-du-quartier-de-Sillery-Quebec-1218x1600.jpg 1218w, https:\/\/gifex.com\/fr\/wp-content\/uploads\/7442\/Carte-du-quartier-de-Sillery-Quebec.jpg 1323w\" sizes=\"(max-width: 400px) 100vw, 400px\" \/><\/a><figcaption id=\"caption-attachment-27649\" class=\"wp-caption-text\"><label style=\"font-size: 15px;\">Carte du quartier de Sillery, en bordure du fleuve Saint-Laurent avec une \u00e9troite bande de terrain au pied de la falaise de la colline de Qu\u00e9bec, ainsi qu&#8217;une portion bien plus importante en haut de celle-ci.<\/label><\/figcaption><\/figure>\n<\/div>\n<div class=\"col-sm\">\n<figure id=\"attachment_27651\" aria-describedby=\"caption-attachment-27651\" style=\"width: 400px\" class=\"wp-caption alignleft\"><a href=\"https:\/\/gifex.com\/fr\/wp-content\/uploads\/7442\/Carte-de-Sainte-Foy-ville-de-Quebec.jpg\" target=\"_blank\" rel=\"noopener\"><img loading=\"lazy\" decoding=\"async\" class=\"wp-image-27651\" title=\"Carte de Sainte-Foy, ville de Qu\u00e9bec.\" src=\"https:\/\/gifex.com\/fr\/wp-content\/uploads\/7442\/Carte-de-Sainte-Foy-ville-de-Quebec-213x300.jpg\" alt=\"Carte de Sainte-Foy, ville de Qu\u00e9bec.\" width=\"400\" height=\"564\" srcset=\"https:\/\/gifex.com\/fr\/wp-content\/uploads\/7442\/Carte-de-Sainte-Foy-ville-de-Quebec-213x300.jpg 213w, https:\/\/gifex.com\/fr\/wp-content\/uploads\/7442\/Carte-de-Sainte-Foy-ville-de-Quebec-727x1024.jpg 727w, https:\/\/gifex.com\/fr\/wp-content\/uploads\/7442\/Carte-de-Sainte-Foy-ville-de-Quebec-768x1082.jpg 768w, https:\/\/gifex.com\/fr\/wp-content\/uploads\/7442\/Carte-de-Sainte-Foy-ville-de-Quebec-1090x1536.jpg 1090w, https:\/\/gifex.com\/fr\/wp-content\/uploads\/7442\/Carte-de-Sainte-Foy-ville-de-Quebec-300x423.jpg 300w, https:\/\/gifex.com\/fr\/wp-content\/uploads\/7442\/Carte-de-Sainte-Foy-ville-de-Quebec-1136x1600.jpg 1136w, https:\/\/gifex.com\/fr\/wp-content\/uploads\/7442\/Carte-de-Sainte-Foy-ville-de-Quebec.jpg 1318w\" sizes=\"(max-width: 400px) 100vw, 400px\" \/><\/a><figcaption id=\"caption-attachment-27651\" class=\"wp-caption-text\"><label style=\"font-size: 15px;\">Carte de Sainte-Foy, situ\u00e9 \u00e0 la t\u00eate des deux ponts qui traversent le fleuve.<\/label><\/figcaption><\/figure>\n<\/div>\n<div class=\"col-sm\">\n<figure id=\"attachment_27650\" aria-describedby=\"caption-attachment-27650\" style=\"width: 400px\" class=\"wp-caption alignright\"><a href=\"https:\/\/gifex.com\/fr\/wp-content\/uploads\/7442\/Carte-du-quartier-Saint-Jean-Baptiste-Quebec.jpg\" target=\"_blank\" rel=\"noopener\"><img loading=\"lazy\" decoding=\"async\" class=\"wp-image-27650\" title=\"Carte du quartier Saint-Jean-Baptiste, Qu\u00e9bec.\" src=\"https:\/\/gifex.com\/fr\/wp-content\/uploads\/7442\/Carte-du-quartier-Saint-Jean-Baptiste-Quebec-258x300.jpg\" alt=\"Carte du quartier Saint-Jean-Baptiste, Qu\u00e9bec.\" width=\"400\" height=\"466\" srcset=\"https:\/\/gifex.com\/fr\/wp-content\/uploads\/7442\/Carte-du-quartier-Saint-Jean-Baptiste-Quebec-258x300.jpg 258w, https:\/\/gifex.com\/fr\/wp-content\/uploads\/7442\/Carte-du-quartier-Saint-Jean-Baptiste-Quebec-879x1024.jpg 879w, https:\/\/gifex.com\/fr\/wp-content\/uploads\/7442\/Carte-du-quartier-Saint-Jean-Baptiste-Quebec-768x894.jpg 768w, https:\/\/gifex.com\/fr\/wp-content\/uploads\/7442\/Carte-du-quartier-Saint-Jean-Baptiste-Quebec-300x349.jpg 300w, https:\/\/gifex.com\/fr\/wp-content\/uploads\/7442\/Carte-du-quartier-Saint-Jean-Baptiste-Quebec.jpg 1319w\" sizes=\"(max-width: 400px) 100vw, 400px\" \/><\/a><figcaption id=\"caption-attachment-27650\" class=\"wp-caption-text\"><label style=\"font-size: 15px;\">Carte du quartier Saint-Jean-Baptiste, parfois appel\u00e9 \u00ab\u00a0faubourg Saint-Jean\u00a0\u00bb, parmi les plus anciens quartiers de Qu\u00e9bec.<\/label><\/figcaption><\/figure>\n<\/div>\n<div class=\"col-sm\">\n<figure id=\"attachment_27652\" aria-describedby=\"caption-attachment-27652\" style=\"width: 400px\" class=\"wp-caption alignleft\"><a href=\"https:\/\/gifex.com\/fr\/wp-content\/uploads\/7442\/Carte-du-quartier-de-Montcalm-Quebec.jpg\" target=\"_blank\" rel=\"noopener\"><img loading=\"lazy\" decoding=\"async\" class=\"wp-image-27652\" title=\"Carte du quartier Montcalm, Qu\u00e9bec.\" src=\"https:\/\/gifex.com\/fr\/wp-content\/uploads\/7442\/Carte-du-quartier-de-Montcalm-Quebec-225x300.jpg\" alt=\"Carte du quartier Montcalm, Qu\u00e9bec.\" width=\"400\" height=\"534\" srcset=\"https:\/\/gifex.com\/fr\/wp-content\/uploads\/7442\/Carte-du-quartier-de-Montcalm-Quebec-225x300.jpg 225w, https:\/\/gifex.com\/fr\/wp-content\/uploads\/7442\/Carte-du-quartier-de-Montcalm-Quebec-767x1024.jpg 767w, https:\/\/gifex.com\/fr\/wp-content\/uploads\/7442\/Carte-du-quartier-de-Montcalm-Quebec-768x1025.jpg 768w, https:\/\/gifex.com\/fr\/wp-content\/uploads\/7442\/Carte-du-quartier-de-Montcalm-Quebec-1151x1536.jpg 1151w, https:\/\/gifex.com\/fr\/wp-content\/uploads\/7442\/Carte-du-quartier-de-Montcalm-Quebec-300x400.jpg 300w, https:\/\/gifex.com\/fr\/wp-content\/uploads\/7442\/Carte-du-quartier-de-Montcalm-Quebec-1199x1600.jpg 1199w, https:\/\/gifex.com\/fr\/wp-content\/uploads\/7442\/Carte-du-quartier-de-Montcalm-Quebec.jpg 1323w\" sizes=\"(max-width: 400px) 100vw, 400px\" \/><\/a><figcaption id=\"caption-attachment-27652\" class=\"wp-caption-text\"><label style=\"font-size: 15px;\">Carte du quartier Montcalm, partie de la Haute-ville de Qu\u00e9bec. Un quartier aux fonctions principalement r\u00e9sidentielles et commerciales.<\/label><\/figcaption><\/figure>\n<\/div>\n<div class=\"col-sm\">\n<figure id=\"attachment_27653\" aria-describedby=\"caption-attachment-27653\" style=\"width: 400px\" class=\"wp-caption alignright\"><a href=\"https:\/\/gifex.com\/fr\/wp-content\/uploads\/7442\/Carte-du-quartier-Saint-Sauveur-Quebec.jpg\" target=\"_blank\" rel=\"noopener\"><img loading=\"lazy\" decoding=\"async\" class=\"wp-image-27653\" title=\"Carte du quartier Saint-Sauveur, Qu\u00e9bec.\" src=\"https:\/\/gifex.com\/fr\/wp-content\/uploads\/7442\/Carte-du-quartier-Saint-Sauveur-Quebec-225x300.jpg\" alt=\"Carte du quartier Saint-Sauveur, Qu\u00e9bec.\" width=\"400\" height=\"533\" srcset=\"https:\/\/gifex.com\/fr\/wp-content\/uploads\/7442\/Carte-du-quartier-Saint-Sauveur-Quebec-225x300.jpg 225w, https:\/\/gifex.com\/fr\/wp-content\/uploads\/7442\/Carte-du-quartier-Saint-Sauveur-Quebec-768x1024.jpg 768w, https:\/\/gifex.com\/fr\/wp-content\/uploads\/7442\/Carte-du-quartier-Saint-Sauveur-Quebec-1152x1536.jpg 1152w, https:\/\/gifex.com\/fr\/wp-content\/uploads\/7442\/Carte-du-quartier-Saint-Sauveur-Quebec-300x400.jpg 300w, https:\/\/gifex.com\/fr\/wp-content\/uploads\/7442\/Carte-du-quartier-Saint-Sauveur-Quebec-1200x1600.jpg 1200w, https:\/\/gifex.com\/fr\/wp-content\/uploads\/7442\/Carte-du-quartier-Saint-Sauveur-Quebec.jpg 1317w\" sizes=\"(max-width: 400px) 100vw, 400px\" \/><\/a><figcaption id=\"caption-attachment-27653\" class=\"wp-caption-text\"><label style=\"font-size: 15px;\">Carte du quartier Saint-Sauveur, l&#8217;un des quartiers formant la basse-ville de Qu\u00e9bec.<\/label><\/figcaption><\/figure>\n<\/div>\n<div class=\"col-sm\">\n<figure id=\"attachment_27655\" aria-describedby=\"caption-attachment-27655\" style=\"width: 400px\" class=\"wp-caption alignleft\"><a href=\"https:\/\/gifex.com\/fr\/wp-content\/uploads\/7442\/Carte-de-Limoilou-Quebec.jpg\" target=\"_blank\" rel=\"noopener\"><img loading=\"lazy\" decoding=\"async\" class=\"wp-image-27655\" title=\"Carte de Limoilou, Qu\u00e9bec.\" src=\"https:\/\/gifex.com\/fr\/wp-content\/uploads\/7442\/Carte-de-Limoilou-Quebec-213x300.jpg\" alt=\"Carte de Limoilou, Qu\u00e9bec.\" width=\"400\" height=\"564\" srcset=\"https:\/\/gifex.com\/fr\/wp-content\/uploads\/7442\/Carte-de-Limoilou-Quebec-213x300.jpg 213w, https:\/\/gifex.com\/fr\/wp-content\/uploads\/7442\/Carte-de-Limoilou-Quebec-727x1024.jpg 727w, https:\/\/gifex.com\/fr\/wp-content\/uploads\/7442\/Carte-de-Limoilou-Quebec-768x1082.jpg 768w, https:\/\/gifex.com\/fr\/wp-content\/uploads\/7442\/Carte-de-Limoilou-Quebec-1090x1536.jpg 1090w, https:\/\/gifex.com\/fr\/wp-content\/uploads\/7442\/Carte-de-Limoilou-Quebec-300x423.jpg 300w, https:\/\/gifex.com\/fr\/wp-content\/uploads\/7442\/Carte-de-Limoilou-Quebec-1136x1600.jpg 1136w, https:\/\/gifex.com\/fr\/wp-content\/uploads\/7442\/Carte-de-Limoilou-Quebec.jpg 1318w\" sizes=\"(max-width: 400px) 100vw, 400px\" \/><\/a><figcaption id=\"caption-attachment-27655\" class=\"wp-caption-text\"><label style=\"font-size: 15px;\">Carte de Limoilou, un quartier avec des rues bord\u00e9es d\u2019arbres majestueux, d\u2019\u00e9troites ruelles et des immeubles de briques \u00e0 l\u2019ancienne avec leur escalier en colima\u00e7on&#8230;<\/label><\/figcaption><\/figure>\n<\/div>\n<div class=\"col-sm\">\n<figure id=\"attachment_27654\" aria-describedby=\"caption-attachment-27654\" style=\"width: 400px\" class=\"wp-caption alignright\"><a href=\"https:\/\/gifex.com\/fr\/wp-content\/uploads\/7442\/Carte-du-quartier-Saint-Roch-Quebec.jpg\" target=\"_blank\" rel=\"noopener\"><img loading=\"lazy\" decoding=\"async\" class=\"wp-image-27654\" title=\"Carte du quartier Saint-Roch, Qu\u00e9bec.\" src=\"https:\/\/gifex.com\/fr\/wp-content\/uploads\/7442\/Carte-du-quartier-Saint-Roch-Quebec-221x300.jpg\" alt=\"Carte du quartier Saint-Roch, Qu\u00e9bec.\" width=\"400\" height=\"544\" srcset=\"https:\/\/gifex.com\/fr\/wp-content\/uploads\/7442\/Carte-du-quartier-Saint-Roch-Quebec-221x300.jpg 221w, https:\/\/gifex.com\/fr\/wp-content\/uploads\/7442\/Carte-du-quartier-Saint-Roch-Quebec-753x1024.jpg 753w, https:\/\/gifex.com\/fr\/wp-content\/uploads\/7442\/Carte-du-quartier-Saint-Roch-Quebec-768x1045.jpg 768w, https:\/\/gifex.com\/fr\/wp-content\/uploads\/7442\/Carte-du-quartier-Saint-Roch-Quebec-1129x1536.jpg 1129w, https:\/\/gifex.com\/fr\/wp-content\/uploads\/7442\/Carte-du-quartier-Saint-Roch-Quebec-300x408.jpg 300w, https:\/\/gifex.com\/fr\/wp-content\/uploads\/7442\/Carte-du-quartier-Saint-Roch-Quebec-1176x1600.jpg 1176w, https:\/\/gifex.com\/fr\/wp-content\/uploads\/7442\/Carte-du-quartier-Saint-Roch-Quebec.jpg 1322w\" sizes=\"(max-width: 400px) 100vw, 400px\" \/><\/a><figcaption id=\"caption-attachment-27654\" class=\"wp-caption-text\"><label style=\"font-size: 15px;\">Carte du quartier Saint-Roch, situ\u00e9 dans ce qui commun\u00e9ment appel\u00e9 la basse-ville de Qu\u00e9bec.<\/label><\/figcaption><\/figure>\n<\/div>\n<\/div>\n<\/div>\n","protected":false},"excerpt":{"rendered":"<p>Carte des arrondissements et quartiers de Qu\u00e9bec. Le 1er janvier 2002, les 12 anciennes villes de Sainte-Foy<\/p>\n","protected":false},"author":1,"featured_media":25951,"template":"","categoria_ficha":[1722],"class_list":["post-7442","ficha","type-ficha","status-publish","has-post-thumbnail","hentry","categoria_ficha-cartes-de-la-ville-de-quebec"],"acf":[],"_links":{"self":[{"href":"https:\/\/gifex.com\/fr\/wp-json\/wp\/v2\/ficha\/7442","targetHints":{"allow":["GET"]}}],"collection":[{"href":"https:\/\/gifex.com\/fr\/wp-json\/wp\/v2\/ficha"}],"about":[{"href":"https:\/\/gifex.com\/fr\/wp-json\/wp\/v2\/types\/ficha"}],"author":[{"embeddable":true,"href":"https:\/\/gifex.com\/fr\/wp-json\/wp\/v2\/users\/1"}],"version-history":[{"count":13,"href":"https:\/\/gifex.com\/fr\/wp-json\/wp\/v2\/ficha\/7442\/revisions"}],"predecessor-version":[{"id":36072,"href":"https:\/\/gifex.com\/fr\/wp-json\/wp\/v2\/ficha\/7442\/revisions\/36072"}],"wp:featuredmedia":[{"embeddable":true,"href":"https:\/\/gifex.com\/fr\/wp-json\/wp\/v2\/media\/25951"}],"wp:attachment":[{"href":"https:\/\/gifex.com\/fr\/wp-json\/wp\/v2\/media?parent=7442"}],"wp:term":[{"taxonomy":"categoria_ficha","embeddable":true,"href":"https:\/\/gifex.com\/fr\/wp-json\/wp\/v2\/categoria_ficha?post=7442"}],"curies":[{"name":"wp","href":"https:\/\/api.w.org\/{rel}","templated":true}]}}