{"id":7240,"date":"2022-03-04T17:11:57","date_gmt":"2022-03-04T17:11:57","guid":{"rendered":"https:\/\/gifex.com\/fr\/?post_type=ficha&#038;p=7240"},"modified":"2022-08-12T14:30:58","modified_gmt":"2022-08-12T14:30:58","slug":"langues-a-montreal","status":"publish","type":"ficha","link":"https:\/\/gifex.com\/fr\/fichier\/langues-a-montreal\/","title":{"rendered":"Langues \u00e0 Montr\u00e9al"},"content":{"rendered":"<p style=\"text-align: center;\"><label style=\"font-size: 15px;\">Carte linguistique de Montr\u00e9al<\/label><\/p>\n<p><img fetchpriority=\"high\" decoding=\"async\" class=\"alignleft wp-image-20582\" src=\"https:\/\/gifex.com\/fr\/wp-content\/uploads\/7240\/Carte-linguistique-de-Montreal-1.jpg\" alt=\"\" width=\"400\" height=\"316\" srcset=\"https:\/\/gifex.com\/fr\/wp-content\/uploads\/7240\/Carte-linguistique-de-Montreal-1.jpg 450w, https:\/\/gifex.com\/fr\/wp-content\/uploads\/7240\/Carte-linguistique-de-Montreal-1-300x237.jpg 300w\" sizes=\"(max-width: 400px) 100vw, 400px\" \/>La majorit\u00e9 des habitants de la Communaut\u00e9 m\u00e9tropolitaine de Montr\u00e9al (environ 67,8 %) ont le fran\u00e7ais comme langue maternelle, une partie de la population est allophone (18,4 %), c&#8217;est-\u00e0-dire qu&#8217;ils n&#8217;ont ni langue maternelle ni fran\u00e7ais ni anglais, alors qu&#8217;environ 13,8% se d\u00e9clarent anglophones. Sur l&#8217;ensemble de l&#8217;\u00eele de Montr\u00e9al, les donn\u00e9es changent : 53 % de la population se d\u00e9clare francophone, 29 % allophone et 18 % anglophone. Cependant, la plupart des citoyens ont au moins une connaissance pratique des deux langues officielles et la plupart des allophones ont le fran\u00e7ais ou l&#8217;anglais comme langue seconde.<\/p>\n<p>Environ 53 % des Montr\u00e9alais sont bilingues fran\u00e7ais et anglais, 29 % ne parlent que le fran\u00e7ais (surtout \u00e0 l&#8217;est de l&#8217;\u00eele de Montr\u00e9al) et 13 % des Montr\u00e9alais ne parlent que l&#8217;anglais (\u00e0 l&#8217;ouest de l&#8217;\u00eele de Montr\u00e9al). Certaines personnes ne sont capables de communiquer ni en fran\u00e7ais ni en anglais. La tendance des nouveaux immigrants \u00e0 apprendre la langue majoritaire (le fran\u00e7ais) s&#8217;est acc\u00e9l\u00e9r\u00e9e depuis l&#8217;introduction de la Charte de la langue fran\u00e7aise dans les ann\u00e9es 1970, bien que la plupart des immigrants qui s&#8217;installent dans la ville proviennent de pays francophones. L&#8217;italien, l&#8217;arabe, le grec, le portugais, l&#8217;espagnol et l&#8217;hindi sont \u00e9galement largement parl\u00e9s \u00e0 Montr\u00e9al. L&#8217;usage du fran\u00e7ais dans la sph\u00e8re domestique, en g\u00e9n\u00e9ral, progresse dans la communaut\u00e9 urbaine de Montr\u00e9al.<\/p>\n","protected":false},"excerpt":{"rendered":"<p>Carte linguistique de Montr\u00e9al. La majorit\u00e9 des habitants de la Communaut\u00e9 m\u00e9tropolitaine de Montr\u00e9al (environ 67,8 %)<\/p>\n","protected":false},"author":1,"featured_media":7241,"template":"","categoria_ficha":[286],"class_list":["post-7240","ficha","type-ficha","status-publish","has-post-thumbnail","hentry","categoria_ficha-cartes-de-montreal"],"acf":[],"_links":{"self":[{"href":"https:\/\/gifex.com\/fr\/wp-json\/wp\/v2\/ficha\/7240","targetHints":{"allow":["GET"]}}],"collection":[{"href":"https:\/\/gifex.com\/fr\/wp-json\/wp\/v2\/ficha"}],"about":[{"href":"https:\/\/gifex.com\/fr\/wp-json\/wp\/v2\/types\/ficha"}],"author":[{"embeddable":true,"href":"https:\/\/gifex.com\/fr\/wp-json\/wp\/v2\/users\/1"}],"version-history":[{"count":11,"href":"https:\/\/gifex.com\/fr\/wp-json\/wp\/v2\/ficha\/7240\/revisions"}],"predecessor-version":[{"id":20586,"href":"https:\/\/gifex.com\/fr\/wp-json\/wp\/v2\/ficha\/7240\/revisions\/20586"}],"wp:featuredmedia":[{"embeddable":true,"href":"https:\/\/gifex.com\/fr\/wp-json\/wp\/v2\/media\/7241"}],"wp:attachment":[{"href":"https:\/\/gifex.com\/fr\/wp-json\/wp\/v2\/media?parent=7240"}],"wp:term":[{"taxonomy":"categoria_ficha","embeddable":true,"href":"https:\/\/gifex.com\/fr\/wp-json\/wp\/v2\/categoria_ficha?post=7240"}],"curies":[{"name":"wp","href":"https:\/\/api.w.org\/{rel}","templated":true}]}}