{"id":699,"date":"2022-02-04T00:14:15","date_gmt":"2022-02-04T00:14:15","guid":{"rendered":"https:\/\/gifex.com\/fr\/?post_type=ficha&#038;p=699"},"modified":"2023-10-09T00:07:39","modified_gmt":"2023-10-09T00:07:39","slug":"carte-de-l-andorre","status":"publish","type":"ficha","link":"https:\/\/gifex.com\/fr\/fichier\/carte-de-l-andorre\/","title":{"rendered":"Carte de l&#8217;Andorre"},"content":{"rendered":"<p><strong>Carte de l&#8217;Andorre<\/strong>, officiellement la Principaut\u00e9 d&#8217;Andorre, un micro-\u00c9tat souverain enclav\u00e9 situ\u00e9 au sud-ouest de l&#8217;Europe, entre l&#8217;Espagne et la France, \u00e0 la fronti\u00e8re de la p\u00e9ninsule ib\u00e9rique. Elle est constitu\u00e9e comme un \u00c9tat ind\u00e9pendant, juridique, d\u00e9mocratique et social, dont la forme de gouvernement est la co-principaut\u00e9 parlementaire. Son territoire est organis\u00e9 en sept paroisses, avec une population totale de 77,543 habitants. Sa capitale est Andorra la Vieja.<\/p>\n<figure id=\"attachment_44491\" aria-describedby=\"caption-attachment-44491\" style=\"width: 360px\" class=\"wp-caption alignright\"><a href=\"https:\/\/gifex.com\/fr\/wp-content\/uploads\/44490\/Carte-de-la-ville-d-Andorre-la-Vieille.jpg\" target=\"_blank\" rel=\"noopener\"><img decoding=\"async\" class=\"wp-image-44491\" title=\"Carte d'Andorre-la-Vieille.\" src=\"https:\/\/gifex.com\/fr\/wp-content\/uploads\/44490\/Carte-de-la-ville-d-Andorre-la-Vieille-300x97.jpg\" alt=\"Carte d'Andorre-la-Vieille.\" width=\"360\" height=\"117\" srcset=\"https:\/\/gifex.com\/fr\/wp-content\/uploads\/44490\/Carte-de-la-ville-d-Andorre-la-Vieille-300x97.jpg 300w, https:\/\/gifex.com\/fr\/wp-content\/uploads\/44490\/Carte-de-la-ville-d-Andorre-la-Vieille-1024x332.jpg 1024w, https:\/\/gifex.com\/fr\/wp-content\/uploads\/44490\/Carte-de-la-ville-d-Andorre-la-Vieille-768x249.jpg 768w, https:\/\/gifex.com\/fr\/wp-content\/uploads\/44490\/Carte-de-la-ville-d-Andorre-la-Vieille-1536x497.jpg 1536w, https:\/\/gifex.com\/fr\/wp-content\/uploads\/44490\/Carte-de-la-ville-d-Andorre-la-Vieille-2048x663.jpg 2048w, https:\/\/gifex.com\/fr\/wp-content\/uploads\/44490\/Carte-de-la-ville-d-Andorre-la-Vieille-1600x518.jpg 1600w\" sizes=\"(max-width: 360px) 100vw, 360px\" \/><\/a><figcaption id=\"caption-attachment-44491\" class=\"wp-caption-text\"><label style=\"font-size: 15px;\">Carte d&#8217;Andorre-la-Vieille, capitale de la principaut\u00e9 d&#8217;Andorre.<\/label><\/figcaption><\/figure>\n<p>La Principaut\u00e9 d&#8217;Andorre a une superficie de 468 km\u00b2 et est situ\u00e9 dans les Pyr\u00e9n\u00e9es, entre l&#8217;Espagne et la France, \u00e0 une altitude moyenne de 1 996 m\u00e8tres au-dessus du niveau de la mer. Elle limite au sud avec l&#8217;Espagne \u2014avec la province catalane de L\u00e9rida\u2014 et au nord avec la France \u2014avec les d\u00e9partements de l&#8217;Ari\u00e8ge et des Pyr\u00e9n\u00e9es-Orientales (Occitanie) -. Elle fait partie de l&#8217;Europe latine.<\/p>\n<ul>\n<li>Superficie totale de l&#8217;Andorre 468 km\u00b2<\/li>\n<li>En 2020 la population de l&#8217;Andorre \u00e9tait de 77,543<\/li>\n<li>La capitale et plus grande ville du pays est Andorra la Vieja<\/li>\n<\/ul>\n<figure id=\"attachment_44494\" aria-describedby=\"caption-attachment-44494\" style=\"width: 360px\" class=\"wp-caption alignright\"><a href=\"https:\/\/gifex.com\/fr\/wp-content\/uploads\/699\/Image-satellite-d-Andorre.png\" target=\"_blank\" rel=\"noopener\"><img fetchpriority=\"high\" decoding=\"async\" class=\"wp-image-44494\" title=\"Image satellite d\u2019Andorre.\" src=\"https:\/\/gifex.com\/fr\/wp-content\/uploads\/699\/Image-satellite-d-Andorre-300x197.png\" alt=\"Image satellite d\u2019Andorre.\" width=\"360\" height=\"237\" srcset=\"https:\/\/gifex.com\/fr\/wp-content\/uploads\/699\/Image-satellite-d-Andorre-300x197.png 300w, https:\/\/gifex.com\/fr\/wp-content\/uploads\/699\/Image-satellite-d-Andorre-768x506.png 768w, https:\/\/gifex.com\/fr\/wp-content\/uploads\/699\/Image-satellite-d-Andorre.png 992w\" sizes=\"(max-width: 360px) 100vw, 360px\" \/><\/a><figcaption id=\"caption-attachment-44494\" class=\"wp-caption-text\"><label style=\"font-size: 15px;\">Image satellite d\u2019Andorre.<\/label><\/figcaption><\/figure>\n<p>Son syst\u00e8me politique est une d\u00e9mocratie parlementaire dont les chefs d&#8217;\u00c9tat sont les coprinces d&#8217;Andorre : l&#8217;\u00e9v\u00eaque d&#8217;Urgel et le pr\u00e9sident de la France ; le chef du gouvernement est le pr\u00e9sident du gouvernement andorran.<\/p>\n<p>La langue officielle est le catalan (le seul \u00c9tat ind\u00e9pendant qui a cette langue comme langue officielle), bien qu&#8217;en raison de l&#8217;influence des \u00c9tats qui l&#8217;entourent, l&#8217;espagnol (la langue habituelle d&#8217;environ un tiers de la population) et le fran\u00e7ais sont couramment utilis\u00e9s. ( Autrefois, dans toutes les maisons d&#8217;Andorre, le fran\u00e7ais \u00e9tait parl\u00e9 comme langue secondaire).<\/p>\n<p>Elle n&#8217;a pas d&#8217;arm\u00e9e, mais elle a une force de police cr\u00e9\u00e9e en 1931. En cas d&#8217;urgence ou de catastrophes naturelles, comme les inondations survenues en 1982, la coutume voulait que soit convoqu\u00e9 \u00a0le somat\u00e9n, compos\u00e9 de chefs de famille de nationalit\u00e9 andorrane, bien que ce soit une pratique d\u00e9pass\u00e9e et que la police du pays g\u00e8re toutes les urgences. En cas de catastrophe grave, il serait fait appel \u00e0 l&#8217;aide espagnole ou fran\u00e7aise, selon le trait\u00e9 trilat\u00e9ral de voisinage, d&#8217;amiti\u00e9 et de coop\u00e9ration.<\/p>\n<p>Longtemps pauvre et isol\u00e9e, elle a acquis une prosp\u00e9rit\u00e9 remarquable depuis la Seconde Guerre mondiale gr\u00e2ce au tourisme et, surtout, gr\u00e2ce \u00e0 son statut de paradis fiscal, condition qu&#8217;elle a perdue pour l&#8217;Espagne le 10 f\u00e9vrier 2010.<\/p>\n<p>L&#8217;Andorre est le plus grand micro-\u00e9tat d&#8217;Europe.<\/p>\n","protected":false},"excerpt":{"rendered":"<p>Carte de l&#8217;Andorre, officiellement la Principaut\u00e9 d&#8217;Andorre, un micro-\u00c9tat souverain enclav\u00e9 situ\u00e9 au sud-ouest de l&#8217;Europe, entre l&#8217;Espagne et la France, \u00e0 la fronti\u00e8re de la p\u00e9ninsule ib\u00e9riqu<\/p>\n","protected":false},"author":1,"featured_media":44489,"template":"","categoria_ficha":[98],"class_list":["post-699","ficha","type-ficha","status-publish","has-post-thumbnail","hentry","categoria_ficha-cartes-de-l-andorre"],"acf":[],"_links":{"self":[{"href":"https:\/\/gifex.com\/fr\/wp-json\/wp\/v2\/ficha\/699","targetHints":{"allow":["GET"]}}],"collection":[{"href":"https:\/\/gifex.com\/fr\/wp-json\/wp\/v2\/ficha"}],"about":[{"href":"https:\/\/gifex.com\/fr\/wp-json\/wp\/v2\/types\/ficha"}],"author":[{"embeddable":true,"href":"https:\/\/gifex.com\/fr\/wp-json\/wp\/v2\/users\/1"}],"version-history":[{"count":8,"href":"https:\/\/gifex.com\/fr\/wp-json\/wp\/v2\/ficha\/699\/revisions"}],"predecessor-version":[{"id":44495,"href":"https:\/\/gifex.com\/fr\/wp-json\/wp\/v2\/ficha\/699\/revisions\/44495"}],"wp:featuredmedia":[{"embeddable":true,"href":"https:\/\/gifex.com\/fr\/wp-json\/wp\/v2\/media\/44489"}],"wp:attachment":[{"href":"https:\/\/gifex.com\/fr\/wp-json\/wp\/v2\/media?parent=699"}],"wp:term":[{"taxonomy":"categoria_ficha","embeddable":true,"href":"https:\/\/gifex.com\/fr\/wp-json\/wp\/v2\/categoria_ficha?post=699"}],"curies":[{"name":"wp","href":"https:\/\/api.w.org\/{rel}","templated":true}]}}