{"id":657,"date":"2022-02-04T00:13:51","date_gmt":"2022-02-04T00:13:51","guid":{"rendered":"https:\/\/gifex.com\/fr\/?post_type=ficha&#038;p=657"},"modified":"2022-08-07T22:00:37","modified_gmt":"2022-08-07T22:00:37","slug":"image-satellite-de-la-mine-de-toquepala-au-perou","status":"publish","type":"ficha","link":"https:\/\/gifex.com\/fr\/fichier\/image-satellite-de-la-mine-de-toquepala-au-perou\/","title":{"rendered":"Image satellite de la mine de Toquepala au P\u00e9rou"},"content":{"rendered":"<p>Les Andes accident\u00e9es et riches en min\u00e9raux abritent certaines des plus grandes mines du monde (or, argent, cuivre, etc.). Cette image montre le centre de la <strong>mine de cuivre de Toquepala<\/strong> au P\u00e9rou, une mine \u00e0 ciel ouvert \u00e0 parois abruptes et \u00e9tag\u00e9es. La lumi\u00e8re du soleil en milieu d&#8217;apr\u00e8s-midi sur les pentes arides des montagnes des Andes centrales accentue les contours de la mine. \u00c0 la surface, la mine \u00e0 ciel ouvert mesure 2,5 km de diam\u00e8tre et descend de plus de 700 m dans le sol. Une ligne sombre sur le mur de la fosse est la principale route d&#8217;acc\u00e8s au fond. Les d\u00e9potoirs de mat\u00e9riaux extraits de la fosse sont dispos\u00e9s en gradins le long de la l\u00e8vre nord-ouest de la fosse. De nombreux champs de lessivage angulaires apparaissent en bas \u00e0 droite, et le chemin de fer vers la c\u00f4te est une ligne qui sort du centre de l&#8217;image \u00e0 gauche. Le chemin de fer a \u00e9t\u00e9 construit pour exporter le cuivre de Toquepala et relie le port c\u00f4tier d&#8217;Ilo, \u00e0 95 km au sud-ouest. Image satellite de la mine de Toquepala au P\u00e9rou gracieuset\u00e9 de la NASA.<\/p>\n","protected":false},"excerpt":{"rendered":"<p>Les Andes accident\u00e9es et riches en min\u00e9raux abritent certaines des plus grandes mines du monde (or, argent, cuivre, etc.). Cette image montre le centre de la mine de cuivre de Toquepala au P\u00e9rou, une mine \u00e0 ciel ouvert \u00e0 parois abruptes et \u00e9tag\u00e9es. La lumi\u00e8re du soleil en milieu d&#8217;apr\u00e8s-midi sur les<\/p>\n","protected":false},"author":1,"featured_media":658,"template":"","categoria_ficha":[92],"class_list":["post-657","ficha","type-ficha","status-publish","has-post-thumbnail","hentry","categoria_ficha-cartes-du-perou"],"acf":[],"_links":{"self":[{"href":"https:\/\/gifex.com\/fr\/wp-json\/wp\/v2\/ficha\/657","targetHints":{"allow":["GET"]}}],"collection":[{"href":"https:\/\/gifex.com\/fr\/wp-json\/wp\/v2\/ficha"}],"about":[{"href":"https:\/\/gifex.com\/fr\/wp-json\/wp\/v2\/types\/ficha"}],"author":[{"embeddable":true,"href":"https:\/\/gifex.com\/fr\/wp-json\/wp\/v2\/users\/1"}],"version-history":[{"count":3,"href":"https:\/\/gifex.com\/fr\/wp-json\/wp\/v2\/ficha\/657\/revisions"}],"predecessor-version":[{"id":19353,"href":"https:\/\/gifex.com\/fr\/wp-json\/wp\/v2\/ficha\/657\/revisions\/19353"}],"wp:featuredmedia":[{"embeddable":true,"href":"https:\/\/gifex.com\/fr\/wp-json\/wp\/v2\/media\/658"}],"wp:attachment":[{"href":"https:\/\/gifex.com\/fr\/wp-json\/wp\/v2\/media?parent=657"}],"wp:term":[{"taxonomy":"categoria_ficha","embeddable":true,"href":"https:\/\/gifex.com\/fr\/wp-json\/wp\/v2\/categoria_ficha?post=657"}],"curies":[{"name":"wp","href":"https:\/\/api.w.org\/{rel}","templated":true}]}}