{"id":645,"date":"2022-02-04T00:13:45","date_gmt":"2022-02-04T00:13:45","guid":{"rendered":"https:\/\/gifex.com\/fr\/?post_type=ficha&#038;p=645"},"modified":"2022-08-07T22:01:39","modified_gmt":"2022-08-07T22:01:39","slug":"quelles-sont-les-principales-villes-du-paraguay","status":"publish","type":"ficha","link":"https:\/\/gifex.com\/fr\/fichier\/quelles-sont-les-principales-villes-du-paraguay\/","title":{"rendered":"Quelles sont les principales villes du Paraguay ?"},"content":{"rendered":"<p>Carte du <strong>Paraguay<\/strong> montrant les <strong>grandes villes<\/strong> ainsi que certaines parties des pays environnants.<\/p>\n<p>Asunci\u00f3n est de loin la plus grande agglom\u00e9ration du Paraguay avec une population de 2.764.893 (en 2021). Cela signifie qu&#8217;un tiers de la population du pays est concentr\u00e9 dans la r\u00e9gion de la capitale.<\/p>\n<p>Le tableau suivant r\u00e9pertorie les zones m\u00e9tropolitaines \/ agglom\u00e9rations urbaines du Paraguay, selon les estimations de l&#8217;Institut national des statistiques, r\u00e9vision de 2015 \u00e0 2021.<\/p>\n<div class=\"boxscrl\">\n<table width=\"478\">\n<tbody>\n<tr>\n<td width=\"171\">Zone m\u00e9tropolitaine<\/td>\n<td width=\"181\">D\u00e9partement<\/td>\n<td width=\"126\">Population en 2021<\/td>\n<\/tr>\n<tr>\n<td width=\"171\">Gran Asunci\u00f3n<\/td>\n<td width=\"181\">Ville ind\u00e9pendante, Central<\/td>\n<td width=\"126\">2.764.893<\/td>\n<\/tr>\n<tr>\n<td width=\"171\">Gran Ciudad del Este<\/td>\n<td width=\"181\">Alto Paran\u00e1<\/td>\n<td width=\"126\">589.446<\/td>\n<\/tr>\n<tr>\n<td width=\"171\">Gran Encarnaci\u00f3n<\/td>\n<td width=\"181\">Itap\u00faa<\/td>\n<td width=\"126\">226.492<\/td>\n<\/tr>\n<tr>\n<td width=\"171\">Gran\u00a0Pedro Juan Caballero<\/td>\n<td width=\"181\">Amambay<\/td>\n<td width=\"126\">160.949<\/td>\n<\/tr>\n<\/tbody>\n<\/table>\n<\/div>\n<p>Le tableau suivant montre la totalit\u00e9 des villes \/ municipalit\u00e9s paraguayennes de plus de 20 000 habitants, class\u00e9es par ordre d\u00e9croissant, ainsi que les d\u00e9partements auxquels elles appartiennent. \u00c0 travers des projections qui couvrent les ann\u00e9es 1280-2025, l&#8217;Institut national de la statistique a estim\u00e9 les chiffres officiels suivants pour les populations municipales au 1er janvier 2021.<\/p>\n<div class=\"boxscrl\">\n<table width=\"457\">\n<tbody>\n<tr>\n<td width=\"203\">Ville \/ Municipalit\u00e9<\/td>\n<td width=\"126\">Population en 2021<\/td>\n<td width=\"128\">D\u00e9partement<\/td>\n<\/tr>\n<tr>\n<td width=\"203\">Asunci\u00f3n<\/td>\n<td width=\"126\">521,101<\/td>\n<td width=\"128\">Ville ind\u00e9pendante<\/td>\n<\/tr>\n<tr>\n<td width=\"203\">Ciudad del Este<\/td>\n<td width=\"126\">306,679<\/td>\n<td width=\"128\">\u00a0Alto Paran\u00e1<\/td>\n<\/tr>\n<tr>\n<td width=\"203\">Luque<\/td>\n<td width=\"126\">286,053<\/td>\n<td width=\"128\">\u00a0Central<\/td>\n<\/tr>\n<tr>\n<td width=\"203\">San Lorenzo<\/td>\n<td width=\"126\">260,171<\/td>\n<td width=\"128\">\u00a0Central<\/td>\n<\/tr>\n<tr>\n<td width=\"203\">Capiat\u00e1<\/td>\n<td width=\"126\">245,013<\/td>\n<td width=\"128\">\u00a0Central<\/td>\n<\/tr>\n<tr>\n<td width=\"203\">Lambar\u00e9<\/td>\n<td width=\"126\">185,524<\/td>\n<td width=\"128\">\u00a0Central<\/td>\n<\/tr>\n<tr>\n<td width=\"203\">Fernando de la Mora<\/td>\n<td width=\"126\">183,390<\/td>\n<td width=\"128\">\u00a0Central<\/td>\n<\/tr>\n<tr>\n<td width=\"203\">Limpio<\/td>\n<td width=\"126\">155,465<\/td>\n<td width=\"128\">\u00a0Central<\/td>\n<\/tr>\n<tr>\n<td width=\"203\">\u00d1emby<\/td>\n<td width=\"126\">148,579<\/td>\n<td width=\"128\">\u00a0Central<\/td>\n<\/tr>\n<tr>\n<td width=\"203\">Encarnaci\u00f3n<\/td>\n<td width=\"126\">138,592<\/td>\n<td width=\"128\">\u00a0Itap\u00faa<\/td>\n<\/tr>\n<tr>\n<td width=\"203\">Caaguaz\u00fa<\/td>\n<td width=\"126\">127,328<\/td>\n<td width=\"128\">\u00a0Caaguaz\u00fa<\/td>\n<\/tr>\n<tr>\n<td width=\"203\">Coronel Oviedo<\/td>\n<td width=\"126\">125,893<\/td>\n<td width=\"128\">\u00a0Caaguaz\u00fa<\/td>\n<\/tr>\n<tr>\n<td width=\"203\">Pedro Juan Caballero<\/td>\n<td width=\"126\">123,784<\/td>\n<td width=\"128\">\u00a0Amambay<\/td>\n<\/tr>\n<tr>\n<td width=\"203\">Itaugu\u00e1<\/td>\n<td width=\"126\">115,140<\/td>\n<td width=\"128\">\u00a0Central<\/td>\n<\/tr>\n<tr>\n<td width=\"203\">Presidente Franco<\/td>\n<td width=\"126\">107,867<\/td>\n<td width=\"128\">\u00a0Alto Paran\u00e1<\/td>\n<\/tr>\n<tr>\n<td width=\"203\">Mariano Roque Alonso<\/td>\n<td width=\"126\">107,800<\/td>\n<td width=\"128\">\u00a0Central<\/td>\n<\/tr>\n<tr>\n<td width=\"203\">Minga Guaz\u00fa<\/td>\n<td width=\"126\">93,969<\/td>\n<td width=\"128\">\u00a0Alto Paran\u00e1<\/td>\n<\/tr>\n<tr>\n<td width=\"203\">Concepci\u00f3n<\/td>\n<td width=\"126\">88,559<\/td>\n<td width=\"128\">\u00a0Concepci\u00f3n<\/td>\n<\/tr>\n<tr>\n<td width=\"203\">It\u00e1<\/td>\n<td width=\"126\">83,610<\/td>\n<td width=\"128\">\u00a0Central<\/td>\n<\/tr>\n<tr>\n<td width=\"203\">Villa Elisa<\/td>\n<td width=\"126\">82,491<\/td>\n<td width=\"128\">\u00a0Central<\/td>\n<\/tr>\n<tr>\n<td width=\"203\">Hernandarias<\/td>\n<td width=\"126\">80,931<\/td>\n<td width=\"128\">\u00a0Alto Paran\u00e1<\/td>\n<\/tr>\n<tr>\n<td width=\"203\">Aregu\u00e1<\/td>\n<td width=\"126\">79,446<\/td>\n<td width=\"128\">\u00a0Central<\/td>\n<\/tr>\n<tr>\n<td width=\"203\">Villarrica<\/td>\n<td width=\"126\">75,332<\/td>\n<td width=\"128\">\u00a0Guair\u00e1<\/td>\n<\/tr>\n<tr>\n<td width=\"203\">San Antonio<\/td>\n<td width=\"126\">71,837<\/td>\n<td width=\"128\">\u00a0Central<\/td>\n<\/tr>\n<tr>\n<td width=\"203\">Horqueta<\/td>\n<td width=\"126\">63,315<\/td>\n<td width=\"128\">\u00a0Concepci\u00f3n<\/td>\n<\/tr>\n<tr>\n<td width=\"203\">Cambyret\u00e1<\/td>\n<td width=\"126\">63,119<\/td>\n<td width=\"128\">\u00a0Itap\u00faa<\/td>\n<\/tr>\n<tr>\n<td width=\"203\">Curuguaty<\/td>\n<td width=\"126\">59,018<\/td>\n<td width=\"128\">\u00a0Canindey\u00fa<\/td>\n<\/tr>\n<tr>\n<td width=\"203\">Ypan\u00e9<\/td>\n<td width=\"126\">58,916<\/td>\n<td width=\"128\">\u00a0Central<\/td>\n<\/tr>\n<tr>\n<td width=\"203\">Caacup\u00e9<\/td>\n<td width=\"126\">58,491<\/td>\n<td width=\"128\">\u00a0Cordillera<\/td>\n<\/tr>\n<tr>\n<td width=\"203\">San Estanislao<\/td>\n<td width=\"126\">57,520<\/td>\n<td width=\"128\">\u00a0San Pedro<\/td>\n<\/tr>\n<tr>\n<td width=\"203\">Juli\u00e1n Augusto Sald\u00edvar<\/td>\n<td width=\"126\">55,801<\/td>\n<td width=\"128\">\u00a0Central<\/td>\n<\/tr>\n<tr>\n<td width=\"203\">Villa Hayes<\/td>\n<td width=\"126\">51,169<\/td>\n<td width=\"128\">\u00a0Presidente Hayes<\/td>\n<\/tr>\n<tr>\n<td width=\"203\">Capiibary<\/td>\n<td width=\"126\">51,045<\/td>\n<td width=\"128\">\u00a0San Pedro<\/td>\n<\/tr>\n<tr>\n<td width=\"203\">Santa Rosa del Aguaray<\/td>\n<td width=\"126\">45,957<\/td>\n<td width=\"128\">\u00a0San Pedro<\/td>\n<\/tr>\n<tr>\n<td width=\"203\">Villeta<\/td>\n<td width=\"126\">42,314<\/td>\n<td width=\"128\">\u00a0Central<\/td>\n<\/tr>\n<tr>\n<td width=\"203\">Salto del Guair\u00e1<\/td>\n<td width=\"126\">42,153<\/td>\n<td width=\"128\">\u00a0Canindey\u00fa<\/td>\n<\/tr>\n<tr>\n<td width=\"203\">San Juan Nepomuceno<\/td>\n<td width=\"126\">41,049<\/td>\n<td width=\"128\">\u00a0Caazap\u00e1<\/td>\n<\/tr>\n<tr>\n<td width=\"203\">Guarambar\u00e9<\/td>\n<td width=\"126\">40,653<\/td>\n<td width=\"128\">\u00a0Central<\/td>\n<\/tr>\n<tr>\n<td width=\"203\">Doctor Juan Eulogio Estigarribia<\/td>\n<td width=\"126\">40,200<\/td>\n<td width=\"128\">\u00a0Caaguaz\u00fa<\/td>\n<\/tr>\n<tr>\n<td width=\"203\">Itakyry<\/td>\n<td width=\"126\">40,047<\/td>\n<td width=\"128\">\u00a0Alto Paran\u00e1<\/td>\n<\/tr>\n<tr>\n<td width=\"203\">Carapegu\u00e1<\/td>\n<td width=\"126\">37,102<\/td>\n<td width=\"128\">\u00a0Paraguar\u00ed<\/td>\n<\/tr>\n<tr>\n<td width=\"203\">Santa Rita<\/td>\n<td width=\"126\">36,095<\/td>\n<td width=\"128\">\u00a0Alto Paran\u00e1<\/td>\n<\/tr>\n<tr>\n<td width=\"203\">San Pedro de Ycuamandiy\u00fa<\/td>\n<td width=\"126\">35,668<\/td>\n<td width=\"128\">\u00a0San Pedro<\/td>\n<\/tr>\n<tr>\n<td width=\"203\">San Ignacio Guaz\u00fa<\/td>\n<td width=\"126\">35,497<\/td>\n<td width=\"128\">\u00a0Misiones<\/td>\n<\/tr>\n<tr>\n<td width=\"203\">Yh\u00fa<\/td>\n<td width=\"126\">35,128<\/td>\n<td width=\"128\">\u00a0Caaguaz\u00fa<\/td>\n<\/tr>\n<tr>\n<td width=\"203\">Yby Ya\u00fa<\/td>\n<td width=\"126\">34,485<\/td>\n<td width=\"128\">\u00a0Concepci\u00f3n<\/td>\n<\/tr>\n<tr>\n<td width=\"203\">San Pedro del Paran\u00e1<\/td>\n<td width=\"126\">34,284<\/td>\n<td width=\"128\">\u00a0Itap\u00faa<\/td>\n<\/tr>\n<tr>\n<td width=\"203\">Tobat\u00ed<\/td>\n<td width=\"126\">34,251<\/td>\n<td width=\"128\">\u00a0Cordillera<\/td>\n<\/tr>\n<tr>\n<td width=\"203\">Repatriaci\u00f3n<\/td>\n<td width=\"126\">33,578<\/td>\n<td width=\"128\">\u00a0Caaguaz\u00fa<\/td>\n<\/tr>\n<tr>\n<td width=\"203\">Pilar<\/td>\n<td width=\"126\">33,350<\/td>\n<td width=\"128\">\u00a0\u00d1eembuc\u00fa<\/td>\n<\/tr>\n<tr>\n<td width=\"203\">Aba\u00ed<\/td>\n<td width=\"126\">33,309<\/td>\n<td width=\"128\">\u00a0Caazap\u00e1<\/td>\n<\/tr>\n<tr>\n<td width=\"203\">Yaguar\u00f3n<\/td>\n<td width=\"126\">32,549<\/td>\n<td width=\"128\">\u00a0Paraguar\u00ed<\/td>\n<\/tr>\n<tr>\n<td width=\"203\">Guayaib\u00ed<\/td>\n<td width=\"126\">31,601<\/td>\n<td width=\"128\">\u00a0San Pedro<\/td>\n<\/tr>\n<tr>\n<td width=\"203\">Piribebuy<\/td>\n<td width=\"126\">30,588<\/td>\n<td width=\"128\">\u00a0Cordillera<\/td>\n<\/tr>\n<tr>\n<td width=\"203\">Mariscal Jos\u00e9 F\u00e9lix Estigarribia<\/td>\n<td width=\"126\">30,408<\/td>\n<td width=\"128\">\u00a0Boquer\u00f3n<\/td>\n<\/tr>\n<tr>\n<td width=\"203\">Chor\u00e9<\/td>\n<td width=\"126\">30,114<\/td>\n<td width=\"128\">\u00a0San Pedro<\/td>\n<\/tr>\n<tr>\n<td width=\"203\">Tom\u00e1s Romero Pereira<\/td>\n<td width=\"126\">30,075<\/td>\n<td width=\"128\">\u00a0Itap\u00faa<\/td>\n<\/tr>\n<tr>\n<td width=\"203\">Ypacara\u00ed<\/td>\n<td width=\"126\">28,723<\/td>\n<td width=\"128\">\u00a0Central<\/td>\n<\/tr>\n<tr>\n<td width=\"203\">Teniente Primero Manuel Irala Fern\u00e1ndez<\/td>\n<td width=\"126\">28,162<\/td>\n<td width=\"128\">\u00a0Presidente Hayes<\/td>\n<\/tr>\n<tr>\n<td width=\"203\">Yasy Ca\u00f1y<\/td>\n<td width=\"126\">27,907<\/td>\n<td width=\"128\">\u00a0Canindey\u00fa<\/td>\n<\/tr>\n<tr>\n<td width=\"203\">Independencia<\/td>\n<td width=\"126\">27,889<\/td>\n<td width=\"128\">\u00a0Guair\u00e1<\/td>\n<\/tr>\n<tr>\n<td width=\"203\">Paso Yob\u00e1i<\/td>\n<td width=\"126\">27,831<\/td>\n<td width=\"128\">\u00a0Guair\u00e1<\/td>\n<\/tr>\n<tr>\n<td width=\"203\">Juan Emiliano O&#8217;Leary<\/td>\n<td width=\"126\">27,349<\/td>\n<td width=\"128\">\u00a0Alto Paran\u00e1<\/td>\n<\/tr>\n<tr>\n<td width=\"203\">Caazap\u00e1<\/td>\n<td width=\"126\">26,730<\/td>\n<td width=\"128\">\u00a0Caazap\u00e1<\/td>\n<\/tr>\n<tr>\n<td width=\"203\">Arroyos y Esteros<\/td>\n<td width=\"126\">25,998<\/td>\n<td width=\"128\">\u00a0Cordillera<\/td>\n<\/tr>\n<tr>\n<td width=\"203\">Ybycu\u00ed<\/td>\n<td width=\"126\">25,526<\/td>\n<td width=\"128\">\u00a0Paraguar\u00ed<\/td>\n<\/tr>\n<tr>\n<td width=\"203\">Liberaci\u00f3n<\/td>\n<td width=\"126\">25,478<\/td>\n<td width=\"128\">\u00a0San Pedro<\/td>\n<\/tr>\n<tr>\n<td width=\"203\">Doctor Juan Manuel Frutos<\/td>\n<td width=\"126\">25,452<\/td>\n<td width=\"128\">\u00a0Caaguaz\u00fa<\/td>\n<\/tr>\n<tr>\n<td width=\"203\">General Isidoro Resqu\u00edn<\/td>\n<td width=\"126\">25,261<\/td>\n<td width=\"128\">\u00a0San Pedro<\/td>\n<\/tr>\n<tr>\n<td width=\"203\">Eusebio Ayala<\/td>\n<td width=\"126\">24,985<\/td>\n<td width=\"128\">\u00a0Cordillera<\/td>\n<\/tr>\n<tr>\n<td width=\"203\">San Juan Bautista<\/td>\n<td width=\"126\">24,484<\/td>\n<td width=\"128\">\u00a0Misiones<\/td>\n<\/tr>\n<tr>\n<td width=\"203\">Edelira<\/td>\n<td width=\"126\">24,384<\/td>\n<td width=\"128\">\u00a0Itap\u00faa<\/td>\n<\/tr>\n<tr>\n<td width=\"203\">Paraguar\u00ed<\/td>\n<td width=\"126\">24,200<\/td>\n<td width=\"128\">\u00a0Paraguar\u00ed<\/td>\n<\/tr>\n<tr>\n<td width=\"203\">General Elizardo Aquino<\/td>\n<td width=\"126\">24,195<\/td>\n<td width=\"128\">\u00a0San Pedro<\/td>\n<\/tr>\n<tr>\n<td width=\"203\">Yuty<\/td>\n<td width=\"126\">23,688<\/td>\n<td width=\"128\">\u00a0Caazap\u00e1<\/td>\n<\/tr>\n<tr>\n<td width=\"203\">San Rafael del Paran\u00e1<\/td>\n<td width=\"126\">23,099<\/td>\n<td width=\"128\">\u00a0Itap\u00faa<\/td>\n<\/tr>\n<tr>\n<td width=\"203\">Doctor Juan Le\u00f3n Mallorqu\u00edn<\/td>\n<td width=\"126\">22,876<\/td>\n<td width=\"128\">\u00a0Alto Paran\u00e1<\/td>\n<\/tr>\n<tr>\n<td width=\"203\">Quiindy<\/td>\n<td width=\"126\">21,860<\/td>\n<td width=\"128\">\u00a0Paraguar\u00ed<\/td>\n<\/tr>\n<tr>\n<td width=\"203\">Coronel Jos\u00e9 F\u00e9lix Bogado<\/td>\n<td width=\"126\">21,591<\/td>\n<td width=\"128\">\u00a0Itap\u00faa<\/td>\n<\/tr>\n<tr>\n<td width=\"203\">Benjam\u00edn Aceval<\/td>\n<td width=\"126\">21,545<\/td>\n<td width=\"128\">\u00a0Presidente Hayes<\/td>\n<\/tr>\n<tr>\n<td width=\"203\">Natalio<\/td>\n<td width=\"126\">21,282<\/td>\n<td width=\"128\">\u00a0Itap\u00faa<\/td>\n<\/tr>\n<tr>\n<td width=\"203\">Emboscada<\/td>\n<td width=\"126\">20,468<\/td>\n<td width=\"128\">\u00a0Cordillera<\/td>\n<\/tr>\n<tr>\n<td width=\"203\">San Jos\u00e9 de los Arroyos<\/td>\n<td width=\"126\">20,464<\/td>\n<td width=\"128\">\u00a0Caaguaz\u00fa<\/td>\n<\/tr>\n<tr>\n<td width=\"203\">Tres de Mayo<\/td>\n<td width=\"126\">20,071<\/td>\n<td width=\"128\">\u00a0Caazap\u00e1<\/td>\n<\/tr>\n<\/tbody>\n<\/table>\n<\/div>\n<p>Source : Direction G\u00e9n\u00e9rale des Statistiques, Enqu\u00eates et Recensements (DGEEC) ; Recensement national de la population et de l&#8217;habitation 2002.<\/p>\n<p>Carte du Paraguay montrant les grandes villes courtoisie de l&#8217;agence centrale de renseignement &#8211; CIA<\/p>\n","protected":false},"excerpt":{"rendered":"<p>Carte du Paraguay montrant les grandes villes ainsi que certaines parties des pays environnants.Asunci\u00f3n est de loin la plus grande agglom\u00e9ration du Paraguay avec une population de 2.764.893 (en 2021). Cela signifie qu&#8217;un tiers de la population du pays est concentr\u00e9 dans la r\u00e9gion de la capitale.Le <\/p>\n","protected":false},"author":1,"featured_media":5591,"template":"","categoria_ficha":[91],"class_list":["post-645","ficha","type-ficha","status-publish","has-post-thumbnail","hentry","categoria_ficha-cartes-du-paraguay"],"acf":[],"_links":{"self":[{"href":"https:\/\/gifex.com\/fr\/wp-json\/wp\/v2\/ficha\/645","targetHints":{"allow":["GET"]}}],"collection":[{"href":"https:\/\/gifex.com\/fr\/wp-json\/wp\/v2\/ficha"}],"about":[{"href":"https:\/\/gifex.com\/fr\/wp-json\/wp\/v2\/types\/ficha"}],"author":[{"embeddable":true,"href":"https:\/\/gifex.com\/fr\/wp-json\/wp\/v2\/users\/1"}],"version-history":[{"count":5,"href":"https:\/\/gifex.com\/fr\/wp-json\/wp\/v2\/ficha\/645\/revisions"}],"predecessor-version":[{"id":19358,"href":"https:\/\/gifex.com\/fr\/wp-json\/wp\/v2\/ficha\/645\/revisions\/19358"}],"wp:featuredmedia":[{"embeddable":true,"href":"https:\/\/gifex.com\/fr\/wp-json\/wp\/v2\/media\/5591"}],"wp:attachment":[{"href":"https:\/\/gifex.com\/fr\/wp-json\/wp\/v2\/media?parent=645"}],"wp:term":[{"taxonomy":"categoria_ficha","embeddable":true,"href":"https:\/\/gifex.com\/fr\/wp-json\/wp\/v2\/categoria_ficha?post=645"}],"curies":[{"name":"wp","href":"https:\/\/api.w.org\/{rel}","templated":true}]}}