{"id":595,"date":"2022-02-04T00:13:15","date_gmt":"2022-02-04T00:13:15","guid":{"rendered":"https:\/\/gifex.com\/fr\/?post_type=ficha&#038;p=595"},"modified":"2022-11-29T19:45:04","modified_gmt":"2022-11-29T19:45:04","slug":"le-volcan-villarrica-pointe-sud-de-l-amerique-du-sud","status":"publish","type":"ficha","link":"https:\/\/gifex.com\/fr\/fichier\/le-volcan-villarrica-pointe-sud-de-l-amerique-du-sud\/","title":{"rendered":"Le volcan Villarrica, pointe sud de l&#8217;Am\u00e9rique du Sud"},"content":{"rendered":"<p>Pr\u00e8s de la pointe sud de l&#8217;Am\u00e9rique du Sud, un trio de volcans s&#8217;aligne perpendiculairement \u00e0 la cordill\u00e8re des Andes. Le plus actif est le plus \u00e0 l&#8217;ouest, le <strong>volcan Villarrica<\/strong>, repr\u00e9sent\u00e9 sur cette image satellite de type photo. Le stratovolcan de 2\u00a0582\u00a0m est recouvert d&#8217;un champ glaciaire de 30\u00a0km\u00b2, dont la majeure partie s&#8217;est accumul\u00e9e au sud et \u00e0 l&#8217;est du sommet dans un bassin form\u00e9 par une d\u00e9pression de caldeira. \u00c0 l&#8217;est et au nord-est, le glacier est recouvert de cendres et d&#8217;autres d\u00e9bris volcaniques, ce qui lui donne un aspect brun froiss\u00e9. Les versants ouest sont stri\u00e9s d&#8217;innombrables ravins gris-brun, de chemins de lave et de coul\u00e9es de boue (lahars). Au-del\u00e0 de la port\u00e9e des d\u00e9p\u00f4ts de cendres et de d\u00e9bris, le volcan est entour\u00e9 de for\u00eats; la r\u00e9gion est un parc national. La plus grande \u00e9ruption r\u00e9cente s&#8217;est produite au d\u00e9but des ann\u00e9es 1970; Les coul\u00e9es de lave ont fait fondre les glaciers et g\u00e9n\u00e9r\u00e9 des lahars qui se sont propag\u00e9s \u00e0 des vitesses de 30 \u00e0 40 km\/h. Image satellite du \u201cvolcan Villarrica pr\u00e8s de la pointe sud de l&#8217;Am\u00e9rique du Sud\u201d gracieuset\u00e9 de la NASA.<\/p>\n","protected":false},"excerpt":{"rendered":"<p>Pr\u00e8s de la pointe sud de l&#8217;Am\u00e9rique du Sud, un trio de volcans s&#8217;aligne perpendiculairement \u00e0 la cordill\u00e8re des Andes. Le plus actif est le plus \u00e0 l&#8217;ouest, le volcan Villarrica, repr\u00e9sent\u00e9 sur cette image satellite de type photo. Le stratovolcan de 2&nbsp;582&nbsp;m est recouvert d&#8217;un champ glaciair<\/p>\n","protected":false},"author":1,"featured_media":3895,"template":"","categoria_ficha":[83],"class_list":["post-595","ficha","type-ficha","status-publish","has-post-thumbnail","hentry","categoria_ficha-cartes-du-chili"],"acf":[],"_links":{"self":[{"href":"https:\/\/gifex.com\/fr\/wp-json\/wp\/v2\/ficha\/595","targetHints":{"allow":["GET"]}}],"collection":[{"href":"https:\/\/gifex.com\/fr\/wp-json\/wp\/v2\/ficha"}],"about":[{"href":"https:\/\/gifex.com\/fr\/wp-json\/wp\/v2\/types\/ficha"}],"author":[{"embeddable":true,"href":"https:\/\/gifex.com\/fr\/wp-json\/wp\/v2\/users\/1"}],"version-history":[{"count":6,"href":"https:\/\/gifex.com\/fr\/wp-json\/wp\/v2\/ficha\/595\/revisions"}],"predecessor-version":[{"id":26566,"href":"https:\/\/gifex.com\/fr\/wp-json\/wp\/v2\/ficha\/595\/revisions\/26566"}],"wp:featuredmedia":[{"embeddable":true,"href":"https:\/\/gifex.com\/fr\/wp-json\/wp\/v2\/media\/3895"}],"wp:attachment":[{"href":"https:\/\/gifex.com\/fr\/wp-json\/wp\/v2\/media?parent=595"}],"wp:term":[{"taxonomy":"categoria_ficha","embeddable":true,"href":"https:\/\/gifex.com\/fr\/wp-json\/wp\/v2\/categoria_ficha?post=595"}],"curies":[{"name":"wp","href":"https:\/\/api.w.org\/{rel}","templated":true}]}}