{"id":56455,"date":"2025-01-06T15:02:43","date_gmt":"2025-01-06T15:02:43","guid":{"rendered":"https:\/\/gifex.com\/fr\/?post_type=ficha&#038;p=56455"},"modified":"2025-01-06T15:33:54","modified_gmt":"2025-01-06T15:33:54","slug":"quelles-sont-les-principales-villes-de-cuba","status":"publish","type":"ficha","link":"https:\/\/gifex.com\/fr\/fichier\/quelles-sont-les-principales-villes-de-cuba\/","title":{"rendered":"Quelles sont les principales villes de Cuba ?"},"content":{"rendered":"<p><strong>Carte de Cuba <a href=\"https:\/\/gifex.com\/fr\/wp-content\/uploads\/56455\/Carte-des-principales-villes-de-Cuba.pdf\" target=\"_blank\" rel=\"noopener\">(format PDF)<\/a><\/strong> montrant les <strong>principales villes<\/strong> ainsi que des parties des pays environnants et la mer des Cara\u00efbes.<\/p>\n<figure id=\"attachment_56458\" aria-describedby=\"caption-attachment-56458\" style=\"width: 360px\" class=\"wp-caption alignright\"><a href=\"https:\/\/gifex.com\/fr\/wp-content\/uploads\/56455\/Carte-des-villes-de-Cuba.jpg\" target=\"_blank\" rel=\"noopener\"><img fetchpriority=\"high\" decoding=\"async\" class=\"wp-image-56458\" title=\"Carte des villes de Cuba.\" src=\"https:\/\/gifex.com\/fr\/wp-content\/uploads\/56455\/Carte-des-villes-de-Cuba-300x137.jpg\" alt=\"Carte des villes de Cuba.\" width=\"360\" height=\"165\" srcset=\"https:\/\/gifex.com\/fr\/wp-content\/uploads\/56455\/Carte-des-villes-de-Cuba-300x137.jpg 300w, https:\/\/gifex.com\/fr\/wp-content\/uploads\/56455\/Carte-des-villes-de-Cuba-1024x469.jpg 1024w, https:\/\/gifex.com\/fr\/wp-content\/uploads\/56455\/Carte-des-villes-de-Cuba-768x352.jpg 768w, https:\/\/gifex.com\/fr\/wp-content\/uploads\/56455\/Carte-des-villes-de-Cuba.jpg 1356w\" sizes=\"(max-width: 360px) 100vw, 360px\" \/><\/a><figcaption id=\"caption-attachment-56458\" class=\"wp-caption-text\"><label style=\"font-size: 15px;\">Carte des villes de Cuba.<\/label><\/figcaption><\/figure>\n<p>Il s&#8217;agit d&#8217;une liste des villes de Cuba comptant au moins 20 000 habitants, class\u00e9es par ordre d\u00e9croissant. Les donn\u00e9es d\u00e9mographiques se rapportent \u00e0 la ville proprement dite et non \u00e0 l&#8217;ensemble de la municipalit\u00e9, car elles comprennent de vastes zones rurales avec plusieurs villages. Tous les chiffres sont exacts en date de 2012.<\/p>\n<p>Le tableau ci-dessous r\u00e9pertorie les 58 <strong>principales villes cubaines<\/strong> avec leur population estim\u00e9e en 2022, calcul\u00e9e sur la base du recensement de 2012. La province \u00e0 laquelle appartient la ville est \u00e9galement indiqu\u00e9e.<\/p>\n<div class=\"boxscrl\">\n<table width=\"557\">\n<tbody>\n<tr>\n<td rowspan=\"2\" width=\"24\">N\u00ba<\/td>\n<td rowspan=\"2\" width=\"164\">Ville<\/td>\n<td width=\"131\">Population<\/td>\n<td width=\"116\">Population<\/td>\n<td rowspan=\"2\" width=\"122\">Province<\/td>\n<\/tr>\n<tr>\n<td width=\"131\">(2012 recensement)<\/td>\n<td width=\"116\">(2022 estimation)<\/td>\n<\/tr>\n<tr>\n<td width=\"24\">1<\/td>\n<td>Havana<\/td>\n<td width=\"131\">2,106,146<\/td>\n<td width=\"116\">2,137,847<\/td>\n<td>Havana<\/td>\n<\/tr>\n<tr>\n<td width=\"24\">2<\/td>\n<td>Santiago de Cuba<\/td>\n<td width=\"131\">431,272<\/td>\n<td width=\"116\">431,411<\/td>\n<td>Santiago de Cuba<\/td>\n<\/tr>\n<tr>\n<td width=\"24\">3<\/td>\n<td>Camag\u00fcey<\/td>\n<td width=\"131\">300,958<\/td>\n<td width=\"116\">310,819<\/td>\n<td>Camag\u00fcey<\/td>\n<\/tr>\n<tr>\n<td width=\"24\">4<\/td>\n<td>Holgu\u00edn<\/td>\n<td width=\"131\">287,881<\/td>\n<td width=\"116\">302,890<\/td>\n<td>Holgu\u00edn<\/td>\n<\/tr>\n<tr>\n<td width=\"24\">5<\/td>\n<td>Guant\u00e1namo<\/td>\n<td width=\"131\">217,135<\/td>\n<td width=\"116\">213,375<\/td>\n<td>Guant\u00e1namo<\/td>\n<\/tr>\n<tr>\n<td width=\"24\">6<\/td>\n<td>Santa Clara<\/td>\n<td width=\"131\">211,925<\/td>\n<td width=\"116\">217,907<\/td>\n<td>Villa Clara<\/td>\n<\/tr>\n<tr>\n<td width=\"24\">7<\/td>\n<td>Las Tunas<\/td>\n<td width=\"131\">162,957<\/td>\n<td width=\"116\">176,139<\/td>\n<td>Las Tunas<\/td>\n<\/tr>\n<tr>\n<td width=\"24\">8<\/td>\n<td>Bayamo<\/td>\n<td width=\"131\">157,027<\/td>\n<td width=\"116\">159,014<\/td>\n<td>Granma<\/td>\n<\/tr>\n<tr>\n<td width=\"24\">9<\/td>\n<td>Cienfuegos<\/td>\n<td width=\"131\">147,110<\/td>\n<td width=\"116\">153,048<\/td>\n<td>Cienfuegos<\/td>\n<\/tr>\n<tr>\n<td width=\"24\">10<\/td>\n<td>Pinar del R\u00edo<\/td>\n<td width=\"131\">140,230<\/td>\n<td width=\"116\">144,910<\/td>\n<td>Pinar del R\u00edo<\/td>\n<\/tr>\n<tr>\n<td width=\"24\">11<\/td>\n<td>Matanzas<\/td>\n<td width=\"131\">133,769<\/td>\n<td width=\"116\">145,034<\/td>\n<td>Matanzas<\/td>\n<\/tr>\n<tr>\n<td width=\"24\">12<\/td>\n<td>Ciego de \u00c1vila<\/td>\n<td width=\"131\">114,829<\/td>\n<td width=\"116\">121,788<\/td>\n<td>Ciego de \u00c1vila<\/td>\n<\/tr>\n<tr>\n<td width=\"24\">13<\/td>\n<td>Sancti Sp\u00edritus<\/td>\n<td width=\"131\">104,968<\/td>\n<td width=\"116\">109,110<\/td>\n<td>Sancti Sp\u00edritus<\/td>\n<\/tr>\n<tr>\n<td width=\"24\">14<\/td>\n<td>Manzanillo<\/td>\n<td width=\"131\">98,904<\/td>\n<td width=\"116\">&#8230;<\/td>\n<td>Granma<\/td>\n<\/tr>\n<tr>\n<td width=\"24\">15<\/td>\n<td>C\u00e1rdenas<\/td>\n<td width=\"131\">88,987<\/td>\n<td width=\"116\">&#8230;<\/td>\n<td>Matanzas<\/td>\n<\/tr>\n<tr>\n<td width=\"24\">16<\/td>\n<td>Palma Soriano<\/td>\n<td width=\"131\">74,930<\/td>\n<td width=\"116\">&#8230;<\/td>\n<td>Santiago de Cuba<\/td>\n<\/tr>\n<tr>\n<td width=\"24\">17<\/td>\n<td>Moa<\/td>\n<td width=\"131\">60,310<\/td>\n<td width=\"116\">&#8230;<\/td>\n<td>Holgu\u00edn<\/td>\n<\/tr>\n<tr>\n<td width=\"24\">18<\/td>\n<td>Mor\u00f3n<\/td>\n<td width=\"131\">59,371<\/td>\n<td width=\"116\">&#8230;<\/td>\n<td>Ciego de \u00c1vila<\/td>\n<\/tr>\n<tr>\n<td width=\"24\">19<\/td>\n<td>Florida<\/td>\n<td width=\"131\">54,191<\/td>\n<td width=\"116\">&#8230;<\/td>\n<td>Camag\u00fcey<\/td>\n<\/tr>\n<tr>\n<td width=\"24\">20<\/td>\n<td>Contramaestre<\/td>\n<td width=\"131\">47,132<\/td>\n<td width=\"116\">&#8230;<\/td>\n<td>Santiago de Cuba<\/td>\n<\/tr>\n<tr>\n<td width=\"24\">21<\/td>\n<td>Artemisa<\/td>\n<td width=\"131\">46,574<\/td>\n<td width=\"116\">48,362<\/td>\n<td>Artemisa<\/td>\n<\/tr>\n<tr>\n<td width=\"24\">22<\/td>\n<td>Nueva Gerona<\/td>\n<td width=\"131\">46,264<\/td>\n<td width=\"116\">45,926<\/td>\n<td>Isla de la Juventud<\/td>\n<\/tr>\n<tr>\n<td width=\"24\">23<\/td>\n<td>Trinidad<\/td>\n<td width=\"131\">45,041<\/td>\n<td width=\"116\">&#8230;<\/td>\n<td>Sancti Sp\u00edritus<\/td>\n<\/tr>\n<tr>\n<td width=\"24\">24<\/td>\n<td>Col\u00f3n<\/td>\n<td width=\"131\">44,177<\/td>\n<td width=\"116\">&#8230;<\/td>\n<td>Matanzas<\/td>\n<\/tr>\n<tr>\n<td width=\"24\">25<\/td>\n<td>Baracoa<\/td>\n<td width=\"131\">43,062<\/td>\n<td width=\"116\">&#8230;<\/td>\n<td>Guant\u00e1namo<\/td>\n<\/tr>\n<tr>\n<td width=\"24\">26<\/td>\n<td>G\u00fcines<\/td>\n<td width=\"131\">40,855<\/td>\n<td width=\"116\">&#8230;<\/td>\n<td>Mayabeque<\/td>\n<\/tr>\n<tr>\n<td width=\"24\">27<\/td>\n<td>Placetas<\/td>\n<td width=\"131\">39,615<\/td>\n<td width=\"116\">&#8230;<\/td>\n<td>Villa Clara<\/td>\n<\/tr>\n<tr>\n<td width=\"24\">28<\/td>\n<td>Nuevitas<\/td>\n<td width=\"131\">38,207<\/td>\n<td width=\"116\">&#8230;<\/td>\n<td>Camag\u00fcey<\/td>\n<\/tr>\n<tr>\n<td width=\"24\">29<\/td>\n<td>Sagua la Grande<\/td>\n<td width=\"131\">37,713<\/td>\n<td width=\"116\">&#8230;<\/td>\n<td>Villa Clara<\/td>\n<\/tr>\n<tr>\n<td width=\"24\">30<\/td>\n<td>San Jos\u00e9 de las Lajas<\/td>\n<td width=\"131\">36,640<\/td>\n<td width=\"116\">40,599<\/td>\n<td>Mayabeque<\/td>\n<\/tr>\n<tr>\n<td width=\"24\">31<\/td>\n<td>Banes<\/td>\n<td width=\"131\">35,316<\/td>\n<td width=\"116\">&#8230;<\/td>\n<td>Holgu\u00edn<\/td>\n<\/tr>\n<tr>\n<td width=\"24\">32<\/td>\n<td>San Luis<\/td>\n<td width=\"131\">34,997<\/td>\n<td width=\"116\">&#8230;<\/td>\n<td>Santiago de Cuba<\/td>\n<\/tr>\n<tr>\n<td width=\"24\">33<\/td>\n<td>Puerto Padre<\/td>\n<td width=\"131\">34,086<\/td>\n<td width=\"116\">&#8230;<\/td>\n<td>Las Tunas<\/td>\n<\/tr>\n<tr>\n<td width=\"24\">34<\/td>\n<td>San Antonio de los Ba\u00f1os<\/td>\n<td width=\"131\">33,811<\/td>\n<td width=\"116\">&#8230;<\/td>\n<td>Artemisa<\/td>\n<\/tr>\n<tr>\n<td width=\"24\">35<\/td>\n<td>Caibari\u00e9n<\/td>\n<td width=\"131\">33,683<\/td>\n<td width=\"116\">&#8230;<\/td>\n<td>Villa Clara<\/td>\n<\/tr>\n<tr>\n<td width=\"24\">36<\/td>\n<td>Cabaigu\u00e1n<\/td>\n<td width=\"131\">30,326<\/td>\n<td width=\"116\">&#8230;<\/td>\n<td>Sancti Sp\u00edritus<\/td>\n<\/tr>\n<tr>\n<td width=\"24\">37<\/td>\n<td>Mayar\u00ed<\/td>\n<td width=\"131\">29,259<\/td>\n<td width=\"116\">&#8230;<\/td>\n<td>Holgu\u00edn<\/td>\n<\/tr>\n<tr>\n<td width=\"24\">38<\/td>\n<td>San Crist\u00f3bal<\/td>\n<td width=\"131\">29,119<\/td>\n<td width=\"116\">&#8230;<\/td>\n<td>Artemisa<\/td>\n<\/tr>\n<tr>\n<td width=\"24\">39<\/td>\n<td>Vertientes<\/td>\n<td width=\"131\">28,890<\/td>\n<td width=\"116\">&#8230;<\/td>\n<td>Camag\u00fcey<\/td>\n<\/tr>\n<tr>\n<td width=\"24\">40<\/td>\n<td>Jag\u00fcey Grande<\/td>\n<td width=\"131\">28,870<\/td>\n<td width=\"116\">&#8230;<\/td>\n<td>Matanzas<\/td>\n<\/tr>\n<tr>\n<td width=\"24\">41<\/td>\n<td>Consolaci\u00f3n del Sur<\/td>\n<td width=\"131\">28,465<\/td>\n<td width=\"116\">&#8230;<\/td>\n<td>Pinar del R\u00edo<\/td>\n<\/tr>\n<tr>\n<td width=\"24\">42<\/td>\n<td>Jovellanos<\/td>\n<td width=\"131\">26,319<\/td>\n<td width=\"116\">&#8230;<\/td>\n<td>Matanzas<\/td>\n<\/tr>\n<tr>\n<td width=\"24\">43<\/td>\n<td>Amancio<\/td>\n<td width=\"131\">26,141<\/td>\n<td width=\"116\">&#8230;<\/td>\n<td>Las Tunas<\/td>\n<\/tr>\n<tr>\n<td width=\"24\">44<\/td>\n<td>G\u00fcira de Melena<\/td>\n<td width=\"131\">25,424<\/td>\n<td width=\"116\">&#8230;<\/td>\n<td>Artemisa<\/td>\n<\/tr>\n<tr>\n<td width=\"24\">45<\/td>\n<td>Cumanayagua<\/td>\n<td width=\"131\">25,031<\/td>\n<td width=\"116\">&#8230;<\/td>\n<td>Cienfuegos<\/td>\n<\/tr>\n<tr>\n<td width=\"24\">46<\/td>\n<td>Jatibonico<\/td>\n<td width=\"131\">24,514<\/td>\n<td width=\"116\">&#8230;<\/td>\n<td>Sancti Sp\u00edritus<\/td>\n<\/tr>\n<tr>\n<td width=\"24\">47<\/td>\n<td>Niquero<\/td>\n<td width=\"131\">24,244<\/td>\n<td width=\"116\">&#8230;<\/td>\n<td>Granma<\/td>\n<\/tr>\n<tr>\n<td width=\"24\">48<\/td>\n<td width=\"164\">San Germ\u00e1n<sup>[<\/sup>2]<\/td>\n<td width=\"131\">24,084<\/td>\n<td width=\"116\">&#8230;<\/td>\n<td>Holgu\u00edn<\/td>\n<\/tr>\n<tr>\n<td width=\"24\">49<\/td>\n<td>Sagua de T\u00e1namo<\/td>\n<td width=\"131\">23,979<\/td>\n<td width=\"116\">&#8230;<\/td>\n<td>Holgu\u00edn<\/td>\n<\/tr>\n<tr>\n<td width=\"24\">50<\/td>\n<td>Bauta<\/td>\n<td width=\"131\">23,557<\/td>\n<td width=\"116\">&#8230;<\/td>\n<td>Artemisa<\/td>\n<\/tr>\n<tr>\n<td width=\"24\">51<\/td>\n<td width=\"164\">La Maya<sup>[<\/sup>3]<\/td>\n<td width=\"131\">23,341<\/td>\n<td width=\"116\">&#8230;<\/td>\n<td>Santiago de Cuba<\/td>\n<\/tr>\n<tr>\n<td width=\"24\">52<\/td>\n<td>Guanajay<\/td>\n<td width=\"131\">22,839<\/td>\n<td width=\"116\">&#8230;<\/td>\n<td>Artemisa<\/td>\n<\/tr>\n<tr>\n<td width=\"24\">53<\/td>\n<td>Colombia<\/td>\n<td width=\"131\">22,828<\/td>\n<td width=\"116\">&#8230;<\/td>\n<td>Las Tunas<\/td>\n<\/tr>\n<tr>\n<td width=\"24\">54<\/td>\n<td>Jiguan\u00ed<\/td>\n<td width=\"131\">22,333<\/td>\n<td width=\"116\">&#8230;<\/td>\n<td>Granma<\/td>\n<\/tr>\n<tr>\n<td width=\"24\">55<\/td>\n<td>Manicaragua<\/td>\n<td width=\"131\">22,266<\/td>\n<td width=\"116\">&#8230;<\/td>\n<td>Villa Clara<\/td>\n<\/tr>\n<tr>\n<td width=\"24\">56<\/td>\n<td>Camajuan\u00ed<\/td>\n<td width=\"131\">21,924<\/td>\n<td width=\"116\">&#8230;<\/td>\n<td>Villa Clara<\/td>\n<\/tr>\n<tr>\n<td width=\"24\">57<\/td>\n<td>Guisa<\/td>\n<td width=\"131\">21,849<\/td>\n<td width=\"116\">&#8230;<\/td>\n<td>Granma<\/td>\n<\/tr>\n<tr>\n<td width=\"24\">58<\/td>\n<td>Jobabo<\/td>\n<td width=\"131\">20,309<\/td>\n<td width=\"116\">&#8230;<\/td>\n<td>Las Tunas<\/td>\n<\/tr>\n<\/tbody>\n<\/table>\n<\/div>\n<p>&nbsp;<br \/>\nSource : Oficina Nacional de Estad\u00edsticas ; Recensement de la population et de l&#8217;habitat 2012.<\/p>\n<div style=\"clear: both; display: inline-block; width: 100%;\">\n<div class=\"row\">\n<div class=\"col-sm\">\n<figure id=\"attachment_56464\" aria-describedby=\"caption-attachment-56464\" style=\"width: 400px\" class=\"wp-caption alignleft\"><a href=\"https:\/\/gifex.com\/fr\/wp-content\/uploads\/56455\/Carte-des-principales-villes-de-la-republique-de-Cuba.jpg\" target=\"_blank\" rel=\"noopener\"><img decoding=\"async\" class=\"wp-image-56464\" title=\"Carte des principales villes de la r\u00e9publique de Cuba.\" src=\"https:\/\/gifex.com\/fr\/wp-content\/uploads\/56455\/Carte-des-principales-villes-de-la-republique-de-Cuba-300x111.jpg\" alt=\"Carte des principales villes de la r\u00e9publique de Cuba.\" width=\"400\" height=\"148\" srcset=\"https:\/\/gifex.com\/fr\/wp-content\/uploads\/56455\/Carte-des-principales-villes-de-la-republique-de-Cuba-300x111.jpg 300w, https:\/\/gifex.com\/fr\/wp-content\/uploads\/56455\/Carte-des-principales-villes-de-la-republique-de-Cuba-1024x380.jpg 1024w, https:\/\/gifex.com\/fr\/wp-content\/uploads\/56455\/Carte-des-principales-villes-de-la-republique-de-Cuba-768x285.jpg 768w, https:\/\/gifex.com\/fr\/wp-content\/uploads\/56455\/Carte-des-principales-villes-de-la-republique-de-Cuba.jpg 1500w\" sizes=\"(max-width: 400px) 100vw, 400px\" \/><\/a><figcaption id=\"caption-attachment-56464\" class=\"wp-caption-text\"><label style=\"font-size: 15px;\">Carte des principales villes de la r\u00e9publique de Cuba.<\/label><\/figcaption><\/figure>\n<\/div>\n<div class=\"col-sm\">\n<figure id=\"attachment_56465\" aria-describedby=\"caption-attachment-56465\" style=\"width: 400px\" class=\"wp-caption alignright\"><a href=\"https:\/\/gifex.com\/fr\/wp-content\/uploads\/56455\/Carte-de-Cuba-avec-les-villes.png\" target=\"_blank\" rel=\"noopener\"><img decoding=\"async\" class=\"wp-image-56465\" title=\"Carte de Cuba avec les villes.\" src=\"https:\/\/gifex.com\/fr\/wp-content\/uploads\/56455\/Carte-de-Cuba-avec-les-villes-300x118.png\" alt=\"Carte de Cuba avec les villes.\" width=\"400\" height=\"158\" srcset=\"https:\/\/gifex.com\/fr\/wp-content\/uploads\/56455\/Carte-de-Cuba-avec-les-villes-300x118.png 300w, https:\/\/gifex.com\/fr\/wp-content\/uploads\/56455\/Carte-de-Cuba-avec-les-villes-1024x404.png 1024w, https:\/\/gifex.com\/fr\/wp-content\/uploads\/56455\/Carte-de-Cuba-avec-les-villes-768x303.png 768w, https:\/\/gifex.com\/fr\/wp-content\/uploads\/56455\/Carte-de-Cuba-avec-les-villes-1536x605.png 1536w, https:\/\/gifex.com\/fr\/wp-content\/uploads\/56455\/Carte-de-Cuba-avec-les-villes-2048x807.png 2048w, https:\/\/gifex.com\/fr\/wp-content\/uploads\/56455\/Carte-de-Cuba-avec-les-villes-1600x631.png 1600w\" sizes=\"(max-width: 400px) 100vw, 400px\" \/><\/a><figcaption id=\"caption-attachment-56465\" class=\"wp-caption-text\"><label style=\"font-size: 15px;\">Carte de Cuba avec les villes.<\/label><\/figcaption><\/figure>\n<\/div>\n<div class=\"col-sm\">\n<figure id=\"attachment_56459\" aria-describedby=\"caption-attachment-56459\" style=\"width: 400px\" class=\"wp-caption aligncenter\"><a href=\"https:\/\/gifex.com\/fr\/wp-content\/uploads\/56455\/Carte-des-villes-de-la-republique-de-Cuba.jpg\" target=\"_blank\" rel=\"noopener\"><img loading=\"lazy\" decoding=\"async\" class=\"wp-image-56459\" title=\"Carte des villes de la r\u00e9publique de Cuba.\" src=\"https:\/\/gifex.com\/fr\/wp-content\/uploads\/56455\/Carte-des-villes-de-la-republique-de-Cuba-300x219.jpg\" alt=\"Carte des villes de la r\u00e9publique de Cuba.\" width=\"400\" height=\"293\" srcset=\"https:\/\/gifex.com\/fr\/wp-content\/uploads\/56455\/Carte-des-villes-de-la-republique-de-Cuba-300x219.jpg 300w, https:\/\/gifex.com\/fr\/wp-content\/uploads\/56455\/Carte-des-villes-de-la-republique-de-Cuba-1024x749.jpg 1024w, https:\/\/gifex.com\/fr\/wp-content\/uploads\/56455\/Carte-des-villes-de-la-republique-de-Cuba-768x562.jpg 768w, https:\/\/gifex.com\/fr\/wp-content\/uploads\/56455\/Carte-des-villes-de-la-republique-de-Cuba-1536x1123.jpg 1536w, https:\/\/gifex.com\/fr\/wp-content\/uploads\/56455\/Carte-des-villes-de-la-republique-de-Cuba-1600x1170.jpg 1600w, https:\/\/gifex.com\/fr\/wp-content\/uploads\/56455\/Carte-des-villes-de-la-republique-de-Cuba.jpg 1668w\" sizes=\"(max-width: 400px) 100vw, 400px\" \/><\/a><figcaption id=\"caption-attachment-56459\" class=\"wp-caption-text\"><label style=\"font-size: 15px;\">Carte des villes de la r\u00e9publique de Cuba.<\/label><\/figcaption><\/figure>\n<\/div>\n<\/div>\n<\/div>\n","protected":false},"excerpt":{"rendered":"<p>Carte de Cuba (format PDF) montrant les principales villes ainsi que des parties des pays environnants et la mer des Cara\u00efbes.           <\/p>\n","protected":false},"author":1,"featured_media":56456,"template":"","categoria_ficha":[53],"class_list":["post-56455","ficha","type-ficha","status-publish","has-post-thumbnail","hentry","categoria_ficha-cartes-de-cuba"],"acf":[],"_links":{"self":[{"href":"https:\/\/gifex.com\/fr\/wp-json\/wp\/v2\/ficha\/56455","targetHints":{"allow":["GET"]}}],"collection":[{"href":"https:\/\/gifex.com\/fr\/wp-json\/wp\/v2\/ficha"}],"about":[{"href":"https:\/\/gifex.com\/fr\/wp-json\/wp\/v2\/types\/ficha"}],"author":[{"embeddable":true,"href":"https:\/\/gifex.com\/fr\/wp-json\/wp\/v2\/users\/1"}],"version-history":[{"count":3,"href":"https:\/\/gifex.com\/fr\/wp-json\/wp\/v2\/ficha\/56455\/revisions"}],"predecessor-version":[{"id":56466,"href":"https:\/\/gifex.com\/fr\/wp-json\/wp\/v2\/ficha\/56455\/revisions\/56466"}],"wp:featuredmedia":[{"embeddable":true,"href":"https:\/\/gifex.com\/fr\/wp-json\/wp\/v2\/media\/56456"}],"wp:attachment":[{"href":"https:\/\/gifex.com\/fr\/wp-json\/wp\/v2\/media?parent=56455"}],"wp:term":[{"taxonomy":"categoria_ficha","embeddable":true,"href":"https:\/\/gifex.com\/fr\/wp-json\/wp\/v2\/categoria_ficha?post=56455"}],"curies":[{"name":"wp","href":"https:\/\/api.w.org\/{rel}","templated":true}]}}