{"id":56409,"date":"2025-01-05T17:43:04","date_gmt":"2025-01-05T17:43:04","guid":{"rendered":"https:\/\/gifex.com\/fr\/?post_type=ficha&#038;p=56409"},"modified":"2025-01-05T17:43:04","modified_gmt":"2025-01-05T17:43:04","slug":"carte-geologique-de-cuba","status":"publish","type":"ficha","link":"https:\/\/gifex.com\/fr\/fichier\/carte-geologique-de-cuba\/","title":{"rendered":"Carte g\u00e9ologique de Cuba"},"content":{"rendered":"<p style=\"text-align: center;\"><label style=\"font-size: 15px;\">Carte g\u00e9ologique de Cuba <a href=\"https:\/\/gifex.com\/fr\/wp-content\/uploads\/56409\/Carte-geologique-de-Cuba.pdf\" target=\"_blank\" rel=\"noopener\">(format PDF)<\/a>.<\/label><\/p>\n<p><strong>G\u00e9ologie de Cuba<\/strong><\/p>\n<p>La g\u00e9ologie de Cuba diff\u00e8re consid\u00e9rablement de celle des autres \u00eeles des Cara\u00efbes en raison de roches m\u00e9tamorphiques pr\u00e9cambriennes et prot\u00e9rozo\u00efques vieilles de 900 millions d&#8217;ann\u00e9es dans la province de Santa Clara et de vastes affleurements du Jurassique et du Cr\u00e9tac\u00e9.<\/p>\n<figure id=\"attachment_56415\" aria-describedby=\"caption-attachment-56415\" style=\"width: 360px\" class=\"wp-caption alignright\"><a href=\"https:\/\/gifex.com\/fr\/wp-content\/uploads\/56409\/Esquisse-geologique-de-l-ile-de-Cuba-1869-83.jpg\" target=\"_blank\" rel=\"noopener\"><img fetchpriority=\"high\" decoding=\"async\" class=\"wp-image-56415\" title=\"Esquisse g\u00e9ologique de l'\u00eele de Cuba 1869-83.\" src=\"https:\/\/gifex.com\/fr\/wp-content\/uploads\/56409\/Esquisse-geologique-de-l-ile-de-Cuba-1869-83-300x172.jpg\" alt=\"Esquisse g\u00e9ologique de l'\u00eele de Cuba 1869-83.\" width=\"360\" height=\"206\" srcset=\"https:\/\/gifex.com\/fr\/wp-content\/uploads\/56409\/Esquisse-geologique-de-l-ile-de-Cuba-1869-83-300x172.jpg 300w, https:\/\/gifex.com\/fr\/wp-content\/uploads\/56409\/Esquisse-geologique-de-l-ile-de-Cuba-1869-83-1024x586.jpg 1024w, https:\/\/gifex.com\/fr\/wp-content\/uploads\/56409\/Esquisse-geologique-de-l-ile-de-Cuba-1869-83-768x439.jpg 768w, https:\/\/gifex.com\/fr\/wp-content\/uploads\/56409\/Esquisse-geologique-de-l-ile-de-Cuba-1869-83-1536x879.jpg 1536w, https:\/\/gifex.com\/fr\/wp-content\/uploads\/56409\/Esquisse-geologique-de-l-ile-de-Cuba-1869-83-2048x1171.jpg 2048w, https:\/\/gifex.com\/fr\/wp-content\/uploads\/56409\/Esquisse-geologique-de-l-ile-de-Cuba-1869-83-1600x915.jpg 1600w\" sizes=\"(max-width: 360px) 100vw, 360px\" \/><\/a><figcaption id=\"caption-attachment-56415\" class=\"wp-caption-text\"><label style=\"font-size: 15px;\">Esquisse g\u00e9ologique de l&#8217;\u00eele de Cuba &#8211; par D. Manuel Fern\u00e1ndez de Castro ; agrandi par D. Pedro Salterainy Legarra, 1869-83.<\/label><\/figcaption><\/figure>\n<p>L&#8217;ouest et le centre de Cuba sont une ceinture orog\u00e9nique (des montagnes form\u00e9es par froissement et soul\u00e8vement) cr\u00e9\u00e9e par la collision d&#8217;un arc insulaire du Cr\u00e9tac\u00e9 avec la plate-forme de Floride et des Bahamas. En cons\u00e9quence, la zone ophiolitique cubaine a \u00e9t\u00e9 obduite (des roches ont \u00e9t\u00e9 racl\u00e9es de la plaque cara\u00efbe et accumul\u00e9es sur la plaque nord-am\u00e9ricaine) et une ceinture de plis et de chevauchements vers le nord s&#8217;est form\u00e9e. Les \u00e9poques du Pal\u00e9oc\u00e8ne et de l&#8217;\u00c9oc\u00e8ne ont \u00e9galement vu une petite quantit\u00e9 de formation de montagnes.<\/p>\n<p>L&#8217;est de Cuba, au sud-est du bassin de Cauto, pr\u00e9sente en revanche un complexe d&#8217;arc volcanique c\u00e9nozo\u00efque, avec des ophiolites (d\u00e9chets de raclage) au nord et \u00e0 l&#8217;est de la Sierra Maestra, roches orog\u00e8nes d&#8217;\u00e2ge m\u00e9sozo\u00efque recouvertes de roches s\u00e9dimentaires et de tufs pal\u00e9og\u00e8nes. La s\u00e9dimentation due \u00e0 l&#8217;activit\u00e9 tectonique s&#8217;est poursuivie jusqu&#8217;\u00e0 l&#8217;Oligoc\u00e8ne.<\/p>\n<figure id=\"attachment_56416\" aria-describedby=\"caption-attachment-56416\" style=\"width: 360px\" class=\"wp-caption alignright\"><a href=\"https:\/\/gifex.com\/fr\/wp-content\/uploads\/56409\/Carte-miniere-de-la-Republique-de-Cuba-de-1947.jpg\" target=\"_blank\" rel=\"noopener\"><img decoding=\"async\" class=\"wp-image-56416\" title=\"Carte mini\u00e8re de la R\u00e9publique de Cuba de 1947.\" src=\"https:\/\/gifex.com\/fr\/wp-content\/uploads\/56409\/Carte-miniere-de-la-Republique-de-Cuba-de-1947-300x124.jpg\" alt=\"Carte mini\u00e8re de la R\u00e9publique de Cuba de 1947.\" width=\"360\" height=\"149\" srcset=\"https:\/\/gifex.com\/fr\/wp-content\/uploads\/56409\/Carte-miniere-de-la-Republique-de-Cuba-de-1947-300x124.jpg 300w, https:\/\/gifex.com\/fr\/wp-content\/uploads\/56409\/Carte-miniere-de-la-Republique-de-Cuba-de-1947-1024x424.jpg 1024w, https:\/\/gifex.com\/fr\/wp-content\/uploads\/56409\/Carte-miniere-de-la-Republique-de-Cuba-de-1947-768x318.jpg 768w, https:\/\/gifex.com\/fr\/wp-content\/uploads\/56409\/Carte-miniere-de-la-Republique-de-Cuba-de-1947-1536x636.jpg 1536w, https:\/\/gifex.com\/fr\/wp-content\/uploads\/56409\/Carte-miniere-de-la-Republique-de-Cuba-de-1947-2048x848.jpg 2048w, https:\/\/gifex.com\/fr\/wp-content\/uploads\/56409\/Carte-miniere-de-la-Republique-de-Cuba-de-1947-1600x663.jpg 1600w\" sizes=\"(max-width: 360px) 100vw, 360px\" \/><\/a><figcaption id=\"caption-attachment-56416\" class=\"wp-caption-text\"><label style=\"font-size: 15px;\">Carte mini\u00e8re de la R\u00e9publique de Cuba de 1947 ; Ministerio de Agricultura, Direccion de Montes, Minas y Aguas, Comision del Mapa Geologico ; Ing. Antonio Calvache ; Ing. Jorge Brodermann ; Dr. German Alvarez Fuentes ; dib. S.L. Rocapa.<\/label><\/figcaption><\/figure>\n<p>La formation de Jagua, dans l&#8217;ouest de Cuba, a livr\u00e9 de nombreux fossiles de reptiles marins et de pt\u00e9rosaures.<\/p>\n<p><strong>S\u00e9ismes<\/strong><\/p>\n<p>Cuba est situ\u00e9e dans une zone o\u00f9 se trouvent plusieurs syst\u00e8mes de failles actives qui produisent en moyenne environ 2 000 \u00e9v\u00e9nements sismiques par an. Si la plupart des \u00e9v\u00e9nements sismiques enregistr\u00e9s passent inaper\u00e7us, l&#8217;\u00eele a \u00e9t\u00e9 frapp\u00e9e par un certain nombre de tremblements de terre destructeurs au cours des quatre derniers si\u00e8cles, dont plusieurs tremblements de terre majeurs d&#8217;une magnitude de 7,0 ou plus. Le tremblement de terre le plus fort a eu lieu en 1992, lorsque la secousse principale mesurait 6,9 sur l&#8217;\u00e9chelle de Richter. Il a \u00e9t\u00e9 suivi par un tremblement de terre de magnitude 7,7 le 28 janvier 2020.<\/p>\n<figure id=\"attachment_56418\" aria-describedby=\"caption-attachment-56418\" style=\"width: 400px\" class=\"wp-caption aligncenter\"><a href=\"https:\/\/gifex.com\/fr\/wp-content\/uploads\/56409\/Carte-geologique-generalisee-de-Cuba.jpg\" target=\"_blank\" rel=\"noopener\"><img decoding=\"async\" class=\"wp-image-56418\" title=\"Carte g\u00e9ologique g\u00e9n\u00e9ralis\u00e9e de Cuba.\" src=\"https:\/\/gifex.com\/fr\/wp-content\/uploads\/56409\/Carte-geologique-generalisee-de-Cuba-300x141.jpg\" alt=\"Carte g\u00e9ologique g\u00e9n\u00e9ralis\u00e9e de Cuba.\" width=\"400\" height=\"188\" srcset=\"https:\/\/gifex.com\/fr\/wp-content\/uploads\/56409\/Carte-geologique-generalisee-de-Cuba-300x141.jpg 300w, https:\/\/gifex.com\/fr\/wp-content\/uploads\/56409\/Carte-geologique-generalisee-de-Cuba-1024x482.jpg 1024w, https:\/\/gifex.com\/fr\/wp-content\/uploads\/56409\/Carte-geologique-generalisee-de-Cuba-768x361.jpg 768w, https:\/\/gifex.com\/fr\/wp-content\/uploads\/56409\/Carte-geologique-generalisee-de-Cuba-1536x722.jpg 1536w, https:\/\/gifex.com\/fr\/wp-content\/uploads\/56409\/Carte-geologique-generalisee-de-Cuba-2048x963.jpg 2048w, https:\/\/gifex.com\/fr\/wp-content\/uploads\/56409\/Carte-geologique-generalisee-de-Cuba-1600x752.jpg 1600w\" sizes=\"(max-width: 400px) 100vw, 400px\" \/><\/a><figcaption id=\"caption-attachment-56418\" class=\"wp-caption-text\"><label style=\"font-size: 15px;\">Carte g\u00e9ologique g\u00e9n\u00e9ralis\u00e9e de Cuba <a href=\"https:\/\/gifex.com\/fr\/wp-content\/uploads\/56409\/Carte-geologique-generalisee-de-Cuba.pdf\" target=\"_blank\" rel=\"noopener\">(format PDF)<\/a> \u00e9tablie \u00e0 partir de la carte g\u00e9ologique de Cuba \u00e0 l&#8217;\u00e9chelle 1 : 500 000 (Perez Othon et Yarmoliuk 1985) montrant les principales unit\u00e9s tectoniques de Cuba. Le massif de Batabano a \u00e9t\u00e9 interpr\u00e9t\u00e9 sur la base de donn\u00e9es gravim\u00e9triques et magn\u00e9tiques comme faisant partie de l&#8217;arc insulaire du Cr\u00e9tac\u00e9 recouvert de s\u00e9diments plus r\u00e9cents (Pusharovski et al. 1989). La large ligne grise limite la zone de plateau continental \u00e0 plus de 2 000 m de profondeur. (A) indique la faille \u00e0 faible angle d\u00e9tect\u00e9e par Rosencrantz (1990).<\/label><\/figcaption><\/figure>\n","protected":false},"excerpt":{"rendered":"<p>G\u00e9ologie de Cuba. La g\u00e9ologie de Cuba diff\u00e8re consid\u00e9rablement de celle des autres \u00eeles des Cara\u00efbes en raison de roches m\u00e9tamorphiques pr\u00e9cambriennes et &#8230;<\/p>\n","protected":false},"author":1,"featured_media":56413,"template":"","categoria_ficha":[53],"class_list":["post-56409","ficha","type-ficha","status-publish","has-post-thumbnail","hentry","categoria_ficha-cartes-de-cuba"],"acf":[],"_links":{"self":[{"href":"https:\/\/gifex.com\/fr\/wp-json\/wp\/v2\/ficha\/56409","targetHints":{"allow":["GET"]}}],"collection":[{"href":"https:\/\/gifex.com\/fr\/wp-json\/wp\/v2\/ficha"}],"about":[{"href":"https:\/\/gifex.com\/fr\/wp-json\/wp\/v2\/types\/ficha"}],"author":[{"embeddable":true,"href":"https:\/\/gifex.com\/fr\/wp-json\/wp\/v2\/users\/1"}],"version-history":[{"count":1,"href":"https:\/\/gifex.com\/fr\/wp-json\/wp\/v2\/ficha\/56409\/revisions"}],"predecessor-version":[{"id":56421,"href":"https:\/\/gifex.com\/fr\/wp-json\/wp\/v2\/ficha\/56409\/revisions\/56421"}],"wp:featuredmedia":[{"embeddable":true,"href":"https:\/\/gifex.com\/fr\/wp-json\/wp\/v2\/media\/56413"}],"wp:attachment":[{"href":"https:\/\/gifex.com\/fr\/wp-json\/wp\/v2\/media?parent=56409"}],"wp:term":[{"taxonomy":"categoria_ficha","embeddable":true,"href":"https:\/\/gifex.com\/fr\/wp-json\/wp\/v2\/categoria_ficha?post=56409"}],"curies":[{"name":"wp","href":"https:\/\/api.w.org\/{rel}","templated":true}]}}