{"id":56278,"date":"2025-01-02T15:38:29","date_gmt":"2025-01-02T15:38:29","guid":{"rendered":"https:\/\/gifex.com\/fr\/?post_type=ficha&#038;p=56278"},"modified":"2025-01-02T23:53:52","modified_gmt":"2025-01-02T23:53:52","slug":"provinces-et-territoires-indigenes-du-panama","status":"publish","type":"ficha","link":"https:\/\/gifex.com\/fr\/fichier\/provinces-et-territoires-indigenes-du-panama\/","title":{"rendered":"Provinces et territoires indig\u00e8nes du Panama"},"content":{"rendered":"<p style=\"text-align: center;\"><label style=\"font-size: 15px;\">Carte des provinces et territoires indig\u00e8nes du Panama<\/label><\/p>\n<p><strong>Provinces du Panama<\/strong><\/p>\n<p>La province est la plus grande division politique dans laquelle est divis\u00e9 le territoire de l&#8217;\u00c9tat panam\u00e9en, compos\u00e9e des districts l\u00e9galement \u00e9tablis.<\/p>\n<p>Pour cr\u00e9er une province il faut :<\/p>\n<figure id=\"attachment_56285\" aria-describedby=\"caption-attachment-56285\" style=\"width: 360px\" class=\"wp-caption alignright\"><a href=\"https:\/\/gifex.com\/fr\/wp-content\/uploads\/56278\/Carte-de-la-division-politico-administrative-de-la-Republique-du-Panama.jpg\" target=\"_blank\" rel=\"noopener\"><img fetchpriority=\"high\" decoding=\"async\" class=\"wp-image-56285\" title=\"Carte de la division politico-administrative de la R\u00e9publique du Panama.\" src=\"https:\/\/gifex.com\/fr\/wp-content\/uploads\/56278\/Carte-de-la-division-politico-administrative-de-la-Republique-du-Panama-300x230.jpg\" alt=\"Carte de la division politico-administrative de la R\u00e9publique du Panama.\" width=\"360\" height=\"276\" srcset=\"https:\/\/gifex.com\/fr\/wp-content\/uploads\/56278\/Carte-de-la-division-politico-administrative-de-la-Republique-du-Panama-300x230.jpg 300w, https:\/\/gifex.com\/fr\/wp-content\/uploads\/56278\/Carte-de-la-division-politico-administrative-de-la-Republique-du-Panama-1024x785.jpg 1024w, https:\/\/gifex.com\/fr\/wp-content\/uploads\/56278\/Carte-de-la-division-politico-administrative-de-la-Republique-du-Panama-768x589.jpg 768w, https:\/\/gifex.com\/fr\/wp-content\/uploads\/56278\/Carte-de-la-division-politico-administrative-de-la-Republique-du-Panama-1536x1177.jpg 1536w, https:\/\/gifex.com\/fr\/wp-content\/uploads\/56278\/Carte-de-la-division-politico-administrative-de-la-Republique-du-Panama-2048x1570.jpg 2048w, https:\/\/gifex.com\/fr\/wp-content\/uploads\/56278\/Carte-de-la-division-politico-administrative-de-la-Republique-du-Panama-1600x1226.jpg 1600w\" sizes=\"(max-width: 360px) 100vw, 360px\" \/><\/a><figcaption id=\"caption-attachment-56285\" class=\"wp-caption-text\"><label style=\"font-size: 15px;\">Carte de la division politico-administrative de la R\u00e9publique du Panama <a href=\"https:\/\/gifex.com\/fr\/wp-content\/uploads\/56278\/Carte-de-la-division-politico-administrative-de-la-Republique-du-Panama.pdf\" target=\"_blank\" rel=\"noopener\">(format pdf)<\/a>.<\/label><\/figcaption><\/figure>\n<ol>\n<li>Que le territoire de la future province ait une population minimale de 15% de la population totale du pays selon le dernier recensement.<\/li>\n<li>Une superficie territoriale d&#8217;au moins 4 000 kilom\u00e8tres carr\u00e9s.<\/li>\n<li>La d\u00e9limitation physique du territoire provincial.<\/li>\n<li>Un rapport socio-\u00e9conomique et financier du minist\u00e8re de l&#8217;\u00c9conomie et des Finances.<\/li>\n<li>La d\u00e9cision favorable des citoyens et des autorit\u00e9s des quartiers, par consultation populaire sur place.<\/li>\n<li>Un rapport de l&#8217;\u00e9tude technique r\u00e9alis\u00e9e par la Commission Nationale sur les limites politico-administratives.<\/li>\n<li>Que le district territorial d&#8217;o\u00f9 le territoire est pris ait une population et une superficie territoriale au moins \u00e9gales \u00e0 celles de la nouvelle province.<\/li>\n<\/ol>\n<p>Dans chaque province, il y a un gouverneur librement nomm\u00e9 et r\u00e9voqu\u00e9 du corps ex\u00e9cutif, qui le repr\u00e9sente dans sa circonscription. Chaque gouverneur a un suppl\u00e9ant \u00e9galement d\u00e9sign\u00e9 par l&#8217;Organe ex\u00e9cutif.<\/p>\n<p>Dans chaque province, il existe un conseil provincial, compos\u00e9 de tous les repr\u00e9sentants des communes de la province respective.<\/p>\n<p><strong><em>Comarcas ind\u00edgenas<\/em> (r\u00e9gions indig\u00e8nes) du Panama<\/strong><\/p>\n<p>La loi 65 de 2015 \u00e9tablit que pour la cr\u00e9ation de r\u00e9gimes sp\u00e9ciaux, les exigences \u00e9tablies dans la constitution et la loi doivent \u00eatre respect\u00e9es.<\/p>\n<p>Le premier r\u00e9gime sp\u00e9cial cr\u00e9\u00e9 fut la r\u00e9gion de San Blas (aujourd&#8217;hui Guna Yala) par la loi 16 du 19 d\u00e9cembre 1953 ; Viennent ensuite les Ember\u00e1-Wounaan (loi 22 du 8 novembre 1983), Madugand\u00ed (loi 24 du 12 janvier 1996), Ng\u00e4be-Bugl\u00e9 (loi 10 du 7 mars 1997), Wargand\u00ed (loi 34 du 12 janvier 2000), et Naso Tj\u00ebr Di (loi 188 du 4 d\u00e9cembre 2020).<\/p>\n<p><strong>Provinces et comarques indig\u00e8nes du Panama<\/strong><\/p>\n<div class=\"boxscrl\">\n<table width=\"869\">\n<tbody>\n<tr>\n<td rowspan=\"2\" width=\"197\">Province\/Comarque<\/td>\n<td rowspan=\"2\" width=\"218\">Capitale<\/td>\n<td rowspan=\"2\" width=\"229\">Superficie<\/td>\n<td rowspan=\"2\" width=\"225\">Population (2023)<\/td>\n<\/tr>\n<tr>\n<td colspan=\"4\" width=\"869\">Provinces<\/td>\n<\/tr>\n<tr>\n<td>Bocas del Toro<\/td>\n<td>Bocas del Toro<\/td>\n<td>3 037,74 km\u00b2<\/td>\n<td width=\"225\">159 228<\/td>\n<\/tr>\n<tr>\n<td>Cocl\u00e9<\/td>\n<td>Penonom\u00e9<\/td>\n<td>4 927 km\u00b2<\/td>\n<td width=\"225\">268 264<\/td>\n<\/tr>\n<tr>\n<td>Col\u00f3n<\/td>\n<td>Col\u00f3n<\/td>\n<td>4 868,4 km\u00b2<\/td>\n<td width=\"225\">281 956<\/td>\n<\/tr>\n<tr>\n<td>Chiriqu\u00ed<\/td>\n<td>David<\/td>\n<td>6 548 km\u00b2<\/td>\n<td width=\"225\">471 071<\/td>\n<\/tr>\n<tr>\n<td>Dari\u00e9n<\/td>\n<td>La Palma<\/td>\n<td>11 896,5 km\u00b2<\/td>\n<td width=\"225\">54 235<\/td>\n<\/tr>\n<tr>\n<td>Herrera<\/td>\n<td>Chitr\u00e9<\/td>\n<td>756 km\u00b2<\/td>\n<td width=\"225\">122 071<\/td>\n<\/tr>\n<tr>\n<td>Los Santos<\/td>\n<td>Las Tablas<\/td>\n<td>3 809,4 km\u00b2<\/td>\n<td width=\"225\">98 466<\/td>\n<\/tr>\n<tr>\n<td>Panam\u00e1<\/td>\n<td>Ciudad de Panam\u00e1<\/td>\n<td>8 763 km\u00b2<\/td>\n<td width=\"225\">1 439 575<\/td>\n<\/tr>\n<tr>\n<td>Veraguas<\/td>\n<td>Santiago<\/td>\n<td>10 629,6 km\u00b2<\/td>\n<td width=\"225\">259 791<\/td>\n<\/tr>\n<tr>\n<td>Panam\u00e1 Oeste<\/td>\n<td>La Chorrera<\/td>\n<td>3 123,8 km\u00b2<\/td>\n<td width=\"225\">653 665<\/td>\n<\/tr>\n<tr>\n<td colspan=\"4\" width=\"869\">Comarques indig\u00e8nes au statut de province<\/td>\n<\/tr>\n<tr>\n<td>Ember\u00e1-Wounaan<\/td>\n<td>Uni\u00f3n Choc\u00f3<\/td>\n<td>4 383,5 km\u00b2<\/td>\n<td width=\"225\">12 358<\/td>\n<\/tr>\n<tr>\n<td>Guna Yala<\/td>\n<td>Gaigirgordub<\/td>\n<td>2 340,7 km\u00b2<\/td>\n<td width=\"225\">32 016<\/td>\n<\/tr>\n<tr>\n<td>Naso Tj\u00ebr Di<\/td>\n<td>Sieyic<\/td>\n<td>1 606,1 km\u00b2<\/td>\n<td width=\"225\">5 000<\/td>\n<\/tr>\n<tr>\n<td>Ng\u00e4be-Bugl\u00e9<\/td>\n<td>Bu\u00e4bitdi<\/td>\n<td>6 968,0 km\u00b2<\/td>\n<td width=\"225\">212 084<\/td>\n<\/tr>\n<tr>\n<td colspan=\"4\" width=\"869\">Comarques indig\u00e8nes au statut de corregimiento<\/td>\n<\/tr>\n<tr>\n<td>Madugand\u00ed<\/td>\n<td>Akua Yala<\/td>\n<td>2 319 km\u00b2<\/td>\n<td width=\"225\">7 647<\/td>\n<\/tr>\n<tr>\n<td>Wargand\u00ed<\/td>\n<td>Mort\u00ed<\/td>\n<td>755 km\u00b2<\/td>\n<td width=\"225\">2 781<\/td>\n<\/tr>\n<\/tbody>\n<\/table>\n<\/div>\n","protected":false},"excerpt":{"rendered":"<p>Carte des provinces et territoires indig\u00e8nes du Panama. Provinces du Panama. La province est la plus grande division politique dans laquelle est divis\u00e9 &#8230;<\/p>\n","protected":false},"author":1,"featured_media":56279,"template":"","categoria_ficha":[71],"class_list":["post-56278","ficha","type-ficha","status-publish","has-post-thumbnail","hentry","categoria_ficha-cartes-du-panama"],"acf":[],"_links":{"self":[{"href":"https:\/\/gifex.com\/fr\/wp-json\/wp\/v2\/ficha\/56278","targetHints":{"allow":["GET"]}}],"collection":[{"href":"https:\/\/gifex.com\/fr\/wp-json\/wp\/v2\/ficha"}],"about":[{"href":"https:\/\/gifex.com\/fr\/wp-json\/wp\/v2\/types\/ficha"}],"author":[{"embeddable":true,"href":"https:\/\/gifex.com\/fr\/wp-json\/wp\/v2\/users\/1"}],"version-history":[{"count":3,"href":"https:\/\/gifex.com\/fr\/wp-json\/wp\/v2\/ficha\/56278\/revisions"}],"predecessor-version":[{"id":56287,"href":"https:\/\/gifex.com\/fr\/wp-json\/wp\/v2\/ficha\/56278\/revisions\/56287"}],"wp:featuredmedia":[{"embeddable":true,"href":"https:\/\/gifex.com\/fr\/wp-json\/wp\/v2\/media\/56279"}],"wp:attachment":[{"href":"https:\/\/gifex.com\/fr\/wp-json\/wp\/v2\/media?parent=56278"}],"wp:term":[{"taxonomy":"categoria_ficha","embeddable":true,"href":"https:\/\/gifex.com\/fr\/wp-json\/wp\/v2\/categoria_ficha?post=56278"}],"curies":[{"name":"wp","href":"https:\/\/api.w.org\/{rel}","templated":true}]}}