{"id":56239,"date":"2025-01-01T19:41:06","date_gmt":"2025-01-01T19:41:06","guid":{"rendered":"https:\/\/gifex.com\/fr\/?post_type=ficha&#038;p=56239"},"modified":"2025-01-01T19:41:06","modified_gmt":"2025-01-01T19:41:06","slug":"carte-climatique-du-panama","status":"publish","type":"ficha","link":"https:\/\/gifex.com\/fr\/fichier\/carte-climatique-du-panama\/","title":{"rendered":"Carte climatique du Panama"},"content":{"rendered":"<p style=\"text-align: center;\"><label style=\"font-size: 15px;\">Carte de classification climatique K\u00f6ppen-Geiger pour le Panama.<\/label><\/p>\n<p><strong>Climat du Panama<\/strong><\/p>\n<p>Le Panama jouit d&#8217;un climat tropical. Les temp\u00e9ratures sont uniform\u00e9ment \u00e9lev\u00e9es, tout comme l&#8217;humidit\u00e9 relative, et les variations saisonni\u00e8res sont faibles. Les variations diurnes sont faibles ; lors d&#8217;une journ\u00e9e typique de saison s\u00e8che dans la capitale, la temp\u00e9rature minimale matinale peut atteindre 24 \u00b0C et la temp\u00e9rature maximale l&#8217;apr\u00e8s-midi 30 \u00b0C. La temp\u00e9rature d\u00e9passe rarement 32 \u00b0C pendant plus d&#8217;une courte p\u00e9riode. Les temp\u00e9ratures sur la c\u00f4te pacifique de l&#8217;isthme sont l\u00e9g\u00e8rement plus basses que sur la c\u00f4te cara\u00efbe et les brises ont tendance \u00e0 se lever apr\u00e8s le cr\u00e9puscule dans la plupart des r\u00e9gions du pays. Les temp\u00e9ratures sont nettement plus fra\u00eeches dans les parties les plus hautes des cha\u00eenes de montagnes et des gel\u00e9es se produisent dans la Cordill\u00e8re de Talamanca, \u00e0 l&#8217;ouest du Panama.<\/p>\n<p>Les r\u00e9gions climatiques sont d\u00e9termin\u00e9es moins par la temp\u00e9rature que par les pr\u00e9cipitations, qui varient selon les r\u00e9gions de moins de 1 300 millim\u00e8tres \u00e0 plus de 3 000 millim\u00e8tres par an. La quasi-totalit\u00e9 des pr\u00e9cipitations tombe pendant la saison des pluies, qui s&#8217;\u00e9tend g\u00e9n\u00e9ralement d&#8217;avril \u00e0 d\u00e9cembre, mais dont la dur\u00e9e varie de sept \u00e0 neuf mois. En g\u00e9n\u00e9ral, les pr\u00e9cipitations sont beaucoup plus abondantes dans les Cara\u00efbes que du c\u00f4t\u00e9 Pacifique de la ligne continentale de partage des eaux, en partie \u00e0 cause de l&#8217;activit\u00e9 occasionnelle des cyclones tropicaux \u00e0 proximit\u00e9 ; le Panama se situe en dehors de la r\u00e9gion de d\u00e9veloppement principale. La moyenne annuelle \u00e0 Panama City est \u00e0 peine plus de la moiti\u00e9 de celle de Col\u00f3n.<\/p>\n<p>Le Panama est l&#8217;un des trois pays au monde \u00e0 avoir un bilan carbone n\u00e9gatif, c&#8217;est-\u00e0-dire qu&#8217;il absorbe plus de dioxyde de carbone qu&#8217;il n&#8217;en rejette dans l&#8217;atmosph\u00e8re. Les autres pays sont le Bhoutan et le Suriname.<\/p>\n","protected":false},"excerpt":{"rendered":"<p>Carte de classification climatique K\u00f6ppen-Geiger pour le Panama. Climat du Panama. Le Panama jouit d&#8217;un climat tropical. Les temp\u00e9ratures sont uniform\u00e9ment <\/p>\n","protected":false},"author":1,"featured_media":56241,"template":"","categoria_ficha":[71],"class_list":["post-56239","ficha","type-ficha","status-publish","has-post-thumbnail","hentry","categoria_ficha-cartes-du-panama"],"acf":[],"_links":{"self":[{"href":"https:\/\/gifex.com\/fr\/wp-json\/wp\/v2\/ficha\/56239","targetHints":{"allow":["GET"]}}],"collection":[{"href":"https:\/\/gifex.com\/fr\/wp-json\/wp\/v2\/ficha"}],"about":[{"href":"https:\/\/gifex.com\/fr\/wp-json\/wp\/v2\/types\/ficha"}],"author":[{"embeddable":true,"href":"https:\/\/gifex.com\/fr\/wp-json\/wp\/v2\/users\/1"}],"version-history":[{"count":2,"href":"https:\/\/gifex.com\/fr\/wp-json\/wp\/v2\/ficha\/56239\/revisions"}],"predecessor-version":[{"id":56258,"href":"https:\/\/gifex.com\/fr\/wp-json\/wp\/v2\/ficha\/56239\/revisions\/56258"}],"wp:featuredmedia":[{"embeddable":true,"href":"https:\/\/gifex.com\/fr\/wp-json\/wp\/v2\/media\/56241"}],"wp:attachment":[{"href":"https:\/\/gifex.com\/fr\/wp-json\/wp\/v2\/media?parent=56239"}],"wp:term":[{"taxonomy":"categoria_ficha","embeddable":true,"href":"https:\/\/gifex.com\/fr\/wp-json\/wp\/v2\/categoria_ficha?post=56239"}],"curies":[{"name":"wp","href":"https:\/\/api.w.org\/{rel}","templated":true}]}}