{"id":56129,"date":"2024-12-24T16:27:45","date_gmt":"2024-12-24T16:27:45","guid":{"rendered":"https:\/\/gifex.com\/fr\/?post_type=ficha&#038;p=56129"},"modified":"2024-12-24T16:27:45","modified_gmt":"2024-12-24T16:27:45","slug":"carte-climatique-du-costa-rica","status":"publish","type":"ficha","link":"https:\/\/gifex.com\/fr\/fichier\/carte-climatique-du-costa-rica\/","title":{"rendered":"Carte climatique du Costa Rica"},"content":{"rendered":"<p style=\"text-align: center;\"><label style=\"font-size: 15px;\">Carte de classification climatique K\u00f6ppen-Geiger pour le Costa Rica.<\/label><\/p>\n<p><strong>Climat du Costa Rica<\/strong><\/p>\n<p>Le Costa Rica est situ\u00e9 dans la r\u00e9gion n\u00e9otropique, il b\u00e9n\u00e9ficie donc d&#8217;un climat tropical sans variations annuelles majeures de temp\u00e9rature et avec deux saisons bien d\u00e9finies : la saison s\u00e8che, de d\u00e9but d\u00e9cembre \u00e0 fin avril (appel\u00e9e aussi \u00e9t\u00e9), et la saison s\u00e8che et pluvieuse, de d\u00e9but mai \u00e0 fin novembre (appel\u00e9e hiver). Cependant, la topographie du pays est tr\u00e8s vari\u00e9e, avec la pr\u00e9sence de montagnes, de vall\u00e9es et de plaines sur une superficie r\u00e9duite, ce qui contribue \u00e0 l&#8217;existence de paysages climatiques diff\u00e9rents et tr\u00e8s h\u00e9t\u00e9rog\u00e8nes sur l&#8217;ensemble du territoire.<\/p>\n<p>\u00c9tant situ\u00e9 dans l&#8217;h\u00e9misph\u00e8re nord, le pays est affect\u00e9 lors des changements saisonniers, pendant les mois de d\u00e9cembre et janvier, lorsque les temp\u00e9ratures ont tendance \u00e0 baisser consid\u00e9rablement en raison des vents du nord dans les endroits les plus \u00e9lev\u00e9s du pays. La dur\u00e9e du jour est affect\u00e9e pendant les solstices et les \u00e9quinoxes. La structure montagneuse du pays d\u00e9termine l&#8217;origine de quatre grandes r\u00e9gions climatiques aux caract\u00e9ristiques diff\u00e9renci\u00e9es :<\/p>\n<ul>\n<li>basses terres humides (c\u00f4te Cara\u00efbes et sud de la c\u00f4te Pacifique) caract\u00e9ris\u00e9es par une quasi-absence de saison s\u00e8che ;<\/li>\n<li>basses terres avec saison s\u00e8che (Guanacaste et une partie de la province de Puntarenas) ;<\/li>\n<li>vall\u00e9e centrale o\u00f9 le climat est plus temp\u00e9r\u00e9 (de 20 \u00e0 25 \u00b0C) et o\u00f9 se concentre 53 % de la population tr\u00e8s urbanis\u00e9e ;<\/li>\n<li>climat montagneux qui se rencontre au-dessus de 1 500 m.<\/li>\n<\/ul>\n","protected":false},"excerpt":{"rendered":"<p>Carte de classification climatique K\u00f6ppen-Geiger pour le Costa Rica. Climat du Costa Rica. Le Costa Rica est situ\u00e9 dans la r\u00e9gion n\u00e9otropique, il b\u00e9n\u00e9ficie &#8230;<\/p>\n","protected":false},"author":1,"featured_media":56130,"template":"","categoria_ficha":[52],"class_list":["post-56129","ficha","type-ficha","status-publish","has-post-thumbnail","hentry","categoria_ficha-cartes-du-costa-rica"],"acf":[],"_links":{"self":[{"href":"https:\/\/gifex.com\/fr\/wp-json\/wp\/v2\/ficha\/56129","targetHints":{"allow":["GET"]}}],"collection":[{"href":"https:\/\/gifex.com\/fr\/wp-json\/wp\/v2\/ficha"}],"about":[{"href":"https:\/\/gifex.com\/fr\/wp-json\/wp\/v2\/types\/ficha"}],"author":[{"embeddable":true,"href":"https:\/\/gifex.com\/fr\/wp-json\/wp\/v2\/users\/1"}],"version-history":[{"count":1,"href":"https:\/\/gifex.com\/fr\/wp-json\/wp\/v2\/ficha\/56129\/revisions"}],"predecessor-version":[{"id":56132,"href":"https:\/\/gifex.com\/fr\/wp-json\/wp\/v2\/ficha\/56129\/revisions\/56132"}],"wp:featuredmedia":[{"embeddable":true,"href":"https:\/\/gifex.com\/fr\/wp-json\/wp\/v2\/media\/56130"}],"wp:attachment":[{"href":"https:\/\/gifex.com\/fr\/wp-json\/wp\/v2\/media?parent=56129"}],"wp:term":[{"taxonomy":"categoria_ficha","embeddable":true,"href":"https:\/\/gifex.com\/fr\/wp-json\/wp\/v2\/categoria_ficha?post=56129"}],"curies":[{"name":"wp","href":"https:\/\/api.w.org\/{rel}","templated":true}]}}