{"id":55919,"date":"2024-12-19T21:01:07","date_gmt":"2024-12-19T21:01:07","guid":{"rendered":"https:\/\/gifex.com\/fr\/?post_type=ficha&#038;p=55919"},"modified":"2024-12-19T21:11:16","modified_gmt":"2024-12-19T21:11:16","slug":"carte-physique-du-salvador","status":"publish","type":"ficha","link":"https:\/\/gifex.com\/fr\/fichier\/carte-physique-du-salvador\/","title":{"rendered":"Carte physique du Salvador"},"content":{"rendered":"<p style=\"text-align: center;\"><label style=\"font-size: 15px;\">Carte physique du Salvador <a href=\"https:\/\/gifex.com\/fr\/wp-content\/uploads\/55919\/Carte-physique-du-Salvador.pdf\" target=\"_blank\" rel=\"noopener\">(format pdf)<\/a>.<\/label><\/p>\n<p><strong>G\u00e9ographie du Salvador<\/strong><\/p>\n<p>Le Salvador est situ\u00e9 dans l&#8217;isthme de l&#8217;Am\u00e9rique centrale entre les latitudes 13\u00b0 et 15\u00b0 N et les longitudes 87\u00b0 et 91\u00b0 O. Il s&#8217;\u00e9tend sur 270 km d&#8217;ouest-nord-ouest \u00e0 est-sud-est et sur 142 km du nord au sud, avec une superficie totale de 21 041 km\u00b2. En tant que pays le plus petit et le plus dens\u00e9ment peupl\u00e9 d&#8217;Am\u00e9rique continentale, le Salvador est affectueusement appel\u00e9 Pulgarcito de America (le \u00ab Tom Pouce des Am\u00e9riques \u00bb).<\/p>\n<figure id=\"attachment_55930\" aria-describedby=\"caption-attachment-55930\" style=\"width: 360px\" class=\"wp-caption alignright\"><a href=\"https:\/\/gifex.com\/fr\/wp-content\/uploads\/55919\/Carte-topographique-du-Salvador.png\" target=\"_blank\" rel=\"noopener\"><img fetchpriority=\"high\" decoding=\"async\" class=\"wp-image-55930\" title=\"Carte topographique du Salvador.\" src=\"https:\/\/gifex.com\/fr\/wp-content\/uploads\/55919\/Carte-topographique-du-Salvador-300x275.png\" alt=\"Carte topographique du Salvador.\" width=\"360\" height=\"330\" srcset=\"https:\/\/gifex.com\/fr\/wp-content\/uploads\/55919\/Carte-topographique-du-Salvador-300x275.png 300w, https:\/\/gifex.com\/fr\/wp-content\/uploads\/55919\/Carte-topographique-du-Salvador-1024x937.png 1024w, https:\/\/gifex.com\/fr\/wp-content\/uploads\/55919\/Carte-topographique-du-Salvador-768x703.png 768w, https:\/\/gifex.com\/fr\/wp-content\/uploads\/55919\/Carte-topographique-du-Salvador-1536x1406.png 1536w, https:\/\/gifex.com\/fr\/wp-content\/uploads\/55919\/Carte-topographique-du-Salvador-1600x1465.png 1600w, https:\/\/gifex.com\/fr\/wp-content\/uploads\/55919\/Carte-topographique-du-Salvador.png 1963w\" sizes=\"(max-width: 360px) 100vw, 360px\" \/><\/a><figcaption id=\"caption-attachment-55930\" class=\"wp-caption-text\"><label style=\"font-size: 15px;\">Carte topographique du Salvador.<\/label><\/figcaption><\/figure>\n<p>Le Salvador partage des fronti\u00e8res avec le Guatemala et le Honduras, ainsi qu&#8217;un littoral avec l&#8217;oc\u00e9an Pacifique. La longueur totale de la fronti\u00e8re nationale est de 546 km : 203 km avec le Guatemala et 343 km avec le Honduras. C&#8217;est le seul pays d&#8217;Am\u00e9rique centrale \u00e0 ne pas avoir de littoral cara\u00efbe. Le littoral du Pacifique mesure 307 km de long.<\/p>\n<p>Le Salvador compte plus de 300 rivi\u00e8res, dont la plus importante est le Rio Lempa. Prenant sa source au Guatemala, le Rio Lempa traverse la cha\u00eene de montagnes du nord, longe une grande partie du plateau central et traverse la cha\u00eene volcanique du sud pour se jeter dans le Pacifique. C&#8217;est le seul fleuve navigable du Salvador. Lui et ses affluents drainent environ la moiti\u00e9 de la superficie du pays. D&#8217;autres fleuves sont g\u00e9n\u00e9ralement courts et drainent les basses terres du Pacifique ou coulent du plateau central \u00e0 travers des br\u00e8ches dans la cha\u00eene de montagnes du sud jusqu&#8217;au Pacifique. Il s&#8217;agit notamment du Goascor\u00e1n, du Jiboa, du Torola, du Paz et du R\u00edo Grande de San Miguel.<\/p>\n<figure id=\"attachment_55931\" aria-describedby=\"caption-attachment-55931\" style=\"width: 360px\" class=\"wp-caption alignright\"><a href=\"https:\/\/gifex.com\/fr\/wp-content\/uploads\/55919\/Carte-en-relief-ombre-du-Salvador.jpg\" target=\"_blank\" rel=\"noopener\"><img decoding=\"async\" class=\"wp-image-55931\" title=\"Carte en relief ombr\u00e9 du Salvador.\" src=\"https:\/\/gifex.com\/fr\/wp-content\/uploads\/55919\/Carte-en-relief-ombre-du-Salvador-300x250.jpg\" alt=\"Carte en relief ombr\u00e9 du Salvador.\" width=\"360\" height=\"300\" srcset=\"https:\/\/gifex.com\/fr\/wp-content\/uploads\/55919\/Carte-en-relief-ombre-du-Salvador-300x250.jpg 300w, https:\/\/gifex.com\/fr\/wp-content\/uploads\/55919\/Carte-en-relief-ombre-du-Salvador-1024x854.jpg 1024w, https:\/\/gifex.com\/fr\/wp-content\/uploads\/55919\/Carte-en-relief-ombre-du-Salvador-768x641.jpg 768w, https:\/\/gifex.com\/fr\/wp-content\/uploads\/55919\/Carte-en-relief-ombre-du-Salvador-1536x1281.jpg 1536w, https:\/\/gifex.com\/fr\/wp-content\/uploads\/55919\/Carte-en-relief-ombre-du-Salvador-2048x1708.jpg 2048w, https:\/\/gifex.com\/fr\/wp-content\/uploads\/55919\/Carte-en-relief-ombre-du-Salvador-1600x1335.jpg 1600w\" sizes=\"(max-width: 360px) 100vw, 360px\" \/><\/a><figcaption id=\"caption-attachment-55931\" class=\"wp-caption-text\"><label style=\"font-size: 15px;\">Carte en relief ombr\u00e9 du Salvador <a href=\"https:\/\/gifex.com\/fr\/wp-content\/uploads\/55919\/Carte-en-relief-ombre-du-Salvador.pdf\" target=\"_blank\" rel=\"noopener\">(format pdf)<\/a>.<\/label><\/figcaption><\/figure>\n<p>La g\u00e9ographie du Salvador est volcanique. Le Salvador est un pays situ\u00e9 sur la Ceinture de feu, o\u00f9 se produisent la majorit\u00e9 des volcans et des tremblements de terre. Le volcan le plus remarquable est le volcan Chaparrastique (volcan San Miguel), qui pr\u00e9sente \u00e9galement la plus grande activit\u00e9 volcanique. Le volcan le plus haut est l&#8217;Ilamatepec (volcan Santa Ana), atteignant 2 384 m\u00e8tres au-dessus du niveau de la mer. Outre ceux-ci, il existe 20 autres volcans, dont beaucoup sont actifs ou potentiellement actifs. Le Salvador est le deuxi\u00e8me pays d&#8217;Am\u00e9rique centrale \u00e0 poss\u00e9der le plus grand nombre de volcans.<\/p>\n<p>Le Salvador compte plusieurs lacs entour\u00e9s de crat\u00e8res volcaniques, les plus importants \u00e9tant le lac Ilopango (70 km\u00b2) et le lac Coatepeque (26 km\u00b2). Le lac G\u00fcija est le plus grand lac naturel du Salvador (44 km\u00b2). Plusieurs lacs artificiels ont \u00e9t\u00e9 cr\u00e9\u00e9s par la construction de barrages sur la Lempa, le plus grand \u00e9tant le r\u00e9servoir de Cerr\u00f3n Grande (135 km\u00b2). Il existe au total 320 km\u00b2 d&#8217;eau \u00e0 l&#8217;int\u00e9rieur des fronti\u00e8res du Salvador.<\/p>\n<p>Le point culminant du Salvador est le Cerro El Pital, \u00e0 2 730 m\u00e8tres d&#8217;altitude, \u00e0 la fronti\u00e8re avec le Honduras. Deux cha\u00eenes de montagnes parall\u00e8les traversent le Salvador \u00e0 l&#8217;ouest, s\u00e9par\u00e9es par un plateau central et une \u00e9troite plaine c\u00f4ti\u00e8re longeant le Pacifique. Ces caract\u00e9ristiques physiques divisent le pays en deux r\u00e9gions physiographiques. Les cha\u00eenes de montagnes et le plateau central, qui couvrent 85 % du territoire, constituent les hautes terres int\u00e9rieures. Les plaines c\u00f4ti\u00e8res restantes sont appel\u00e9es les basses terres du Pacifique.<\/p>\n<div style=\"clear: both; display: inline-block; width: 100%;\">\n<div class=\"row\">\n<div class=\"col-sm\">\n<figure id=\"attachment_55938\" aria-describedby=\"caption-attachment-55938\" style=\"width: 400px\" class=\"wp-caption alignleft\"><a href=\"https:\/\/gifex.com\/fr\/wp-content\/uploads\/55919\/Carte-de-la-vegetation-naturelle-des-ecosystemes-terrestres-et-aquatiques-du-Salvador.png\" target=\"_blank\" rel=\"noopener\"><img decoding=\"async\" class=\"wp-image-55938\" title=\"Carte de la v\u00e9g\u00e9tation naturelle, des \u00e9cosyst\u00e8mes terrestres et aquatiques du Salvador.\" src=\"https:\/\/gifex.com\/fr\/wp-content\/uploads\/55919\/Carte-de-la-vegetation-naturelle-des-ecosystemes-terrestres-et-aquatiques-du-Salvador-300x197.png\" alt=\"Carte de la v\u00e9g\u00e9tation naturelle, des \u00e9cosyst\u00e8mes terrestres et aquatiques du Salvador.\" width=\"400\" height=\"262\" srcset=\"https:\/\/gifex.com\/fr\/wp-content\/uploads\/55919\/Carte-de-la-vegetation-naturelle-des-ecosystemes-terrestres-et-aquatiques-du-Salvador-300x197.png 300w, https:\/\/gifex.com\/fr\/wp-content\/uploads\/55919\/Carte-de-la-vegetation-naturelle-des-ecosystemes-terrestres-et-aquatiques-du-Salvador-1024x672.png 1024w, https:\/\/gifex.com\/fr\/wp-content\/uploads\/55919\/Carte-de-la-vegetation-naturelle-des-ecosystemes-terrestres-et-aquatiques-du-Salvador-768x504.png 768w, https:\/\/gifex.com\/fr\/wp-content\/uploads\/55919\/Carte-de-la-vegetation-naturelle-des-ecosystemes-terrestres-et-aquatiques-du-Salvador-1536x1008.png 1536w, https:\/\/gifex.com\/fr\/wp-content\/uploads\/55919\/Carte-de-la-vegetation-naturelle-des-ecosystemes-terrestres-et-aquatiques-du-Salvador-2048x1343.png 2048w, https:\/\/gifex.com\/fr\/wp-content\/uploads\/55919\/Carte-de-la-vegetation-naturelle-des-ecosystemes-terrestres-et-aquatiques-du-Salvador-1600x1050.png 1600w\" sizes=\"(max-width: 400px) 100vw, 400px\" \/><\/a><figcaption id=\"caption-attachment-55938\" class=\"wp-caption-text\"><label style=\"font-size: 15px;\">Carte de la v\u00e9g\u00e9tation naturelle, des \u00e9cosyst\u00e8mes terrestres et aquatiques du Salvador.<\/label><\/figcaption><\/figure>\n<\/div>\n<div class=\"col-sm\">\n<figure id=\"attachment_55934\" aria-describedby=\"caption-attachment-55934\" style=\"width: 400px\" class=\"wp-caption alignright\"><a href=\"https:\/\/gifex.com\/fr\/wp-content\/uploads\/55919\/Carte-physique-de-la-republique-du-Salvador.jpeg\" target=\"_blank\" rel=\"noopener\"><img loading=\"lazy\" decoding=\"async\" class=\"wp-image-55934\" title=\"Carte physique de la r\u00e9publique du Salvador.\" src=\"https:\/\/gifex.com\/fr\/wp-content\/uploads\/55919\/Carte-physique-de-la-republique-du-Salvador-300x200.jpeg\" alt=\"Carte physique de la r\u00e9publique du Salvador.\" width=\"400\" height=\"267\" srcset=\"https:\/\/gifex.com\/fr\/wp-content\/uploads\/55919\/Carte-physique-de-la-republique-du-Salvador-300x200.jpeg 300w, https:\/\/gifex.com\/fr\/wp-content\/uploads\/55919\/Carte-physique-de-la-republique-du-Salvador-1024x683.jpeg 1024w, https:\/\/gifex.com\/fr\/wp-content\/uploads\/55919\/Carte-physique-de-la-republique-du-Salvador-768x512.jpeg 768w, https:\/\/gifex.com\/fr\/wp-content\/uploads\/55919\/Carte-physique-de-la-republique-du-Salvador-1536x1024.jpeg 1536w, https:\/\/gifex.com\/fr\/wp-content\/uploads\/55919\/Carte-physique-de-la-republique-du-Salvador-2048x1365.jpeg 2048w, https:\/\/gifex.com\/fr\/wp-content\/uploads\/55919\/Carte-physique-de-la-republique-du-Salvador-1600x1067.jpeg 1600w\" sizes=\"(max-width: 400px) 100vw, 400px\" \/><\/a><figcaption id=\"caption-attachment-55934\" class=\"wp-caption-text\"><label style=\"font-size: 15px;\">Carte physique de la r\u00e9publique du Salvador <a href=\"https:\/\/gifex.com\/fr\/wp-content\/uploads\/55919\/Carte-physique-de-la-republique-du-Salvador.pdf\" target=\"_blank\" rel=\"noopener\">(format pdf)<\/a>.<\/label><\/figcaption><\/figure>\n<\/div>\n<\/div>\n<\/div>\n","protected":false},"excerpt":{"rendered":"<p>G\u00e9ographie du Salvador. Le Salvador est situ\u00e9 dans l&#8217;isthme de l&#8217;Am\u00e9rique centrale entre les latitudes 13\u00b0 et 15\u00b0 N et les longitudes 87\u00b0 et 91\u00b0 O. <\/p>\n","protected":false},"author":1,"featured_media":55928,"template":"","categoria_ficha":[55],"class_list":["post-55919","ficha","type-ficha","status-publish","has-post-thumbnail","hentry","categoria_ficha-cartes-du-salvador"],"acf":[],"_links":{"self":[{"href":"https:\/\/gifex.com\/fr\/wp-json\/wp\/v2\/ficha\/55919","targetHints":{"allow":["GET"]}}],"collection":[{"href":"https:\/\/gifex.com\/fr\/wp-json\/wp\/v2\/ficha"}],"about":[{"href":"https:\/\/gifex.com\/fr\/wp-json\/wp\/v2\/types\/ficha"}],"author":[{"embeddable":true,"href":"https:\/\/gifex.com\/fr\/wp-json\/wp\/v2\/users\/1"}],"version-history":[{"count":4,"href":"https:\/\/gifex.com\/fr\/wp-json\/wp\/v2\/ficha\/55919\/revisions"}],"predecessor-version":[{"id":55940,"href":"https:\/\/gifex.com\/fr\/wp-json\/wp\/v2\/ficha\/55919\/revisions\/55940"}],"wp:featuredmedia":[{"embeddable":true,"href":"https:\/\/gifex.com\/fr\/wp-json\/wp\/v2\/media\/55928"}],"wp:attachment":[{"href":"https:\/\/gifex.com\/fr\/wp-json\/wp\/v2\/media?parent=55919"}],"wp:term":[{"taxonomy":"categoria_ficha","embeddable":true,"href":"https:\/\/gifex.com\/fr\/wp-json\/wp\/v2\/categoria_ficha?post=55919"}],"curies":[{"name":"wp","href":"https:\/\/api.w.org\/{rel}","templated":true}]}}