{"id":55905,"date":"2024-12-19T18:09:42","date_gmt":"2024-12-19T18:09:42","guid":{"rendered":"https:\/\/gifex.com\/fr\/?post_type=ficha&#038;p=55905"},"modified":"2024-12-19T18:11:08","modified_gmt":"2024-12-19T18:11:08","slug":"quels-sont-les-departements-du-salvador","status":"publish","type":"ficha","link":"https:\/\/gifex.com\/fr\/fichier\/quels-sont-les-departements-du-salvador\/","title":{"rendered":"Quels sont les d\u00e9partements du Salvador ?"},"content":{"rendered":"<p style=\"text-align: center;\"><label style=\"font-size: 15px;\">Carte des d\u00e9partements du Salvador.<\/label><\/p>\n<p><strong>D\u00e9partements du Salvador<\/strong><\/p>\n<p>Les d\u00e9partements du Salvador sont les 14 entit\u00e9s infranationales de premier ordre dans lesquelles est divis\u00e9 le territoire salvadorien ; et ils sont r\u00e9gis par un gouverneur d\u00e9partemental, nomm\u00e9 par le Pr\u00e9sident de la R\u00e9publique (conform\u00e9ment \u00e0 l&#8217;article 200 de la Constitution de la R\u00e9publique).<\/p>\n<div class=\"boxscrl\">\n<table width=\"859\">\n<tbody>\n<tr>\n<td rowspan=\"3\" width=\"222\">D\u00e9partement<\/td>\n<td width=\"217\">Superficie<\/td>\n<td width=\"157\">Population<\/td>\n<td rowspan=\"3\" width=\"263\">Chef-lieu<\/td>\n<\/tr>\n<tr>\n<td width=\"217\">(km\u00b2)<\/td>\n<td>(Recensement 2024)<\/td>\n<\/tr>\n<tr>\n<td width=\"217\"><\/td>\n<td width=\"157\"><\/td>\n<\/tr>\n<tr>\n<td>Ahuachap\u00e1n<\/td>\n<td width=\"217\">1239,6<\/td>\n<td width=\"157\">348\u00a0880<\/td>\n<td>Ahuachap\u00e1n<\/td>\n<\/tr>\n<tr>\n<td>Caba\u00f1as<\/td>\n<td width=\"217\">1103,5<\/td>\n<td width=\"157\">143\u00a0049<\/td>\n<td>Sensuntepeque<\/td>\n<\/tr>\n<tr>\n<td>Chalatenango<\/td>\n<td width=\"217\">2016,6<\/td>\n<td width=\"157\">204\u00a0808<\/td>\n<td>Chalatenango<\/td>\n<\/tr>\n<tr>\n<td>Cuscatl\u00e1n<\/td>\n<td width=\"217\">756,2<\/td>\n<td width=\"157\">244\u00a0901<\/td>\n<td>Cojutepeque<\/td>\n<\/tr>\n<tr>\n<td>La Libertad<\/td>\n<td width=\"217\">1652,9<\/td>\n<td width=\"157\">765\u00a0879<\/td>\n<td>Santa Tecla<\/td>\n<\/tr>\n<tr>\n<td>Moraz\u00e1n<\/td>\n<td width=\"217\">1447,4<\/td>\n<td width=\"157\">169\u00a0784<\/td>\n<td>San Francisco Gotera<\/td>\n<\/tr>\n<tr>\n<td>La Paz<\/td>\n<td width=\"217\">1223,6<\/td>\n<td width=\"157\">318\u00a0374<\/td>\n<td>Zacatecoluca<\/td>\n<\/tr>\n<tr>\n<td>Santa Ana<\/td>\n<td width=\"217\">2023,2<\/td>\n<td width=\"157\">552\u00a0938<\/td>\n<td>Santa Ana<\/td>\n<\/tr>\n<tr>\n<td>San Miguel<\/td>\n<td width=\"217\">2077,1<\/td>\n<td width=\"157\">478\u00a0792<\/td>\n<td>San Miguel<\/td>\n<\/tr>\n<tr>\n<td>San Salvador<\/td>\n<td width=\"217\">886,2<\/td>\n<td width=\"157\">1\u00a0563\u00a0371<\/td>\n<td>San Salvador<\/td>\n<\/tr>\n<tr>\n<td>San Vicente<\/td>\n<td width=\"217\">1184<\/td>\n<td width=\"157\">161\u00a0857<\/td>\n<td>San Vicente<\/td>\n<\/tr>\n<tr>\n<td>Sonsonate<\/td>\n<td width=\"217\">1225,2<\/td>\n<td width=\"157\">470\u00a0455<\/td>\n<td>Sonsonate<\/td>\n<\/tr>\n<tr>\n<td>La Uni\u00f3n<\/td>\n<td width=\"217\">2074,3<\/td>\n<td width=\"157\">263\u00a0271<\/td>\n<td>La Uni\u00f3n<\/td>\n<\/tr>\n<tr>\n<td>Usulut\u00e1n<\/td>\n<td width=\"217\">2130,4<\/td>\n<td width=\"157\">366\u00a0040<\/td>\n<td>Usulut\u00e1n<\/td>\n<\/tr>\n<\/tbody>\n<\/table>\n<\/div>\n","protected":false},"excerpt":{"rendered":"<p>Carte des d\u00e9partements du Salvador. D\u00e9partements du Salvador. Les d\u00e9partements du Salvador sont les 14 entit\u00e9s infranationales de premier ordre dans lesquelles<\/p>\n","protected":false},"author":1,"featured_media":55906,"template":"","categoria_ficha":[55],"class_list":["post-55905","ficha","type-ficha","status-publish","has-post-thumbnail","hentry","categoria_ficha-cartes-du-salvador"],"acf":[],"_links":{"self":[{"href":"https:\/\/gifex.com\/fr\/wp-json\/wp\/v2\/ficha\/55905","targetHints":{"allow":["GET"]}}],"collection":[{"href":"https:\/\/gifex.com\/fr\/wp-json\/wp\/v2\/ficha"}],"about":[{"href":"https:\/\/gifex.com\/fr\/wp-json\/wp\/v2\/types\/ficha"}],"author":[{"embeddable":true,"href":"https:\/\/gifex.com\/fr\/wp-json\/wp\/v2\/users\/1"}],"version-history":[{"count":2,"href":"https:\/\/gifex.com\/fr\/wp-json\/wp\/v2\/ficha\/55905\/revisions"}],"predecessor-version":[{"id":55909,"href":"https:\/\/gifex.com\/fr\/wp-json\/wp\/v2\/ficha\/55905\/revisions\/55909"}],"wp:featuredmedia":[{"embeddable":true,"href":"https:\/\/gifex.com\/fr\/wp-json\/wp\/v2\/media\/55906"}],"wp:attachment":[{"href":"https:\/\/gifex.com\/fr\/wp-json\/wp\/v2\/media?parent=55905"}],"wp:term":[{"taxonomy":"categoria_ficha","embeddable":true,"href":"https:\/\/gifex.com\/fr\/wp-json\/wp\/v2\/categoria_ficha?post=55905"}],"curies":[{"name":"wp","href":"https:\/\/api.w.org\/{rel}","templated":true}]}}