{"id":55852,"date":"2024-12-19T00:59:13","date_gmt":"2024-12-19T00:59:13","guid":{"rendered":"https:\/\/gifex.com\/fr\/?post_type=ficha&#038;p=55852"},"modified":"2024-12-19T00:59:13","modified_gmt":"2024-12-19T00:59:13","slug":"armoiries-du-salvador","status":"publish","type":"ficha","link":"https:\/\/gifex.com\/fr\/fichier\/armoiries-du-salvador\/","title":{"rendered":"Armoiries du Salvador"},"content":{"rendered":"<p>Les armoiries nationales du Salvador furent cr\u00e9\u00e9es en m\u00eame temps que le drapeau national actuel par d\u00e9cret l\u00e9gislatif du 17 mai 1912, alors que le Dr Manuel Enrique Araujo \u00e9tait pr\u00e9sident de la R\u00e9publique. Il a \u00e9t\u00e9 con\u00e7u par le calligraphe salvadorien Rafael Barraza Rodr\u00edguez, qui a remport\u00e9 un concours organis\u00e9 par le minist\u00e8re de la Guerre et de la Marine de l&#8217;\u00e9poque en 1912, devant plus de trente concurrents.<\/p>\n<p>Parce qu&#8217;il est un symbole national, il est approuv\u00e9 et d\u00e9crit par la loi des symboles nationaux qui stipule les \u00e9l\u00e9ments qui le composent et sa position dans l&#8217;\u00e9cusson national. Ses composants ont le sens suivant :<\/p>\n<ul>\n<li>Triangle \u00e9quilat\u00e9ral : \u00e9pais et de couleur ambre dor\u00e9, chacun de ses angles repr\u00e9sente les trois Pouvoirs de l&#8217;Etat (L\u00e9gislatif, Ex\u00e9cutif et Judiciaire).<\/li>\n<li>Cha\u00eene de montagnes de cinq superbes volcans coniques bois\u00e9s avec l&#8217;aube et le ciel rouge\u00e2tre qui se l\u00e8ve \u00e0 l&#8217;horizon, situ\u00e9e dans un terrain entour\u00e9 de deux mers : elle repr\u00e9sente la nature tropicale et volcanique du sol salvadorien ; les cinq volcans aux cinq nations de l&#8217;isthme, issues de l&#8217;ind\u00e9pendance de l&#8217;Am\u00e9rique centrale ; et les mers, les oc\u00e9ans Atlantique et Pacifique.<\/li>\n<li>Un arc-en-ciel avec un ciel d&#8217;aube rouge\u00e2tre : symbole de paix, pacte entre Dieu et No\u00e9.<\/li>\n<li>Bonnet de la Libert\u00e9 ou bonnet phrygien r\u00e9pandant la gloire divine de rayons de lumi\u00e8res ambr\u00e9es dor\u00e9es : proclame la libert\u00e9 et ses vastes rayons en spirale les id\u00e9aux du peuple salvadorien.<\/li>\n<li>L\u00e9gende \u00ab <em>15 de septiembre de 1821 \u00bb<\/em> : date de l&#8217;Ind\u00e9pendance de l&#8217;Am\u00e9rique Centrale.<\/li>\n<li>L\u00e9gende \u00ab <em>Rep\u00fablica de El Salvador en la Am\u00e9rica Central<\/em> \u00bb : plac\u00e9e autour du triangle en lettres ambr\u00e9es dor\u00e9es.<\/li>\n<li>L\u00e9gende \u00ab <em>Dios, Uni\u00f3n, Libertad<\/em> \u00bb : plac\u00e9e \u00e0 la base du triangle, en lettres noires et un rouleau manuscrit en ambre dor\u00e9.<\/li>\n<li>Cinq drapeaux du Salvador sur des lances indig\u00e8nes, plac\u00e9s autour du triangle : ils repr\u00e9sentent les cinq nations issues de l&#8217;ind\u00e9pendance de l&#8217;Am\u00e9rique centrale.<\/li>\n<li>Deux branches de laurier entrelac\u00e9es d&#8217;un ruban bleu et blanc : compos\u00e9es de quatorze segments qui repr\u00e9sentent les quatorze d\u00e9partements qui divisent administrativement le Salvador.<\/li>\n<\/ul>\n","protected":false},"excerpt":{"rendered":"<p>Les armoiries nationales du Salvador furent cr\u00e9\u00e9es en m\u00eame temps que le drapeau national actuel par d\u00e9cret l\u00e9gislatif du 17 mai 1912, alors que le &#8230;<\/p>\n","protected":false},"author":1,"featured_media":55854,"template":"","categoria_ficha":[55],"class_list":["post-55852","ficha","type-ficha","status-publish","has-post-thumbnail","hentry","categoria_ficha-cartes-du-salvador"],"acf":[],"_links":{"self":[{"href":"https:\/\/gifex.com\/fr\/wp-json\/wp\/v2\/ficha\/55852","targetHints":{"allow":["GET"]}}],"collection":[{"href":"https:\/\/gifex.com\/fr\/wp-json\/wp\/v2\/ficha"}],"about":[{"href":"https:\/\/gifex.com\/fr\/wp-json\/wp\/v2\/types\/ficha"}],"author":[{"embeddable":true,"href":"https:\/\/gifex.com\/fr\/wp-json\/wp\/v2\/users\/1"}],"version-history":[{"count":2,"href":"https:\/\/gifex.com\/fr\/wp-json\/wp\/v2\/ficha\/55852\/revisions"}],"predecessor-version":[{"id":55878,"href":"https:\/\/gifex.com\/fr\/wp-json\/wp\/v2\/ficha\/55852\/revisions\/55878"}],"wp:featuredmedia":[{"embeddable":true,"href":"https:\/\/gifex.com\/fr\/wp-json\/wp\/v2\/media\/55854"}],"wp:attachment":[{"href":"https:\/\/gifex.com\/fr\/wp-json\/wp\/v2\/media?parent=55852"}],"wp:term":[{"taxonomy":"categoria_ficha","embeddable":true,"href":"https:\/\/gifex.com\/fr\/wp-json\/wp\/v2\/categoria_ficha?post=55852"}],"curies":[{"name":"wp","href":"https:\/\/api.w.org\/{rel}","templated":true}]}}