{"id":54457,"date":"2024-11-19T00:09:40","date_gmt":"2024-11-19T00:09:40","guid":{"rendered":"https:\/\/gifex.com\/fr\/?post_type=ficha&#038;p=54457"},"modified":"2024-11-19T00:09:40","modified_gmt":"2024-11-19T00:09:40","slug":"carte-physique-du-hainaut","status":"publish","type":"ficha","link":"https:\/\/gifex.com\/fr\/fichier\/carte-physique-du-hainaut\/","title":{"rendered":"Carte physique du Hainaut"},"content":{"rendered":"<p style=\"text-align: center;\"><label style=\"font-size: 15px;\">Carte physique du Hainaut <a href=\"https:\/\/gifex.com\/fr\/wp-content\/uploads\/54457\/Carte-physique-du-Hainaut.pdf\" target=\"_blank\" rel=\"noopener\">(format pdf)<\/a>.<\/label><\/p>\n<p><strong>G\u00e9ographie du Hainaut<\/strong><\/p>\n<p>Une partie du Hainaut est situ\u00e9e sur le Plateau Hainaut. La partie la plus basse de la province est form\u00e9e par la d\u00e9pression de Henekom.<\/p>\n<p>Le Hainaut est constitu\u00e9 de diff\u00e9rentes sous-r\u00e9gions, dont le Tournaisis, la Thudinie, la Botte du Hainaut dont le nom d\u00e9signe la forme g\u00e9ographique du sud de la province, le Borinage, le Centre et le Pays de Charleroi, etc. Ces trois derni\u00e8res sont connues pour leur pass\u00e9 charbonnier.<\/p>\n<p>L&#8217;altitude de la province est comprise entre 10 m (Celles) et 365 m (L&#8217;Escaill\u00e8re).<\/p>\n<figure id=\"attachment_54460\" aria-describedby=\"caption-attachment-54460\" style=\"width: 400px\" class=\"wp-caption aligncenter\"><a href=\"https:\/\/gifex.com\/fr\/wp-content\/uploads\/54457\/Carte-du-relief-du-Hainaut.jpg\" target=\"_blank\" rel=\"noopener\"><img fetchpriority=\"high\" decoding=\"async\" class=\"wp-image-54460\" title=\"Carte du relief du Hainaut.\" src=\"https:\/\/gifex.com\/fr\/wp-content\/uploads\/54457\/Carte-du-relief-du-Hainaut-300x245.jpg\" alt=\"Carte du relief du Hainaut.\" width=\"400\" height=\"327\" srcset=\"https:\/\/gifex.com\/fr\/wp-content\/uploads\/54457\/Carte-du-relief-du-Hainaut-300x245.jpg 300w, https:\/\/gifex.com\/fr\/wp-content\/uploads\/54457\/Carte-du-relief-du-Hainaut-1024x838.jpg 1024w, https:\/\/gifex.com\/fr\/wp-content\/uploads\/54457\/Carte-du-relief-du-Hainaut-768x628.jpg 768w, https:\/\/gifex.com\/fr\/wp-content\/uploads\/54457\/Carte-du-relief-du-Hainaut-1536x1256.jpg 1536w, https:\/\/gifex.com\/fr\/wp-content\/uploads\/54457\/Carte-du-relief-du-Hainaut-2048x1675.jpg 2048w, https:\/\/gifex.com\/fr\/wp-content\/uploads\/54457\/Carte-du-relief-du-Hainaut-1600x1309.jpg 1600w\" sizes=\"(max-width: 400px) 100vw, 400px\" \/><\/a><figcaption id=\"caption-attachment-54460\" class=\"wp-caption-text\"><label style=\"font-size: 15px;\">Carte du relief du Hainaut.<\/label><\/figcaption><\/figure>\n","protected":false},"excerpt":{"rendered":"<p>G\u00e9ographie du Hainaut. Une partie du Hainaut est situ\u00e9e sur le Plateau Hainaut. La partie la plus basse de la province est form\u00e9e par la d\u00e9pression de Henekom. <\/p>\n","protected":false},"author":1,"featured_media":54458,"template":"","categoria_ficha":[1754],"class_list":["post-54457","ficha","type-ficha","status-publish","has-post-thumbnail","hentry","categoria_ficha-cartes-de-la-province-de-hainaut"],"acf":[],"_links":{"self":[{"href":"https:\/\/gifex.com\/fr\/wp-json\/wp\/v2\/ficha\/54457","targetHints":{"allow":["GET"]}}],"collection":[{"href":"https:\/\/gifex.com\/fr\/wp-json\/wp\/v2\/ficha"}],"about":[{"href":"https:\/\/gifex.com\/fr\/wp-json\/wp\/v2\/types\/ficha"}],"author":[{"embeddable":true,"href":"https:\/\/gifex.com\/fr\/wp-json\/wp\/v2\/users\/1"}],"version-history":[{"count":1,"href":"https:\/\/gifex.com\/fr\/wp-json\/wp\/v2\/ficha\/54457\/revisions"}],"predecessor-version":[{"id":54465,"href":"https:\/\/gifex.com\/fr\/wp-json\/wp\/v2\/ficha\/54457\/revisions\/54465"}],"wp:featuredmedia":[{"embeddable":true,"href":"https:\/\/gifex.com\/fr\/wp-json\/wp\/v2\/media\/54458"}],"wp:attachment":[{"href":"https:\/\/gifex.com\/fr\/wp-json\/wp\/v2\/media?parent=54457"}],"wp:term":[{"taxonomy":"categoria_ficha","embeddable":true,"href":"https:\/\/gifex.com\/fr\/wp-json\/wp\/v2\/categoria_ficha?post=54457"}],"curies":[{"name":"wp","href":"https:\/\/api.w.org\/{rel}","templated":true}]}}