{"id":54446,"date":"2024-11-18T23:16:46","date_gmt":"2024-11-18T23:16:46","guid":{"rendered":"https:\/\/gifex.com\/fr\/?post_type=ficha&#038;p=54446"},"modified":"2024-11-18T23:16:46","modified_gmt":"2024-11-18T23:16:46","slug":"carte-routiere-de-la-province-de-luxembourg","status":"publish","type":"ficha","link":"https:\/\/gifex.com\/fr\/fichier\/carte-routiere-de-la-province-de-luxembourg\/","title":{"rendered":"Carte routi\u00e8re de la province de Luxembourg"},"content":{"rendered":"<p style=\"text-align: center;\"><label style=\"font-size: 15px;\">Carte routi\u00e8re de la province de Luxembourg <a href=\"https:\/\/gifex.com\/fr\/wp-content\/uploads\/54446\/Carte-routiere-de-la-province-de-Luxembourg.pdf\" target=\"_blank\" rel=\"noopener\">(format pdf)<\/a>.<\/label><\/p>\n<p>Le r\u00e9seau routier dans la province de Luxembourg est g\u00e9r\u00e9 par les autorit\u00e9s r\u00e9gionales, ce qui signifie qu&#8217;un tron\u00e7on routier dans la province de Luxembourg est g\u00e9r\u00e9 par le gouvernement wallon. Cela explique que les panneaux de signalisation dans la province de Luxembourg sont \u00e9crits en fran\u00e7ais, m\u00eame lorsqu&#8217;ils font r\u00e9f\u00e9rence \u00e0 une r\u00e9gion flamande, ce qui peut \u00eatre d\u00e9routant pour les \u00e9trangers qui ne connaissent pas les diff\u00e9rentes traductions des villes wallonnes ou flamandes dans d&#8217;autres langues. Le r\u00e9seau routier dans la province de Luxembourg est compos\u00e9 d&#8217;autoroutes, de routes nationales (ou r\u00e9gionales) (le r\u00e9seau secondaire) et de routes communales (ou rues). Les routes communales sont g\u00e9r\u00e9es au niveau municipal. Il existe \u00e9galement un certain nombre de routes p\u00e9riph\u00e9riques dans la province de Luxembourg autour des grandes villes.<\/p>\n","protected":false},"excerpt":{"rendered":"<p>Le r\u00e9seau routier dans la province de Luxembourg est g\u00e9r\u00e9 par les autorit\u00e9s r\u00e9gionales, ce qui signifie qu&#8217;un tron\u00e7on routier dans la province de Luxembourg est<\/p>\n","protected":false},"author":1,"featured_media":54447,"template":"","categoria_ficha":[1756],"class_list":["post-54446","ficha","type-ficha","status-publish","has-post-thumbnail","hentry","categoria_ficha-cartes-de-la-province-de-luxembourg"],"acf":[],"_links":{"self":[{"href":"https:\/\/gifex.com\/fr\/wp-json\/wp\/v2\/ficha\/54446","targetHints":{"allow":["GET"]}}],"collection":[{"href":"https:\/\/gifex.com\/fr\/wp-json\/wp\/v2\/ficha"}],"about":[{"href":"https:\/\/gifex.com\/fr\/wp-json\/wp\/v2\/types\/ficha"}],"author":[{"embeddable":true,"href":"https:\/\/gifex.com\/fr\/wp-json\/wp\/v2\/users\/1"}],"version-history":[{"count":2,"href":"https:\/\/gifex.com\/fr\/wp-json\/wp\/v2\/ficha\/54446\/revisions"}],"predecessor-version":[{"id":54455,"href":"https:\/\/gifex.com\/fr\/wp-json\/wp\/v2\/ficha\/54446\/revisions\/54455"}],"wp:featuredmedia":[{"embeddable":true,"href":"https:\/\/gifex.com\/fr\/wp-json\/wp\/v2\/media\/54447"}],"wp:attachment":[{"href":"https:\/\/gifex.com\/fr\/wp-json\/wp\/v2\/media?parent=54446"}],"wp:term":[{"taxonomy":"categoria_ficha","embeddable":true,"href":"https:\/\/gifex.com\/fr\/wp-json\/wp\/v2\/categoria_ficha?post=54446"}],"curies":[{"name":"wp","href":"https:\/\/api.w.org\/{rel}","templated":true}]}}