{"id":50699,"date":"2024-09-16T19:48:18","date_gmt":"2024-09-16T19:48:18","guid":{"rendered":"https:\/\/gifex.com\/fr\/?post_type=ficha&#038;p=50699"},"modified":"2024-09-16T19:48:18","modified_gmt":"2024-09-16T19:48:18","slug":"images-satellites-de-l-ile-de-bahrein-de-1987-et-2022","status":"publish","type":"ficha","link":"https:\/\/gifex.com\/fr\/fichier\/images-satellites-de-l-ile-de-bahrein-de-1987-et-2022\/","title":{"rendered":"Images satellites de l&#8217;\u00eele de Bahre\u00efn de 1987 et 2022"},"content":{"rendered":"<p style=\"text-align: center;\"><label style=\"font-size: 15px;\">Image satellite de l&#8217;\u00eele de Bahre\u00efn acquise le 17 ao\u00fbt 2022.<\/label><\/p>\n<figure id=\"attachment_50707\" aria-describedby=\"caption-attachment-50707\" style=\"width: 360px\" class=\"wp-caption alignright\"><a href=\"https:\/\/gifex.com\/fr\/wp-content\/uploads\/50699\/Image-satellite-de-l-ile-de-Bahrein-acquise-le-17-aout-1987.jpg\" target=\"_blank\" rel=\"noopener\"><img fetchpriority=\"high\" decoding=\"async\" class=\"wp-image-50707\" title=\"Image satellite de l'\u00eele de Bahre\u00efn acquise le 17 ao\u00fbt 1987.\" src=\"https:\/\/gifex.com\/fr\/wp-content\/uploads\/50699\/Image-satellite-de-l-ile-de-Bahrein-acquise-le-17-aout-1987-270x300.jpg\" alt=\"Image satellite de l'\u00eele de Bahre\u00efn acquise le 17 ao\u00fbt 1987.\" width=\"360\" height=\"400\" srcset=\"https:\/\/gifex.com\/fr\/wp-content\/uploads\/50699\/Image-satellite-de-l-ile-de-Bahrein-acquise-le-17-aout-1987-270x300.jpg 270w, https:\/\/gifex.com\/fr\/wp-content\/uploads\/50699\/Image-satellite-de-l-ile-de-Bahrein-acquise-le-17-aout-1987-922x1024.jpg 922w, https:\/\/gifex.com\/fr\/wp-content\/uploads\/50699\/Image-satellite-de-l-ile-de-Bahrein-acquise-le-17-aout-1987-768x853.jpg 768w, https:\/\/gifex.com\/fr\/wp-content\/uploads\/50699\/Image-satellite-de-l-ile-de-Bahrein-acquise-le-17-aout-1987-1383x1536.jpg 1383w, https:\/\/gifex.com\/fr\/wp-content\/uploads\/50699\/Image-satellite-de-l-ile-de-Bahrein-acquise-le-17-aout-1987-1843x2048.jpg 1843w, https:\/\/gifex.com\/fr\/wp-content\/uploads\/50699\/Image-satellite-de-l-ile-de-Bahrein-acquise-le-17-aout-1987-300x333.jpg 300w, https:\/\/gifex.com\/fr\/wp-content\/uploads\/50699\/Image-satellite-de-l-ile-de-Bahrein-acquise-le-17-aout-1987-1440x1600.jpg 1440w, https:\/\/gifex.com\/fr\/wp-content\/uploads\/50699\/Image-satellite-de-l-ile-de-Bahrein-acquise-le-17-aout-1987.jpg 1901w\" sizes=\"(max-width: 360px) 100vw, 360px\" \/><\/a><figcaption id=\"caption-attachment-50707\" class=\"wp-caption-text\"><label style=\"font-size: 15px;\">Image satellite de l&#8217;\u00eele de Bahre\u00efn acquise le 17 ao\u00fbt 1987.<\/label><\/figcaption><\/figure>\n<p>Bahre\u00efn est un petit pays avec une population importante. Les deux ont pris de l\u2019ampleur au cours des derni\u00e8res d\u00e9cennies.<\/p>\n<p>Depuis le d\u00e9but des ann\u00e9es 1980, la population de cette nation insulaire du golfe Persique a quadrupl\u00e9. En 2022, elle a atteint 1,5 million d&#8217;habitants.<\/p>\n<p>Avec l&#8217;augmentation de la densit\u00e9 de population et l&#8217;extension du d\u00e9veloppement urbain, le besoin de terres a augment\u00e9.<\/p>\n<p>\u00ab Comme d\u2019autres pays du Golfe [Persique], la croissance d\u00e9mographique rapide et l\u2019augmentation simultan\u00e9e de l\u2019urbanisation, ainsi que la p\u00e9nurie de terres, ont pouss\u00e9 Bahre\u00efn \u00e0 investir dans des projets de r\u00e9cup\u00e9ration de terres de grande envergure pour \u00e9tendre son littoral \u00bb, a d\u00e9clar\u00e9 Eman Ghoneim, g\u00e9ographe physique \u00e0 l\u2019Universit\u00e9 de Caroline du Nord \u00e0 Wilmington.<\/p>\n<p>Ces images montrent les changements sur 35 ans. La premi\u00e8re image a \u00e9t\u00e9 captur\u00e9e par le Thematic Mapper sur Landsat 5 le 17 ao\u00fbt 1987.<\/p>\n<p>La deuxi\u00e8me image, captur\u00e9e par l&#8217;Operational Land Imager (OLI) sur Landsat 8, montre la m\u00eame zone le 17 ao\u00fbt 2022.<\/p>\n<figure id=\"attachment_50709\" aria-describedby=\"caption-attachment-50709\" style=\"width: 360px\" class=\"wp-caption alignright\"><img decoding=\"async\" class=\"wp-image-50709 size-full\" title=\"La ville de Manama et les \u00eeles de Muharraq et Sitra le 17 ao\u00fbt 2022.\" src=\"https:\/\/gifex.com\/fr\/wp-content\/uploads\/50699\/La-ville-de-Manama-et-les-iles-de-Muharraq-et-Sitra-le-17-aout-2022.jpg\" alt=\"La ville de Manama et les \u00eeles de Muharraq et Sitra le 17 ao\u00fbt 2022.\" width=\"360\" height=\"480\" srcset=\"https:\/\/gifex.com\/fr\/wp-content\/uploads\/50699\/La-ville-de-Manama-et-les-iles-de-Muharraq-et-Sitra-le-17-aout-2022.jpg 360w, https:\/\/gifex.com\/fr\/wp-content\/uploads\/50699\/La-ville-de-Manama-et-les-iles-de-Muharraq-et-Sitra-le-17-aout-2022-225x300.jpg 225w, https:\/\/gifex.com\/fr\/wp-content\/uploads\/50699\/La-ville-de-Manama-et-les-iles-de-Muharraq-et-Sitra-le-17-aout-2022-300x400.jpg 300w\" sizes=\"(max-width: 360px) 100vw, 360px\" \/><figcaption id=\"caption-attachment-50709\" class=\"wp-caption-text\"><label style=\"font-size: 15px;\">La ville de Manama et les \u00eeles de Muharraq et Sitra le 17 ao\u00fbt 2022.<\/label><\/figcaption><\/figure>\n<p>En 1987, l&#8217;\u00eele de Bahre\u00efn venait d&#8217;\u00eatre reli\u00e9e \u00e0 l&#8217;Arabie saoudite par la chauss\u00e9e du roi Fahd, ouverte en 1986.<\/p>\n<p>En juillet 2022, un nombre record de 2,5 millions de passagers de v\u00e9hicules \u00e0 moteur ont voyag\u00e9 sur ce tron\u00e7on de route de 25 kilom\u00e8tres (16 miles), selon les m\u00e9dias.<\/p>\n<p>Le changement est particuli\u00e8rement visible dans le nord du pays, o\u00f9 les eaux c\u00f4ti\u00e8res peu profondes ont rendu techniquement et \u00e9conomiquement possible la construction de nouvelles terres \u00e0 partir du fond marin.<\/p>\n<p>Notez l\u2019expansion des \u00eeles existantes, ainsi que l\u2019ajout de nouvelles \u00eeles.<\/p>\n<p>Sabah Aljenaid, sp\u00e9cialiste des syst\u00e8mes d\u2019information g\u00e9ographique et de la t\u00e9l\u00e9d\u00e9tection \u00e0 l\u2019Universit\u00e9 du Golfe Arabique, a utilis\u00e9 des images Landsat pour classer les changements survenus sur le territoire entre 1986 et 2020.<\/p>\n<p>Aljenaid et ses coll\u00e8gues ont constat\u00e9 que les zones b\u00e2ties (urbaines) dominaient les changements au cours de cette p\u00e9riode, augmentant en moyenne de 7,5 % par an. Cette croissance s\u2019est faite principalement au d\u00e9triment des terres v\u00e9g\u00e9talis\u00e9es et des zones humides.<\/p>\n<figure id=\"attachment_50710\" aria-describedby=\"caption-attachment-50710\" style=\"width: 360px\" class=\"wp-caption alignright\"><img decoding=\"async\" class=\"La ville de Manama et les \u00eeles de Muharraq et Sitra le 17 ao\u00fbt 1987. wp-image-50710 size-full\" title=\"La ville de Manama et les \u00eeles de Muharraq et Sitra le 17 ao\u00fbt 1987.\" src=\"https:\/\/gifex.com\/fr\/wp-content\/uploads\/50699\/La-ville-de-Manama-et-les-iles-de-Muharraq-et-Sitra-le-17-aout-1987.jpg\" alt=\"La ville de Manama et les \u00eeles de Muharraq et Sitra le 17 ao\u00fbt 1987.\" width=\"360\" height=\"480\" srcset=\"https:\/\/gifex.com\/fr\/wp-content\/uploads\/50699\/La-ville-de-Manama-et-les-iles-de-Muharraq-et-Sitra-le-17-aout-1987.jpg 360w, https:\/\/gifex.com\/fr\/wp-content\/uploads\/50699\/La-ville-de-Manama-et-les-iles-de-Muharraq-et-Sitra-le-17-aout-1987-225x300.jpg 225w, https:\/\/gifex.com\/fr\/wp-content\/uploads\/50699\/La-ville-de-Manama-et-les-iles-de-Muharraq-et-Sitra-le-17-aout-1987-300x400.jpg 300w\" sizes=\"(max-width: 360px) 100vw, 360px\" \/><figcaption id=\"caption-attachment-50710\" class=\"wp-caption-text\"><label style=\"font-size: 15px;\">La ville de Manama et les \u00eeles de Muharraq et Sitra le 17 ao\u00fbt 1987.<\/label><\/figcaption><\/figure>\n<p>Aljenaid a soulign\u00e9 l&#8217;expansion spectaculaire de l&#8217;\u00eele de Muharraq, qui s&#8217;\u00e9tend d\u00e9sormais sur plus de 60 kilom\u00e8tres carr\u00e9s au nord-est de Manama, la capitale. Elle a \u00e9galement \u00e9voqu\u00e9 les changements survenus sur l&#8217;\u00eele de Nabih Saleh, qui a perdu ses zones agricoles.<\/p>\n<p>Si l\u2019expansion urbaine s\u2019est concentr\u00e9e sur le nord, certaines parties du littoral sud ont \u00e9galement subi des changements.<\/p>\n<p>Le dragage des \u00eeles artificielles de Durrat Al Bahre\u00efn a commenc\u00e9 en 2004 ; en 2007, environ 5 kilom\u00e8tres carr\u00e9s de terres avaient \u00e9t\u00e9 ajout\u00e9s \u00e0 la c\u00f4te sud-est de Bahre\u00efn.<\/p>\n<p>\u00ab Il y a dix ans, j\u2019\u00e9crivais que 11 % de l\u2019\u00eele de Bahre\u00efn \u00e9tait une terre gagn\u00e9e sur la mer, et cette croissance se poursuit aujourd\u2019hui \u00bb, a d\u00e9clar\u00e9 John Burt, biologiste marin \u00e0 l\u2019universit\u00e9 de New York \u00e0 Abu Dhabi.<\/p>\n<p>L\u2019avenir de Bahre\u00efn reste \u00e0 d\u00e9terminer. \u00ab On a de nouveau parl\u00e9 de construire un pont entre Fasht Al Adhm et le Qatar \u00bb, a d\u00e9clar\u00e9 Burt. \u00ab Cela n\u2019a pas encore abouti, mais il pourrait s\u2019agir d\u2019un futur m\u00e9ga-d\u00e9veloppement \u00e0 surveiller. \u00bb<\/p>\n<p>Images de l&#8217;observatoire de la Terre de la NASA par Lauren Dauphin, \u00e0 partir des donn\u00e9es Landsat de l&#8217;U.S. Geological Survey. Article de Kathryn Hansen.<\/p>\n","protected":false},"excerpt":{"rendered":"<p>Image satellite de l&#8217;\u00eele de Bahre\u00efn acquise le 17 ao\u00fbt 2022. Bahre\u00efn est un petit pays avec une population importante. Les deux ont pris de l\u2019ampleur au cours  <\/p>\n","protected":false},"author":1,"featured_media":50706,"template":"","categoria_ficha":[148],"class_list":["post-50699","ficha","type-ficha","status-publish","has-post-thumbnail","hentry","categoria_ficha-cartes-de-bahrein"],"acf":[],"_links":{"self":[{"href":"https:\/\/gifex.com\/fr\/wp-json\/wp\/v2\/ficha\/50699","targetHints":{"allow":["GET"]}}],"collection":[{"href":"https:\/\/gifex.com\/fr\/wp-json\/wp\/v2\/ficha"}],"about":[{"href":"https:\/\/gifex.com\/fr\/wp-json\/wp\/v2\/types\/ficha"}],"author":[{"embeddable":true,"href":"https:\/\/gifex.com\/fr\/wp-json\/wp\/v2\/users\/1"}],"version-history":[{"count":4,"href":"https:\/\/gifex.com\/fr\/wp-json\/wp\/v2\/ficha\/50699\/revisions"}],"predecessor-version":[{"id":50713,"href":"https:\/\/gifex.com\/fr\/wp-json\/wp\/v2\/ficha\/50699\/revisions\/50713"}],"wp:featuredmedia":[{"embeddable":true,"href":"https:\/\/gifex.com\/fr\/wp-json\/wp\/v2\/media\/50706"}],"wp:attachment":[{"href":"https:\/\/gifex.com\/fr\/wp-json\/wp\/v2\/media?parent=50699"}],"wp:term":[{"taxonomy":"categoria_ficha","embeddable":true,"href":"https:\/\/gifex.com\/fr\/wp-json\/wp\/v2\/categoria_ficha?post=50699"}],"curies":[{"name":"wp","href":"https:\/\/api.w.org\/{rel}","templated":true}]}}