{"id":49673,"date":"2024-08-15T19:30:58","date_gmt":"2024-08-15T19:30:58","guid":{"rendered":"https:\/\/gifex.com\/fr\/?post_type=ficha&#038;p=49673"},"modified":"2024-08-15T19:30:58","modified_gmt":"2024-08-15T19:30:58","slug":"embleme-de-la-republique-arabe-sahraouie-democratique","status":"publish","type":"ficha","link":"https:\/\/gifex.com\/fr\/fichier\/embleme-de-la-republique-arabe-sahraouie-democratique\/","title":{"rendered":"Embl\u00e8me de la R\u00e9publique arabe sahraouie d\u00e9mocratique"},"content":{"rendered":"<p>L&#8217;embl\u00e8me de la R\u00e9publique arabe sahraouie d\u00e9mocratique est un symbole cr\u00e9\u00e9 par le Front Polisario, le mouvement de lib\u00e9ration nationale du Sahara occidental. Le Front Polisario a proclam\u00e9 la R\u00e9publique arabe sahraouie d\u00e9mocratique le 27 f\u00e9vrier 1976, et le drapeau et l&#8217;embl\u00e8me ont \u00e9t\u00e9 adopt\u00e9s comme symboles de l&#8217;\u00c9tat.<\/p>\n<p>Le territoire du Sahara occidental est un territoire disput\u00e9, revendiqu\u00e9 par :<\/p>\n<ul>\n<li>Le Maroc, qui contr\u00f4le et administre environ 80 % du territoire. Actuellement, les armoiries des r\u00e9gions marocaines du Sahara occidental sont utilis\u00e9es dans cette partie du Sahara occidental.<\/li>\n<li>Le Front Polisario et le gouvernement en exil de la R\u00e9publique arabe sahraouie d\u00e9mocratique ou RASD revendiquent l&#8217;ind\u00e9pendance du territoire. L&#8217;embl\u00e8me de la R\u00e9publique arabe sahraouie d\u00e9mocratique sont utilis\u00e9es par ces deux entit\u00e9s.<\/li>\n<\/ul>\n<p><strong>Description<\/strong><\/p>\n<p>Le symbole repr\u00e9sente deux fusils crois\u00e9s avec le drapeau de la RASD suspendu \u00e0 chaque Mauser. Au-dessus d&#8217;eux se trouvent un croissant rouge et une \u00e9toile, des images islamiques et arabes. Autour des fusils et du croissant se trouvent deux branches d&#8217;olivier, une de chaque c\u00f4t\u00e9. En bas est \u00e9crite en arabe la devise du Polisario \u00ab \u062d\u0631\u064a\u0629 \u062f\u064a\u0645\u0642\u0631\u0627\u0637\u064a\u0629 \u0648\u062d\u062f\u0629 \u00bb (en fran\u00e7ais: \u00ab Libert\u00e9, D\u00e9mocratie, Unit\u00e9 \u00bb) en noir sur une banni\u00e8re rouge. Jusqu&#8217;en juin 1991, date \u00e0 laquelle il a \u00e9t\u00e9 modifi\u00e9, il contenait \u00e9galement un marteau entre les fusils.<\/p>\n","protected":false},"excerpt":{"rendered":"<p>L&#8217;embl\u00e8me de la R\u00e9publique arabe sahraouie d\u00e9mocratique est un symbole cr\u00e9\u00e9 par le Front Polisario, le mouvement de lib\u00e9ration nationale du Sahara occidental. <\/p>\n","protected":false},"author":1,"featured_media":49674,"template":"","categoria_ficha":[250],"class_list":["post-49673","ficha","type-ficha","status-publish","has-post-thumbnail","hentry","categoria_ficha-cartes-du-sahara-occidental"],"acf":[],"_links":{"self":[{"href":"https:\/\/gifex.com\/fr\/wp-json\/wp\/v2\/ficha\/49673","targetHints":{"allow":["GET"]}}],"collection":[{"href":"https:\/\/gifex.com\/fr\/wp-json\/wp\/v2\/ficha"}],"about":[{"href":"https:\/\/gifex.com\/fr\/wp-json\/wp\/v2\/types\/ficha"}],"author":[{"embeddable":true,"href":"https:\/\/gifex.com\/fr\/wp-json\/wp\/v2\/users\/1"}],"version-history":[{"count":1,"href":"https:\/\/gifex.com\/fr\/wp-json\/wp\/v2\/ficha\/49673\/revisions"}],"predecessor-version":[{"id":49676,"href":"https:\/\/gifex.com\/fr\/wp-json\/wp\/v2\/ficha\/49673\/revisions\/49676"}],"wp:featuredmedia":[{"embeddable":true,"href":"https:\/\/gifex.com\/fr\/wp-json\/wp\/v2\/media\/49674"}],"wp:attachment":[{"href":"https:\/\/gifex.com\/fr\/wp-json\/wp\/v2\/media?parent=49673"}],"wp:term":[{"taxonomy":"categoria_ficha","embeddable":true,"href":"https:\/\/gifex.com\/fr\/wp-json\/wp\/v2\/categoria_ficha?post=49673"}],"curies":[{"name":"wp","href":"https:\/\/api.w.org\/{rel}","templated":true}]}}