{"id":47021,"date":"2024-05-09T23:49:51","date_gmt":"2024-05-09T23:49:51","guid":{"rendered":"https:\/\/gifex.com\/fr\/?post_type=ficha&#038;p=47021"},"modified":"2024-05-09T23:53:12","modified_gmt":"2024-05-09T23:53:12","slug":"quelles-sont-les-regions-de-la-tchequie","status":"publish","type":"ficha","link":"https:\/\/gifex.com\/fr\/fichier\/quelles-sont-les-regions-de-la-tchequie\/","title":{"rendered":"Quelles sont les r\u00e9gions de la Tch\u00e9quie ?"},"content":{"rendered":"<p style=\"text-align: center;\"><label style=\"font-size: 15px;\">Carte des r\u00e9gions de la Tch\u00e9quie.<\/label><\/p>\n<p>Depuis 2000, la R\u00e9publique tch\u00e8que est divis\u00e9e en treize r\u00e9gions (tch\u00e8que : kraje, singulier kraj) et la capitale Prague. Chaque r\u00e9gion a sa propre assembl\u00e9e r\u00e9gionale \u00e9lue et un gouverneur r\u00e9gional. A Prague, les pouvoirs d&#8217;assembl\u00e9e et pr\u00e9sidentiels sont exerc\u00e9s par le conseil municipal et le maire.<\/p>\n<p><strong>Treize r\u00e9gions de la Tch\u00e9quie<\/strong><\/p>\n<div class=\"boxscrl\">\n<table width=\"916\">\n<tbody>\n<tr>\n<td width=\"411\">R\u00e9gion<\/td>\n<td width=\"179\">Chef-lieu<\/td>\n<td width=\"156\">Population 2023<\/td>\n<td width=\"170\">Surface (km<sup>2<\/sup>)<\/td>\n<\/tr>\n<tr>\n<td>Prague* (Hlavn\u00ed m\u011bsto Praha)<\/td>\n<td>Prague<\/td>\n<td>1 357 326<\/td>\n<td width=\"170\">496<\/td>\n<\/tr>\n<tr>\n<td>Boh\u00eame-du-Sud (Jiho\u010desk\u00fd kraj)<\/td>\n<td>\u010cesk\u00e9 Bud\u011bjovice<\/td>\n<td>653 035<\/td>\n<td width=\"170\">10\u00a0057<\/td>\n<\/tr>\n<tr>\n<td>Moravie-du-Sud (Jihomoravsk\u00fd kraj)<\/td>\n<td>Brno<\/td>\n<td>1 217 395<\/td>\n<td width=\"170\">7\u00a0067<\/td>\n<\/tr>\n<tr>\n<td>Karlovy Vary (Karlovarsk\u00fd kraj)<\/td>\n<td>Karlovy Vary<\/td>\n<td>293 064<\/td>\n<td width=\"170\">3\u00a0315<\/td>\n<\/tr>\n<tr>\n<td>Hradec Kr\u00e1lov\u00e9 (Kr\u00e1lov\u00e9hradeck\u00fd kraj)<\/td>\n<td>Hradec Kr\u00e1lov\u00e9<\/td>\n<td>555 060<\/td>\n<td width=\"170\">4\u00a0758<\/td>\n<\/tr>\n<tr>\n<td>Liberec (Libereck\u00fd kraj)<\/td>\n<td>Liberec<\/td>\n<td>449 460<\/td>\n<td width=\"170\">3\u00a0163<\/td>\n<\/tr>\n<tr>\n<td>Moravie-Sil\u00e9sie (Moravskoslezsk\u00fd kraj)<\/td>\n<td>Ostrava<\/td>\n<td>1 189 775<\/td>\n<td width=\"170\">5\u00a0535<\/td>\n<\/tr>\n<tr>\n<td>Olomouc (Olomouck\u00fd kraj)<\/td>\n<td>Olomouc<\/td>\n<td>632 132<\/td>\n<td width=\"170\">5\u00a0159<\/td>\n<\/tr>\n<tr>\n<td>Pardubice (Pardubick\u00fd kraj)<\/td>\n<td>Pardubice<\/td>\n<td>528 599<\/td>\n<td width=\"170\">4\u00a0519<\/td>\n<\/tr>\n<tr>\n<td>Pilsen (Plze\u0148sk\u00fd kraj)<\/td>\n<td>Pilsen<\/td>\n<td>605 248<\/td>\n<td width=\"170\">7\u00a0561<\/td>\n<\/tr>\n<tr>\n<td>Boh\u00eame-Centrale (St\u0159edo\u010desk\u00fd kraj)<\/td>\n<td>Prague<\/td>\n<td>1 438 364<\/td>\n<td width=\"170\">11\u00a0014<\/td>\n<\/tr>\n<tr>\n<td>\u00dast\u00ed nad Labem (\u00dasteck\u00fd kraj)<\/td>\n<td>\u00dast\u00ed nad Labem<\/td>\n<td>812 457<\/td>\n<td width=\"170\">5\u00a0335<\/td>\n<\/tr>\n<tr>\n<td>Vyso\u010dina (Kraj Vyso\u010dina)<\/td>\n<td>Jihlava<\/td>\n<td>514 771<\/td>\n<td width=\"170\">6\u00a0926<\/td>\n<\/tr>\n<tr>\n<td>Zl\u00edn (Zl\u00ednsk\u00fd kraj)<\/td>\n<td>Zl\u00edn<\/td>\n<td>580 843<\/td>\n<td width=\"170\">3\u00a0964<\/td>\n<\/tr>\n<\/tbody>\n<\/table>\n<\/div>\n<p>&nbsp;<br \/>\n<label style=\"font-size: 15px;\">*La ville-capitale de Prague (Hlavn\u00ed m\u011bsto Praha) est une subdivision administrative de premier niveau mais n\u2019a pas le statut de r\u00e9gion (kraj).<\/label><\/p>\n","protected":false},"excerpt":{"rendered":"<p>Carte des r\u00e9gions de la Tch\u00e9quie. Depuis 2000, la R\u00e9publique tch\u00e8que est divis\u00e9e en treize r\u00e9gions (tch\u00e8que : kraje, singulier kraj) et la capitale Prague. <\/p>\n","protected":false},"author":1,"featured_media":47022,"template":"","categoria_ficha":[134],"class_list":["post-47021","ficha","type-ficha","status-publish","has-post-thumbnail","hentry","categoria_ficha-cartes-de-la-tchequie"],"acf":[],"_links":{"self":[{"href":"https:\/\/gifex.com\/fr\/wp-json\/wp\/v2\/ficha\/47021","targetHints":{"allow":["GET"]}}],"collection":[{"href":"https:\/\/gifex.com\/fr\/wp-json\/wp\/v2\/ficha"}],"about":[{"href":"https:\/\/gifex.com\/fr\/wp-json\/wp\/v2\/types\/ficha"}],"author":[{"embeddable":true,"href":"https:\/\/gifex.com\/fr\/wp-json\/wp\/v2\/users\/1"}],"version-history":[{"count":3,"href":"https:\/\/gifex.com\/fr\/wp-json\/wp\/v2\/ficha\/47021\/revisions"}],"predecessor-version":[{"id":47025,"href":"https:\/\/gifex.com\/fr\/wp-json\/wp\/v2\/ficha\/47021\/revisions\/47025"}],"wp:featuredmedia":[{"embeddable":true,"href":"https:\/\/gifex.com\/fr\/wp-json\/wp\/v2\/media\/47022"}],"wp:attachment":[{"href":"https:\/\/gifex.com\/fr\/wp-json\/wp\/v2\/media?parent=47021"}],"wp:term":[{"taxonomy":"categoria_ficha","embeddable":true,"href":"https:\/\/gifex.com\/fr\/wp-json\/wp\/v2\/categoria_ficha?post=47021"}],"curies":[{"name":"wp","href":"https:\/\/api.w.org\/{rel}","templated":true}]}}