{"id":46940,"date":"2024-05-07T01:52:06","date_gmt":"2024-05-07T01:52:06","guid":{"rendered":"https:\/\/gifex.com\/fr\/?post_type=ficha&#038;p=46940"},"modified":"2024-05-07T01:57:42","modified_gmt":"2024-05-07T01:57:42","slug":"carte-physique-de-la-suede","status":"publish","type":"ficha","link":"https:\/\/gifex.com\/fr\/fichier\/carte-physique-de-la-suede\/","title":{"rendered":"Carte physique de la Su\u00e8de"},"content":{"rendered":"<figure id=\"attachment_46942\" aria-describedby=\"caption-attachment-46942\" style=\"width: 360px\" class=\"wp-caption alignright\"><a href=\"https:\/\/gifex.com\/fr\/wp-content\/uploads\/46940\/Carte-topographique-de-la-Suede.jpg\" target=\"_blank\" rel=\"noopener\"><img fetchpriority=\"high\" decoding=\"async\" class=\"wp-image-46942\" title=\"Carte topographique de la Su\u00e8de.\" src=\"https:\/\/gifex.com\/fr\/wp-content\/uploads\/46940\/Carte-topographique-de-la-Suede-164x300.jpg\" alt=\"Carte topographique de la Su\u00e8de.\" width=\"360\" height=\"659\" srcset=\"https:\/\/gifex.com\/fr\/wp-content\/uploads\/46940\/Carte-topographique-de-la-Suede-164x300.jpg 164w, https:\/\/gifex.com\/fr\/wp-content\/uploads\/46940\/Carte-topographique-de-la-Suede-559x1024.jpg 559w, https:\/\/gifex.com\/fr\/wp-content\/uploads\/46940\/Carte-topographique-de-la-Suede-768x1406.jpg 768w, https:\/\/gifex.com\/fr\/wp-content\/uploads\/46940\/Carte-topographique-de-la-Suede-839x1536.jpg 839w, https:\/\/gifex.com\/fr\/wp-content\/uploads\/46940\/Carte-topographique-de-la-Suede-1118x2048.jpg 1118w, https:\/\/gifex.com\/fr\/wp-content\/uploads\/46940\/Carte-topographique-de-la-Suede-300x549.jpg 300w, https:\/\/gifex.com\/fr\/wp-content\/uploads\/46940\/Carte-topographique-de-la-Suede-874x1600.jpg 874w, https:\/\/gifex.com\/fr\/wp-content\/uploads\/46940\/Carte-topographique-de-la-Suede.jpg 1600w\" sizes=\"(max-width: 360px) 100vw, 360px\" \/><\/a><figcaption id=\"caption-attachment-46942\" class=\"wp-caption-text\"><label style=\"font-size: 15px;\">Carte topographique de la Su\u00e8de.<\/label><\/figcaption><\/figure>\n<p>Carte physique de la Su\u00e8de, pays d&#8217;Europe du Nord, la Su\u00e8de s&#8217;\u00e9tend \u00e0 l&#8217;ouest de la mer Baltique et du golfe de Botnie, offrant un long littoral et forme la partie orientale de la p\u00e9ninsule scandinave. \u00c0 l&#8217;ouest se trouve la cha\u00eene de montagnes scandinaves (Skanderna), une cha\u00eene qui s\u00e9pare la Su\u00e8de de la Norv\u00e8ge. La Finlande est situ\u00e9e au nord-est. Elle poss\u00e8de des fronti\u00e8res maritimes avec le Danemark, l&#8217;Allemagne, la Pologne, la Russie, la Lituanie, la Lettonie et l&#8217;Estonie, et est \u00e9galement reli\u00e9e au Danemark (au sud-ouest) par le pont de l&#8217;\u00d6resund. Sa fronti\u00e8re avec la Norv\u00e8ge (longue de 1 619 km) est la plus longue fronti\u00e8re ininterrompue d\u2019Europe.<\/p>\n<p>La Su\u00e8de se situe entre les latitudes 55\u00b0 et 70\u00b0 N, et principalement entre les longitudes 11\u00b0 et 25\u00b0 E (une partie de l&#8217;\u00eele de Stora Drammen se trouve juste \u00e0 l&#8217;ouest de 11\u00b0).<\/p>\n<p>Avec 449 964 km\u00b2, la Su\u00e8de est le 55e plus grand pays du monde, le cinqui\u00e8me plus grand pays d&#8217;Europe et le plus grand pays d&#8217;Europe du Nord. L&#8217;altitude la plus basse de Su\u00e8de se trouve dans la baie du lac Hammarsj\u00f6n, pr\u00e8s de Kristianstad, \u00e0 \u22122,41 m sous le niveau de la mer. Le point culminant est le Kebnekaise \u00e0 2 111 m d&#8217;altitude.<\/p>\n<p>La Su\u00e8de compte 25 provinces ou paysages. M\u00eame si ces provinces ne servent aucun objectif politique ou administratif, elles jouent un r\u00f4le important dans l&#8217;identit\u00e9 des gens. Les provinces sont g\u00e9n\u00e9ralement regroup\u00e9es en trois grandes terres, parties : le nord du Norrland, le centre du Svealand et le sud du G\u00f6taland. Le Norrland, peu peupl\u00e9, couvre pr\u00e8s de 60 % du pays. La Su\u00e8de poss\u00e8de \u00e9galement la r\u00e9serve naturelle de Vindelfj\u00e4llen, l&#8217;une des plus grandes zones prot\u00e9g\u00e9es d&#8217;Europe, totalisant 562 772 ha (environ 5 628 km\u00b2).<\/p>\n<figure id=\"attachment_46943\" aria-describedby=\"caption-attachment-46943\" style=\"width: 360px\" class=\"wp-caption alignright\"><a href=\"https:\/\/gifex.com\/fr\/wp-content\/uploads\/46940\/Carte-en-relief-ombree-de-la-Suede.jpg\" target=\"_blank\" rel=\"noopener\"><img decoding=\"async\" class=\"wp-image-46943\" title=\"Carte en relief ombr\u00e9e de la Su\u00e8de.\" src=\"https:\/\/gifex.com\/fr\/wp-content\/uploads\/46940\/Carte-en-relief-ombree-de-la-Suede-240x300.jpg\" alt=\"Carte en relief ombr\u00e9e de la Su\u00e8de.\" width=\"360\" height=\"449\" srcset=\"https:\/\/gifex.com\/fr\/wp-content\/uploads\/46940\/Carte-en-relief-ombree-de-la-Suede-240x300.jpg 240w, https:\/\/gifex.com\/fr\/wp-content\/uploads\/46940\/Carte-en-relief-ombree-de-la-Suede-820x1024.jpg 820w, https:\/\/gifex.com\/fr\/wp-content\/uploads\/46940\/Carte-en-relief-ombree-de-la-Suede-768x959.jpg 768w, https:\/\/gifex.com\/fr\/wp-content\/uploads\/46940\/Carte-en-relief-ombree-de-la-Suede-300x374.jpg 300w, https:\/\/gifex.com\/fr\/wp-content\/uploads\/46940\/Carte-en-relief-ombree-de-la-Suede.jpg 979w\" sizes=\"(max-width: 360px) 100vw, 360px\" \/><\/a><figcaption id=\"caption-attachment-46943\" class=\"wp-caption-text\"><label style=\"font-size: 15px;\">Carte en relief ombr\u00e9e de la Su\u00e8de.<\/label><\/figcaption><\/figure>\n<p>Environ 15 % du territoire su\u00e9dois se trouve au nord du cercle polaire arctique. Le sud de la Su\u00e8de est essentiellement agricole, avec une couverture foresti\u00e8re croissante vers le nord. Environ 65 % de la superficie totale de la Su\u00e8de est couverte de for\u00eats. La densit\u00e9 de population la plus \u00e9lev\u00e9e se trouve dans la r\u00e9gion de l&#8217;\u00d6resund, dans le sud de la Su\u00e8de, le long de la c\u00f4te ouest jusqu&#8217;au centre du Bohusl\u00e4n, ainsi que dans la vall\u00e9e du lac M\u00e4laren et \u00e0 Stockholm. Gotland et \u00d6land sont les plus grandes \u00eeles de Su\u00e8de ; V\u00e4nern et V\u00e4ttern sont ses plus grands lacs. V\u00e4nern est le troisi\u00e8me plus grand lac d&#8217;Europe, apr\u00e8s le lac Ladoga et le lac Onega en Russie. Combin\u00e9s avec les troisi\u00e8me et quatri\u00e8me plus grands lacs M\u00e4laren et Hj\u00e4lmaren, ces lacs occupent une partie importante de la superficie du sud de la Su\u00e8de. La vaste disponibilit\u00e9 de voies navigables de la Su\u00e8de dans tout le sud a \u00e9t\u00e9 exploit\u00e9e avec la construction du canal de G\u00f6ta au XIX<sup>e<\/sup> si\u00e8cle, raccourcissant la distance potentielle entre la mer Baltique au sud de Norrk\u00f6ping et G\u00f6teborg en utilisant le r\u00e9seau lacustre et fluvial pour faciliter le canal.<\/p>\n<p>La Su\u00e8de poss\u00e8de \u00e9galement de nombreux longs cours d&#8217;eau drainant les lacs. Le nord et le centre de la Su\u00e8de comptent plusieurs larges cours d&#8217;eau connus sous le nom d&#8217;\u00e4lvar, qui proviennent g\u00e9n\u00e9ralement des montagnes scandinaves. Le fleuve le plus long est le Klar\u00e4lven-G\u00f6ta \u00e4lv, qui prend sa source dans le Tr\u00f8ndelag, dans le centre de la Norv\u00e8ge, et parcourt 1 160 kilom\u00e8tres avant de se jeter dans la mer \u00e0 G\u00f6teborg. Dans le sud de la Su\u00e8de, les cours d&#8217;eau plus \u00e9troits appel\u00e9s \u00e5ar sont \u00e9galement courants. La grande majorit\u00e9 des si\u00e8ges municipaux sont situ\u00e9s soit sur la mer, soit sur un cours d&#8217;eau, soit sur un lac et la majorit\u00e9 de la population du pays vit dans les communes c\u00f4ti\u00e8res.<\/p>\n","protected":false},"excerpt":{"rendered":"<p>Carte physique de la Su\u00e8de, pays d&#8217;Europe du Nord, la Su\u00e8de s&#8217;\u00e9tend \u00e0 l&#8217;ouest de la mer Baltique et du golfe de Botnie, offrant un long littoral et forme la &#8230;<\/p>\n","protected":false},"author":1,"featured_media":46941,"template":"","categoria_ficha":[138],"class_list":["post-46940","ficha","type-ficha","status-publish","has-post-thumbnail","hentry","categoria_ficha-cartes-de-la-suede"],"acf":[],"_links":{"self":[{"href":"https:\/\/gifex.com\/fr\/wp-json\/wp\/v2\/ficha\/46940","targetHints":{"allow":["GET"]}}],"collection":[{"href":"https:\/\/gifex.com\/fr\/wp-json\/wp\/v2\/ficha"}],"about":[{"href":"https:\/\/gifex.com\/fr\/wp-json\/wp\/v2\/types\/ficha"}],"author":[{"embeddable":true,"href":"https:\/\/gifex.com\/fr\/wp-json\/wp\/v2\/users\/1"}],"version-history":[{"count":2,"href":"https:\/\/gifex.com\/fr\/wp-json\/wp\/v2\/ficha\/46940\/revisions"}],"predecessor-version":[{"id":46949,"href":"https:\/\/gifex.com\/fr\/wp-json\/wp\/v2\/ficha\/46940\/revisions\/46949"}],"wp:featuredmedia":[{"embeddable":true,"href":"https:\/\/gifex.com\/fr\/wp-json\/wp\/v2\/media\/46941"}],"wp:attachment":[{"href":"https:\/\/gifex.com\/fr\/wp-json\/wp\/v2\/media?parent=46940"}],"wp:term":[{"taxonomy":"categoria_ficha","embeddable":true,"href":"https:\/\/gifex.com\/fr\/wp-json\/wp\/v2\/categoria_ficha?post=46940"}],"curies":[{"name":"wp","href":"https:\/\/api.w.org\/{rel}","templated":true}]}}