{"id":46930,"date":"2024-05-07T01:46:53","date_gmt":"2024-05-07T01:46:53","guid":{"rendered":"https:\/\/gifex.com\/fr\/?post_type=ficha&#038;p=46930"},"modified":"2024-05-07T01:46:53","modified_gmt":"2024-05-07T01:46:53","slug":"carte-climatique-de-la-suede","status":"publish","type":"ficha","link":"https:\/\/gifex.com\/fr\/fichier\/carte-climatique-de-la-suede\/","title":{"rendered":"Carte climatique de la Su\u00e8de"},"content":{"rendered":"<p style=\"text-align: center;\"><label style=\"font-size: 15px;\">Carte de classification climatique de K\u00f6ppen\u2013Geiger pour la Su\u00e8de.<\/label><\/p>\n<p>La majeure partie de la Su\u00e8de a un climat temp\u00e9r\u00e9, malgr\u00e9 sa latitude septentrionale, avec quatre saisons distinctes et des temp\u00e9ratures douces tout au long de l&#8217;ann\u00e9e. L&#8217;hiver dans l&#8217;extr\u00eame sud est g\u00e9n\u00e9ralement faible et ne se manifeste que par des p\u00e9riodes plus courtes avec de la neige et des temp\u00e9ratures inf\u00e9rieures \u00e0 z\u00e9ro ; l&#8217;automne pourrait bien se transformer en printemps l\u00e0-bas, sans p\u00e9riode hivernale distincte. Les parties nord du pays ont un climat subarctique tandis que les parties centrales ont un climat continental humide. Le sud c\u00f4tier peut \u00eatre d\u00e9fini comme ayant soit un climat continental humide en utilisant l&#8217;isotherme de 0 \u00b0C, soit un climat oc\u00e9anique en utilisant l&#8217;isotherme de -3 \u00b0C.<\/p>\n<p>En raison de la mod\u00e9ration maritime accrue dans le sud de la p\u00e9ninsule, les diff\u00e9rences estivales entre les c\u00f4tes des r\u00e9gions les plus m\u00e9ridionales et les plus septentrionales sont d&#8217;environ 2 \u00b0C en \u00e9t\u00e9 et 10 \u00b0C en hiver. Ce chiffre augmente encore si l&#8217;on compare les r\u00e9gions de l&#8217;int\u00e9rieur du nord, o\u00f9 la diff\u00e9rence hivernale dans l&#8217;extr\u00eame nord est d&#8217;environ 15 \u00b0C dans tout le pays. Les \u00e9t\u00e9s les plus chauds se produisent g\u00e9n\u00e9ralement dans la vall\u00e9e du M\u00e4laren, autour de Stockholm, en raison de la vaste masse terrestre prot\u00e9geant la c\u00f4te du centre du pays des syst\u00e8mes d\u00e9pressionnaires de l&#8217;Atlantique en juillet. Les temp\u00e9ratures maximales diurnes dans les chefs-lieux municipaux su\u00e9dois varient de 19 \u00b0C \u00e0 24 \u00b0C en juillet et de -9 \u00b0C \u00e0 3 \u00b0C en janvier. Les temp\u00e9ratures plus froides sont influenc\u00e9es par l\u2019altitude plus \u00e9lev\u00e9e dans le nord de l\u2019int\u00e9rieur. Au niveau de la mer, les temp\u00e9ratures moyennes les plus froides varient de 21 \u00b0C \u00e0 \u22126 \u00b0C. Gr\u00e2ce \u00e0 ses \u00e9t\u00e9s doux, la r\u00e9gion arctique de Norrbotten poss\u00e8de l&#8217;une des r\u00e9gions agricoles les plus septentrionales du monde.<\/p>\n<p>La Su\u00e8de est beaucoup plus chaude et plus s\u00e8che que d&#8217;autres endroits situ\u00e9s \u00e0 une latitude similaire, et m\u00eame un peu plus au sud, principalement en raison de la combinaison du Gulf Stream et de la d\u00e9rive g\u00e9n\u00e9rale des vents d&#8217;ouest, provoqu\u00e9e par le sens de rotation de la Terre. En raison de la latitude \u00e9lev\u00e9e de la Su\u00e8de, la dur\u00e9e du jour varie consid\u00e9rablement. Au nord du cercle polaire arctique, le soleil ne se couche jamais pendant une partie de l\u2019\u00e9t\u00e9 et ne se l\u00e8ve jamais pendant une partie de l\u2019hiver. Dans la capitale, Stockholm, la lumi\u00e8re du jour dure plus de 18 heures fin juin, mais seulement environ 6 heures fin d\u00e9cembre. La Su\u00e8de re\u00e7oit entre 1 100 et 1 900 heures de soleil par an.<\/p>\n<p>La temp\u00e9rature la plus \u00e9lev\u00e9e jamais enregistr\u00e9e en Su\u00e8de \u00e9tait de 38 \u00b0C \u00e0 M\u00e5lilla en 1947, tandis que la temp\u00e9rature la plus froide jamais enregistr\u00e9e \u00e9tait de \u221252,6 \u00b0C \u00e0 Vuoggatj\u00e5lme le 2 f\u00e9vrier 1966.<\/p>\n<p>En moyenne, la majeure partie de la Su\u00e8de re\u00e7oit entre 500 et 800 mm de pr\u00e9cipitations chaque ann\u00e9e, ce qui la rend consid\u00e9rablement plus s\u00e8che que la moyenne mondiale. La partie sud-ouest du pays re\u00e7oit davantage de pr\u00e9cipitations, entre 1 000 et 1 200 mm, et certaines zones montagneuses du nord devraient recevoir jusqu&#8217;\u00e0 2 000 mm. Malgr\u00e9 les r\u00e9gions situ\u00e9es au nord, le sud et le centre de la Su\u00e8de peuvent ne pas avoir de neige certains hivers. La majeure partie de la Su\u00e8de est situ\u00e9e \u00e0 l\u2019ombre des montagnes scandinaves, \u00e0 travers la Norv\u00e8ge et le nord-ouest de la Su\u00e8de. Il est pr\u00e9vu qu&#8217;\u00e0 mesure que la mer de Barents deviendra moins gel\u00e9e au cours des hivers \u00e0 venir, devenant ainsi \u00ab atlantifi\u00e9e \u00bb, une \u00e9vaporation suppl\u00e9mentaire augmentera les futures chutes de neige en Su\u00e8de et dans une grande partie de l&#8217;Europe continentale.<\/p>\n","protected":false},"excerpt":{"rendered":"<p>Carte de classification climatique de K\u00f6ppen\u2013Geiger pour la Su\u00e8de. La majeure partie de la Su\u00e8de a un climat temp\u00e9r\u00e9, malgr\u00e9 sa latitude septentrionale, avec <\/p>\n","protected":false},"author":1,"featured_media":46931,"template":"","categoria_ficha":[138],"class_list":["post-46930","ficha","type-ficha","status-publish","has-post-thumbnail","hentry","categoria_ficha-cartes-de-la-suede"],"acf":[],"_links":{"self":[{"href":"https:\/\/gifex.com\/fr\/wp-json\/wp\/v2\/ficha\/46930","targetHints":{"allow":["GET"]}}],"collection":[{"href":"https:\/\/gifex.com\/fr\/wp-json\/wp\/v2\/ficha"}],"about":[{"href":"https:\/\/gifex.com\/fr\/wp-json\/wp\/v2\/types\/ficha"}],"author":[{"embeddable":true,"href":"https:\/\/gifex.com\/fr\/wp-json\/wp\/v2\/users\/1"}],"version-history":[{"count":1,"href":"https:\/\/gifex.com\/fr\/wp-json\/wp\/v2\/ficha\/46930\/revisions"}],"predecessor-version":[{"id":46934,"href":"https:\/\/gifex.com\/fr\/wp-json\/wp\/v2\/ficha\/46930\/revisions\/46934"}],"wp:featuredmedia":[{"embeddable":true,"href":"https:\/\/gifex.com\/fr\/wp-json\/wp\/v2\/media\/46931"}],"wp:attachment":[{"href":"https:\/\/gifex.com\/fr\/wp-json\/wp\/v2\/media?parent=46930"}],"wp:term":[{"taxonomy":"categoria_ficha","embeddable":true,"href":"https:\/\/gifex.com\/fr\/wp-json\/wp\/v2\/categoria_ficha?post=46930"}],"curies":[{"name":"wp","href":"https:\/\/api.w.org\/{rel}","templated":true}]}}