{"id":46755,"date":"2024-05-02T00:50:31","date_gmt":"2024-05-02T00:50:31","guid":{"rendered":"https:\/\/gifex.com\/fr\/?post_type=ficha&#038;p=46755"},"modified":"2024-05-02T00:50:31","modified_gmt":"2024-05-02T00:50:31","slug":"carte-climatique-de-la-serbie","status":"publish","type":"ficha","link":"https:\/\/gifex.com\/fr\/fichier\/carte-climatique-de-la-serbie\/","title":{"rendered":"Carte climatique de la Serbie"},"content":{"rendered":"<p style=\"text-align: center;\"><label style=\"font-size: 15px;\">Carte de classification climatique de K\u00f6ppen\u2013Geiger pour la Serbie (avec le Kosovo contest\u00e9).<\/label><\/p>\n<p>Le climat de la Serbie est sous l&#8217;influence de la masse continentale de l&#8217;Eurasie, de l&#8217;oc\u00e9an Atlantique et de la mer M\u00e9diterran\u00e9e. Avec des temp\u00e9ratures moyennes en janvier autour de 0 \u00b0C et des temp\u00e9ratures moyennes en juillet de 22 \u00b0C, il peut \u00eatre class\u00e9 comme un climat continental chaud et humide ou un climat subtropical humide. Au nord, le climat est plus continental, avec des hivers froids et des \u00e9t\u00e9s chauds et humides ainsi que des pr\u00e9cipitations bien r\u00e9parties. Dans le sud, les \u00e9t\u00e9s et les automnes sont plus secs et les hivers sont relativement froids, avec de fortes chutes de neige dans les montagnes.<\/p>\n<p>Les diff\u00e9rences d&#8217;altitude, la proximit\u00e9 de la mer Adriatique et des grands bassins fluviaux, ainsi que l&#8217;exposition aux vents expliquent les variations climatiques. Le sud de la Serbie est soumis aux influences m\u00e9diterran\u00e9ennes. Les Alpes Dinariques et d&#8217;autres cha\u00eenes de montagnes contribuent au refroidissement de la plupart des masses d&#8217;air chaud. Les hivers sont assez rigoureux sur le plateau de Pe\u0161ter, \u00e0 cause des montagnes qui l&#8217;entourent. L&#8217;une des caract\u00e9ristiques climatiques de la Serbie est la kochava, un vent froid et tr\u00e8s violent du sud-est qui commence dans les Carpates et suit le Danube vers le nord-ouest \u00e0 travers la Porte de Fer o\u00f9 il acquiert un effet de jet et continue jusqu&#8217;\u00e0 Belgrade et peut se propager aussi loin au sud que Ni\u0161.<\/p>\n<p>La temp\u00e9rature annuelle moyenne de l&#8217;air pour la p\u00e9riode 1961-1990 pour les zones allant jusqu&#8217;\u00e0 300 m d&#8217;altitude est de 10,9 \u00b0C. Les zones d&#8217;altitude de 300 \u00e0 500 m ont une temp\u00e9rature moyenne annuelle d&#8217;environ 10,0 \u00b0C, et sur 1 000 m d&#8217;altitude d&#8217;environ 6,0 \u00b0C. La temp\u00e9rature la plus basse enregistr\u00e9e en Serbie \u00e9tait de \u221239,5 \u00b0C le 13 janvier 1985, \u00e0 Karajuki\u0107a Bunari \u00e0 Pe\u0161ter, et la plus \u00e9lev\u00e9e \u00e9tait de 44,9 \u00b0C, le 24 juillet 2007, enregistr\u00e9e \u00e0 Smederevska Palanka.<\/p>\n<p>La Serbie est l&#8217;un des rares pays europ\u00e9ens pr\u00e9sentant un risque tr\u00e8s \u00e9lev\u00e9 de risques naturels (tremblements de terre, temp\u00eates, inondations, s\u00e9cheresses). On estime que les inondations potentielles, en particulier dans les r\u00e9gions du centre de la Serbie, menacent plus de 500 agglom\u00e9rations plus importantes sur une superficie de 16 000 kilom\u00e8tres carr\u00e9s. Les plus d\u00e9sastreuses ont \u00e9t\u00e9 les inondations de mai 2014, qui ont fait 57 morts et caus\u00e9 des d\u00e9g\u00e2ts de plus de 1,5 milliard d&#8217;euros.<\/p>\n","protected":false},"excerpt":{"rendered":"<p>Carte de classification climatique de K\u00f6ppen\u2013Geiger pour la Serbie (avec le Kosovo contest\u00e9). Le climat de la Serbie est sous l&#8217;influence de la masse continent <\/p>\n","protected":false},"author":1,"featured_media":46756,"template":"","categoria_ficha":[137],"class_list":["post-46755","ficha","type-ficha","status-publish","has-post-thumbnail","hentry","categoria_ficha-cartes-de-la-serbie"],"acf":[],"_links":{"self":[{"href":"https:\/\/gifex.com\/fr\/wp-json\/wp\/v2\/ficha\/46755","targetHints":{"allow":["GET"]}}],"collection":[{"href":"https:\/\/gifex.com\/fr\/wp-json\/wp\/v2\/ficha"}],"about":[{"href":"https:\/\/gifex.com\/fr\/wp-json\/wp\/v2\/types\/ficha"}],"author":[{"embeddable":true,"href":"https:\/\/gifex.com\/fr\/wp-json\/wp\/v2\/users\/1"}],"version-history":[{"count":1,"href":"https:\/\/gifex.com\/fr\/wp-json\/wp\/v2\/ficha\/46755\/revisions"}],"predecessor-version":[{"id":46758,"href":"https:\/\/gifex.com\/fr\/wp-json\/wp\/v2\/ficha\/46755\/revisions\/46758"}],"wp:featuredmedia":[{"embeddable":true,"href":"https:\/\/gifex.com\/fr\/wp-json\/wp\/v2\/media\/46756"}],"wp:attachment":[{"href":"https:\/\/gifex.com\/fr\/wp-json\/wp\/v2\/media?parent=46755"}],"wp:term":[{"taxonomy":"categoria_ficha","embeddable":true,"href":"https:\/\/gifex.com\/fr\/wp-json\/wp\/v2\/categoria_ficha?post=46755"}],"curies":[{"name":"wp","href":"https:\/\/api.w.org\/{rel}","templated":true}]}}