{"id":465,"date":"2022-02-04T00:12:01","date_gmt":"2022-02-04T00:12:01","guid":{"rendered":"https:\/\/gifex.com\/fr\/?post_type=ficha&#038;p=465"},"modified":"2022-08-07T20:20:52","modified_gmt":"2022-08-07T20:20:52","slug":"carte-de-la-martinique","status":"publish","type":"ficha","link":"https:\/\/gifex.com\/fr\/fichier\/carte-de-la-martinique\/","title":{"rendered":"Carte de la Martinique"},"content":{"rendered":"<p><strong>Carte de la Martinique<\/strong>, d\u00e9partement et r\u00e9gion d&#8217;outre-mer, administr\u00e9e dans le cadre d&#8217;une collectivit\u00e9 territoriale unique fran\u00e7aise. Partie int\u00e9grante de la R\u00e9publique fran\u00e7aise, la Martinique est situ\u00e9e dans les Petites Antilles dans la mer des Cara\u00efbes orientales. Faisant partie des \u00eeles du Vent, elle se trouve directement au nord de Sainte-Lucie, au nord-ouest de la Barbade et au sud de la Dominique. La Martinique est \u00e9galement une R\u00e9gion Ultrap\u00e9riph\u00e9rique de l&#8217;Union Europ\u00e9enne et un territoire associ\u00e9 \u00e0 l&#8217;Union europ\u00e9enne; la monnaie utilis\u00e9e est l&#8217;euro. La quasi-totalit\u00e9 de la population parle \u00e0 la fois le fran\u00e7ais (la seule langue officielle) et le cr\u00e9ole martiniquais.<\/p>\n<figure id=\"attachment_10286\" aria-describedby=\"caption-attachment-10286\" style=\"width: 360px\" class=\"wp-caption alignright\"><a href=\"https:\/\/gifex.com\/fr\/wp-content\/uploads\/465\/La-montagne-Pelee-versant-Caraibe-en-arriere-plan-de-Saint-Pierre-a-la-Martinique-2018.jpg\" target=\"_blank\" rel=\"noopener\"><img fetchpriority=\"high\" decoding=\"async\" class=\"wp-image-10286\" style=\"width: 100%; max-width: 360px; height: auto;\" title=\"La montagne Pel\u00e9e, versant Cara\u00efbe, en arri\u00e8re plan de Saint-Pierre \u00e0 la Martinique.\" src=\"https:\/\/gifex.com\/fr\/wp-content\/uploads\/465\/La-montagne-Pelee-versant-Caraibe-en-arriere-plan-de-Saint-Pierre-a-la-Martinique-2018-300x199.jpg\" alt=\"La montagne Pel\u00e9e, versant Cara\u00efbe, en arri\u00e8re plan de Saint-Pierre \u00e0 la Martinique.\" width=\"360\" height=\"239\" srcset=\"https:\/\/gifex.com\/fr\/wp-content\/uploads\/465\/La-montagne-Pelee-versant-Caraibe-en-arriere-plan-de-Saint-Pierre-a-la-Martinique-2018-300x199.jpg 300w, https:\/\/gifex.com\/fr\/wp-content\/uploads\/465\/La-montagne-Pelee-versant-Caraibe-en-arriere-plan-de-Saint-Pierre-a-la-Martinique-2018-768x510.jpg 768w, https:\/\/gifex.com\/fr\/wp-content\/uploads\/465\/La-montagne-Pelee-versant-Caraibe-en-arriere-plan-de-Saint-Pierre-a-la-Martinique-2018.jpg 1000w\" sizes=\"(max-width: 360px) 100vw, 360px\" \/><\/a><figcaption id=\"caption-attachment-10286\" class=\"wp-caption-text\"><label style=\"font-size: 15px;\">La montagne Pel\u00e9e, versant Cara\u00efbe, en arri\u00e8re plan de Saint-Pierre \u00e0 la Martinique.<\/label><\/figcaption><\/figure>\n<ul>\n<li>Superficie totale de la Martinique 1,128 km\u00b2<\/li>\n<li>En 2021 la population de la Martinique \u00e9tait de 375,053<\/li>\n<li>Le chef-lieu et plus grande ville de la r\u00e9gion est Fort-de-France<\/li>\n<\/ul>\n<p>Le produit int\u00e9rieur brut r\u00e9gional de la Martinique s&#8217;\u00e9levait \u00e0 8,4 milliards d&#8217;euros en 2014, soit 22 209 euros par habitant, chiffre le plus \u00e9lev\u00e9 des d\u00e9partements et r\u00e9gions d&#8217;outre-mer, mais inf\u00e9rieur \u00e0 la moyenne nationale fran\u00e7aise (32 199 euros par habitant).<\/p>\n<p>L&#8217;\u00e9conomie martiniquaise est fortement tertiaris\u00e9e. Ainsi, en 2010, les services repr\u00e9sentaient 84,2 % de la richesse produite, contre 13,5 % pour l&#8217;industrie et la construction, et 2,3 % pour l&#8217;agriculture, la p\u00eache et l&#8217;aquaculture.<\/p>\n","protected":false},"excerpt":{"rendered":"<p>Carte de la Martinique, d\u00e9partement et r\u00e9gion d&#8217;outre-mer, administr\u00e9e dans le cadre d&#8217;une collectivit\u00e9 territoriale unique fran\u00e7aise. Partie int\u00e9grante de la R\u00e9publique fran\u00e7aise,<\/p>\n","protected":false},"author":1,"featured_media":10285,"template":"","categoria_ficha":[68],"class_list":["post-465","ficha","type-ficha","status-publish","has-post-thumbnail","hentry","categoria_ficha-cartes-de-la-martinique"],"acf":[],"_links":{"self":[{"href":"https:\/\/gifex.com\/fr\/wp-json\/wp\/v2\/ficha\/465","targetHints":{"allow":["GET"]}}],"collection":[{"href":"https:\/\/gifex.com\/fr\/wp-json\/wp\/v2\/ficha"}],"about":[{"href":"https:\/\/gifex.com\/fr\/wp-json\/wp\/v2\/types\/ficha"}],"author":[{"embeddable":true,"href":"https:\/\/gifex.com\/fr\/wp-json\/wp\/v2\/users\/1"}],"version-history":[{"count":6,"href":"https:\/\/gifex.com\/fr\/wp-json\/wp\/v2\/ficha\/465\/revisions"}],"predecessor-version":[{"id":19276,"href":"https:\/\/gifex.com\/fr\/wp-json\/wp\/v2\/ficha\/465\/revisions\/19276"}],"wp:featuredmedia":[{"embeddable":true,"href":"https:\/\/gifex.com\/fr\/wp-json\/wp\/v2\/media\/10285"}],"wp:attachment":[{"href":"https:\/\/gifex.com\/fr\/wp-json\/wp\/v2\/media?parent=465"}],"wp:term":[{"taxonomy":"categoria_ficha","embeddable":true,"href":"https:\/\/gifex.com\/fr\/wp-json\/wp\/v2\/categoria_ficha?post=465"}],"curies":[{"name":"wp","href":"https:\/\/api.w.org\/{rel}","templated":true}]}}