{"id":46011,"date":"2024-04-13T22:59:04","date_gmt":"2024-04-13T22:59:04","guid":{"rendered":"https:\/\/gifex.com\/fr\/?post_type=ficha&#038;p=46011"},"modified":"2024-04-13T22:59:04","modified_gmt":"2024-04-13T22:59:04","slug":"carte-climatique-du-portugal","status":"publish","type":"ficha","link":"https:\/\/gifex.com\/fr\/fichier\/carte-climatique-du-portugal\/","title":{"rendered":"Carte climatique du Portugal"},"content":{"rendered":"<p style=\"text-align: center;\"><label style=\"font-size: 15px;\">Carte de classification climatique de K\u00f6ppen\u2013Geiger pour le Portugal.<\/label><\/p>\n<p>Le Portugal se caract\u00e9rise principalement par un climat m\u00e9diterran\u00e9en, un climat maritime temp\u00e9r\u00e9 dans les hautes terres et montagnes du nord-ouest continental et dans les zones de haute altitude des \u00eeles des A\u00e7ores ; un climat semi-aride dans certaines parties de l&#8217;extr\u00eame sud du district de Beja et sur l&#8217;\u00eele de Porto Santo, un climat de savane tropicale \u00e0 Mad\u00e8re, un climat d\u00e9sertique chaud dans les \u00eeles Selvagens et un climat subtropical humide \u00e0 l&#8217;ouest des A\u00e7ores, selon le classification climatique de K\u00f6ppen-Geiger. C&#8217;est l&#8217;un des pays les plus chauds d&#8217;Europe : la temp\u00e9rature moyenne au Portugal continental varie de 10 \u00e0 12 \u00b0C dans l&#8217;int\u00e9rieur montagneux du nord \u00e0 16 \u00e0 18 \u00b0C au sud et sur le bassin du fleuve Guadiana. Il existe des variations entre les hautes terres et les basses terres. L&#8217;Algarve, s\u00e9par\u00e9e de la r\u00e9gion de l&#8217;Alentejo par des montagnes atteignant 900 m\u00e8tres dans l&#8217;Alto da F\u00f3ia, poss\u00e8de un climat similaire \u00e0 celui des zones c\u00f4ti\u00e8res du sud de l&#8217;Espagne ou du sud-ouest de l&#8217;Australie.<\/p>\n<p>Les pr\u00e9cipitations annuelles moyennes sur le continent varient d&#8217;un peu plus de 3 200 millim\u00e8tres dans le parc national de Peneda-Ger\u00eas \u00e0 moins de 500 millim\u00e8tres dans le sud de l&#8217;Alentejo. Le mont Pico re\u00e7oit les pr\u00e9cipitations annuelles les plus importantes (plus de 6 250 millim\u00e8tres par an), selon l&#8217;Instituto Portugu\u00eas do Mar e da Atmosfera.<\/p>\n<p>Dans certaines r\u00e9gions, comme le bassin du Guadiana, les temp\u00e9ratures moyennes diurnes annuelles peuvent atteindre 24,5 \u00b0C, et les temp\u00e9ratures estivales les plus \u00e9lev\u00e9es d\u00e9passent r\u00e9guli\u00e8rement 40 \u00b0C. Le record de 47,4 \u00b0C a \u00e9t\u00e9 enregistr\u00e9 \u00e0 Amareleja.<\/p>\n<p>Des chutes de neige surviennent r\u00e9guli\u00e8rement en hiver dans l&#8217;int\u00e9rieur du Nord et du Centre, notamment sur les montagnes. En hiver, les temp\u00e9ratures peuvent descendre en dessous de \u221210,0 \u00b0C. Dans ces endroits, la neige peut tomber \u00e0 tout moment d&#8217;octobre \u00e0 mai. Dans le sud, les chutes de neige sont rares mais surviennent toujours aux plus hautes altitudes. Alors que le minimum absolu officiel de l&#8217;IPMA est de \u221216,0 \u00b0C \u00e0 Penhas da Sa\u00fade et Miranda do Douro, des temp\u00e9ratures plus basses ont \u00e9t\u00e9 enregistr\u00e9es. Le Portugal continental re\u00e7oit environ 2 300 \u00e0 3 200 heures d&#8217;ensoleillement par an, soit une moyenne de 4 \u00e0 6 heures en hiver et de 10 \u00e0 12 heures en \u00e9t\u00e9, avec des valeurs plus \u00e9lev\u00e9es au sud-est, au sud-ouest et sur la c\u00f4te de l&#8217;Algarve et plus faibles au nord-ouest.<\/p>\n<p>Les c\u00f4tes du centre-ouest et du sud-ouest du Portugal connaissent un d\u00e9calage saisonnier oc\u00e9anique extr\u00eame ; les temp\u00e9ratures de la mer sont plus chaudes en octobre qu&#8217;en juillet et sont les plus froides en mars. La temp\u00e9rature moyenne de la surface de la mer sur la c\u00f4te ouest du Portugal continental varie de 14 \u00e0 16 \u00b0C en janvier-mars \u00e0 19-21 \u00b0C en ao\u00fbt-octobre, tandis que sur la c\u00f4te sud, elle varie de 16 \u00b0C en janvier-mars et augmente. en \u00e9t\u00e9, elle atteint environ 22\u201323 \u00b0C, atteignant parfois 26 \u00b0C. Aux A\u00e7ores, environ 16 \u00b0C en f\u00e9vrier-avril \u00e0 22-24 \u00b0C en juillet-septembre, et \u00e0 Mad\u00e8re, environ 18 \u00b0C en f\u00e9vrier-avril \u00e0 23-24 \u00b0C en ao\u00fbt-octobre.<\/p>\n<p>Les A\u00e7ores et Mad\u00e8re ont un climat subtropical, bien qu&#8217;il existe des variations entre les \u00eeles. Les archipels de Mad\u00e8re et des A\u00e7ores ont une amplitude thermique plus \u00e9troite, avec des temp\u00e9ratures moyennes annuelles d\u00e9passant 20 \u00b0C dans certaines parties de la c\u00f4te. Certaines \u00eeles des A\u00e7ores connaissent des mois d&#8217;\u00e9t\u00e9 plus secs. Par cons\u00e9quent, les \u00eeles des A\u00e7ores ont \u00e9t\u00e9 identifi\u00e9es comme ayant un climat m\u00e9diterran\u00e9en, tandis que certaines \u00eeles (comme Flores ou Corvo) sont class\u00e9es comme subtropicales humides, passant \u00e0 un climat oc\u00e9anique \u00e0 des altitudes plus \u00e9lev\u00e9es. L&#8217;\u00eele de Porto Santo \u00e0 Mad\u00e8re jouit d&#8217;un climat semi-aride chaud. Les \u00eeles Selvagens, qui font partie du territoire r\u00e9gional de Mad\u00e8re et constituent une r\u00e9serve naturelle, ont la particularit\u00e9 d&#8217;\u00eatre class\u00e9es comme un climat d\u00e9sertique avec une pluviom\u00e9trie annuelle moyenne d&#8217;environ 150 millim\u00e8tres.<\/p>\n","protected":false},"excerpt":{"rendered":"<p>Carte de classification climatique de K\u00f6ppen\u2013Geiger pour le Portugal. Le Portugal se caract\u00e9rise principalement par un climat m\u00e9diterran\u00e9en, un climat maritime<\/p>\n","protected":false},"author":1,"featured_media":46012,"template":"","categoria_ficha":[132],"class_list":["post-46011","ficha","type-ficha","status-publish","has-post-thumbnail","hentry","categoria_ficha-cartes-du-portugal"],"acf":[],"_links":{"self":[{"href":"https:\/\/gifex.com\/fr\/wp-json\/wp\/v2\/ficha\/46011","targetHints":{"allow":["GET"]}}],"collection":[{"href":"https:\/\/gifex.com\/fr\/wp-json\/wp\/v2\/ficha"}],"about":[{"href":"https:\/\/gifex.com\/fr\/wp-json\/wp\/v2\/types\/ficha"}],"author":[{"embeddable":true,"href":"https:\/\/gifex.com\/fr\/wp-json\/wp\/v2\/users\/1"}],"version-history":[{"count":1,"href":"https:\/\/gifex.com\/fr\/wp-json\/wp\/v2\/ficha\/46011\/revisions"}],"predecessor-version":[{"id":46013,"href":"https:\/\/gifex.com\/fr\/wp-json\/wp\/v2\/ficha\/46011\/revisions\/46013"}],"wp:featuredmedia":[{"embeddable":true,"href":"https:\/\/gifex.com\/fr\/wp-json\/wp\/v2\/media\/46012"}],"wp:attachment":[{"href":"https:\/\/gifex.com\/fr\/wp-json\/wp\/v2\/media?parent=46011"}],"wp:term":[{"taxonomy":"categoria_ficha","embeddable":true,"href":"https:\/\/gifex.com\/fr\/wp-json\/wp\/v2\/categoria_ficha?post=46011"}],"curies":[{"name":"wp","href":"https:\/\/api.w.org\/{rel}","templated":true}]}}