{"id":45998,"date":"2024-04-13T22:55:15","date_gmt":"2024-04-13T22:55:15","guid":{"rendered":"https:\/\/gifex.com\/fr\/?post_type=ficha&#038;p=45998"},"modified":"2024-04-13T22:55:15","modified_gmt":"2024-04-13T22:55:15","slug":"drapeau-du-portugal","status":"publish","type":"ficha","link":"https:\/\/gifex.com\/fr\/fichier\/drapeau-du-portugal\/","title":{"rendered":"Drapeau du Portugal"},"content":{"rendered":"<p>Le drapeau du Portugal est constitu\u00e9 de deux bandes verticales verte (c\u00f4t\u00e9 m\u00e2t, deux cinqui\u00e8mes) et rouge (trois cinqui\u00e8mes) avec les armoiries nationales (sph\u00e8re armillaire et bouclier portugais) centr\u00e9es sur la ligne de d\u00e9marcation ; Les explications sur la signification des couleurs sont ambigu\u00ebs, mais une interpr\u00e9tation populaire consid\u00e8re que le vert symbolise l&#8217;espoir et le rouge le sang de ceux qui d\u00e9fendent la nation.<\/p>\n","protected":false},"excerpt":{"rendered":"<p>Le drapeau du Portugal est constitu\u00e9 de deux bandes verticales verte (c\u00f4t\u00e9 m\u00e2t, deux cinqui\u00e8mes) et rouge (trois cinqui\u00e8mes) avec les armoiries nationales &#8230;<\/p>\n","protected":false},"author":1,"featured_media":45999,"template":"","categoria_ficha":[132],"class_list":["post-45998","ficha","type-ficha","status-publish","has-post-thumbnail","hentry","categoria_ficha-cartes-du-portugal"],"acf":[],"_links":{"self":[{"href":"https:\/\/gifex.com\/fr\/wp-json\/wp\/v2\/ficha\/45998","targetHints":{"allow":["GET"]}}],"collection":[{"href":"https:\/\/gifex.com\/fr\/wp-json\/wp\/v2\/ficha"}],"about":[{"href":"https:\/\/gifex.com\/fr\/wp-json\/wp\/v2\/types\/ficha"}],"author":[{"embeddable":true,"href":"https:\/\/gifex.com\/fr\/wp-json\/wp\/v2\/users\/1"}],"version-history":[{"count":1,"href":"https:\/\/gifex.com\/fr\/wp-json\/wp\/v2\/ficha\/45998\/revisions"}],"predecessor-version":[{"id":46003,"href":"https:\/\/gifex.com\/fr\/wp-json\/wp\/v2\/ficha\/45998\/revisions\/46003"}],"wp:featuredmedia":[{"embeddable":true,"href":"https:\/\/gifex.com\/fr\/wp-json\/wp\/v2\/media\/45999"}],"wp:attachment":[{"href":"https:\/\/gifex.com\/fr\/wp-json\/wp\/v2\/media?parent=45998"}],"wp:term":[{"taxonomy":"categoria_ficha","embeddable":true,"href":"https:\/\/gifex.com\/fr\/wp-json\/wp\/v2\/categoria_ficha?post=45998"}],"curies":[{"name":"wp","href":"https:\/\/api.w.org\/{rel}","templated":true}]}}