{"id":44519,"date":"2023-10-10T00:18:26","date_gmt":"2023-10-10T00:18:26","guid":{"rendered":"https:\/\/gifex.com\/fr\/?post_type=ficha&#038;p=44519"},"modified":"2023-10-10T00:18:26","modified_gmt":"2023-10-10T00:18:26","slug":"quels-sont-les-etats-d-autriche","status":"publish","type":"ficha","link":"https:\/\/gifex.com\/fr\/fichier\/quels-sont-les-etats-d-autriche\/","title":{"rendered":"Quels sont les \u00c9tats d&#8217;Autriche ?"},"content":{"rendered":"<p style=\"text-align: center;\"><label style=\"font-size: 15px;\">Carte des \u00c9tats d&#8217;Autriche.<\/label><\/p>\n<p>Un land (en allemand : Land ; au pluriel : L\u00e4nder ou \u00ab lands \u00bb au pluriel en fran\u00e7ais) est un \u00c9tat f\u00e9d\u00e9r\u00e9 de la r\u00e9publique d&#8217;Autriche. Le pays est constitu\u00e9 de neuf \u00c9tats f\u00e9d\u00e9r\u00e9s.<\/p>\n<p>La liste suivante r\u00e9sume les principales caract\u00e9ristiques des \u00c9tats d&#8217;Autriche. Il indique \u00e9galement le nombre de villes et de communes de chacun.<\/p>\n<div class=\"boxscrl\">\n<table width=\"1145\">\n<tbody>\n<tr>\n<td rowspan=\"2\" width=\"199\">Nom fran\u00e7ais<\/td>\n<td rowspan=\"2\" width=\"195\">Nom autrichien<\/td>\n<td rowspan=\"2\" width=\"158\">Capitale<\/td>\n<td width=\"127\">Superficie<\/td>\n<td width=\"177\">Population<\/td>\n<td width=\"103\">Densit\u00e9<\/td>\n<td rowspan=\"2\" width=\"64\">Villes<\/td>\n<td rowspan=\"2\" width=\"122\">Communes<\/td>\n<\/tr>\n<tr>\n<td width=\"127\">(km<sup>2<\/sup>)<\/td>\n<td width=\"177\">(1<sup>er<\/sup> janvier 2022)<\/td>\n<td width=\"103\">(hab. \/ km<sup>2<\/sup>)<\/td>\n<\/tr>\n<tr>\n<td>Burgenland<\/td>\n<td width=\"195\">Burgen\u00adland<\/td>\n<td>Eisenstadt<\/td>\n<td width=\"127\">3\u00a0965<\/td>\n<td width=\"177\">297\u00a0586<\/td>\n<td width=\"103\">75<\/td>\n<td width=\"64\">13<\/td>\n<td width=\"122\">158<\/td>\n<\/tr>\n<tr>\n<td>Carinthie<\/td>\n<td width=\"195\">K\u00e4rnten<\/td>\n<td>Klagenfurt<\/td>\n<td width=\"127\">9\u00a0537<\/td>\n<td width=\"177\">564\u00a0513<\/td>\n<td width=\"103\">59<\/td>\n<td width=\"64\">17<\/td>\n<td width=\"122\">115<\/td>\n<\/tr>\n<tr>\n<td>Basse-Autriche<\/td>\n<td width=\"195\">Nieder\u00ad\u00f6sterreich<\/td>\n<td>Sankt P\u00f6lten<\/td>\n<td width=\"127\">19\u00a0178<\/td>\n<td width=\"177\">1\u00a0698\u00a0796<\/td>\n<td width=\"103\">89<\/td>\n<td width=\"64\">76<\/td>\n<td width=\"122\">497<\/td>\n<\/tr>\n<tr>\n<td>Haute-Autriche<\/td>\n<td width=\"195\">Ober\u00ad\u00f6sterreich<\/td>\n<td>Linz<\/td>\n<td width=\"127\">11\u00a0983<\/td>\n<td width=\"177\">1\u00a0505\u00a0140<\/td>\n<td width=\"103\">126<\/td>\n<td width=\"64\">32<\/td>\n<td width=\"122\">406<\/td>\n<\/tr>\n<tr>\n<td>Salzbourg<\/td>\n<td width=\"195\">Salzburg<\/td>\n<td>Salzbourg<\/td>\n<td width=\"127\">7\u00a0155<\/td>\n<td width=\"177\">560\u00a0710<\/td>\n<td width=\"103\">78<\/td>\n<td width=\"64\">11<\/td>\n<td width=\"122\">108<\/td>\n<\/tr>\n<tr>\n<td>Styrie<\/td>\n<td width=\"195\">Steier\u00admark<\/td>\n<td>Graz<\/td>\n<td width=\"127\">16\u00a0399<\/td>\n<td width=\"177\">1\u00a0252\u00a0922<\/td>\n<td width=\"103\">76<\/td>\n<td width=\"64\">35<\/td>\n<td width=\"122\">251<\/td>\n<\/tr>\n<tr>\n<td>Tyrol<\/td>\n<td width=\"195\">Tirol<\/td>\n<td>Innsbruck<\/td>\n<td width=\"127\">12\u00a0648<\/td>\n<td width=\"177\">764\u00a0102<\/td>\n<td width=\"103\">60<\/td>\n<td width=\"64\">11<\/td>\n<td width=\"122\">266<\/td>\n<\/tr>\n<tr>\n<td>Vorarlberg<\/td>\n<td width=\"195\">Vorarl\u00adberg<\/td>\n<td>Br\u00e9gence<\/td>\n<td width=\"127\">2\u00a0602<\/td>\n<td width=\"177\">401\u00a0674<\/td>\n<td width=\"103\">154<\/td>\n<td width=\"64\">5<\/td>\n<td width=\"122\">91<\/td>\n<\/tr>\n<tr>\n<td>Vienne<\/td>\n<td width=\"195\">Wien<\/td>\n<td>Vienne<\/td>\n<td width=\"127\">415<\/td>\n<td width=\"177\">1\u00a0931\u00a0593<\/td>\n<td width=\"103\">4\u00a0654<\/td>\n<td width=\"64\">1<\/td>\n<td width=\"122\">0<\/td>\n<\/tr>\n<\/tbody>\n<\/table>\n<\/div>\n","protected":false},"excerpt":{"rendered":"<p>Carte des \u00c9tats d&#8217;Autriche. Un land (en allemand : Land ; au pluriel : L\u00e4nder ou \u00ab lands \u00bb au pluriel en fran\u00e7ais) est un \u00c9tat f\u00e9d\u00e9r\u00e9 de la r\u00e9publique &#8230;<\/p>\n","protected":false},"author":1,"featured_media":44520,"template":"","categoria_ficha":[100],"class_list":["post-44519","ficha","type-ficha","status-publish","has-post-thumbnail","hentry","categoria_ficha-cartes-de-l-autriche"],"acf":[],"_links":{"self":[{"href":"https:\/\/gifex.com\/fr\/wp-json\/wp\/v2\/ficha\/44519","targetHints":{"allow":["GET"]}}],"collection":[{"href":"https:\/\/gifex.com\/fr\/wp-json\/wp\/v2\/ficha"}],"about":[{"href":"https:\/\/gifex.com\/fr\/wp-json\/wp\/v2\/types\/ficha"}],"author":[{"embeddable":true,"href":"https:\/\/gifex.com\/fr\/wp-json\/wp\/v2\/users\/1"}],"version-history":[{"count":1,"href":"https:\/\/gifex.com\/fr\/wp-json\/wp\/v2\/ficha\/44519\/revisions"}],"predecessor-version":[{"id":44521,"href":"https:\/\/gifex.com\/fr\/wp-json\/wp\/v2\/ficha\/44519\/revisions\/44521"}],"wp:featuredmedia":[{"embeddable":true,"href":"https:\/\/gifex.com\/fr\/wp-json\/wp\/v2\/media\/44520"}],"wp:attachment":[{"href":"https:\/\/gifex.com\/fr\/wp-json\/wp\/v2\/media?parent=44519"}],"wp:term":[{"taxonomy":"categoria_ficha","embeddable":true,"href":"https:\/\/gifex.com\/fr\/wp-json\/wp\/v2\/categoria_ficha?post=44519"}],"curies":[{"name":"wp","href":"https:\/\/api.w.org\/{rel}","templated":true}]}}