{"id":44346,"date":"2023-10-03T17:33:23","date_gmt":"2023-10-03T17:33:23","guid":{"rendered":"https:\/\/gifex.com\/fr\/?post_type=ficha&#038;p=44346"},"modified":"2023-10-03T17:35:54","modified_gmt":"2023-10-03T17:35:54","slug":"carte-politique-de-l-allemagne","status":"publish","type":"ficha","link":"https:\/\/gifex.com\/fr\/fichier\/carte-politique-de-l-allemagne\/","title":{"rendered":"Carte politique de l&#8217;Allemagne"},"content":{"rendered":"<p style=\"text-align: center;\"><label style=\"font-size: 15px;\">Carte politique de l&#8217;Allemagne.<\/label><\/p>\n<p>Politiquement l&#8217;Allemagne n\u2019est pas une R\u00e9publique, mais un \u00c9tat f\u00e9d\u00e9ral. Le territoire est d\u00e9coup\u00e9 en 16 L\u00e4nder ou \u00ab \u00c9tats r\u00e9gionaux \u00bb, disposant de larges pouvoirs. Les L\u00e4nder sont tr\u00e8s diff\u00e9rents en taille et en population et sont h\u00e9rit\u00e9s de l&#8217;occupation alli\u00e9e apr\u00e8s 1945 : le plus \u00e9tendu est la Bavi\u00e8re. Trois d\u2019entre eux sont concentr\u00e9s autour de villes : Br\u00eame, Berlin et Hambourg. Les comp\u00e9tences de chaque Land sont diverses : \u00e9ducation, culture, police\u2026 L\u2019\u00c9tat f\u00e9d\u00e9ral dispose d\u2019un gouvernement dirig\u00e9 par un chancelier et garde la charge des grands dossiers concernant tout le pays (\u00e9conomie, d\u00e9fense, affaires \u00e9trang\u00e8res\u2026). <\/p>\n<p>Les L\u00e4nder sont subdivis\u00e9s en districts (Regierungsbezirke), arrondissements (Kreise) et communes (Gemeinden). Les grandes villes constituent souvent des villes-arrondissements, \u00e0 la fois commune et arrondissement.<\/p>\n<p>Il existe quelques particularit\u00e9s. Ainsi, la Rh\u00e9nanie-du-Nord-Westphalie est d\u00e9coup\u00e9e en deux Landschaftsverb\u00e4nde correspondant aux deux entit\u00e9s culturelles du Land. Berlin et Hambourg n&#8217;ont pas de districts et Br\u00eame comprend deux districts urbains (Stadtkreise), Br\u00eame et Bremerhaven. <\/p>\n","protected":false},"excerpt":{"rendered":"<p>Carte politique de l&#8217;Allemagne. Politiquement l&#8217;Allemagne n\u2019est pas une R\u00e9publique, mais un \u00c9tat f\u00e9d\u00e9ral. Le territoire est d\u00e9coup\u00e9 en 16 L\u00e4nder ou \u00ab \u00c9tats &#8230;<\/p>\n","protected":false},"author":1,"featured_media":44347,"template":"","categoria_ficha":[97],"class_list":["post-44346","ficha","type-ficha","status-publish","has-post-thumbnail","hentry","categoria_ficha-cartes-de-l-allemagne"],"acf":[],"_links":{"self":[{"href":"https:\/\/gifex.com\/fr\/wp-json\/wp\/v2\/ficha\/44346","targetHints":{"allow":["GET"]}}],"collection":[{"href":"https:\/\/gifex.com\/fr\/wp-json\/wp\/v2\/ficha"}],"about":[{"href":"https:\/\/gifex.com\/fr\/wp-json\/wp\/v2\/types\/ficha"}],"author":[{"embeddable":true,"href":"https:\/\/gifex.com\/fr\/wp-json\/wp\/v2\/users\/1"}],"version-history":[{"count":3,"href":"https:\/\/gifex.com\/fr\/wp-json\/wp\/v2\/ficha\/44346\/revisions"}],"predecessor-version":[{"id":44350,"href":"https:\/\/gifex.com\/fr\/wp-json\/wp\/v2\/ficha\/44346\/revisions\/44350"}],"wp:featuredmedia":[{"embeddable":true,"href":"https:\/\/gifex.com\/fr\/wp-json\/wp\/v2\/media\/44347"}],"wp:attachment":[{"href":"https:\/\/gifex.com\/fr\/wp-json\/wp\/v2\/media?parent=44346"}],"wp:term":[{"taxonomy":"categoria_ficha","embeddable":true,"href":"https:\/\/gifex.com\/fr\/wp-json\/wp\/v2\/categoria_ficha?post=44346"}],"curies":[{"name":"wp","href":"https:\/\/api.w.org\/{rel}","templated":true}]}}