{"id":44294,"date":"2023-10-02T00:09:43","date_gmt":"2023-10-02T00:09:43","guid":{"rendered":"https:\/\/gifex.com\/fr\/?post_type=ficha&#038;p=44294"},"modified":"2023-10-03T01:54:43","modified_gmt":"2023-10-03T01:54:43","slug":"carte-climatique-de-l-allemagne","status":"publish","type":"ficha","link":"https:\/\/gifex.com\/fr\/fichier\/carte-climatique-de-l-allemagne\/","title":{"rendered":"Carte climatique de l\u2019Allemagne"},"content":{"rendered":"<p style=\"text-align: center;\"><label style=\"font-size: 15px;\">Carte de classification climatique de K\u00f6ppen\u2013Geiger pour l\u2019Allemagne.<\/label><\/p>\n<p>La diff\u00e9rence nord-sud en Allemagne, entre 55\u00b003&#8243;N (\u00e0 List auf Sylt) et 47\u00b016&#8243;N (autour d&#8217;Oberstdorf, en Bavi\u00e8re) \u00e9quivaut \u00e0 pr\u00e8s de huit degr\u00e9s de latitude (ou 889 km), ce qui peut \u00eatre observ\u00e9 surtout pendant l&#8217;\u00e9t\u00e9 dans les diff\u00e9rences entre les temp\u00e9ratures moyennes. En outre, il existe une forte pente de temp\u00e9rature ouest-est. Cela s&#8217;explique par les paysages plats et ouverts du nord-ouest de l&#8217;Allemagne et sa proximit\u00e9 avec la mer, ainsi que par le relief plus \u00e9lev\u00e9 du sud, plus \u00e9loign\u00e9 de la mer et des Alpes. Ces montagnes emp\u00eachent une grande partie de l\u2019air m\u00e9diterran\u00e9en, habituellement plus chaud, de souffler vers le sud de l\u2019Allemagne. Au nord des Alpes et des Carpates, le climat local devient plus froid, m\u00eame \u00e0 m\u00eame latitude et altitude. Cela est d\u00fb au fait que certaines zones sont plus \u00e9loign\u00e9es du Gulf Stream de l&#8217;oc\u00e9an Atlantique, connu pour avoir un courant chaud pour sa latitude, en plus d&#8217;\u00eatre plus proches des vents hivernaux extr\u00eamement froids de la Russie et de la Sib\u00e9rie. M\u00eame si les vents hivernaux sib\u00e9riens ne sont pas dominants, lorsqu&#8217;ils frappent l&#8217;Allemagne, les temp\u00e9ratures peuvent dans les cas extr\u00eames descendre jusqu&#8217;\u00e0 -20 \u00b0C dans les montagnes et au-dessous pendant la nuit, ce qui a un effet sur les temp\u00e9ratures moyennes de novembre \u00e0 mars. Bien que cela soit rare, lorsqu&#8217;un tel air froid atteint l&#8217;Allemagne, les r\u00e9gions du nord-est sont principalement touch\u00e9es, tandis que le sud-ouest re\u00e7oit g\u00e9n\u00e9ralement peu de jours froids. Gr\u00e2ce au Gulf Stream, la c\u00f4te conna\u00eet les nuits les plus douces de l&#8217;hiver, ne gelant presque jamais.<\/p>\n<p>La r\u00e9gion la plus chaude d&#8217;Allemagne est la r\u00e9gion frontali\u00e8re avec la France, \u00e0 l&#8217;ouest des collines du Schwarzwald, \u00e0 peu pr\u00e8s entre Mannheim au nord et la fronti\u00e8re suisse au sud. La zone la plus froide (\u00e0 l&#8217;exception des sommets des montagnes) se trouve dans le sud-est de l&#8217;Allemagne orientale, autour de Dresde et de G\u00f6rlitz jusqu&#8217;\u00e0 Berlin.<\/p>\n<p>Le climat de l&#8217;Allemagne est temp\u00e9r\u00e9 et marin \u00e0 l&#8217;ouest et continental humide \u00e0 l&#8217;est. Il a des hivers frais \u00e0 l\u2019ouest et des hivers froids \u00e0 l\u2019est. Les pr\u00e9cipitations sont mod\u00e9r\u00e9es toute l&#8217;ann\u00e9e et le ciel est g\u00e9n\u00e9ralement couvert de novembre \u00e0 f\u00e9vrier. Les \u00e9t\u00e9s sont chauds, surtout dans le sud. Le nord et le centre de l&#8217;Allemagne se situent enti\u00e8rement dans la zone climatique temp\u00e9r\u00e9e dans laquelle pr\u00e9dominent les vents humides d&#8217;ouest. Au nord-ouest et au nord, le climat est oc\u00e9anique. Les hivers y sont frais et les \u00e9t\u00e9s chauds. \u00c0 l&#8217;est, le climat pr\u00e9sente des caract\u00e9ristiques clairement continentales ; les hivers sont froids et les \u00e9t\u00e9s chauds. Des p\u00e9riodes s\u00e8ches sont souvent enregistr\u00e9es.<\/p>\n<p>Au centre et au sud, on retrouve un climat de transition entre oc\u00e9anique et continental. Les hivers sont frais et les \u00e9t\u00e9s chauds, m\u00eame si les temp\u00e9ratures maximales peuvent d\u00e9passer 30 \u00b0C plusieurs jours de suite lors des vagues de chaleur.<\/p>\n<p>Les r\u00e9gions les plus chaudes d&#8217;Allemagne se trouvent au sud-ouest (voir Rift rh\u00e9nan, Route allemande des vins et Palatinat). Les \u00e9t\u00e9s sont chauds avec de nombreuses journ\u00e9es pouvant atteindre 40 \u00b0C. Parfois, les temp\u00e9ratures minimales ne descendent pas en dessous de 20 \u00b0C, ce qui est relativement rare dans d&#8217;autres r\u00e9gions, \u00e0 l&#8217;exception de la c\u00f4te de la mer du Nord et des climats urbains de l&#8217;ouest.<\/p>\n<p>Les extr\u00eames enregistr\u00e9s sont un maximum de 41,2 \u00b0C (juillet 2019, Duisburg-Bearl &amp; T\u00f6nisvorst) et un minimum de \u221237,8 \u00b0C (f\u00e9vrier 1929, \u00e0 Pfaffenhofen an der Ilm).<\/p>\n<p><strong>Effets du r\u00e9chauffement climatique<\/strong><\/p>\n<p>Le rapport de suivi du gouvernement f\u00e9d\u00e9ral allemand (\u00ab Monitoringbericht 2019 \u00bb) montre le tableau suivant pour l&#8217;Allemagne : Les derni\u00e8res ann\u00e9es ont \u00e9t\u00e9 tr\u00e8s chaudes et caract\u00e9ris\u00e9es par de longues p\u00e9riodes de s\u00e9cheresse et des ph\u00e9nom\u00e8nes m\u00e9t\u00e9orologiques extr\u00eames, tels que des temp\u00eates et de fortes pluies. Les \u00e9t\u00e9s 2003, 2018 et 2019 ont \u00e9t\u00e9 les plus chauds depuis le d\u00e9but des records m\u00e9t\u00e9orologiques. La temp\u00e9rature de l&#8217;air a augment\u00e9 de 1,5 \u00b0C de 1881 \u00e0 2018. Au cours des derni\u00e8res d\u00e9cennies, une tendance \u00e0 la hausse des chaleurs extr\u00eames a \u00e9t\u00e9 observ\u00e9e. En particulier, le nombre de journ\u00e9es chaudes (&gt; 30 \u00b0C) a consid\u00e9rablement augment\u00e9. Par exemple, en 2003, environ 7 500 personnes sont mortes de plus que ce \u00e0 quoi on aurait pu s&#8217;attendre sans une vague de chaleur. Les mois o\u00f9 le niveau des eaux souterraines est inf\u00e9rieur \u00e0 la moyenne deviennent nettement plus fr\u00e9quents. En \u00e9t\u00e9, les rivi\u00e8res contiennent de moins en moins d&#8217;eau. Le niveau de la mer dans les mers Nord et Baltique est en forte hausse. Cela provoque une augmentation de l&#8217;intensit\u00e9 des ondes de temp\u00eate. La dur\u00e9e des p\u00e9riodes de v\u00e9g\u00e9tation est de plus en plus longue. Un exemple est la saison des fleurs de pommier. La proportion de h\u00eatres a diminu\u00e9 par rapport aux essences mieux adapt\u00e9es \u00e0 la s\u00e9cheresse dans les r\u00e9serves foresti\u00e8res naturelles chaudes et s\u00e8ches. Les effets du r\u00e9chauffement croissant sont \u00e9galement \u00e9vidents si la temp\u00e9rature de l&#8217;eau des lacs et de la mer du Nord a consid\u00e9rablement augment\u00e9.<\/p>\n","protected":false},"excerpt":{"rendered":"<p>Carte de classification climatique de K\u00f6ppen\u2013Geiger pour l\u2019Allemagne. La diff\u00e9rence nord-sud en Allemagne, entre 55\u00b003&#8243;N (\u00e0 List auf Sylt) et 47\u00b016&#8243;N (autour <\/p>\n","protected":false},"author":1,"featured_media":44295,"template":"","categoria_ficha":[97],"class_list":["post-44294","ficha","type-ficha","status-publish","has-post-thumbnail","hentry","categoria_ficha-cartes-de-l-allemagne"],"acf":[],"_links":{"self":[{"href":"https:\/\/gifex.com\/fr\/wp-json\/wp\/v2\/ficha\/44294","targetHints":{"allow":["GET"]}}],"collection":[{"href":"https:\/\/gifex.com\/fr\/wp-json\/wp\/v2\/ficha"}],"about":[{"href":"https:\/\/gifex.com\/fr\/wp-json\/wp\/v2\/types\/ficha"}],"author":[{"embeddable":true,"href":"https:\/\/gifex.com\/fr\/wp-json\/wp\/v2\/users\/1"}],"version-history":[{"count":2,"href":"https:\/\/gifex.com\/fr\/wp-json\/wp\/v2\/ficha\/44294\/revisions"}],"predecessor-version":[{"id":44345,"href":"https:\/\/gifex.com\/fr\/wp-json\/wp\/v2\/ficha\/44294\/revisions\/44345"}],"wp:featuredmedia":[{"embeddable":true,"href":"https:\/\/gifex.com\/fr\/wp-json\/wp\/v2\/media\/44295"}],"wp:attachment":[{"href":"https:\/\/gifex.com\/fr\/wp-json\/wp\/v2\/media?parent=44294"}],"wp:term":[{"taxonomy":"categoria_ficha","embeddable":true,"href":"https:\/\/gifex.com\/fr\/wp-json\/wp\/v2\/categoria_ficha?post=44294"}],"curies":[{"name":"wp","href":"https:\/\/api.w.org\/{rel}","templated":true}]}}