{"id":44029,"date":"2023-09-22T21:00:49","date_gmt":"2023-09-22T21:00:49","guid":{"rendered":"https:\/\/gifex.com\/fr\/?post_type=ficha&#038;p=44029"},"modified":"2023-09-22T21:00:49","modified_gmt":"2023-09-22T21:00:49","slug":"quelles-sont-les-communes-du-benin","status":"publish","type":"ficha","link":"https:\/\/gifex.com\/fr\/fichier\/quelles-sont-les-communes-du-benin\/","title":{"rendered":"Quelles sont les communes du B\u00e9nin ?"},"content":{"rendered":"<p style=\"text-align: center;\"><label style=\"font-size: 15px;\">Carte des communes du B\u00e9nin.<\/label><\/p>\n<p>Les communes constituent le deuxi\u00e8me niveau des unit\u00e9s administratives du B\u00e9nin apr\u00e8s les 12 d\u00e9partements. Elles sont au nombre de 77 et sont elles-m\u00eames divis\u00e9es en 545 arrondissements. Les communes remplacent les sous-pr\u00e9fectures et les circonscriptions urbaines depuis la r\u00e9forme de 1999.<\/p>\n<p>Les communes sont list\u00e9es ci-dessous, par ordre alphab\u00e9tique :<\/p>\n<ul>\n<li>Abomey<\/li>\n<li>Abomey-Calavi<\/li>\n<li>Adja-Ou\u00e8r\u00e8<\/li>\n<li>Adjarra<\/li>\n<li>Adjohoun<\/li>\n<li>Agbangnizoun<\/li>\n<li>Agu\u00e9gu\u00e9s<\/li>\n<li>Akpro-Miss\u00e9r\u00e9t\u00e9<\/li>\n<li>Allada<\/li>\n<li>Aplahou\u00e9<\/li>\n<li>Athi\u00e9m\u00e9<\/li>\n<li>Avrankou<\/li>\n<li>Banikoara<\/li>\n<li>Bant\u00e8<\/li>\n<li>Bassila<\/li>\n<li>Bemb\u00e9r\u00e9k\u00e9<\/li>\n<li>Bohicon<\/li>\n<li>Bonou<\/li>\n<li>Bopa<\/li>\n<li>Boukoumb\u00e9<\/li>\n<li>Cobly<\/li>\n<li>Com\u00e8<\/li>\n<li>Copargo<\/li>\n<li>Cotonou<\/li>\n<li>Cov\u00e8<\/li>\n<li>Dangbo<\/li>\n<li>Dassa-Zoum\u00e9<\/li>\n<li>Djakotomey<\/li>\n<li>Djidja<\/li>\n<li>Djougou<\/li>\n<li>Dogbo<\/li>\n<li>Glazou\u00e9<\/li>\n<li>Gogounou<\/li>\n<li>Grand-Popo<\/li>\n<li>Hou\u00e9yogb\u00e9<\/li>\n<li>Ifangni<\/li>\n<li>Kalal\u00e9<\/li>\n<li>Kandi<\/li>\n<li>Karimama<\/li>\n<li>K\u00e9rou<\/li>\n<li>K\u00e9tou<\/li>\n<li>Klou\u00e9kanm\u00e8<\/li>\n<li>Kouand\u00e9<\/li>\n<li>Kpomass\u00e8<\/li>\n<li>Lalo<\/li>\n<li>Lokossa<\/li>\n<li>Malanville<\/li>\n<li>Mat\u00e9ri<\/li>\n<li>Natitingou<\/li>\n<li>N&#8217;Dali<\/li>\n<li>Nikki<\/li>\n<li>Ouak\u00e9<\/li>\n<li>Ou\u00e8ss\u00e8<\/li>\n<li>Ouidah<\/li>\n<li>Ouinhi<\/li>\n<li>Parakou<\/li>\n<li>P\u00e9hunco<\/li>\n<li>P\u00e8r\u00e8r\u00e8<\/li>\n<li>Pob\u00e8<\/li>\n<li>Porto-Novo<\/li>\n<li>Sak\u00e9t\u00e9<\/li>\n<li>Savalou<\/li>\n<li>Sav\u00e8<\/li>\n<li>Segbana<\/li>\n<li>S\u00e8m\u00e8-Kpodji<\/li>\n<li>Sinend\u00e9<\/li>\n<li>S\u00f4-Ava<\/li>\n<li>Tangui\u00e9ta<\/li>\n<li>Tchaourou<\/li>\n<li>Toffo<\/li>\n<li>Tori-Bossito<\/li>\n<li>Toucountouna<\/li>\n<li>Toviklin<\/li>\n<li>Zagnanado<\/li>\n<li>Za-Kpota<\/li>\n<li>Z\u00e8<\/li>\n<li>Zogbodomey<\/li>\n<\/ul>\n","protected":false},"excerpt":{"rendered":"<p>Carte des communes du B\u00e9nin. Les communes constituent le deuxi\u00e8me niveau des unit\u00e9s administratives du B\u00e9nin apr\u00e8s les 12 d\u00e9partements. Elles sont au nombre de<\/p>\n","protected":false},"author":1,"featured_media":44030,"template":"","categoria_ficha":[193],"class_list":["post-44029","ficha","type-ficha","status-publish","has-post-thumbnail","hentry","categoria_ficha-cartes-du-benin"],"acf":[],"_links":{"self":[{"href":"https:\/\/gifex.com\/fr\/wp-json\/wp\/v2\/ficha\/44029","targetHints":{"allow":["GET"]}}],"collection":[{"href":"https:\/\/gifex.com\/fr\/wp-json\/wp\/v2\/ficha"}],"about":[{"href":"https:\/\/gifex.com\/fr\/wp-json\/wp\/v2\/types\/ficha"}],"author":[{"embeddable":true,"href":"https:\/\/gifex.com\/fr\/wp-json\/wp\/v2\/users\/1"}],"version-history":[{"count":1,"href":"https:\/\/gifex.com\/fr\/wp-json\/wp\/v2\/ficha\/44029\/revisions"}],"predecessor-version":[{"id":44034,"href":"https:\/\/gifex.com\/fr\/wp-json\/wp\/v2\/ficha\/44029\/revisions\/44034"}],"wp:featuredmedia":[{"embeddable":true,"href":"https:\/\/gifex.com\/fr\/wp-json\/wp\/v2\/media\/44030"}],"wp:attachment":[{"href":"https:\/\/gifex.com\/fr\/wp-json\/wp\/v2\/media?parent=44029"}],"wp:term":[{"taxonomy":"categoria_ficha","embeddable":true,"href":"https:\/\/gifex.com\/fr\/wp-json\/wp\/v2\/categoria_ficha?post=44029"}],"curies":[{"name":"wp","href":"https:\/\/api.w.org\/{rel}","templated":true}]}}