{"id":43152,"date":"2023-08-28T17:44:25","date_gmt":"2023-08-28T17:44:25","guid":{"rendered":"https:\/\/gifex.com\/fr\/?post_type=ficha&#038;p=43152"},"modified":"2023-08-28T17:44:25","modified_gmt":"2023-08-28T17:44:25","slug":"carte-de-la-province-du-woleu-ntem","status":"publish","type":"ficha","link":"https:\/\/gifex.com\/fr\/fichier\/carte-de-la-province-du-woleu-ntem\/","title":{"rendered":"Carte de la province du Woleu-Ntem"},"content":{"rendered":"<p>Carte de la province du Woleu-Ntem, l&#8217;une des neuf provinces du Gabon.<\/p>\n<figure id=\"attachment_43156\" aria-describedby=\"caption-attachment-43156\" style=\"width: 360px\" class=\"wp-caption alignright\"><a href=\"https:\/\/gifex.com\/fr\/wp-content\/uploads\/43152\/Carte-de-localisation-de-la-province-du-Woleu-Ntem-au-Gabon.png\" target=\"_blank\" rel=\"noopener\"><img fetchpriority=\"high\" decoding=\"async\" class=\"wp-image-43156\" title=\"Carte de localisation de la province du Woleu-Ntem au Gabon.\" src=\"https:\/\/gifex.com\/fr\/wp-content\/uploads\/43152\/Carte-de-localisation-de-la-province-du-Woleu-Ntem-au-Gabon-300x279.png\" alt=\"Carte de localisation de la province du Woleu-Ntem au Gabon.\" width=\"360\" height=\"334\" srcset=\"https:\/\/gifex.com\/fr\/wp-content\/uploads\/43152\/Carte-de-localisation-de-la-province-du-Woleu-Ntem-au-Gabon-300x279.png 300w, https:\/\/gifex.com\/fr\/wp-content\/uploads\/43152\/Carte-de-localisation-de-la-province-du-Woleu-Ntem-au-Gabon-1024x951.png 1024w, https:\/\/gifex.com\/fr\/wp-content\/uploads\/43152\/Carte-de-localisation-de-la-province-du-Woleu-Ntem-au-Gabon-768x713.png 768w, https:\/\/gifex.com\/fr\/wp-content\/uploads\/43152\/Carte-de-localisation-de-la-province-du-Woleu-Ntem-au-Gabon-1536x1426.png 1536w, https:\/\/gifex.com\/fr\/wp-content\/uploads\/43152\/Carte-de-localisation-de-la-province-du-Woleu-Ntem-au-Gabon-2048x1901.png 2048w, https:\/\/gifex.com\/fr\/wp-content\/uploads\/43152\/Carte-de-localisation-de-la-province-du-Woleu-Ntem-au-Gabon-1600x1485.png 1600w\" sizes=\"(max-width: 360px) 100vw, 360px\" \/><\/a><figcaption id=\"caption-attachment-43156\" class=\"wp-caption-text\"><label style=\"font-size: 15px;\">Carte de localisation de la province du Woleu-Ntem au Gabon.<\/label><\/figcaption><\/figure>\n<ul>\n<li>Superficie : 38 465 km\u00b2<\/li>\n<li>Population en 2013 : 154 986 hab.<\/li>\n<li>Chef-lieu : Oyem<\/li>\n<\/ul>\n<p><strong>G\u00e9ographie<\/strong><\/p>\n<p>Le Woleu-Ntem \u00e9tant la province la plus septentrionale du Gabon, c&#8217;est la seule province limitrophe du Cameroun, et la seule \u00e0 avoir de multiples fronti\u00e8res \u00e9trang\u00e8res (les deux autres \u00e9tant les R\u00e9publiques du Congo et de Guin\u00e9e \u00e9quatoriale). Il borde les zones suivantes de ces pays :<\/p>\n<ul>\n<li>D\u00e9partement de la Sangha, R\u00e9publique du Congo \u2013 est<\/li>\n<li>R\u00e9gion du Sud, Cameroun \u2013 nord<\/li>\n<li>Province du Ki\u00e9-Ntem, Guin\u00e9e \u00e9quatoriale \u2013 nord-ouest, nord de Wele-Nzas<\/li>\n<li>Province du Wele-Nzas, Guin\u00e9e \u00e9quatoriale \u2013 nord-ouest, \u00e0 l&#8217;est de Centro-Sur et au sud de Ki\u00e9-Ntem<\/li>\n<li>Province de Centro-Sur, Guin\u00e9e \u00e9quatoriale \u2013 nord-ouest, \u00e0 l&#8217;ouest de Wele-Nzas<\/li>\n<\/ul>\n<p>Sur le plan int\u00e9rieur, il borde les provinces suivantes :<\/p>\n<ul>\n<li>Estuaire \u2013 sud-ouest<\/li>\n<li>Moyen-Ogoou\u00e9 \u2013 sud<\/li>\n<li>Ogoou\u00e9-Ivindo \u2013 sud-est<\/li>\n<\/ul>\n<p>La for\u00eat \u00e9quatoriale occupe l&#8217;essentiel du territoire de cette r\u00e9gion, ce qui explique sa tr\u00e8s faible densit\u00e9 de population. Elle est parsem\u00e9e \u00e7\u00e0 et l\u00e0 par quelques routes qui relient les villes principales entre elles et le long desquelles on peut traverser de petits villages isol\u00e9s. L&#8217;est de la province est pratiquement inhabit\u00e9, sauf par de petits groupes de pygm\u00e9es semi-nomades, ce qui a facilit\u00e9 la cr\u00e9ation du parc national de Mink\u00e9b\u00e9.<\/p>\n<p><strong>\u00c9conomie<\/strong><\/p>\n<p>Il s&#8217;agit d&#8217;une province peu industrialis\u00e9e qui produit du cacao, du caf\u00e9 et du caoutchouc. Les cultures vivri\u00e8res et la chasse en for\u00eat constituent encore une bonne partie de l&#8217;alimentation des populations locales. N&#8217;ayant pas un sol tr\u00e8s riche en mati\u00e8re premi\u00e8re , l&#8217;\u00e9conomie de la province du woleu-Ntem tourne au tour des produits issue des champs agricoles.<\/p>\n<p><strong>Divisions administratives<\/strong><\/p>\n<p>Le Woleu-Ntem est subdivis\u00e9 en cinq d\u00e9partements.<\/p>\n<ul>\n<li>Haut-Komo (Medouneu)<\/li>\n<li>Haut-Ntem (Minvoul)<\/li>\n<li>Ntem (Bitam)<\/li>\n<li>Okano (Mitzic)<\/li>\n<li>Woleu (Oyem)<\/li>\n<\/ul>\n","protected":false},"excerpt":{"rendered":"<p>Carte de la province du Woleu-Ntem, l&#8217;une des neuf provinces du Gabon. Superficie : 38 465 km\u00b2. Population en 2013 : 154 986 hab. Chef-lieu : Oyem. G\u00e9ographie <\/p>\n","protected":false},"author":1,"featured_media":43153,"template":"","categoria_ficha":[205],"class_list":["post-43152","ficha","type-ficha","status-publish","has-post-thumbnail","hentry","categoria_ficha-cartes-du-gabon"],"acf":[],"_links":{"self":[{"href":"https:\/\/gifex.com\/fr\/wp-json\/wp\/v2\/ficha\/43152","targetHints":{"allow":["GET"]}}],"collection":[{"href":"https:\/\/gifex.com\/fr\/wp-json\/wp\/v2\/ficha"}],"about":[{"href":"https:\/\/gifex.com\/fr\/wp-json\/wp\/v2\/types\/ficha"}],"author":[{"embeddable":true,"href":"https:\/\/gifex.com\/fr\/wp-json\/wp\/v2\/users\/1"}],"version-history":[{"count":1,"href":"https:\/\/gifex.com\/fr\/wp-json\/wp\/v2\/ficha\/43152\/revisions"}],"predecessor-version":[{"id":43158,"href":"https:\/\/gifex.com\/fr\/wp-json\/wp\/v2\/ficha\/43152\/revisions\/43158"}],"wp:featuredmedia":[{"embeddable":true,"href":"https:\/\/gifex.com\/fr\/wp-json\/wp\/v2\/media\/43153"}],"wp:attachment":[{"href":"https:\/\/gifex.com\/fr\/wp-json\/wp\/v2\/media?parent=43152"}],"wp:term":[{"taxonomy":"categoria_ficha","embeddable":true,"href":"https:\/\/gifex.com\/fr\/wp-json\/wp\/v2\/categoria_ficha?post=43152"}],"curies":[{"name":"wp","href":"https:\/\/api.w.org\/{rel}","templated":true}]}}