{"id":43039,"date":"2023-08-22T15:22:29","date_gmt":"2023-08-22T15:22:29","guid":{"rendered":"https:\/\/gifex.com\/fr\/?post_type=ficha&#038;p=43039"},"modified":"2023-08-22T15:26:25","modified_gmt":"2023-08-22T15:26:25","slug":"carte-de-la-region-du-sud-ouest-cameroun","status":"publish","type":"ficha","link":"https:\/\/gifex.com\/fr\/fichier\/carte-de-la-region-du-sud-ouest-cameroun\/","title":{"rendered":"Carte de la r\u00e9gion du Sud-Ouest, Cameroun"},"content":{"rendered":"<p>Carte de la r\u00e9gion du Sud-Ouest, l&#8217;une des dix r\u00e9gions du Cameroun, situ\u00e9e au sud-ouest du pays.<\/p>\n<figure id=\"attachment_43041\" aria-describedby=\"caption-attachment-43041\" style=\"width: 360px\" class=\"wp-caption alignright\"><a href=\"https:\/\/gifex.com\/fr\/wp-content\/uploads\/43039\/Carte-de-localisation-de-la-region-du-Sud-Ouest-au-Cameroun.png\" target=\"_blank\" rel=\"noopener\"><img fetchpriority=\"high\" decoding=\"async\" class=\"wp-image-43041\" title=\"Carte de localisation de la r\u00e9gion du Sud-Ouest au Cameroun.\" src=\"https:\/\/gifex.com\/fr\/wp-content\/uploads\/43039\/Carte-de-localisation-de-la-region-du-Sud-Ouest-au-Cameroun-201x300.png\" alt=\"Carte de localisation de la r\u00e9gion du Sud-Ouest au Cameroun.\" width=\"360\" height=\"537\" srcset=\"https:\/\/gifex.com\/fr\/wp-content\/uploads\/43039\/Carte-de-localisation-de-la-region-du-Sud-Ouest-au-Cameroun-201x300.png 201w, https:\/\/gifex.com\/fr\/wp-content\/uploads\/43039\/Carte-de-localisation-de-la-region-du-Sud-Ouest-au-Cameroun-686x1024.png 686w, https:\/\/gifex.com\/fr\/wp-content\/uploads\/43039\/Carte-de-localisation-de-la-region-du-Sud-Ouest-au-Cameroun-768x1146.png 768w, https:\/\/gifex.com\/fr\/wp-content\/uploads\/43039\/Carte-de-localisation-de-la-region-du-Sud-Ouest-au-Cameroun-1029x1536.png 1029w, https:\/\/gifex.com\/fr\/wp-content\/uploads\/43039\/Carte-de-localisation-de-la-region-du-Sud-Ouest-au-Cameroun-1373x2048.png 1373w, https:\/\/gifex.com\/fr\/wp-content\/uploads\/43039\/Carte-de-localisation-de-la-region-du-Sud-Ouest-au-Cameroun-300x448.png 300w, https:\/\/gifex.com\/fr\/wp-content\/uploads\/43039\/Carte-de-localisation-de-la-region-du-Sud-Ouest-au-Cameroun-1072x1600.png 1072w, https:\/\/gifex.com\/fr\/wp-content\/uploads\/43039\/Carte-de-localisation-de-la-region-du-Sud-Ouest-au-Cameroun.png 2000w\" sizes=\"(max-width: 360px) 100vw, 360px\" \/><\/a><figcaption id=\"caption-attachment-43041\" class=\"wp-caption-text\"><label style=\"font-size: 15px;\">Carte de localisation de la r\u00e9gion du Sud-Ouest au Cameroun.<\/label><\/figcaption><\/figure>\n<ul>\n<li>Superficie : 24 571 km\u00b2<\/li>\n<li>Population en 2015 : 1 553 320 hab.<\/li>\n<li>Chef-lieu : Bu\u00e9a<\/li>\n<\/ul>\n<p><strong>G\u00e9ographie<\/strong><\/p>\n<p>Situ\u00e9e dans la partie ouest du pays, la r\u00e9gion est bord\u00e9e par la r\u00e9gion du nord-ouest au nord-est, la r\u00e9gion de l&#8217;ouest \u00e0 l&#8217;est, la r\u00e9gion du littoral au sud-est, l&#8217;oc\u00e9an Atlantique au sud-ouest et le Nigeria au nord-ouest.<\/p>\n<p>La r\u00e9gion abrite le sanctuaire de faune sauvage de Banyang-Mbo de 650 km\u00b2. Au nord-est de la r\u00e9gion s&#8217;\u00e9tendent les hauts plateaux de Bamenda et les monts Bamboutos, \u00e0 2740 m\u00e8tres le troisi\u00e8me plus haut sommet du Cameroun. D&#8217;autres montagnes pro\u00e9minentes incluent les volcans \u00e9teints Manengouba et Koup\u00e9, qui se trouvent \u00e0 l&#8217;est de la r\u00e9gion dans les monts Bakossi .<\/p>\n<p>Les villes comprennent la capitale Bu\u00e9a, Limbe, Tiko, Kumba et Mamf\u00e9. Limb\u00e9 en particulier est une station touristique populaire remarquable pour ses belles plages. Le parc national de Korup est \u00e9galement une attraction majeure. Bu\u00e9a elle-m\u00eame, quant \u00e0 elle, est situ\u00e9e au pied du mont Cameroun et poss\u00e8de un climat presque temp\u00e9r\u00e9 nettement diff\u00e9rent du reste de la r\u00e9gion.<\/p>\n<p><strong>Organisation administrative<\/strong><\/p>\n<p>La r\u00e9gion se compose de six d\u00e9partements, compte 28 arrondissements et 31 communes.<\/p>\n<div class=\"boxscrl\">\n<table width=\"653\">\n<tbody>\n<tr>\n<td rowspan=\"2\" width=\"152\">D\u00e9partement<\/td>\n<td rowspan=\"2\" width=\"157\">Chef-lieu<\/td>\n<td rowspan=\"2\" width=\"103\">Superficie km<\/td>\n<td rowspan=\"2\" width=\"125\">Population (2001)<\/td>\n<td width=\"116\">Nb<\/td>\n<\/tr>\n<tr>\n<td width=\"116\">C<sup>nes<\/sup><\/td>\n<\/tr>\n<tr>\n<td>Fako<\/td>\n<td>Limb\u00e9<\/td>\n<td width=\"103\">2\u00a0093<\/td>\n<td width=\"125\">367\u00a0812<\/td>\n<td width=\"116\">7<\/td>\n<\/tr>\n<tr>\n<td>Koup\u00e9-Manengouba<\/td>\n<td>Bangem<\/td>\n<td width=\"103\">3\u00a0404<\/td>\n<td width=\"125\">123\u00a0011<\/td>\n<td width=\"116\">3<\/td>\n<\/tr>\n<tr>\n<td>Lebialem<\/td>\n<td>Menji<\/td>\n<td width=\"103\">617<\/td>\n<td width=\"125\">144\u00a0560<\/td>\n<td width=\"116\">3<\/td>\n<\/tr>\n<tr>\n<td>Manyu<\/td>\n<td>Mamf\u00e9<\/td>\n<td width=\"103\">9\u00a0565<\/td>\n<td width=\"125\">177\u00a0389<\/td>\n<td width=\"116\">4<\/td>\n<\/tr>\n<tr>\n<td>Meme<\/td>\n<td>Kumba<\/td>\n<td width=\"103\">3\u00a0105<\/td>\n<td width=\"125\">300\u00a0138<\/td>\n<td width=\"116\">5<\/td>\n<\/tr>\n<tr>\n<td>Ndian<\/td>\n<td>Mundemba<\/td>\n<td width=\"103\">6\u00a0626<\/td>\n<td width=\"125\">129\u00a0659<\/td>\n<td width=\"116\">9<\/td>\n<\/tr>\n<\/tbody>\n<\/table>\n<\/div>\n<p>Chefferies traditionnelles ; la r\u00e9gion du Sud-Ouest compte six chefferies traditionnelles de 1<sup>er<\/sup> degr\u00e9, 46 chefferies de 2<sup>e<\/sup> degr\u00e9 et 812 chefferies de 3<sup>e<\/sup> degr\u00e9.<\/p>\n<figure id=\"attachment_43042\" aria-describedby=\"caption-attachment-43042\" style=\"width: 400px\" class=\"wp-caption aligncenter\"><a href=\"https:\/\/gifex.com\/fr\/wp-content\/uploads\/43039\/Carte-des-departements-de-la-region-du-Sud-Ouest-au-Cameroun.png\" target=\"_blank\" rel=\"noopener\"><img decoding=\"async\" class=\"wp-image-43042\" title=\"Carte des d\u00e9partements de la r\u00e9gion du Sud-Ouest au Cameroun.\" src=\"https:\/\/gifex.com\/fr\/wp-content\/uploads\/43039\/Carte-des-departements-de-la-region-du-Sud-Ouest-au-Cameroun-300x246.png\" alt=\"Carte des d\u00e9partements de la r\u00e9gion du Sud-Ouest au Cameroun.\" width=\"400\" height=\"327\" srcset=\"https:\/\/gifex.com\/fr\/wp-content\/uploads\/43039\/Carte-des-departements-de-la-region-du-Sud-Ouest-au-Cameroun-300x246.png 300w, https:\/\/gifex.com\/fr\/wp-content\/uploads\/43039\/Carte-des-departements-de-la-region-du-Sud-Ouest-au-Cameroun-768x629.png 768w, https:\/\/gifex.com\/fr\/wp-content\/uploads\/43039\/Carte-des-departements-de-la-region-du-Sud-Ouest-au-Cameroun.png 975w\" sizes=\"(max-width: 400px) 100vw, 400px\" \/><\/a><figcaption id=\"caption-attachment-43042\" class=\"wp-caption-text\"><label style=\"font-size: 15px;\">Carte des d\u00e9partements de la r\u00e9gion du Sud-Ouest au Cameroun.<\/label><\/figcaption><\/figure>\n","protected":false},"excerpt":{"rendered":"<p>Carte de la r\u00e9gion du Sud-Ouest, l&#8217;une des dix r\u00e9gions du Cameroun, situ\u00e9e au sud-ouest du pays. Superficie : 24 571 km\u00b2. Population en 2015 : 1 553 320 hab.<\/p>\n","protected":false},"author":1,"featured_media":43040,"template":"","categoria_ficha":[198],"class_list":["post-43039","ficha","type-ficha","status-publish","has-post-thumbnail","hentry","categoria_ficha-cartes-du-cameroun"],"acf":[],"_links":{"self":[{"href":"https:\/\/gifex.com\/fr\/wp-json\/wp\/v2\/ficha\/43039","targetHints":{"allow":["GET"]}}],"collection":[{"href":"https:\/\/gifex.com\/fr\/wp-json\/wp\/v2\/ficha"}],"about":[{"href":"https:\/\/gifex.com\/fr\/wp-json\/wp\/v2\/types\/ficha"}],"author":[{"embeddable":true,"href":"https:\/\/gifex.com\/fr\/wp-json\/wp\/v2\/users\/1"}],"version-history":[{"count":4,"href":"https:\/\/gifex.com\/fr\/wp-json\/wp\/v2\/ficha\/43039\/revisions"}],"predecessor-version":[{"id":43048,"href":"https:\/\/gifex.com\/fr\/wp-json\/wp\/v2\/ficha\/43039\/revisions\/43048"}],"wp:featuredmedia":[{"embeddable":true,"href":"https:\/\/gifex.com\/fr\/wp-json\/wp\/v2\/media\/43040"}],"wp:attachment":[{"href":"https:\/\/gifex.com\/fr\/wp-json\/wp\/v2\/media?parent=43039"}],"wp:term":[{"taxonomy":"categoria_ficha","embeddable":true,"href":"https:\/\/gifex.com\/fr\/wp-json\/wp\/v2\/categoria_ficha?post=43039"}],"curies":[{"name":"wp","href":"https:\/\/api.w.org\/{rel}","templated":true}]}}